{"id":8287,"date":"2022-04-06T11:56:20","date_gmt":"2022-04-06T09:56:20","guid":{"rendered":"https:\/\/www.patrim.net\/pyrenoteca\/?post_type=cpt_portfolio&#038;p=8287"},"modified":"2022-04-07T19:01:47","modified_gmt":"2022-04-07T17:01:47","slug":"iglesia-de-sant-joan-disil","status":"publish","type":"cpt_portfolio","link":"https:\/\/www.patrim.net\/pyrenoteca\/portfolio\/iglesia-de-sant-joan-disil\/","title":{"rendered":"Iglesia de Sant Joan d\u2019Isil"},"content":{"rendered":"\n<p>Sant Joan d\u2019Isil est\u00e1 alejada del pueblo, como pasa a menudo en los valles de \u00c0neu con las iglesias rom\u00e1nicas. Es un edificio del siglo XII que parece responder a diferentes proyectos de obras y reformas. Actualmente podemos ver una construcci\u00f3n de planta basilical, de tres naves encaradas a levante per tres \u00e1bsides de estilo lombardo. Esta cabecera est\u00e1 construida sobre el cauce de la Noguera Pallaresa.<\/p>\n\n\n\n<p>El muro meridional tiene una abundante decoraci\u00f3n escult\u00f3rica. Se encuentra la portada con tres arquivoltas de medio punto que, a ambos lados, presentan columnas con capitel esculpidos. Son remarcables tambi\u00e9n, bajo el alero de la cubierta, los relieves esculpidos por encima de las arcuaciones ajedrezadas. El alero queda interrumpido por la colocaci\u00f3n, en un momento indeterminado, de dos estelas esculpidas parecidas a las de Sant Lliser de Al\u00f3s de Isil.<\/p>\n\n\n\n<p>Para acceder al cementerio y a la misma iglesia se tiene que pasar por un portal que mantiene las marcas que cada a\u00f1o se hacen la noche de Sant Juan con las Fallas encendidas.<\/p>\n","protected":false},"excerpt":{"rendered":"<p>Sant Joan d\u2019Isil est\u00e1 alejada del pueblo, como pasa a menudo en los&hellip;<\/p>\n","protected":false},"author":1,"featured_media":8349,"comment_status":"closed","ping_status":"closed","template":"","filtre":[347,350,348,265],"cpt_portfolio_group":[61,105,63,107,85,81],"class_list":["post-8287","cpt_portfolio","type-cpt_portfolio","status-publish","has-post-thumbnail","hentry","filtre-arquitectura-religiosa","filtre-decoracion-escultorica","filtre-edad-media","filtre-romanico","cpt_portfolio_group-arquitectura","cpt_portfolio_group-artes-y-ciencias","cpt_portfolio_group-paisaje","cpt_portfolio_group-historia","cpt_portfolio_group-mitos-leyendas-creencias","cpt_portfolio_group-sociedad"],"_links":{"self":[{"href":"https:\/\/www.patrim.net\/pyrenoteca\/wp-json\/wp\/v2\/cpt_portfolio\/8287","targetHints":{"allow":["GET"]}}],"collection":[{"href":"https:\/\/www.patrim.net\/pyrenoteca\/wp-json\/wp\/v2\/cpt_portfolio"}],"about":[{"href":"https:\/\/www.patrim.net\/pyrenoteca\/wp-json\/wp\/v2\/types\/cpt_portfolio"}],"author":[{"embeddable":true,"href":"https:\/\/www.patrim.net\/pyrenoteca\/wp-json\/wp\/v2\/users\/1"}],"replies":[{"embeddable":true,"href":"https:\/\/www.patrim.net\/pyrenoteca\/wp-json\/wp\/v2\/comments?post=8287"}],"version-history":[{"count":2,"href":"https:\/\/www.patrim.net\/pyrenoteca\/wp-json\/wp\/v2\/cpt_portfolio\/8287\/revisions"}],"predecessor-version":[{"id":8322,"href":"https:\/\/www.patrim.net\/pyrenoteca\/wp-json\/wp\/v2\/cpt_portfolio\/8287\/revisions\/8322"}],"wp:featuredmedia":[{"embeddable":true,"href":"https:\/\/www.patrim.net\/pyrenoteca\/wp-json\/wp\/v2\/media\/8349"}],"wp:attachment":[{"href":"https:\/\/www.patrim.net\/pyrenoteca\/wp-json\/wp\/v2\/media?parent=8287"}],"wp:term":[{"taxonomy":"filtre","embeddable":true,"href":"https:\/\/www.patrim.net\/pyrenoteca\/wp-json\/wp\/v2\/filtre?post=8287"},{"taxonomy":"cpt_portfolio_group","embeddable":true,"href":"https:\/\/www.patrim.net\/pyrenoteca\/wp-json\/wp\/v2\/cpt_portfolio_group?post=8287"}],"curies":[{"name":"wp","href":"https:\/\/api.w.org\/{rel}","templated":true}]}}