{"id":7038,"date":"2022-02-13T21:43:14","date_gmt":"2022-02-13T19:43:14","guid":{"rendered":"https:\/\/www.patrim.net\/pyrenoteca\/?post_type=cpt_portfolio&#038;p=7038"},"modified":"2022-02-23T19:16:46","modified_gmt":"2022-02-23T17:16:46","slug":"roca-dels-bous","status":"publish","type":"cpt_portfolio","link":"https:\/\/www.patrim.net\/pyrenoteca\/portfolio\/roca-dels-bous\/","title":{"rendered":"Roca dels Bous"},"content":{"rendered":"\t\t<div data-elementor-type=\"wp-post\" data-elementor-id=\"7038\" class=\"elementor elementor-7038\">\n\t\t\t\t\t\t<section class=\"elementor-section elementor-top-section elementor-element elementor-element-a7073be elementor-section-boxed elementor-section-height-default elementor-section-height-default\" data-id=\"a7073be\" data-element_type=\"section\">\n\t\t\t\t\t\t<div class=\"elementor-container elementor-column-gap-extended\">\n\t\t\t\t\t<div class=\"elementor-column elementor-col-100 elementor-top-column elementor-element elementor-element-999a718 sc_inner_width_none sc_content_align_inherit sc_layouts_column_icons_position_left\" data-id=\"999a718\" data-element_type=\"column\">\n\t\t\t<div class=\"elementor-widget-wrap elementor-element-populated\">\n\t\t\t\t\t\t<div class=\"elementor-element elementor-element-e18533b animation_type_block sc_fly_static elementor-widget elementor-widget-accordion\" data-id=\"e18533b\" data-element_type=\"widget\" data-widget_type=\"accordion.default\">\n\t\t\t\t<div class=\"elementor-widget-container\">\n\t\t\t\t\t\t\t<div class=\"elementor-accordion\">\n\t\t\t\t\t\t\t<div class=\"elementor-accordion-item\">\n\t\t\t\t\t<div id=\"elementor-tab-title-2361\" class=\"elementor-tab-title\" data-tab=\"1\" role=\"button\" aria-controls=\"elementor-tab-content-2361\" aria-expanded=\"false\">\n\t\t\t\t\t\t\t\t\t\t\t\t\t<span class=\"elementor-accordion-icon elementor-accordion-icon-left\" aria-hidden=\"true\">\n\t\t\t\t\t\t\t\t\t\t\t\t\t\t\t<span class=\"elementor-accordion-icon-closed\"><i class=\"fas fa-plus\"><\/i><\/span>\n\t\t\t\t\t\t\t\t<span class=\"elementor-accordion-icon-opened\"><i class=\"fas fa-minus\"><\/i><\/span>\n\t\t\t\t\t\t\t\t\t\t\t\t\t\t<\/span>\n\t\t\t\t\t\t\t\t\t\t\t\t<a class=\"elementor-accordion-title\" tabindex=\"0\">Roca dels Bous: una parada entre el passat i el futur<\/a>\n\t\t\t\t\t<\/div>\n\t\t\t\t\t<div id=\"elementor-tab-content-2361\" class=\"elementor-tab-content elementor-clearfix\" data-tab=\"1\" role=\"region\" aria-labelledby=\"elementor-tab-title-2361\"><p>Fa 50000 anys, un grup de neandertals feia una parada al cam\u00ed,a la Cinglera de la Cascalda, un pas natural entre els primers contraforts dels Pirineus i la plana del Segri\u00e0. Gr\u00e0cies a la conflu\u00e8ncia de diversos ecosistemes podien accedir des d\u2019aquest indret a un ampli ventall d&#8217;animals i plantes, necessaris per a la seva superviv\u00e8ncia. La reiteraci\u00f3 d\u2019aquestes visites i els particulars processos geol\u00f2gics que es donen en aquesta zona, han fet possible la preservaci\u00f3 del jaciment de la Roca dels Bous.<\/p><\/div>\n\t\t\t\t<\/div>\n\t\t\t\t\t\t\t<div class=\"elementor-accordion-item\">\n\t\t\t\t\t<div id=\"elementor-tab-title-2362\" class=\"elementor-tab-title\" data-tab=\"2\" role=\"button\" aria-controls=\"elementor-tab-content-2362\" aria-expanded=\"false\">\n\t\t\t\t\t\t\t\t\t\t\t\t\t<span class=\"elementor-accordion-icon elementor-accordion-icon-left\" aria-hidden=\"true\">\n\t\t\t\t\t\t\t\t\t\t\t\t\t\t\t<span class=\"elementor-accordion-icon-closed\"><i class=\"fas fa-plus\"><\/i><\/span>\n\t\t\t\t\t\t\t\t<span class=\"elementor-accordion-icon-opened\"><i class=\"fas fa-minus\"><\/i><\/span>\n\t\t\t\t\t\t\t\t\t\t\t\t\t\t<\/span>\n\t\t\t\t\t\t\t\t\t\t\t\t<a class=\"elementor-accordion-title\" tabindex=\"0\">Territori Neandertal<\/a>\n\t\t\t\t\t<\/div>\n\t\t\t\t\t<div id=\"elementor-tab-content-2362\" class=\"elementor-tab-content elementor-clearfix\" data-tab=\"2\" role=\"region\" aria-labelledby=\"elementor-tab-title-2362\"><p>Les restes arqueol\u00f2giques conservades, principalment eines de pedra, ossos dels animals consumits i restes de fogueres, no s\u00f3n gaire diferents de les deixalles que trobar\u00edem despr\u00e9s d&#8217;una acampada. S\u00f3n els rastres que ens han arribat de les activitats quotidianes d&#8217;aquesta esp\u00e8cie humana, ja desapareguda, que va explotar els recursos naturals del seu entorn d\u2019una manera sostenible. Tant la recol\u00b7lecci\u00f3 de fruits i vegetals, com el seguiment dels ritmes migratoris dels herb\u00edvors que transitaven per aquestes contrades, van convertir aquest paratge en un lloc freq\u00fcentat pels neandertals. Grups n\u00f2mades constitu\u00efts per homes, dones, infants i ancians que menjaven, dormien i treballaven al voltant de fogueres, generant els vestigis que despr\u00e9s de milers d&#8217;anys retrobem al jaciment.<\/p><\/div>\n\t\t\t\t<\/div>\n\t\t\t\t\t\t\t<div class=\"elementor-accordion-item\">\n\t\t\t\t\t<div id=\"elementor-tab-title-2363\" class=\"elementor-tab-title\" data-tab=\"3\" role=\"button\" aria-controls=\"elementor-tab-content-2363\" aria-expanded=\"false\">\n\t\t\t\t\t\t\t\t\t\t\t\t\t<span class=\"elementor-accordion-icon elementor-accordion-icon-left\" aria-hidden=\"true\">\n\t\t\t\t\t\t\t\t\t\t\t\t\t\t\t<span class=\"elementor-accordion-icon-closed\"><i class=\"fas fa-plus\"><\/i><\/span>\n\t\t\t\t\t\t\t\t<span class=\"elementor-accordion-icon-opened\"><i class=\"fas fa-minus\"><\/i><\/span>\n\t\t\t\t\t\t\t\t\t\t\t\t\t\t<\/span>\n\t\t\t\t\t\t\t\t\t\t\t\t<a class=\"elementor-accordion-title\" tabindex=\"0\">D\u2019excavaci\u00f3 arque\u00f2logica al \u201ctreball en proc\u00e9s\u201d<\/a>\n\t\t\t\t\t<\/div>\n\t\t\t\t\t<div id=\"elementor-tab-content-2363\" class=\"elementor-tab-content elementor-clearfix\" data-tab=\"3\" role=\"region\" aria-labelledby=\"elementor-tab-title-2363\"><p>Des de l\u2018any 2001 l\u2019equip del Centre d\u2019Estudis del Patrimoni Arqueol\u00f2gic de la Prehist\u00f2ria de la Universitat Aut\u00f2noma de Barcelona (CEPAP-UAB)\u00a0 desenvolupa treballs d\u2019excavaci\u00f3 sistem\u00e0tics al jaciment de la Roca dels Bous. Els resultats preliminars d\u2019aquests estudis s\u2019han publicat en revistes cient\u00edfiques especialitzades (http:\/\/www.larocadelsbous.cat\/index.php). \u00a0<\/p>\n<p>Per tal de compartir aquests coneixements, neix la proposta que combina la recerca arqueol\u00f2gica i la difusi\u00f3 del patrimoni cultural amb les noves tecnologies. La protecci\u00f3 del jaciment i la instal\u00b7laci\u00f3 de infraestructures que faciliten la visita permeten adoptar un nou model de divulgaci\u00f3 cient\u00edfica basat en el \u201ctreball en proc\u00e9s\u201d. Aquest plantejament din\u00e0mic obre a tothom, no nom\u00e9s el jaciment, sin\u00f3 tamb\u00e9 la pr\u00f2pia excavaci\u00f3, i fa aix\u00ed possible comunicar els aven\u00e7os i les interpretacions sobre la vida neandertal que any rere any es generen gr\u00e0cies a l\u2019obtenci\u00f3 de noves dades.<\/p><\/div>\n\t\t\t\t<\/div>\n\t\t\t\t\t\t\t<div class=\"elementor-accordion-item\">\n\t\t\t\t\t<div id=\"elementor-tab-title-2364\" class=\"elementor-tab-title\" data-tab=\"4\" role=\"button\" aria-controls=\"elementor-tab-content-2364\" aria-expanded=\"false\">\n\t\t\t\t\t\t\t\t\t\t\t\t\t<span class=\"elementor-accordion-icon elementor-accordion-icon-left\" aria-hidden=\"true\">\n\t\t\t\t\t\t\t\t\t\t\t\t\t\t\t<span class=\"elementor-accordion-icon-closed\"><i class=\"fas fa-plus\"><\/i><\/span>\n\t\t\t\t\t\t\t\t<span class=\"elementor-accordion-icon-opened\"><i class=\"fas fa-minus\"><\/i><\/span>\n\t\t\t\t\t\t\t\t\t\t\t\t\t\t<\/span>\n\t\t\t\t\t\t\t\t\t\t\t\t<a class=\"elementor-accordion-title\" tabindex=\"0\">Una finestra al passat, la visita amb tauletes digitals<\/a>\n\t\t\t\t\t<\/div>\n\t\t\t\t\t<div id=\"elementor-tab-content-2364\" class=\"elementor-tab-content elementor-clearfix\" data-tab=\"4\" role=\"region\" aria-labelledby=\"elementor-tab-title-2364\"><p>La visita a la Roca dels Bous s\u2019articula a partir de l\u2019\u00fas de pantalles digitals t\u00e0ctils. Aquesta finestra al passat guia al llarg del recorregut cap al jaciment i proporciona les claus per a una millor comprensi\u00f3 de com, aquests avantpassats nostres, obtenien els recursos essencials per elaborar eines i alimentar-se i com constru\u00efen el seu m\u00f3n social. En cadascuna de les estacions d\u2019observaci\u00f3 programades es poden consultar v\u00eddeos, imatges i aplicacions que, en funci\u00f3 dels interessos, \u00a0permetran aprofundir en les caracter\u00edstiques de l\u2019entorn natural, del treball arqueol\u00f2gic i de la vida neandertal, alhora que permet descobrir una fita important del patrimoni cultural de la Noguera i de Catalunya.<\/p><\/div>\n\t\t\t\t<\/div>\n\t\t\t\t\t\t\t<div class=\"elementor-accordion-item\">\n\t\t\t\t\t<div id=\"elementor-tab-title-2365\" class=\"elementor-tab-title\" data-tab=\"5\" role=\"button\" aria-controls=\"elementor-tab-content-2365\" aria-expanded=\"false\">\n\t\t\t\t\t\t\t\t\t\t\t\t\t<span class=\"elementor-accordion-icon elementor-accordion-icon-left\" aria-hidden=\"true\">\n\t\t\t\t\t\t\t\t\t\t\t\t\t\t\t<span class=\"elementor-accordion-icon-closed\"><i class=\"fas fa-plus\"><\/i><\/span>\n\t\t\t\t\t\t\t\t<span class=\"elementor-accordion-icon-opened\"><i class=\"fas fa-minus\"><\/i><\/span>\n\t\t\t\t\t\t\t\t\t\t\t\t\t\t<\/span>\n\t\t\t\t\t\t\t\t\t\t\t\t<a class=\"elementor-accordion-title\" tabindex=\"0\">Protecci\u00f3 del patrimoni<\/a>\n\t\t\t\t\t<\/div>\n\t\t\t\t\t<div id=\"elementor-tab-content-2365\" class=\"elementor-tab-content elementor-clearfix\" data-tab=\"5\" role=\"region\" aria-labelledby=\"elementor-tab-title-2365\"><p>El patrimoni arqueol\u00f2gic \u00e9s una eina de coneixement perqu\u00e8 ens permet redescobrir el nostre entorn amb la mirada del temps. Donat que constitueix una font d\u2019informaci\u00f3 essencial sobre les activitats humanes del passat, la seva protecci\u00f3 i adequada gesti\u00f3 s\u00f3n imprescindibles per permetre el seu estudi al servei de les generacions presents i futures, i per benefici de les mateixes. \u00c9s una tasca col\u00b7lectiva assegurar que tothom en pugui gaudir, conservant-lo i fent-lo accessible.\u00a0<\/p>\n<p>El patrimoni arqueol\u00f2gic \u00e9s una riquesa cultural \u00fanica, fr\u00e0gil i no renovable. Cada comunitat t\u00e9 el privilegi i la missi\u00f3 de preservar i de difondre els bens culturals que es troben al seu territori, ja que s\u00f3n testimonis irreempla\u00e7ables i singulars de la empremta humana al llarg de segles i mil\u00b7lennis.<\/p><\/div>\n\t\t\t\t<\/div>\n\t\t\t\t\t\t\t\t<\/div>\n\t\t\t\t\t\t<\/div>\n\t\t\t\t<\/div>\n\t\t\t\t\t<\/div>\n\t\t<\/div>\n\t\t\t\t\t<\/div>\n\t\t<\/section>\n\t\t\t\t<\/div>\n\t\t","protected":false},"excerpt":{"rendered":"<p>Des de l\u2018any 2001 l\u2019equip del Centre d\u2019Estudis del Patrimoni Arqueol\u00f2gic de la Prehist\u00f2ria de la Universitat Aut\u00f2noma de Barcelona (CEPAP-UAB)  desenvolupa treballs d\u2019excavaci\u00f3 sistem\u00e0tics al jaciment de la Roca dels Bous, un jaciment del Paleol\u00edtic Mig situat a Sant Lloren\u00e7 de Montgai, al Prepirineu catal\u00e0. Les restes arqueol\u00f2giques conservades, principalment eines de pedra, ossos dels animals consumits i restes de fogueres, no s\u00f3n gaire diferents de les deixalles que trobar\u00edem despr\u00e9s d\u2019una acampada.<\/p>\n","protected":false},"author":1,"featured_media":7043,"comment_status":"closed","ping_status":"closed","template":"","filtre":[],"cpt_portfolio_group":[],"class_list":["post-7038","cpt_portfolio","type-cpt_portfolio","status-publish","has-post-thumbnail","hentry"],"_links":{"self":[{"href":"https:\/\/www.patrim.net\/pyrenoteca\/wp-json\/wp\/v2\/cpt_portfolio\/7038","targetHints":{"allow":["GET"]}}],"collection":[{"href":"https:\/\/www.patrim.net\/pyrenoteca\/wp-json\/wp\/v2\/cpt_portfolio"}],"about":[{"href":"https:\/\/www.patrim.net\/pyrenoteca\/wp-json\/wp\/v2\/types\/cpt_portfolio"}],"author":[{"embeddable":true,"href":"https:\/\/www.patrim.net\/pyrenoteca\/wp-json\/wp\/v2\/users\/1"}],"replies":[{"embeddable":true,"href":"https:\/\/www.patrim.net\/pyrenoteca\/wp-json\/wp\/v2\/comments?post=7038"}],"version-history":[{"count":8,"href":"https:\/\/www.patrim.net\/pyrenoteca\/wp-json\/wp\/v2\/cpt_portfolio\/7038\/revisions"}],"predecessor-version":[{"id":7779,"href":"https:\/\/www.patrim.net\/pyrenoteca\/wp-json\/wp\/v2\/cpt_portfolio\/7038\/revisions\/7779"}],"wp:featuredmedia":[{"embeddable":true,"href":"https:\/\/www.patrim.net\/pyrenoteca\/wp-json\/wp\/v2\/media\/7043"}],"wp:attachment":[{"href":"https:\/\/www.patrim.net\/pyrenoteca\/wp-json\/wp\/v2\/media?parent=7038"}],"wp:term":[{"taxonomy":"filtre","embeddable":true,"href":"https:\/\/www.patrim.net\/pyrenoteca\/wp-json\/wp\/v2\/filtre?post=7038"},{"taxonomy":"cpt_portfolio_group","embeddable":true,"href":"https:\/\/www.patrim.net\/pyrenoteca\/wp-json\/wp\/v2\/cpt_portfolio_group?post=7038"}],"curies":[{"name":"wp","href":"https:\/\/api.w.org\/{rel}","templated":true}]}}