{"id":12762,"date":"2025-12-02T19:44:17","date_gmt":"2025-12-02T17:44:17","guid":{"rendered":"https:\/\/www.patrim.net\/pyrenoteca\/portfolio\/lavoirs-fontaines-et-moulins-village-de-beaudean\/"},"modified":"2025-12-11T11:17:39","modified_gmt":"2025-12-11T09:17:39","slug":"lavoirs-fontaines-et-moulins-village-de-beaudean","status":"publish","type":"cpt_portfolio","link":"https:\/\/www.patrim.net\/pyrenoteca\/portfolio\/lavoirs-fontaines-et-moulins-village-de-beaudean\/","title":{"rendered":"Lavoirs, fontaines et moulins \u2013 village de Beaud\u00e9an"},"content":{"rendered":"\n<p>Le village de Beaud\u00e9an, ancr\u00e9 dans la tradition rurale des Hautes-Pyr\u00e9n\u00e9es, poss\u00e8de plusieurs t\u00e9moins de son pass\u00e9 li\u00e9s \u00e0 l\u2019eau, notamment son lavoir, ses fontaines et ses moulins.<\/p>\n\n\n\n<p>Le lavoir de Beaud\u00e9an, autrefois lieu essentiel de la vie communautaire, \u00e9tait un espace o\u00f9 les villageois se retrouvaient pour laver le linge \u00e0 la main, mais aussi pour \u00e9changer des nouvelles et renforcer les liens sociaux. Situ\u00e9 pr\u00e8s d\u2019une source ou d\u2019un cours d\u2019eau, ce lavoir traditionnel, souvent en pierre, t\u00e9moigne d\u2019un mode de vie simple et authentique, aujourd\u2019hui pr\u00e9serv\u00e9 comme patrimoine local.<\/p>\n\n\n\n<p>Les fontaines du village jouent un r\u00f4le \u00e0 la fois pratique et symbolique. Aliment\u00e9es par des sources naturelles, elles fournissaient autrefois de l\u2019eau potable aux habitants et \u00e9taient des points de rassemblement. Certaines sont orn\u00e9es de sculptures ou de plaques comm\u00e9moratives, refl\u00e9tant l\u2019histoire et l\u2019artisanat local.<\/p>\n\n\n\n<p>Quant aux moulins de Beaud\u00e9an, ils t\u00e9moignent de l\u2019exploitation ing\u00e9nieuse de l\u2019\u00e9nergie hydraulique locale. Install\u00e9s le long des cours d\u2019eau, ces moulins \u00e0 eau servaient principalement \u00e0 moudre le grain pour la farine, base essentielle de l\u2019alimentation traditionnelle. Certains vestiges subsistent encore, rappelant l\u2019importance \u00e9conomique et sociale de ces installations.<\/p>\n\n\n\n<p>Ensemble, le lavoir, les fontaines et les moulins forment un patrimoine b\u00e2ti qui illustre le lien \u00e9troit entre la communaut\u00e9 de Beaud\u00e9an et la gestion de l\u2019eau, un \u00e9l\u00e9ment vital dans la vie quotidienne et l\u2019histoire du village. Ces lieux sont aujourd\u2019hui souvent valoris\u00e9s dans des circuits touristiques et des visites culturelles.<\/p>\n\n\n\n<p><\/p>\n","protected":false},"excerpt":{"rendered":"<p>Lavoir, fontaines et moulins de Beaud\u00e9an t\u00e9moignent d\u2019un mode de vie traditionnel o\u00f9 l\u2019eau occupait une place essentielle dans la vie quotidienne du village.<\/p>\n","protected":false},"author":1,"featured_media":11971,"comment_status":"closed","ping_status":"closed","template":"","filtre":[302],"cpt_portfolio_group":[406,61],"class_list":["post-12762","cpt_portfolio","type-cpt_portfolio","status-publish","has-post-thumbnail","hentry","filtre-agua","cpt_portfolio_group-pyrenoteca-4-0","cpt_portfolio_group-arquitectura"],"_links":{"self":[{"href":"https:\/\/www.patrim.net\/pyrenoteca\/wp-json\/wp\/v2\/cpt_portfolio\/12762","targetHints":{"allow":["GET"]}}],"collection":[{"href":"https:\/\/www.patrim.net\/pyrenoteca\/wp-json\/wp\/v2\/cpt_portfolio"}],"about":[{"href":"https:\/\/www.patrim.net\/pyrenoteca\/wp-json\/wp\/v2\/types\/cpt_portfolio"}],"author":[{"embeddable":true,"href":"https:\/\/www.patrim.net\/pyrenoteca\/wp-json\/wp\/v2\/users\/1"}],"replies":[{"embeddable":true,"href":"https:\/\/www.patrim.net\/pyrenoteca\/wp-json\/wp\/v2\/comments?post=12762"}],"version-history":[{"count":1,"href":"https:\/\/www.patrim.net\/pyrenoteca\/wp-json\/wp\/v2\/cpt_portfolio\/12762\/revisions"}],"predecessor-version":[{"id":12763,"href":"https:\/\/www.patrim.net\/pyrenoteca\/wp-json\/wp\/v2\/cpt_portfolio\/12762\/revisions\/12763"}],"wp:featuredmedia":[{"embeddable":true,"href":"https:\/\/www.patrim.net\/pyrenoteca\/wp-json\/wp\/v2\/media\/11971"}],"wp:attachment":[{"href":"https:\/\/www.patrim.net\/pyrenoteca\/wp-json\/wp\/v2\/media?parent=12762"}],"wp:term":[{"taxonomy":"filtre","embeddable":true,"href":"https:\/\/www.patrim.net\/pyrenoteca\/wp-json\/wp\/v2\/filtre?post=12762"},{"taxonomy":"cpt_portfolio_group","embeddable":true,"href":"https:\/\/www.patrim.net\/pyrenoteca\/wp-json\/wp\/v2\/cpt_portfolio_group?post=12762"}],"curies":[{"name":"wp","href":"https:\/\/api.w.org\/{rel}","templated":true}]}}