{"id":6653,"date":"2019-05-29T07:58:23","date_gmt":"2019-05-29T05:58:23","guid":{"rendered":"https:\/\/www.patrim.net\/pyrenoteca\/la-red\/"},"modified":"2025-10-23T13:42:07","modified_gmt":"2025-10-23T11:42:07","slug":"le-reseau","status":"publish","type":"page","link":"https:\/\/www.patrim.net\/pyrenoteca\/fr\/le-reseau\/","title":{"rendered":"Le r\u00e9seau"},"content":{"rendered":"\t\t<div data-elementor-type=\"wp-post\" data-elementor-id=\"6653\" class=\"elementor elementor-6653 elementor-77\">\n\t\t\t\t\t\t<section class=\"elementor-section elementor-top-section elementor-element elementor-element-51a39f0 elementor-section-stretched hide_bg_image_on_mobile elementor-section-boxed elementor-section-height-default elementor-section-height-default elementor-invisible\" data-id=\"51a39f0\" data-element_type=\"section\" data-settings=\"{&quot;stretch_section&quot;:&quot;section-stretched&quot;,&quot;background_background&quot;:&quot;classic&quot;,&quot;animation&quot;:&quot;fadeIn&quot;,&quot;animation_delay&quot;:200}\">\n\t\t\t\t\t\t<div class=\"elementor-container elementor-column-gap-extended\">\n\t\t\t\t\t<div class=\"elementor-column elementor-col-100 elementor-top-column elementor-element elementor-element-d747176 sc_inner_width_none sc_content_align_inherit sc_layouts_column_icons_position_left\" data-id=\"d747176\" data-element_type=\"column\" data-settings=\"{&quot;background_background&quot;:&quot;classic&quot;}\">\n\t\t\t<div class=\"elementor-widget-wrap elementor-element-populated\">\n\t\t\t\t\t\t<div class=\"elementor-element elementor-element-f62c072 sc_height_huge animation_type_block sc_fly_static elementor-widget elementor-widget-spacer\" data-id=\"f62c072\" data-element_type=\"widget\" data-widget_type=\"spacer.default\">\n\t\t\t\t<div class=\"elementor-widget-container\">\n\t\t\t\t\t\t\t<div class=\"elementor-spacer\">\n\t\t\t<div class=\"elementor-spacer-inner\"><\/div>\n\t\t<\/div>\n\t\t\t\t\t\t<\/div>\n\t\t\t\t<\/div>\n\t\t\t\t<div class=\"elementor-element elementor-element-947c64d sc_height_tiny sc_layouts_hide_on_tablet sc_layouts_hide_on_mobile animation_type_block sc_fly_static elementor-widget elementor-widget-spacer\" data-id=\"947c64d\" data-element_type=\"widget\" data-widget_type=\"spacer.default\">\n\t\t\t\t<div class=\"elementor-widget-container\">\n\t\t\t\t\t\t\t<div class=\"elementor-spacer\">\n\t\t\t<div class=\"elementor-spacer-inner\"><\/div>\n\t\t<\/div>\n\t\t\t\t\t\t<\/div>\n\t\t\t\t<\/div>\n\t\t\t\t<div class=\"elementor-element elementor-element-f12cce4 animation_type_block sc_fly_static elementor-widget elementor-widget-trx_sc_title\" data-id=\"f12cce4\" data-element_type=\"widget\" data-widget_type=\"trx_sc_title.default\">\n\t\t\t\t<div class=\"elementor-widget-container\">\n\t\t\t\t\t<div id=\"trx_sc_title_1703885505\"\n\t\tclass=\"sc_title color_style_dark sc_title_decoration extra_vision\"><h2 class=\"sc_item_title sc_title_title sc_item_title_style_decoration sc_item_title_tag\"><span class=\"sc_item_title_text\">Qui sommes-nous?<\/span><\/h2><\/div><!-- \/.sc_title -->\t\t\t\t<\/div>\n\t\t\t\t<\/div>\n\t\t\t\t<div class=\"elementor-element elementor-element-f45c12a animation_type_block sc_fly_static elementor-widget elementor-widget-spacer\" data-id=\"f45c12a\" data-element_type=\"widget\" data-widget_type=\"spacer.default\">\n\t\t\t\t<div class=\"elementor-widget-container\">\n\t\t\t\t\t\t\t<div class=\"elementor-spacer\">\n\t\t\t<div class=\"elementor-spacer-inner\"><\/div>\n\t\t<\/div>\n\t\t\t\t\t\t<\/div>\n\t\t\t\t<\/div>\n\t\t\t\t<section class=\"elementor-section elementor-inner-section elementor-element elementor-element-73f3ca6 elementor-section-boxed elementor-section-height-default elementor-section-height-default\" data-id=\"73f3ca6\" data-element_type=\"section\">\n\t\t\t\t\t\t<div class=\"elementor-container elementor-column-gap-extended\">\n\t\t\t\t\t<div class=\"elementor-column elementor-col-100 elementor-inner-column elementor-element elementor-element-40b2224 sc_inner_width_none sc_content_align_inherit sc_layouts_column_icons_position_left\" data-id=\"40b2224\" data-element_type=\"column\">\n\t\t\t<div class=\"elementor-widget-wrap elementor-element-populated\">\n\t\t\t\t\t\t<div class=\"elementor-element elementor-element-21a97c1 animation_type_block sc_fly_static elementor-widget elementor-widget-text-editor\" data-id=\"21a97c1\" data-element_type=\"widget\" data-widget_type=\"text-editor.default\">\n\t\t\t\t<div class=\"elementor-widget-container\">\n\t\t\t\t\t\t\t\t\t<p>La <strong>Pyr\u00e9n\u00e9oth\u00e8que<\/strong> est un outil de ressources en ligne destin\u00e9 \u00e0 partager des connaissances sur le patrimoine pyr\u00e9n\u00e9en et \u00e0 organiser la diffusion de ce savoir au moyen d\u2019expositions, de publications, d\u2019ateliers et de formations.<\/p><p>Dans l\u2019ensemble des contenus publi\u00e9s, on peut trouver des th\u00e8mes de recherche li\u00e9s aux mythes et \u00e0 l\u2019univers symbolique des Pyr\u00e9n\u00e9es, \u00e0 l\u2019arch\u00e9ologie pr\u00e9historique, \u00e0 la ruralit\u00e9, \u00e0 la modernit\u00e9 et \u00e0 la contemporan\u00e9it\u00e9, au <strong>patrimoine monumental ainsi qu\u2019\u00e0 l\u2019environnement des deux versants des Pyr\u00e9n\u00e9es<\/strong>.<\/p><p>La Pyr\u00e9n\u00e9oth\u00e8que constitue une \u00e9tape suppl\u00e9mentaire du r\u00e9seau <strong>PATRIM 4.0<\/strong> pour atteindre nos objectifs de d\u00e9finition et de mise en \u0153uvre de strat\u00e9gies participatives communes pour l\u2019innovation et le d\u00e9veloppement durable.<\/p>\t\t\t\t\t\t\t\t<\/div>\n\t\t\t\t<\/div>\n\t\t\t\t\t<\/div>\n\t\t<\/div>\n\t\t\t\t\t<\/div>\n\t\t<\/section>\n\t\t\t\t<section class=\"elementor-section elementor-inner-section elementor-element elementor-element-11eb3f0 elementor-section-boxed elementor-section-height-default elementor-section-height-default\" data-id=\"11eb3f0\" data-element_type=\"section\">\n\t\t\t\t\t\t<div class=\"elementor-container elementor-column-gap-extended\">\n\t\t\t\t\t<div class=\"elementor-column elementor-col-100 elementor-inner-column elementor-element elementor-element-aeb8acf sc_inner_width_none sc_content_align_inherit sc_layouts_column_icons_position_left\" data-id=\"aeb8acf\" data-element_type=\"column\">\n\t\t\t<div class=\"elementor-widget-wrap elementor-element-populated\">\n\t\t\t\t\t\t<div class=\"elementor-element elementor-element-678fd06 animation_type_block sc_fly_static elementor-widget elementor-widget-spacer\" data-id=\"678fd06\" data-element_type=\"widget\" data-widget_type=\"spacer.default\">\n\t\t\t\t<div class=\"elementor-widget-container\">\n\t\t\t\t\t\t\t<div class=\"elementor-spacer\">\n\t\t\t<div class=\"elementor-spacer-inner\"><\/div>\n\t\t<\/div>\n\t\t\t\t\t\t<\/div>\n\t\t\t\t<\/div>\n\t\t\t\t\t<\/div>\n\t\t<\/div>\n\t\t\t\t\t<\/div>\n\t\t<\/section>\n\t\t\t\t<div class=\"elementor-element elementor-element-74ca78b sc_height_small sc_layouts_hide_on_notebook sc_layouts_hide_on_tablet sc_layouts_hide_on_mobile animation_type_block sc_fly_static elementor-widget elementor-widget-spacer\" data-id=\"74ca78b\" data-element_type=\"widget\" data-widget_type=\"spacer.default\">\n\t\t\t\t<div class=\"elementor-widget-container\">\n\t\t\t\t\t\t\t<div class=\"elementor-spacer\">\n\t\t\t<div class=\"elementor-spacer-inner\"><\/div>\n\t\t<\/div>\n\t\t\t\t\t\t<\/div>\n\t\t\t\t<\/div>\n\t\t\t\t<div class=\"elementor-element elementor-element-5b81d9d sc_height_tiny sc_layouts_hide_on_tablet sc_layouts_hide_on_mobile animation_type_block sc_fly_static elementor-widget elementor-widget-spacer\" data-id=\"5b81d9d\" data-element_type=\"widget\" data-widget_type=\"spacer.default\">\n\t\t\t\t<div class=\"elementor-widget-container\">\n\t\t\t\t\t\t\t<div class=\"elementor-spacer\">\n\t\t\t<div class=\"elementor-spacer-inner\"><\/div>\n\t\t<\/div>\n\t\t\t\t\t\t<\/div>\n\t\t\t\t<\/div>\n\t\t\t\t\t<\/div>\n\t\t<\/div>\n\t\t\t\t\t<\/div>\n\t\t<\/section>\n\t\t\t\t<section class=\"elementor-section elementor-top-section elementor-element elementor-element-4d0454c elementor-section-boxed elementor-section-height-default elementor-section-height-default\" data-id=\"4d0454c\" data-element_type=\"section\">\n\t\t\t\t\t\t<div class=\"elementor-container elementor-column-gap-extended\">\n\t\t\t\t\t<div class=\"elementor-column elementor-col-100 elementor-top-column elementor-element elementor-element-c19d1fe sc_inner_width_none sc_content_align_inherit sc_layouts_column_icons_position_left\" data-id=\"c19d1fe\" data-element_type=\"column\">\n\t\t\t<div class=\"elementor-widget-wrap elementor-element-populated\">\n\t\t\t\t\t\t<div class=\"elementor-element elementor-element-c3b4f16 animation_type_block sc_fly_static elementor-invisible elementor-widget elementor-widget-trx_sc_team\" data-id=\"c3b4f16\" data-element_type=\"widget\" data-settings=\"{&quot;_animation&quot;:&quot;fadeIn&quot;,&quot;_animation_delay&quot;:200}\" data-widget_type=\"trx_sc_team.default\">\n\t\t\t\t<div class=\"elementor-widget-container\">\n\t\t\t\t\t<div  id=\"trx_sc_team_919415247\"\t\tclass=\"sc_team sc_team_default\"><div class=\"sc_team_columns_wrap sc_item_columns sc_item_posts_container trx_addons_columns_wrap columns_padding_bottom\"><div class=\"trx_addons_column-1_3\"><div data-post-id=\"9579\" class=\"sc_team_item no_links post-9579 cpt_team type-cpt_team status-publish has-post-thumbnail hentry cpt_team_group-museum\">\n\t<div class=\"post_featured with_thumb hover_view sc_team_item_thumb\"><img fetchpriority=\"high\" decoding=\"async\" width=\"740\" height=\"474\" src=\"https:\/\/www.patrim.net\/pyrenoteca\/wp-content\/uploads\/2025\/10\/CasbasDeHuesca_Naturaleza_Buitres_003-740x474.jpg\" class=\"attachment-ozeum-thumb-rectangle size-ozeum-thumb-rectangle wp-post-image\" alt=\"\" \/>\t\t\t\t\t\t<div class=\"mask\"><\/div>\n\t\t\t\t\t\t            <a href=\"https:\/\/www.patrim.net\/pyrenoteca\/fr\/team\/centro-de-interpretacion-casa-de-los-buitres\/\"  aria-hidden=\"true\" class=\"view\"><span>View<\/span><\/a>\n            <\/div>\t<div class=\"sc_team_item_info\">\n\t\t<div class=\"sc_team_item_header\">\n\t\t\t<h4 class=\"sc_team_item_title entry-title\"><a href=\"https:\/\/www.patrim.net\/pyrenoteca\/fr\/team\/centro-de-interpretacion-casa-de-los-buitres\/\">Centro de Interpretaci\u00f3n Casa de los Buitres<\/a><\/h4>\n\t\t\t<div class=\"sc_team_item_subtitle\">Centro de Interpretaci\u00f3n Casa de los Buitres<\/div>\n\t\t<\/div>\n\t\t<div class=\"sc_team_item_socials socials_wrap\"><a target=\"_blank\" href=\"https:\/\/turismo.hoyadehuesca.es\/la-hoya-de-huesca\/natural\/museos-de-la-naturaleza\/la-casa-de-los-buitres\" class=\"social_item social_item_style_icons sc_icon_type_icons social_item_type_icons\"><span class=\"social_icon social_icon_globe-light\"><span class=\"icon-globe-light\"><\/span><\/span><\/a><\/div><div class=\"sc_team_item_button\"><a href=\"https:\/\/www.patrim.net\/pyrenoteca\/fr\/team\/centro-de-interpretacion-casa-de-los-buitres\/\" class=\"sc_button sc_button_simple\">Read more<\/a><\/div><\/div>\n<\/div><\/div><div class=\"trx_addons_column-1_3\"><div data-post-id=\"7678\" class=\"sc_team_item no_links post-7678 cpt_team type-cpt_team status-publish has-post-thumbnail hentry cpt_team_group-museum\">\n\t<div class=\"post_featured with_thumb hover_view sc_team_item_thumb\"><img decoding=\"async\" width=\"740\" height=\"474\" src=\"https:\/\/www.patrim.net\/pyrenoteca\/wp-content\/uploads\/2022\/02\/8B-Centro-de-interpretacin-de-aves-Arcaz-740x474.jpg\" class=\"attachment-ozeum-thumb-rectangle size-ozeum-thumb-rectangle wp-post-image\" alt=\"\" \/>\t\t\t\t\t\t<div class=\"mask\"><\/div>\n\t\t\t\t\t\t            <a href=\"https:\/\/www.patrim.net\/pyrenoteca\/fr\/team\/centro-de-interpretacion-de-aves-alberca-albore\/\"  aria-hidden=\"true\" class=\"view\"><span>View<\/span><\/a>\n            <\/div>\t<div class=\"sc_team_item_info\">\n\t\t<div class=\"sc_team_item_header\">\n\t\t\t<h4 class=\"sc_team_item_title entry-title\"><a href=\"https:\/\/www.patrim.net\/pyrenoteca\/fr\/team\/centro-de-interpretacion-de-aves-alberca-albore\/\">Centro de interpretaci\u00f3n de aves Alberca<\/a><\/h4>\n\t\t\t<div class=\"sc_team_item_subtitle\">Centro de interpretaci\u00f3n de aves Alberca<\/div>\n\t\t<\/div>\n\t\t<div class=\"sc_team_item_socials socials_wrap\"><a target=\"_blank\" href=\"http:\/\/www.hoyadehuesca.es\" class=\"social_item social_item_style_icons sc_icon_type_icons social_item_type_icons\"><span class=\"social_icon social_icon_earth-grid-select-language-button\"><span class=\"icon-earth-grid-select-language-button\"><\/span><\/span><\/a><a target=\"_blank\" href=\"https:\/\/www.facebook.com\/desarrollohoyadehuesca\/\" class=\"social_item social_item_style_icons sc_icon_type_icons social_item_type_icons\"><span class=\"social_icon social_icon_facebook\"><span class=\"icon-facebook\"><\/span><\/span><\/a><a target=\"_blank\" href=\"https:\/\/www.instagram.com\/desarrollohoyadehuesca\/\" class=\"social_item social_item_style_icons sc_icon_type_icons social_item_type_icons\"><span class=\"social_icon social_icon_instagramm\"><span class=\"icon-instagramm\"><\/span><\/span><\/a><\/div><div class=\"sc_team_item_button\"><a href=\"https:\/\/www.patrim.net\/pyrenoteca\/fr\/team\/centro-de-interpretacion-de-aves-alberca-albore\/\" class=\"sc_button sc_button_simple\">Read more<\/a><\/div><\/div>\n<\/div><\/div><div class=\"trx_addons_column-1_3\"><div data-post-id=\"7666\" class=\"sc_team_item no_links post-7666 cpt_team type-cpt_team status-publish has-post-thumbnail hentry cpt_team_group-museum\">\n\t<div class=\"post_featured with_thumb hover_view sc_team_item_thumb\"><img decoding=\"async\" width=\"740\" height=\"474\" src=\"https:\/\/www.patrim.net\/pyrenoteca\/wp-content\/uploads\/2022\/02\/7-Centro-del-Rio-Vero-740x474.jpg\" class=\"attachment-ozeum-thumb-rectangle size-ozeum-thumb-rectangle wp-post-image\" alt=\"\" \/>\t\t\t\t\t\t<div class=\"mask\"><\/div>\n\t\t\t\t\t\t            <a href=\"https:\/\/www.patrim.net\/pyrenoteca\/fr\/team\/centro-del-arte-rupestre-del-parque-cultural-del-rio-vero\/\"  aria-hidden=\"true\" class=\"view\"><span>View<\/span><\/a>\n            <\/div>\t<div class=\"sc_team_item_info\">\n\t\t<div class=\"sc_team_item_header\">\n\t\t\t<h4 class=\"sc_team_item_title entry-title\"><a href=\"https:\/\/www.patrim.net\/pyrenoteca\/fr\/team\/centro-del-arte-rupestre-del-parque-cultural-del-rio-vero\/\">Centro del Arte Rupestre del Parque Cultural del R\u00edo Vero<\/a><\/h4>\n\t\t\t<div class=\"sc_team_item_subtitle\">Centro del Arte Rupestre del Parque Cultural del R\u00edo Vero<\/div>\n\t\t<\/div>\n\t\t<div class=\"sc_team_item_socials socials_wrap\"><a target=\"_blank\" href=\"https:\/\/v4.parqueculturalriovero.com\/es\" class=\"social_item social_item_style_icons sc_icon_type_icons social_item_type_icons\"><span class=\"social_icon social_icon_earth-grid-select-language-button\"><span class=\"icon-earth-grid-select-language-button\"><\/span><\/span><\/a><a target=\"_blank\" href=\"https:\/\/www.instagram.com\/parqueculturalriovero\/\" class=\"social_item social_item_style_icons sc_icon_type_icons social_item_type_icons\"><span class=\"social_icon social_icon_instagramm\"><span class=\"icon-instagramm\"><\/span><\/span><\/a><a target=\"_blank\" href=\"https:\/\/www.facebook.com\/ParqueCulturalRioVero?locale=es_ES\" class=\"social_item social_item_style_icons sc_icon_type_icons social_item_type_icons\"><span class=\"social_icon social_icon_facebook\"><span class=\"icon-facebook\"><\/span><\/span><\/a><a target=\"_blank\" href=\"https:\/\/www.youtube.com\/channel\/UCmCvI0a5rD5WWgRAL5EM-Tw?view_as=subscriber\" class=\"social_item social_item_style_icons sc_icon_type_icons social_item_type_icons\"><span class=\"social_icon social_icon_youtube\"><span class=\"icon-youtube\"><\/span><\/span><\/a><\/div><div class=\"sc_team_item_button\"><a href=\"https:\/\/www.patrim.net\/pyrenoteca\/fr\/team\/centro-del-arte-rupestre-del-parque-cultural-del-rio-vero\/\" class=\"sc_button sc_button_simple\">Read more<\/a><\/div><\/div>\n<\/div><\/div><div class=\"trx_addons_column-1_3\"><div data-post-id=\"309\" class=\"sc_team_item no_links post-309 cpt_team type-cpt_team status-publish has-post-thumbnail hentry cpt_team_group-museum\">\n\t<div class=\"post_featured with_thumb hover_view sc_team_item_thumb\"><img loading=\"lazy\" decoding=\"async\" width=\"740\" height=\"474\" src=\"https:\/\/www.patrim.net\/pyrenoteca\/wp-content\/uploads\/2019\/05\/centro-de-interpretacio\u0301n-ramo\u0301n-y-cajal-ayerbe-huesca-740x474.jpeg\" class=\"attachment-ozeum-thumb-rectangle size-ozeum-thumb-rectangle wp-post-image\" alt=\"\" \/>\t\t\t\t\t\t<div class=\"mask\"><\/div>\n\t\t\t\t\t\t            <a href=\"https:\/\/www.patrim.net\/pyrenoteca\/fr\/team\/centro-de-interpretacion-ramon-y-cajal\/\"  aria-hidden=\"true\" class=\"view\"><span>View<\/span><\/a>\n            <\/div>\t<div class=\"sc_team_item_info\">\n\t\t<div class=\"sc_team_item_header\">\n\t\t\t<h4 class=\"sc_team_item_title entry-title\"><a href=\"https:\/\/www.patrim.net\/pyrenoteca\/fr\/team\/centro-de-interpretacion-ramon-y-cajal\/\">Centro Ram\u00f3n y Cajal<\/a><\/h4>\n\t\t\t<div class=\"sc_team_item_subtitle\">Centro Ram\u00f3n y Cajal<\/div>\n\t\t<\/div>\n\t\t<div class=\"sc_team_item_socials socials_wrap\"><a target=\"_blank\" href=\"https:\/\/www.ayerbe.es\/centro-interpretacion\" class=\"social_item social_item_style_icons sc_icon_type_icons social_item_type_icons\"><span class=\"social_icon social_icon_earth-grid-select-language-button\"><span class=\"icon-earth-grid-select-language-button\"><\/span><\/span><\/a><a target=\"_blank\" href=\"https:\/\/www.facebook.com\/ryc.ayerbe\/\" class=\"social_item social_item_style_icons sc_icon_type_icons social_item_type_icons\"><span class=\"social_icon social_icon_facebook\"><span class=\"icon-facebook\"><\/span><\/span><\/a><a target=\"_blank\" href=\"https:\/\/twitter.com\/search?q=%40ryc_ayerbe&#038;src=typed_query\" class=\"social_item social_item_style_icons sc_icon_type_icons social_item_type_icons\"><span class=\"social_icon social_icon_twitter\"><span class=\"icon-twitter\"><\/span><\/span><\/a><a target=\"_blank\" href=\"https:\/\/www.instagram.com\/ryc_ayerbe\/\" class=\"social_item social_item_style_icons sc_icon_type_icons social_item_type_icons\"><span class=\"social_icon social_icon_instagramm\"><span class=\"icon-instagramm\"><\/span><\/span><\/a><\/div><div class=\"sc_team_item_button\"><a href=\"https:\/\/www.patrim.net\/pyrenoteca\/fr\/team\/centro-de-interpretacion-ramon-y-cajal\/\" class=\"sc_button sc_button_simple\">Read more<\/a><\/div><\/div>\n<\/div><\/div><div class=\"trx_addons_column-1_3\"><div data-post-id=\"305\" class=\"sc_team_item no_links post-305 cpt_team type-cpt_team status-publish has-post-thumbnail hentry cpt_team_group-museum\">\n\t<div class=\"post_featured with_thumb hover_view sc_team_item_thumb\"><img loading=\"lazy\" decoding=\"async\" width=\"740\" height=\"474\" src=\"https:\/\/www.patrim.net\/pyrenoteca\/wp-content\/uploads\/2019\/05\/1-Ecomuseu-Aneu-740x474.jpg\" class=\"attachment-ozeum-thumb-rectangle size-ozeum-thumb-rectangle wp-post-image\" alt=\"\" \/>\t\t\t\t\t\t<div class=\"mask\"><\/div>\n\t\t\t\t\t\t            <a href=\"https:\/\/www.patrim.net\/pyrenoteca\/fr\/team\/ecomuseu-de-les-valls-daneu\/\"  aria-hidden=\"true\" class=\"view\"><span>View<\/span><\/a>\n            <\/div>\t<div class=\"sc_team_item_info\">\n\t\t<div class=\"sc_team_item_header\">\n\t\t\t<h4 class=\"sc_team_item_title entry-title\"><a href=\"https:\/\/www.patrim.net\/pyrenoteca\/fr\/team\/ecomuseu-de-les-valls-daneu\/\">Ecomuseu de les Valls d&#8217;\u00c0neu<\/a><\/h4>\n\t\t\t<div class=\"sc_team_item_subtitle\">Ecomuseu de les Valls d'\u00c0neu<\/div>\n\t\t<\/div>\n\t\t<div class=\"sc_team_item_socials socials_wrap\"><a target=\"_blank\" href=\"http:\/\/www.ecomuseu.com\" class=\"social_item social_item_style_icons sc_icon_type_icons social_item_type_icons\"><span class=\"social_icon social_icon_earth-grid-select-language-button\"><span class=\"icon-earth-grid-select-language-button\"><\/span><\/span><\/a><a target=\"_blank\" href=\"http:\/\/www.facebook.com\/EcomuseuVallsAneu\" class=\"social_item social_item_style_icons sc_icon_type_icons social_item_type_icons\"><span class=\"social_icon social_icon_facebook\"><span class=\"icon-facebook\"><\/span><\/span><\/a><a target=\"_blank\" href=\"https:\/\/www.instagram.com\/ecomuseu\/\" class=\"social_item social_item_style_icons sc_icon_type_icons social_item_type_icons\"><span class=\"social_icon social_icon_instagramm\"><span class=\"icon-instagramm\"><\/span><\/span><\/a><\/div><div class=\"sc_team_item_button\"><a href=\"https:\/\/www.patrim.net\/pyrenoteca\/fr\/team\/ecomuseu-de-les-valls-daneu\/\" class=\"sc_button sc_button_simple\">Read more<\/a><\/div><\/div>\n<\/div><\/div><div class=\"trx_addons_column-1_3\"><div data-post-id=\"7672\" class=\"sc_team_item no_links post-7672 cpt_team type-cpt_team status-publish has-post-thumbnail hentry cpt_team_group-museum\">\n\t<div class=\"post_featured with_thumb hover_view sc_team_item_thumb\"><img loading=\"lazy\" decoding=\"async\" width=\"740\" height=\"474\" src=\"https:\/\/www.patrim.net\/pyrenoteca\/wp-content\/uploads\/2022\/02\/8-Espacio-Salto-de-Roldan-740x474.jpg\" class=\"attachment-ozeum-thumb-rectangle size-ozeum-thumb-rectangle wp-post-image\" alt=\"\" \/>\t\t\t\t\t\t<div class=\"mask\"><\/div>\n\t\t\t\t\t\t            <a href=\"https:\/\/www.patrim.net\/pyrenoteca\/fr\/team\/espacio-salto-roldan\/\"  aria-hidden=\"true\" class=\"view\"><span>View<\/span><\/a>\n            <\/div>\t<div class=\"sc_team_item_info\">\n\t\t<div class=\"sc_team_item_header\">\n\t\t\t<h4 class=\"sc_team_item_title entry-title\"><a href=\"https:\/\/www.patrim.net\/pyrenoteca\/fr\/team\/espacio-salto-roldan\/\">Espacio de Interpretaci\u00f3n Salto de Rold\u00e1n<\/a><\/h4>\n\t\t\t<div class=\"sc_team_item_subtitle\">Espacio de Interpretaci\u00f3n Salto de Rold\u00e1n<\/div>\n\t\t<\/div>\n\t\t<div class=\"sc_team_item_socials socials_wrap\"><a target=\"_blank\" href=\"https:\/\/espaciosaltoderoldan.es\/\" class=\"social_item social_item_style_icons sc_icon_type_icons social_item_type_icons\"><span class=\"social_icon social_icon_earth-grid-select-language-button\"><span class=\"icon-earth-grid-select-language-button\"><\/span><\/span><\/a><a target=\"_blank\" href=\"https:\/\/www.facebook.com\/EspacioSaltoRoldan\/\" class=\"social_item social_item_style_icons sc_icon_type_icons social_item_type_icons\"><span class=\"social_icon social_icon_facebook\"><span class=\"icon-facebook\"><\/span><\/span><\/a><\/div><div class=\"sc_team_item_button\"><a href=\"https:\/\/www.patrim.net\/pyrenoteca\/fr\/team\/espacio-salto-roldan\/\" class=\"sc_button sc_button_simple\">Read more<\/a><\/div><\/div>\n<\/div><\/div><div class=\"trx_addons_column-1_3\"><div data-post-id=\"7691\" class=\"sc_team_item no_links post-7691 cpt_team type-cpt_team status-publish has-post-thumbnail hentry cpt_team_group-museum\">\n\t<div class=\"post_featured with_thumb hover_view sc_team_item_thumb\"><img loading=\"lazy\" decoding=\"async\" width=\"740\" height=\"474\" src=\"https:\/\/www.patrim.net\/pyrenoteca\/wp-content\/uploads\/2022\/02\/10-Espacio-Pirineos-Alvira-retoc-740x474.jpg\" class=\"attachment-ozeum-thumb-rectangle size-ozeum-thumb-rectangle wp-post-image\" alt=\"\" \/>\t\t\t\t\t\t<div class=\"mask\"><\/div>\n\t\t\t\t\t\t            <a href=\"https:\/\/www.patrim.net\/pyrenoteca\/fr\/team\/espacio-centro-pirineos-ayuntamiento-de-graus\/\"  aria-hidden=\"true\" class=\"view\"><span>View<\/span><\/a>\n            <\/div>\t<div class=\"sc_team_item_info\">\n\t\t<div class=\"sc_team_item_header\">\n\t\t\t<h4 class=\"sc_team_item_title entry-title\"><a href=\"https:\/\/www.patrim.net\/pyrenoteca\/fr\/team\/espacio-centro-pirineos-ayuntamiento-de-graus\/\">Espacio Pirineos<\/a><\/h4>\n\t\t\t<div class=\"sc_team_item_subtitle\">Espacio Pirineos<\/div>\n\t\t<\/div>\n\t\t<div class=\"sc_team_item_socials socials_wrap\"><a target=\"_blank\" href=\"http:\/\/espaciopirineos.com\/\" class=\"social_item social_item_style_icons sc_icon_type_icons social_item_type_icons\"><span class=\"social_icon social_icon_earth-grid-select-language-button\"><span class=\"icon-earth-grid-select-language-button\"><\/span><\/span><\/a><a target=\"_blank\" href=\"http:\/\/www.facebook.com\/espaciopirineos\" class=\"social_item social_item_style_icons sc_icon_type_icons social_item_type_icons\"><span class=\"social_icon social_icon_facebook\"><span class=\"icon-facebook\"><\/span><\/span><\/a><a target=\"_blank\" href=\"https:\/\/twitter.com\/CulturadeGraus\" class=\"social_item social_item_style_icons sc_icon_type_icons social_item_type_icons\"><span class=\"social_icon social_icon_twitter\"><span class=\"icon-twitter\"><\/span><\/span><\/a><a target=\"_blank\" href=\"https:\/\/www.instagram.com\/espaciopirineosgraus\/\" class=\"social_item social_item_style_icons sc_icon_type_icons social_item_type_icons\"><span class=\"social_icon social_icon_instagramm\"><span class=\"icon-instagramm\"><\/span><\/span><\/a><\/div><div class=\"sc_team_item_button\"><a href=\"https:\/\/www.patrim.net\/pyrenoteca\/fr\/team\/espacio-centro-pirineos-ayuntamiento-de-graus\/\" class=\"sc_button sc_button_simple\">Read more<\/a><\/div><\/div>\n<\/div><\/div><div class=\"trx_addons_column-1_3\"><div data-post-id=\"7636\" class=\"sc_team_item no_links post-7636 cpt_team type-cpt_team status-publish has-post-thumbnail hentry cpt_team_group-museum\">\n\t<div class=\"post_featured with_thumb hover_view sc_team_item_thumb\"><img loading=\"lazy\" decoding=\"async\" width=\"740\" height=\"474\" src=\"https:\/\/www.patrim.net\/pyrenoteca\/wp-content\/uploads\/2022\/02\/3-espai-origens-740x474.jpg\" class=\"attachment-ozeum-thumb-rectangle size-ozeum-thumb-rectangle wp-post-image\" alt=\"\" \/>\t\t\t\t\t\t<div class=\"mask\"><\/div>\n\t\t\t\t\t\t            <a href=\"https:\/\/www.patrim.net\/pyrenoteca\/fr\/team\/espai-origens\/\"  aria-hidden=\"true\" class=\"view\"><span>View<\/span><\/a>\n            <\/div>\t<div class=\"sc_team_item_info\">\n\t\t<div class=\"sc_team_item_header\">\n\t\t\t<h4 class=\"sc_team_item_title entry-title\"><a href=\"https:\/\/www.patrim.net\/pyrenoteca\/fr\/team\/espai-origens\/\">Espai Or\u00edgens<\/a><\/h4>\n\t\t\t<div class=\"sc_team_item_subtitle\">Espai Or\u00edgens<\/div>\n\t\t<\/div>\n\t\t<div class=\"sc_team_item_socials socials_wrap\"><a target=\"_blank\" href=\"http:\/\/www.espaiorigens.es\" class=\"social_item social_item_style_icons sc_icon_type_icons social_item_type_icons\"><span class=\"social_icon social_icon_earth-grid-select-language-button\"><span class=\"icon-earth-grid-select-language-button\"><\/span><\/span><\/a><a target=\"_blank\" href=\"https:\/\/www.facebook.com\/EspaiOrigens\/\" class=\"social_item social_item_style_icons sc_icon_type_icons social_item_type_icons\"><span class=\"social_icon social_icon_facebook\"><span class=\"icon-facebook\"><\/span><\/span><\/a><a target=\"_blank\" href=\"https:\/\/twitter.com\/espaiorigens?ref_src=twsrc%5Egoogle%7Ctwcamp%5Eserp%7Ctwgr%5Eauthor\" class=\"social_item social_item_style_icons sc_icon_type_icons social_item_type_icons\"><span class=\"social_icon social_icon_twitter\"><span class=\"icon-twitter\"><\/span><\/span><\/a><a target=\"_blank\" href=\"https:\/\/www.youtube.com\/channel\/UCsWUcufZ3AQgoqiejdVvh0w\" class=\"social_item social_item_style_icons sc_icon_type_icons social_item_type_icons\"><span class=\"social_icon social_icon_youtube\"><span class=\"icon-youtube\"><\/span><\/span><\/a><\/div><div class=\"sc_team_item_button\"><a href=\"https:\/\/www.patrim.net\/pyrenoteca\/fr\/team\/espai-origens\/\" class=\"sc_button sc_button_simple\">Read more<\/a><\/div><\/div>\n<\/div><\/div><div class=\"trx_addons_column-1_3\"><div data-post-id=\"9075\" class=\"sc_team_item no_links post-9075 cpt_team type-cpt_team status-publish has-post-thumbnail hentry cpt_team_group-museum\">\n\t<div class=\"post_featured with_thumb hover_view sc_team_item_thumb\"><img loading=\"lazy\" decoding=\"async\" width=\"740\" height=\"474\" src=\"https:\/\/www.patrim.net\/pyrenoteca\/wp-content\/uploads\/2025\/10\/grottes-de-gargas-25-05-740x474.jpg\" class=\"attachment-ozeum-thumb-rectangle size-ozeum-thumb-rectangle wp-post-image\" alt=\"\" \/>\t\t\t\t\t\t<div class=\"mask\"><\/div>\n\t\t\t\t\t\t            <a href=\"https:\/\/www.patrim.net\/pyrenoteca\/fr\/team\/grottes-de-gargas\/\"  aria-hidden=\"true\" class=\"view\"><span>View<\/span><\/a>\n            <\/div>\t<div class=\"sc_team_item_info\">\n\t\t<div class=\"sc_team_item_header\">\n\t\t\t<h4 class=\"sc_team_item_title entry-title\"><a href=\"https:\/\/www.patrim.net\/pyrenoteca\/fr\/team\/grottes-de-gargas\/\">Grottes de Gargas<\/a><\/h4>\n\t\t\t<div class=\"sc_team_item_subtitle\">Grottes de Gargas<\/div>\n\t\t<\/div>\n\t\t<div class=\"sc_team_item_socials socials_wrap\"><a target=\"_blank\" href=\"https:\/\/www.instagram.com\/gargasnestploria_officiel\/\" class=\"social_item social_item_style_icons sc_icon_type_icons social_item_type_icons\"><span class=\"social_icon social_icon_instagramm\"><span class=\"icon-instagramm\"><\/span><\/span><\/a><\/div><div class=\"sc_team_item_button\"><a href=\"https:\/\/www.patrim.net\/pyrenoteca\/fr\/team\/grottes-de-gargas\/\" class=\"sc_button sc_button_simple\">Read more<\/a><\/div><\/div>\n<\/div><\/div><div class=\"trx_addons_column-1_3\"><div data-post-id=\"7654\" class=\"sc_team_item no_links post-7654 cpt_team type-cpt_team status-publish has-post-thumbnail hentry cpt_team_group-museum\">\n\t<div class=\"post_featured with_thumb hover_view sc_team_item_thumb\"><img loading=\"lazy\" decoding=\"async\" width=\"740\" height=\"474\" src=\"https:\/\/www.patrim.net\/pyrenoteca\/wp-content\/uploads\/2022\/02\/5-Igartubeiti-740x474.jpg\" class=\"attachment-ozeum-thumb-rectangle size-ozeum-thumb-rectangle wp-post-image\" alt=\"\" \/>\t\t\t\t\t\t<div class=\"mask\"><\/div>\n\t\t\t\t\t\t            <a href=\"https:\/\/www.patrim.net\/pyrenoteca\/fr\/team\/igartubeiti-baserri-museoa\/\"  aria-hidden=\"true\" class=\"view\"><span>View<\/span><\/a>\n            <\/div>\t<div class=\"sc_team_item_info\">\n\t\t<div class=\"sc_team_item_header\">\n\t\t\t<h4 class=\"sc_team_item_title entry-title\"><a href=\"https:\/\/www.patrim.net\/pyrenoteca\/fr\/team\/igartubeiti-baserri-museoa\/\">Igartubeiti Baserri Museoa<\/a><\/h4>\n\t\t\t<div class=\"sc_team_item_subtitle\">Igartubeiti Baserri Museoa<\/div>\n\t\t<\/div>\n\t\t<div class=\"sc_team_item_socials socials_wrap\"><a target=\"_blank\" href=\"http:\/\/www.igartubeitibaserria.eus\" class=\"social_item social_item_style_icons sc_icon_type_icons social_item_type_icons\"><span class=\"social_icon social_icon_earth-grid-select-language-button\"><span class=\"icon-earth-grid-select-language-button\"><\/span><\/span><\/a><a target=\"_blank\" href=\"http:\/\/www.facebook.com\/igartubeiti\" class=\"social_item social_item_style_icons sc_icon_type_icons social_item_type_icons\"><span class=\"social_icon social_icon_facebook\"><span class=\"icon-facebook\"><\/span><\/span><\/a><a target=\"_blank\" href=\"http:\/\/twitter.com\/igartubeiti\" class=\"social_item social_item_style_icons sc_icon_type_icons social_item_type_icons\"><span class=\"social_icon social_icon_twitter\"><span class=\"icon-twitter\"><\/span><\/span><\/a><a target=\"_blank\" href=\"http:\/\/www.instagram.com\/igartubeiti\/\" class=\"social_item social_item_style_icons sc_icon_type_icons social_item_type_icons\"><span class=\"social_icon social_icon_instagramm\"><span class=\"icon-instagramm\"><\/span><\/span><\/a><a target=\"_blank\" href=\"http:\/\/www.youtube.com\/user\/IgartubeitiMuseoa\" class=\"social_item social_item_style_icons sc_icon_type_icons social_item_type_icons\"><span class=\"social_icon social_icon_youtube\"><span class=\"icon-youtube\"><\/span><\/span><\/a><a target=\"_blank\" href=\"http:\/\/www.flickr.com\/photos\/igartubeiti\/\" class=\"social_item social_item_style_icons sc_icon_type_icons social_item_type_icons\"><span class=\"social_icon social_icon_flickr\"><span class=\"icon-flickr\"><\/span><\/span><\/a><\/div><div class=\"sc_team_item_button\"><a href=\"https:\/\/www.patrim.net\/pyrenoteca\/fr\/team\/igartubeiti-baserri-museoa\/\" class=\"sc_button sc_button_simple\">Read more<\/a><\/div><\/div>\n<\/div><\/div><div class=\"trx_addons_column-1_3\"><div data-post-id=\"9069\" class=\"sc_team_item no_links post-9069 cpt_team type-cpt_team status-publish has-post-thumbnail hentry cpt_team_group-museum\">\n\t<div class=\"post_featured with_thumb hover_view sc_team_item_thumb\"><img loading=\"lazy\" decoding=\"async\" width=\"740\" height=\"474\" src=\"https:\/\/www.patrim.net\/pyrenoteca\/wp-content\/uploads\/2025\/10\/laboratorio-paleontologico-loarre-740x474.jpg\" class=\"attachment-ozeum-thumb-rectangle size-ozeum-thumb-rectangle wp-post-image\" alt=\"\" \/>\t\t\t\t\t\t<div class=\"mask\"><\/div>\n\t\t\t\t\t\t            <a href=\"https:\/\/www.patrim.net\/pyrenoteca\/fr\/team\/laboratorio-paleontologico-de-loarre\/\"  aria-hidden=\"true\" class=\"view\"><span>View<\/span><\/a>\n            <\/div>\t<div class=\"sc_team_item_info\">\n\t\t<div class=\"sc_team_item_header\">\n\t\t\t<h4 class=\"sc_team_item_title entry-title\"><a href=\"https:\/\/www.patrim.net\/pyrenoteca\/fr\/team\/laboratorio-paleontologico-de-loarre\/\">Laboratorio Paleontol\u00f3gico de Loarre<\/a><\/h4>\n\t\t\t<div class=\"sc_team_item_subtitle\">Laboratorio Paleontol\u00f3gico de Loarre<\/div>\n\t\t<\/div>\n\t\t<div class=\"sc_team_item_socials socials_wrap\"><a target=\"_blank\" href=\"https:\/\/huevosdeloarre.com\/\" class=\"social_item social_item_style_icons sc_icon_type_icons social_item_type_icons\"><span class=\"social_icon social_icon_earth-grid-select-language-button\"><span class=\"icon-earth-grid-select-language-button\"><\/span><\/span><\/a><a target=\"_blank\" href=\"https:\/\/www.facebook.com\/OODinoLabLoarre\" class=\"social_item social_item_style_icons sc_icon_type_icons social_item_type_icons\"><span class=\"social_icon social_icon_facebook\"><span class=\"icon-facebook\"><\/span><\/span><\/a><a target=\"_blank\" href=\"https:\/\/www.instagram.com\/oodinolab\/\" class=\"social_item social_item_style_icons sc_icon_type_icons social_item_type_icons\"><span class=\"social_icon social_icon_instagramm\"><span class=\"icon-instagramm\"><\/span><\/span><\/a><a target=\"_blank\" href=\"https:\/\/x.com\/OODinoLab\" class=\"social_item social_item_style_icons sc_icon_type_icons social_item_type_icons\"><span class=\"social_icon social_icon_twitter\"><span class=\"icon-twitter\"><\/span><\/span><\/a><\/div><div class=\"sc_team_item_button\"><a href=\"https:\/\/www.patrim.net\/pyrenoteca\/fr\/team\/laboratorio-paleontologico-de-loarre\/\" class=\"sc_button sc_button_simple\">Read more<\/a><\/div><\/div>\n<\/div><\/div><div class=\"trx_addons_column-1_3\"><div data-post-id=\"7703\" class=\"sc_team_item no_links post-7703 cpt_team type-cpt_team status-publish has-post-thumbnail hentry cpt_team_group-museum\">\n\t<div class=\"post_featured with_thumb hover_view sc_team_item_thumb\"><img loading=\"lazy\" decoding=\"async\" width=\"740\" height=\"474\" src=\"https:\/\/www.patrim.net\/pyrenoteca\/wp-content\/uploads\/2022\/02\/12-maisonpatrimoine-740x474.jpg\" class=\"attachment-ozeum-thumb-rectangle size-ozeum-thumb-rectangle wp-post-image\" alt=\"\" \/>\t\t\t\t\t\t<div class=\"mask\"><\/div>\n\t\t\t\t\t\t            <a href=\"https:\/\/www.patrim.net\/pyrenoteca\/fr\/team\/maison-du-patrimoine-de-saint-lary-soulan\/\"  aria-hidden=\"true\" class=\"view\"><span>View<\/span><\/a>\n            <\/div>\t<div class=\"sc_team_item_info\">\n\t\t<div class=\"sc_team_item_header\">\n\t\t\t<h4 class=\"sc_team_item_title entry-title\"><a href=\"https:\/\/www.patrim.net\/pyrenoteca\/fr\/team\/maison-du-patrimoine-de-saint-lary-soulan\/\">Maisson du Patrimoine de Saint-Lary Soulan<\/a><\/h4>\n\t\t\t<div class=\"sc_team_item_subtitle\">Maisson du Patrimoine de Saint-Lary Soulan<\/div>\n\t\t<\/div>\n\t\t<div class=\"sc_team_item_socials socials_wrap\"><a target=\"_blank\" href=\"http:\/\/www.saintlary.com\/ete\/decouvrir\/une-station-familiale\/la-maison-du-patrimoine\" class=\"social_item social_item_style_icons sc_icon_type_icons social_item_type_icons\"><span class=\"social_icon social_icon_earth-grid-select-language-button\"><span class=\"icon-earth-grid-select-language-button\"><\/span><\/span><\/a><a target=\"_blank\" href=\"https:\/\/blog.saintlary.com\/\" class=\"social_item social_item_style_icons sc_icon_type_icons social_item_type_icons\"><span class=\"social_icon social_icon_earth-grid-select-language-button\"><span class=\"icon-earth-grid-select-language-button\"><\/span><\/span><\/a><a target=\"_blank\" href=\"http:\/\/www.facebook.com\/PatrimoineStLarySoulan\/\" class=\"social_item social_item_style_icons sc_icon_type_icons social_item_type_icons\"><span class=\"social_icon social_icon_facebook\"><span class=\"icon-facebook\"><\/span><\/span><\/a><a target=\"_blank\" href=\"http:\/\/www.instagram.com\/saintlary\" class=\"social_item social_item_style_icons sc_icon_type_icons social_item_type_icons\"><span class=\"social_icon social_icon_instagramm\"><span class=\"icon-instagramm\"><\/span><\/span><\/a><\/div><div class=\"sc_team_item_button\"><a href=\"https:\/\/www.patrim.net\/pyrenoteca\/fr\/team\/maison-du-patrimoine-de-saint-lary-soulan\/\" class=\"sc_button sc_button_simple\">Read more<\/a><\/div><\/div>\n<\/div><\/div><div class=\"trx_addons_column-1_3\"><div data-post-id=\"7624\" class=\"sc_team_item no_links post-7624 cpt_team type-cpt_team status-publish has-post-thumbnail hentry cpt_team_group-museum\">\n\t<div class=\"post_featured with_thumb hover_view sc_team_item_thumb\"><img loading=\"lazy\" decoding=\"async\" width=\"740\" height=\"474\" src=\"https:\/\/www.patrim.net\/pyrenoteca\/wp-content\/uploads\/2022\/02\/2-M-Larrey-740x474.jpg\" class=\"attachment-ozeum-thumb-rectangle size-ozeum-thumb-rectangle wp-post-image\" alt=\"\" \/>\t\t\t\t\t\t<div class=\"mask\"><\/div>\n\t\t\t\t\t\t            <a href=\"https:\/\/www.patrim.net\/pyrenoteca\/fr\/team\/musee-larrey\/\"  aria-hidden=\"true\" class=\"view\"><span>View<\/span><\/a>\n            <\/div>\t<div class=\"sc_team_item_info\">\n\t\t<div class=\"sc_team_item_header\">\n\t\t\t<h4 class=\"sc_team_item_title entry-title\"><a href=\"https:\/\/www.patrim.net\/pyrenoteca\/fr\/team\/musee-larrey\/\">Mus\u00e9e Larrey<\/a><\/h4>\n\t\t\t<div class=\"sc_team_item_subtitle\">Mus\u00e9e Larrey<\/div>\n\t\t<\/div>\n\t\t<div class=\"sc_team_item_socials socials_wrap\"><a target=\"_blank\" href=\"https:\/\/www.museelarrey.fr\" class=\"social_item social_item_style_icons sc_icon_type_icons social_item_type_icons\"><span class=\"social_icon social_icon_earth-grid-select-language-button\"><span class=\"icon-earth-grid-select-language-button\"><\/span><\/span><\/a><a target=\"_blank\" href=\"https:\/\/www.instagram.com\/villagedebeaudean\/\" class=\"social_item social_item_style_icons sc_icon_type_icons social_item_type_icons\"><span class=\"social_icon social_icon_instagramm\"><span class=\"icon-instagramm\"><\/span><\/span><\/a><\/div><div class=\"sc_team_item_button\"><a href=\"https:\/\/www.patrim.net\/pyrenoteca\/fr\/team\/musee-larrey\/\" class=\"sc_button sc_button_simple\">Read more<\/a><\/div><\/div>\n<\/div><\/div><div class=\"trx_addons_column-1_3\"><div data-post-id=\"9581\" class=\"sc_team_item no_links post-9581 cpt_team type-cpt_team status-publish has-post-thumbnail hentry cpt_team_group-museum\">\n\t<div class=\"post_featured with_thumb hover_view sc_team_item_thumb\"><img loading=\"lazy\" decoding=\"async\" width=\"740\" height=\"474\" src=\"https:\/\/www.patrim.net\/pyrenoteca\/wp-content\/uploads\/2025\/10\/galeria_museo_10-Cueva-Brujas-Zugarramurdi-740x474.jpg\" class=\"attachment-ozeum-thumb-rectangle size-ozeum-thumb-rectangle wp-post-image\" alt=\"\" \/>\t\t\t\t\t\t<div class=\"mask\"><\/div>\n\t\t\t\t\t\t            <a href=\"https:\/\/www.patrim.net\/pyrenoteca\/fr\/team\/museo-cueva-de-las-brujas-en-zugarramurdi-navarra\/\"  aria-hidden=\"true\" class=\"view\"><span>View<\/span><\/a>\n            <\/div>\t<div class=\"sc_team_item_info\">\n\t\t<div class=\"sc_team_item_header\">\n\t\t\t<h4 class=\"sc_team_item_title entry-title\"><a href=\"https:\/\/www.patrim.net\/pyrenoteca\/fr\/team\/museo-cueva-de-las-brujas-en-zugarramurdi-navarra\/\">Museo Cueva de las Brujas en Zugarramurdi, Navarra<\/a><\/h4>\n\t\t\t<div class=\"sc_team_item_subtitle\">Museo Cueva de las Brujas en Zugarramurdi, Navarra<\/div>\n\t\t<\/div>\n\t\t<div class=\"sc_team_item_socials socials_wrap\"><a target=\"_blank\" href=\"http:\/\/www.turismozugarramurdi.com\/museo-de-las-brujas\/\" class=\"social_item social_item_style_icons sc_icon_type_icons social_item_type_icons\"><span class=\"social_icon social_icon_globe-light\"><span class=\"icon-globe-light\"><\/span><\/span><\/a><\/div><div class=\"sc_team_item_button\"><a href=\"https:\/\/www.patrim.net\/pyrenoteca\/fr\/team\/museo-cueva-de-las-brujas-en-zugarramurdi-navarra\/\" class=\"sc_button sc_button_simple\">Read more<\/a><\/div><\/div>\n<\/div><\/div><div class=\"trx_addons_column-1_3\"><div data-post-id=\"9715\" class=\"sc_team_item no_links post-9715 cpt_team type-cpt_team status-publish has-post-thumbnail hentry cpt_team_group-museum\">\n\t<div class=\"post_featured with_thumb hover_view sc_team_item_thumb\"><img loading=\"lazy\" decoding=\"async\" width=\"740\" height=\"474\" src=\"https:\/\/www.patrim.net\/pyrenoteca\/wp-content\/uploads\/2025\/10\/Museo-dinosaurios-Aren-1-740x474.jpg\" class=\"attachment-ozeum-thumb-rectangle size-ozeum-thumb-rectangle wp-post-image\" alt=\"\" \/>\t\t\t\t\t\t<div class=\"mask\"><\/div>\n\t\t\t\t\t\t            <a href=\"https:\/\/www.patrim.net\/pyrenoteca\/fr\/team\/museo-de-los-dinosaurios-de-aren\/\"  aria-hidden=\"true\" class=\"view\"><span>View<\/span><\/a>\n            <\/div>\t<div class=\"sc_team_item_info\">\n\t\t<div class=\"sc_team_item_header\">\n\t\t\t<h4 class=\"sc_team_item_title entry-title\"><a href=\"https:\/\/www.patrim.net\/pyrenoteca\/fr\/team\/museo-de-los-dinosaurios-de-aren\/\">Museo de los dinosaurios de Ar\u00e9n<\/a><\/h4>\n\t\t\t<div class=\"sc_team_item_subtitle\"><\/div>\n\t\t<\/div>\n\t\t<div class=\"sc_team_item_socials socials_wrap\"><a target=\"_blank\" href=\"http:\/\/www.dinosauriosdearen.es\/\" class=\"social_item social_item_style_icons sc_icon_type_icons social_item_type_icons\"><span class=\"social_icon social_icon_globe-light\"><span class=\"icon-globe-light\"><\/span><\/span><\/a><a target=\"_blank\" href=\"https:\/\/www.facebook.com\/ComarcaRibagorza\" class=\"social_item social_item_style_icons sc_icon_type_icons social_item_type_icons\"><span class=\"social_icon social_icon_facebook\"><span class=\"icon-facebook\"><\/span><\/span><\/a><a target=\"_blank\" href=\"https:\/\/www.facebook.com\/culturaribagorza\" class=\"social_item social_item_style_icons sc_icon_type_icons social_item_type_icons\"><span class=\"social_icon social_icon_facebook\"><span class=\"icon-facebook\"><\/span><\/span><\/a><a target=\"_blank\" href=\"https:\/\/www.instagram.com\/comarcaribagorza\/\" class=\"social_item social_item_style_icons sc_icon_type_icons social_item_type_icons\"><span class=\"social_icon social_icon_instagramm\"><span class=\"icon-instagramm\"><\/span><\/span><\/a><a target=\"_blank\" href=\"https:\/\/www.instagram.com\/culturaribagorza\/\" class=\"social_item social_item_style_icons sc_icon_type_icons social_item_type_icons\"><span class=\"social_icon social_icon_instagramm\"><span class=\"icon-instagramm\"><\/span><\/span><\/a><\/div><div class=\"sc_team_item_button\"><a href=\"https:\/\/www.patrim.net\/pyrenoteca\/fr\/team\/museo-de-los-dinosaurios-de-aren\/\" class=\"sc_button sc_button_simple\">Read more<\/a><\/div><\/div>\n<\/div><\/div><\/div><\/div><!-- \/.sc_team -->\t\t\t\t<\/div>\n\t\t\t\t<\/div>\n\t\t\t\t<div class=\"elementor-element elementor-element-428227d sc_height_huge animation_type_block sc_fly_static elementor-widget elementor-widget-spacer\" data-id=\"428227d\" data-element_type=\"widget\" data-widget_type=\"spacer.default\">\n\t\t\t\t<div class=\"elementor-widget-container\">\n\t\t\t\t\t\t\t<div class=\"elementor-spacer\">\n\t\t\t<div class=\"elementor-spacer-inner\"><\/div>\n\t\t<\/div>\n\t\t\t\t\t\t<\/div>\n\t\t\t\t<\/div>\n\t\t\t\t\t<\/div>\n\t\t<\/div>\n\t\t\t\t\t<\/div>\n\t\t<\/section>\n\t\t\t\t<\/div>\n\t\t","protected":false},"excerpt":{"rendered":"<p>Qui sommes-nous? La Pyr\u00e9n\u00e9oth\u00e8que est un outil de ressources en ligne destin\u00e9 \u00e0&hellip;<\/p>\n","protected":false},"author":1,"featured_media":0,"parent":0,"menu_order":0,"comment_status":"closed","ping_status":"closed","template":"","meta":{"footnotes":""},"class_list":["post-6653","page","type-page","status-publish","hentry"],"_links":{"self":[{"href":"https:\/\/www.patrim.net\/pyrenoteca\/fr\/wp-json\/wp\/v2\/pages\/6653","targetHints":{"allow":["GET"]}}],"collection":[{"href":"https:\/\/www.patrim.net\/pyrenoteca\/fr\/wp-json\/wp\/v2\/pages"}],"about":[{"href":"https:\/\/www.patrim.net\/pyrenoteca\/fr\/wp-json\/wp\/v2\/types\/page"}],"author":[{"embeddable":true,"href":"https:\/\/www.patrim.net\/pyrenoteca\/fr\/wp-json\/wp\/v2\/users\/1"}],"replies":[{"embeddable":true,"href":"https:\/\/www.patrim.net\/pyrenoteca\/fr\/wp-json\/wp\/v2\/comments?post=6653"}],"version-history":[{"count":22,"href":"https:\/\/www.patrim.net\/pyrenoteca\/fr\/wp-json\/wp\/v2\/pages\/6653\/revisions"}],"predecessor-version":[{"id":9758,"href":"https:\/\/www.patrim.net\/pyrenoteca\/fr\/wp-json\/wp\/v2\/pages\/6653\/revisions\/9758"}],"wp:attachment":[{"href":"https:\/\/www.patrim.net\/pyrenoteca\/fr\/wp-json\/wp\/v2\/media?parent=6653"}],"curies":[{"name":"wp","href":"https:\/\/api.w.org\/{rel}","templated":true}]}}