{"id":6394,"date":"2022-01-07T04:00:33","date_gmt":"2022-01-07T02:00:33","guid":{"rendered":"https:\/\/www.patrim.net\/pyrenoteca\/?post_type=cpt_portfolio&#038;p=6394"},"modified":"2022-02-25T15:13:46","modified_gmt":"2022-02-25T13:13:46","slug":"les-soeurs-leroux-delaville","status":"publish","type":"cpt_portfolio","link":"https:\/\/www.patrim.net\/pyrenoteca\/fr\/portfolio\/les-soeurs-leroux-delaville\/","title":{"rendered":"Les s\u0153urs Leroux-Delaville"},"content":{"rendered":"\n<p>\u00c9lisabeth Charlotte Leroux Delaville est l\u2019\u00e9pouse de Dominique Larrey. El\u00e8ve de David, amie de Girodet, elle sera une portraitiste reconnue pendant la p\u00e9riode de la R\u00e9volution et de l\u2019Empire. Sa s\u0153ur, Marie-Guillemine Beno\u00eet est elle aussi un peintre de talent qui est m\u00eame r\u00e9compens\u00e9e par Napol\u00e9on. Les membres de la famille de Napol\u00e9on vont d\u2019ailleurs faire appel \u00e0 cette derni\u00e8re pour une s\u00e9rie de portraits de la famille imp\u00e9riale.<br>Elles participent aux expositions de la place Dauphine en 1786 o\u00f9 Marie-\u00c9lisabeth expose une Dame en satin blanc, garnie de marte, en 1788 Art\u00e9mise serre sur son c\u0153ur l&#8217;urne contenant les cendres de Mausole, en 1789 Une Vestale infid\u00e8le. En 1791, elle expose Art\u00e9mise, au Salon de l&#8217;Acad\u00e9mie.<\/p>\n\n\n\n<p>Elle a une relation tr\u00e8s romantique avec Dominique, ils vont d\u2019abord \u00e9changer des lettres avant de se marier. Mais Dominique ne s\u2019arr\u00eatera pas l\u00e0 et continuera \u00e0 lui \u00e9crire r\u00e9guli\u00e8rement durant ses campagnes. Il lui reproche d\u2019ailleurs plusieurs fois ses r\u00e9ponses trop peu nombreuses.<\/p>\n\n\n<p class=\"wp-block-tag-cloud\"><a href=\"https:\/\/www.patrim.net\/pyrenoteca\/fr\/filtre\/actividades-para-familias\/\" class=\"tag-cloud-link tag-link-404 tag-link-position-1\" style=\"font-size: 9.3023255813953pt;\" aria-label=\"Actividades para familias (5 \u00e9l\u00e9ments)\">Actividades para familias<\/a>\n<a href=\"https:\/\/www.patrim.net\/pyrenoteca\/fr\/filtre\/agua\/\" class=\"tag-cloud-link tag-link-302 tag-link-position-2\" style=\"font-size: 17.767441860465pt;\" aria-label=\"Agua (19 \u00e9l\u00e9ments)\">Agua<\/a>\n<a href=\"https:\/\/www.patrim.net\/pyrenoteca\/fr\/filtre\/arqueologia\/\" class=\"tag-cloud-link tag-link-270 tag-link-position-3\" style=\"font-size: 12.883720930233pt;\" aria-label=\"Arqueolog\u00eda (9 \u00e9l\u00e9ments)\">Arqueolog\u00eda<\/a>\n<a href=\"https:\/\/www.patrim.net\/pyrenoteca\/fr\/filtre\/arquitectura\/\" class=\"tag-cloud-link tag-link-237 tag-link-position-4\" style=\"font-size: 19.558139534884pt;\" aria-label=\"Arquitectura (25 \u00e9l\u00e9ments)\">Arquitectura<\/a>\n<a href=\"https:\/\/www.patrim.net\/pyrenoteca\/fr\/filtre\/arquitectura-domestica\/\" class=\"tag-cloud-link tag-link-238 tag-link-position-5\" style=\"font-size: 9.3023255813953pt;\" aria-label=\"Arquitectura dom\u00e9stica (5 \u00e9l\u00e9ments)\">Arquitectura dom\u00e9stica<\/a>\n<a href=\"https:\/\/www.patrim.net\/pyrenoteca\/fr\/filtre\/arquitectura-militar\/\" class=\"tag-cloud-link tag-link-379 tag-link-position-6\" style=\"font-size: 9.3023255813953pt;\" aria-label=\"Arquitectura militar (5 \u00e9l\u00e9ments)\">Arquitectura militar<\/a>\n<a href=\"https:\/\/www.patrim.net\/pyrenoteca\/fr\/filtre\/arquitectura-popular\/\" class=\"tag-cloud-link tag-link-301 tag-link-position-7\" style=\"font-size: 9.3023255813953pt;\" aria-label=\"Arquitectura popular (5 \u00e9l\u00e9ments)\">Arquitectura popular<\/a>\n<a href=\"https:\/\/www.patrim.net\/pyrenoteca\/fr\/filtre\/arquitectura-religiosa\/\" class=\"tag-cloud-link tag-link-347 tag-link-position-8\" style=\"font-size: 15.325581395349pt;\" aria-label=\"Arquitectura religiosa (13 \u00e9l\u00e9ments)\">Arquitectura religiosa<\/a>\n<a href=\"https:\/\/www.patrim.net\/pyrenoteca\/fr\/filtre\/arte\/\" class=\"tag-cloud-link tag-link-239 tag-link-position-9\" style=\"font-size: 12.883720930233pt;\" aria-label=\"Arte (9 \u00e9l\u00e9ments)\">Arte<\/a>\n<a href=\"https:\/\/www.patrim.net\/pyrenoteca\/fr\/filtre\/ayerbe\/\" class=\"tag-cloud-link tag-link-411 tag-link-position-10\" style=\"font-size: 12.06976744186pt;\" aria-label=\"Ayerbe (8 \u00e9l\u00e9ments)\">Ayerbe<\/a>\n<a href=\"https:\/\/www.patrim.net\/pyrenoteca\/fr\/filtre\/barroco\/\" class=\"tag-cloud-link tag-link-241 tag-link-position-11\" style=\"font-size: 10.441860465116pt;\" aria-label=\"Barroco (6 \u00e9l\u00e9ments)\">Barroco<\/a>\n<a href=\"https:\/\/www.patrim.net\/pyrenoteca\/fr\/filtre\/castillo\/\" class=\"tag-cloud-link tag-link-242 tag-link-position-12\" style=\"font-size: 11.255813953488pt;\" aria-label=\"Castillo (7 \u00e9l\u00e9ments)\">Castillo<\/a>\n<a href=\"https:\/\/www.patrim.net\/pyrenoteca\/fr\/filtre\/ciencia\/\" class=\"tag-cloud-link tag-link-243 tag-link-position-13\" style=\"font-size: 8pt;\" aria-label=\"Ciencia (4 \u00e9l\u00e9ments)\">Ciencia<\/a>\n<a href=\"https:\/\/www.patrim.net\/pyrenoteca\/fr\/filtre\/cristianismo\/\" class=\"tag-cloud-link tag-link-292 tag-link-position-14\" style=\"font-size: 9.3023255813953pt;\" aria-label=\"Cristianismo (5 \u00e9l\u00e9ments)\">Cristianismo<\/a>\n<a href=\"https:\/\/www.patrim.net\/pyrenoteca\/fr\/filtre\/cultura\/\" class=\"tag-cloud-link tag-link-430 tag-link-position-15\" style=\"font-size: 15.813953488372pt;\" aria-label=\"Cultura (14 \u00e9l\u00e9ments)\">Cultura<\/a>\n<a href=\"https:\/\/www.patrim.net\/pyrenoteca\/fr\/filtre\/edad-media\/\" class=\"tag-cloud-link tag-link-348 tag-link-position-16\" style=\"font-size: 14.674418604651pt;\" aria-label=\"Edad media (12 \u00e9l\u00e9ments)\">Edad media<\/a>\n<a href=\"https:\/\/www.patrim.net\/pyrenoteca\/fr\/filtre\/entorno\/\" class=\"tag-cloud-link tag-link-246 tag-link-position-17\" style=\"font-size: 12.883720930233pt;\" aria-label=\"Entorno (9 \u00e9l\u00e9ments)\">Entorno<\/a>\n<a href=\"https:\/\/www.patrim.net\/pyrenoteca\/fr\/filtre\/ermita\/\" class=\"tag-cloud-link tag-link-418 tag-link-position-18\" style=\"font-size: 10.441860465116pt;\" aria-label=\"Ermita (6 \u00e9l\u00e9ments)\">Ermita<\/a>\n<a href=\"https:\/\/www.patrim.net\/pyrenoteca\/fr\/filtre\/etnologia\/\" class=\"tag-cloud-link tag-link-375 tag-link-position-19\" style=\"font-size: 15.325581395349pt;\" aria-label=\"Etnolog\u00eda (13 \u00e9l\u00e9ments)\">Etnolog\u00eda<\/a>\n<a href=\"https:\/\/www.patrim.net\/pyrenoteca\/fr\/filtre\/fe\/\" class=\"tag-cloud-link tag-link-433 tag-link-position-20\" style=\"font-size: 12.06976744186pt;\" aria-label=\"Fe (8 \u00e9l\u00e9ments)\">Fe<\/a>\n<a href=\"https:\/\/www.patrim.net\/pyrenoteca\/fr\/filtre\/fiesta\/\" class=\"tag-cloud-link tag-link-307 tag-link-position-21\" style=\"font-size: 10.441860465116pt;\" aria-label=\"Fiesta (6 \u00e9l\u00e9ments)\">Fiesta<\/a>\n<a href=\"https:\/\/www.patrim.net\/pyrenoteca\/fr\/filtre\/figuras\/\" class=\"tag-cloud-link tag-link-309 tag-link-position-22\" style=\"font-size: 10.441860465116pt;\" aria-label=\"Figuras (6 \u00e9l\u00e9ments)\">Figuras<\/a>\n<a href=\"https:\/\/www.patrim.net\/pyrenoteca\/fr\/filtre\/flora-y-fauna\/\" class=\"tag-cloud-link tag-link-248 tag-link-position-23\" style=\"font-size: 15.813953488372pt;\" aria-label=\"Flora y fauna (14 \u00e9l\u00e9ments)\">Flora y fauna<\/a>\n<a href=\"https:\/\/www.patrim.net\/pyrenoteca\/fr\/filtre\/geologia-y-orografia\/\" class=\"tag-cloud-link tag-link-249 tag-link-position-24\" style=\"font-size: 14.674418604651pt;\" aria-label=\"Geolog\u00eda y orograf\u00eda (12 \u00e9l\u00e9ments)\">Geolog\u00eda y orograf\u00eda<\/a>\n<a href=\"https:\/\/www.patrim.net\/pyrenoteca\/fr\/filtre\/gotico\/\" class=\"tag-cloud-link tag-link-297 tag-link-position-25\" style=\"font-size: 13.53488372093pt;\" aria-label=\"G\u00f3tico (10 \u00e9l\u00e9ments)\">G\u00f3tico<\/a>\n<a href=\"https:\/\/www.patrim.net\/pyrenoteca\/fr\/filtre\/historia\/\" class=\"tag-cloud-link tag-link-251 tag-link-position-26\" style=\"font-size: 22pt;\" aria-label=\"Historia (35 \u00e9l\u00e9ments)\">Historia<\/a>\n<a href=\"https:\/\/www.patrim.net\/pyrenoteca\/fr\/filtre\/iglesia\/\" class=\"tag-cloud-link tag-link-252 tag-link-position-27\" style=\"font-size: 12.883720930233pt;\" aria-label=\"Iglesia (9 \u00e9l\u00e9ments)\">Iglesia<\/a>\n<a href=\"https:\/\/www.patrim.net\/pyrenoteca\/fr\/filtre\/leyenda\/\" class=\"tag-cloud-link tag-link-304 tag-link-position-28\" style=\"font-size: 10.441860465116pt;\" aria-label=\"Leyenda (6 \u00e9l\u00e9ments)\">Leyenda<\/a>\n<a href=\"https:\/\/www.patrim.net\/pyrenoteca\/fr\/filtre\/medicina\/\" class=\"tag-cloud-link tag-link-253 tag-link-position-29\" style=\"font-size: 8pt;\" aria-label=\"Medicina (4 \u00e9l\u00e9ments)\">Medicina<\/a>\n<a href=\"https:\/\/www.patrim.net\/pyrenoteca\/fr\/filtre\/medio-rural\/\" class=\"tag-cloud-link tag-link-389 tag-link-position-30\" style=\"font-size: 9.3023255813953pt;\" aria-label=\"Medio rural (5 \u00e9l\u00e9ments)\">Medio rural<\/a>\n<a href=\"https:\/\/www.patrim.net\/pyrenoteca\/fr\/filtre\/milagro\/\" class=\"tag-cloud-link tag-link-434 tag-link-position-31\" style=\"font-size: 12.06976744186pt;\" aria-label=\"Milagro (8 \u00e9l\u00e9ments)\">Milagro<\/a>\n<a href=\"https:\/\/www.patrim.net\/pyrenoteca\/fr\/filtre\/museo\/\" class=\"tag-cloud-link tag-link-255 tag-link-position-32\" style=\"font-size: 15.813953488372pt;\" aria-label=\"Museo (14 \u00e9l\u00e9ments)\">Museo<\/a>\n<a href=\"https:\/\/www.patrim.net\/pyrenoteca\/fr\/filtre\/naturaleza\/\" class=\"tag-cloud-link tag-link-420 tag-link-position-33\" style=\"font-size: 12.06976744186pt;\" aria-label=\"Naturaleza (8 \u00e9l\u00e9ments)\">Naturaleza<\/a>\n<a href=\"https:\/\/www.patrim.net\/pyrenoteca\/fr\/filtre\/paisaje\/\" class=\"tag-cloud-link tag-link-260 tag-link-position-34\" style=\"font-size: 19.395348837209pt;\" aria-label=\"Paisaje (24 \u00e9l\u00e9ments)\">Paisaje<\/a>\n<a href=\"https:\/\/www.patrim.net\/pyrenoteca\/fr\/filtre\/parque-cultural\/\" class=\"tag-cloud-link tag-link-362 tag-link-position-35\" style=\"font-size: 10.441860465116pt;\" aria-label=\"Parque Cultural (6 \u00e9l\u00e9ments)\">Parque Cultural<\/a>\n<a href=\"https:\/\/www.patrim.net\/pyrenoteca\/fr\/filtre\/patrimonio\/\" class=\"tag-cloud-link tag-link-371 tag-link-position-36\" style=\"font-size: 19.558139534884pt;\" aria-label=\"Patrimonio (25 \u00e9l\u00e9ments)\">Patrimonio<\/a>\n<a href=\"https:\/\/www.patrim.net\/pyrenoteca\/fr\/filtre\/patrimonio-industrial\/\" class=\"tag-cloud-link tag-link-263 tag-link-position-37\" style=\"font-size: 8pt;\" aria-label=\"Patrimonio industrial (4 \u00e9l\u00e9ments)\">Patrimonio industrial<\/a>\n<a href=\"https:\/\/www.patrim.net\/pyrenoteca\/fr\/filtre\/patrimonio-religioso\/\" class=\"tag-cloud-link tag-link-432 tag-link-position-38\" style=\"font-size: 10.441860465116pt;\" aria-label=\"Patrimonio religioso (6 \u00e9l\u00e9ments)\">Patrimonio religioso<\/a>\n<a href=\"https:\/\/www.patrim.net\/pyrenoteca\/fr\/filtre\/romeria\/\" class=\"tag-cloud-link tag-link-266 tag-link-position-39\" style=\"font-size: 9.3023255813953pt;\" aria-label=\"Romer\u00eda (5 \u00e9l\u00e9ments)\">Romer\u00eda<\/a>\n<a href=\"https:\/\/www.patrim.net\/pyrenoteca\/fr\/filtre\/romanico\/\" class=\"tag-cloud-link tag-link-265 tag-link-position-40\" style=\"font-size: 17.767441860465pt;\" aria-label=\"Rom\u00e1nico (19 \u00e9l\u00e9ments)\">Rom\u00e1nico<\/a>\n<a href=\"https:\/\/www.patrim.net\/pyrenoteca\/fr\/filtre\/senderismo\/\" class=\"tag-cloud-link tag-link-400 tag-link-position-41\" style=\"font-size: 16.627906976744pt;\" aria-label=\"Senderismo (16 \u00e9l\u00e9ments)\">Senderismo<\/a>\n<a href=\"https:\/\/www.patrim.net\/pyrenoteca\/fr\/filtre\/sociedad\/\" class=\"tag-cloud-link tag-link-457 tag-link-position-42\" style=\"font-size: 11.255813953488pt;\" aria-label=\"Sociedad (7 \u00e9l\u00e9ments)\">Sociedad<\/a>\n<a href=\"https:\/\/www.patrim.net\/pyrenoteca\/fr\/filtre\/somontano\/\" class=\"tag-cloud-link tag-link-431 tag-link-position-43\" style=\"font-size: 11.255813953488pt;\" aria-label=\"Somontano (7 \u00e9l\u00e9ments)\">Somontano<\/a>\n<a href=\"https:\/\/www.patrim.net\/pyrenoteca\/fr\/filtre\/tradiciones\/\" class=\"tag-cloud-link tag-link-412 tag-link-position-44\" style=\"font-size: 12.06976744186pt;\" aria-label=\"Tradiciones (8 \u00e9l\u00e9ments)\">Tradiciones<\/a>\n<a href=\"https:\/\/www.patrim.net\/pyrenoteca\/fr\/filtre\/vallee-daure-2\/\" class=\"tag-cloud-link tag-link-462 tag-link-position-45\" style=\"font-size: 11.255813953488pt;\" aria-label=\"Vall\u00e9e d\u2019Aure (7 \u00e9l\u00e9ments)\">Vall\u00e9e d\u2019Aure<\/a><\/p>","protected":false},"excerpt":{"rendered":"<p>\u00c9lisabeth Charlotte Leroux Delaville est l\u2019\u00e9pouse de Dominique Larrey. El\u00e8ve de David, amie&hellip;<\/p>\n","protected":false},"author":1,"featured_media":6395,"comment_status":"closed","ping_status":"closed","template":"","filtre":[],"cpt_portfolio_group":[62],"class_list":["post-6394","cpt_portfolio","type-cpt_portfolio","status-publish","has-post-thumbnail","hentry","cpt_portfolio_group-figuras"],"_links":{"self":[{"href":"https:\/\/www.patrim.net\/pyrenoteca\/fr\/wp-json\/wp\/v2\/cpt_portfolio\/6394","targetHints":{"allow":["GET"]}}],"collection":[{"href":"https:\/\/www.patrim.net\/pyrenoteca\/fr\/wp-json\/wp\/v2\/cpt_portfolio"}],"about":[{"href":"https:\/\/www.patrim.net\/pyrenoteca\/fr\/wp-json\/wp\/v2\/types\/cpt_portfolio"}],"author":[{"embeddable":true,"href":"https:\/\/www.patrim.net\/pyrenoteca\/fr\/wp-json\/wp\/v2\/users\/1"}],"replies":[{"embeddable":true,"href":"https:\/\/www.patrim.net\/pyrenoteca\/fr\/wp-json\/wp\/v2\/comments?post=6394"}],"version-history":[{"count":3,"href":"https:\/\/www.patrim.net\/pyrenoteca\/fr\/wp-json\/wp\/v2\/cpt_portfolio\/6394\/revisions"}],"predecessor-version":[{"id":8151,"href":"https:\/\/www.patrim.net\/pyrenoteca\/fr\/wp-json\/wp\/v2\/cpt_portfolio\/6394\/revisions\/8151"}],"wp:featuredmedia":[{"embeddable":true,"href":"https:\/\/www.patrim.net\/pyrenoteca\/fr\/wp-json\/wp\/v2\/media\/6395"}],"wp:attachment":[{"href":"https:\/\/www.patrim.net\/pyrenoteca\/fr\/wp-json\/wp\/v2\/media?parent=6394"}],"wp:term":[{"taxonomy":"filtre","embeddable":true,"href":"https:\/\/www.patrim.net\/pyrenoteca\/fr\/wp-json\/wp\/v2\/filtre?post=6394"},{"taxonomy":"cpt_portfolio_group","embeddable":true,"href":"https:\/\/www.patrim.net\/pyrenoteca\/fr\/wp-json\/wp\/v2\/cpt_portfolio_group?post=6394"}],"curies":[{"name":"wp","href":"https:\/\/api.w.org\/{rel}","templated":true}]}}