{"id":5646,"date":"2021-12-30T10:52:33","date_gmt":"2021-12-30T08:52:33","guid":{"rendered":"https:\/\/www.patrim.net\/pyrenoteca\/?post_type=cpt_portfolio&#038;p=5646"},"modified":"2022-02-25T15:21:43","modified_gmt":"2022-02-25T13:21:43","slug":"santiago-ramon-y-cajal","status":"publish","type":"cpt_portfolio","link":"https:\/\/www.patrim.net\/pyrenoteca\/fr\/portfolio\/santiago-ramon-y-cajal\/","title":{"rendered":"Santiago Ram\u00f3n y Cajal"},"content":{"rendered":"\n<p>Santiago Ram\u00f3n y Cajal, Premio Nobel de Medicina y Fisiolog\u00eda en 1906, es el cient\u00edfico espa\u00f1ol m\u00e1s sobresaliente. Se le considera padre de la neurociencia moderna y a nivel internacional es una de las principales figuras de referencia por sus estudios sobre la anatom\u00eda microsc\u00f3pica del sistema nervioso.<\/p>\n\n\n\n<p>Aunque naci\u00f3 en Petilla de Arag\u00f3n (Navarra) en 1852, pas\u00f3 parte de su infancia y juventud en Ayerbe (Huesca), en el Prepirineo aragon\u00e9s. En la casa donde vivi\u00f3 esa etapa de su vida se encuentra actualmente el Centro de Interpretaci\u00f3n Ram\u00f3n y Cajal dedicado a su vida y obra. Es en esta localidad de Ayerbe donde Santiago, un ni\u00f1o inquieto y travieso, descubre su pasi\u00f3n por el dibujo, afici\u00f3n que disgustaba a su padre, m\u00e9dico rural estricto que intentaba inculcar a sus hijos el valor del estudio y el trabajo.<\/p>\n\n\n\n<p>Estudia en el colegio de los Escolapios de Jaca y en el Instituto de Huesca, descubriendo en esta ciudad, por primera vez, la fotograf\u00eda, una de sus m\u00faltiples aficiones. Tras conseguir el t\u00edtulo de Bachiller en Artes y trasladarse toda la familia a Zaragoza, estudia medicina y logra su t\u00edtulo en 1873. En 1879 obtiene la plaza de director de los Museos anat\u00f3micos de la Facultad de Medicina de Zaragoza y ese mismo a\u00f1o se casa con Silveria Fa\u00f1an\u00e1s, madre de sus siete hijos y un pilar fundamental durante toda su vida. Durante su doctorado comienzan sus primeros contactos con la Histolog\u00eda y sus primeras investigaciones.<\/p>\n\n\n\n<p>En 1883 consigue la C\u00e1tedra de Anatom\u00eda General y Descriptiva, en la Facultad de Medicina de la Universidad de Valencia y en 1888 la C\u00e1tedra de Histolog\u00eda y Anatom\u00eda Patol\u00f3gica en la Facultad de Medicina de la Universidad de Barcelona.<\/p>\n\n\n\n<p>Es en este periodo cuando descubre el tema que le valdr\u00eda el premio Nobel: \u201cEstructura y conexi\u00f3n de las neuronas\u201d. Conoce el m\u00e9todo de tinci\u00f3n de Golgi para impregnar el sistema nervioso y empieza a utilizarlo en sus investigaciones, lo ensaya y modifica mejor\u00e1ndolo. De esta forma descubre el modo real de terminaci\u00f3n de las fibras nerviosas, que cada c\u00e9lula nerviosa es una entidad aislada y que los impulsos nerviosos se hacen por contacto, una teor\u00eda contraria a la predominante en la \u00e9poca ya que se impon\u00eda la Teor\u00eda Reticular. Aporta numerosos datos anat\u00f3micos que rebaten a esta \u00faltima.<br>Se har\u00e1 internacionalmente conocido en el Congreso de la Sociedad Anat\u00f3mica Alemana, celebrado en Berl\u00edn en 1889, donde conoce al profesor K\u00f6lliker quien le apdrina cient\u00edficamente y le introduce en el mundo de la ciencia europea<\/p>\n\n\n\n<p>En 1892 obtiene la C\u00e1tedra de Histolog\u00eda y Anatom\u00eda Patol\u00f3gica de Madrid. Contin\u00faa con sus investigaciones sobre el sistema nervioso, teoriza sobre la direcci\u00f3n y curso del impulso nervioso y aborda el problema de la neurog\u00e9nesis. Esta fren\u00e9tica actividad investigadora, que compagina con la docencia y sus m\u00faltiples aficiones, le lleva a ser condecorado con numerosos premios, siendo uno de los m\u00e1s destacados el Premio Nobel, compartido con Camillo Golgi, en reconocimiento por su trabajo sobre la estructura del sistema nervioso. La creaci\u00f3n del Laboratorio de Investigaciones Biol\u00f3gicas en Madrid ayuda a que surja la Escuela Neurohistol\u00f3gica Espa\u00f1ola, que alcanz\u00f3 el reconocimiento internacional.<\/p>\n\n\n\n<p>Santiago Ram\u00f3n y Cajal fallece en su domicilio de Madrid el 17 de octubre de 1934 y tras una vida dedicada a la investigaci\u00f3n su obra sigue vigente.<\/p>\n","protected":false},"excerpt":{"rendered":"<p>Santiago Ram\u00f3n y Cajal, Premio Nobel de Medicina y Fisiolog\u00eda en 1906, es el cient\u00edfico espa\u00f1ol m\u00e1s sobresaliente. Se le considera padre de la neurociencia moderna y a nivel internacional es una de las principales figuras de referencia por sus estudios sobre la anatom\u00eda microsc\u00f3pica del sistema nervioso.<\/p>\n","protected":false},"author":1,"featured_media":5647,"comment_status":"closed","ping_status":"closed","template":"","filtre":[243,251,253,257,258],"cpt_portfolio_group":[105,62,107],"class_list":["post-5646","cpt_portfolio","type-cpt_portfolio","status-publish","has-post-thumbnail","hentry","filtre-ciencia","filtre-historia","filtre-medicina","filtre-neurociencia","filtre-nobel","cpt_portfolio_group-artes-y-ciencias","cpt_portfolio_group-figuras","cpt_portfolio_group-historia"],"_links":{"self":[{"href":"https:\/\/www.patrim.net\/pyrenoteca\/fr\/wp-json\/wp\/v2\/cpt_portfolio\/5646","targetHints":{"allow":["GET"]}}],"collection":[{"href":"https:\/\/www.patrim.net\/pyrenoteca\/fr\/wp-json\/wp\/v2\/cpt_portfolio"}],"about":[{"href":"https:\/\/www.patrim.net\/pyrenoteca\/fr\/wp-json\/wp\/v2\/types\/cpt_portfolio"}],"author":[{"embeddable":true,"href":"https:\/\/www.patrim.net\/pyrenoteca\/fr\/wp-json\/wp\/v2\/users\/1"}],"replies":[{"embeddable":true,"href":"https:\/\/www.patrim.net\/pyrenoteca\/fr\/wp-json\/wp\/v2\/comments?post=5646"}],"version-history":[{"count":4,"href":"https:\/\/www.patrim.net\/pyrenoteca\/fr\/wp-json\/wp\/v2\/cpt_portfolio\/5646\/revisions"}],"predecessor-version":[{"id":8153,"href":"https:\/\/www.patrim.net\/pyrenoteca\/fr\/wp-json\/wp\/v2\/cpt_portfolio\/5646\/revisions\/8153"}],"wp:featuredmedia":[{"embeddable":true,"href":"https:\/\/www.patrim.net\/pyrenoteca\/fr\/wp-json\/wp\/v2\/media\/5647"}],"wp:attachment":[{"href":"https:\/\/www.patrim.net\/pyrenoteca\/fr\/wp-json\/wp\/v2\/media?parent=5646"}],"wp:term":[{"taxonomy":"filtre","embeddable":true,"href":"https:\/\/www.patrim.net\/pyrenoteca\/fr\/wp-json\/wp\/v2\/filtre?post=5646"},{"taxonomy":"cpt_portfolio_group","embeddable":true,"href":"https:\/\/www.patrim.net\/pyrenoteca\/fr\/wp-json\/wp\/v2\/cpt_portfolio_group?post=5646"}],"curies":[{"name":"wp","href":"https:\/\/api.w.org\/{rel}","templated":true}]}}