{"id":12674,"date":"2025-12-03T14:25:21","date_gmt":"2025-12-03T12:25:21","guid":{"rendered":"https:\/\/www.patrim.net\/pyrenoteca\/?post_type=cpt_portfolio&#038;p=12674"},"modified":"2025-12-03T15:53:54","modified_gmt":"2025-12-03T13:53:54","slug":"les-peintures-animaleres","status":"publish","type":"cpt_portfolio","link":"https:\/\/www.patrim.net\/pyrenoteca\/fr\/portfolio\/les-peintures-animaleres\/","title":{"rendered":"Les peintures animali\u00e8res"},"content":{"rendered":"\n<p>Les peintures animali\u00e8res ne sont pas tr\u00e8s nombreuses \u00e0 Gargas et sont concentr\u00e9es, \u00e0 une exception pr\u00e8s dans la partie terminale de la grotte sup\u00e9rieure.<\/p>\n\n\n\n<p>Les parois de cette galerie \u00e9tant recouvertes d\u2019une \u00e9paisse pellicule de calcite et souvent alt\u00e9r\u00e9es par la biocorrosion caus\u00e9e par les colonies de chauves-souris, il est possible d\u2019imaginer que des peintures aient disparu depuis leur r\u00e9alisation.<\/p>\n\n\n\n<p>La galerie sup\u00e9rieure se termine par une salle en forme de rotonde au plafond haut d\u2019une douzaine de m\u00e8tres. Une belle stalagmite marque le centre de cet espace et on peut d\u2019ici contempler la quasi totalit\u00e9 des peintures pari\u00e9tales.<\/p>\n\n\n\n<ul class=\"wp-block-list\">\n<li>Paroi sud\u00a0: Un bison isol\u00e9 tourn\u00e9 \u00e0 gauche \u00e9pouse le relief d\u2019une d\u00e9pression naturelle de la paroi. La lecture de cette figure d\u00e9couverte en 1990 est tr\u00e8s difficile, mais sa localisation est importante dans le dispositif car elle est \u00e0 ce jour la seule r\u00e9pertori\u00e9e de ce c\u00f4t\u00e9-ci de la salle.<\/li>\n\n\n\n<li>Paroi nord, c\u00f4t\u00e9 gauche, \u00e0 3,50 m\u00e8tres de hauteur ont \u00e9t\u00e9 peints deux bouquetins se suivants. Les peintres ont \u00e9t\u00e9 oblig\u00e9s d\u2019escalader la paroi pour les r\u00e9aliser. Le bouquetin de gauche est bicolore, le trait rouge initial a \u00e9t\u00e9 recouvert de noir, ses cornes sont vues de face et on peut voir un semblant de pelage sur l\u2019arri\u00e8re train. Le bouquetin de droite est uniquement peint en noir, son corps g\u00e9om\u00e9trique est rectangulaire et la t\u00eate \u00e0 peine \u00e9bauch\u00e9e, \u00e0 l\u2019inverse du premier, ses petites cornes \u00e9voquent une femelles.<\/li>\n\n\n\n<li>Paroi nord, au-dessus du passage menant \u00e0 la grotte inf\u00e9rieure, une figure ind\u00e9termin\u00e9e (bovid\u00e9, cervid\u00e9 ?) est partiellement recouverte de calcite.<\/li>\n\n\n\n<li>Paroi droite de l\u2019entr\u00e9e du conduit de communication entre les deux grottes, un bison ac\u00e9phale est orient\u00e9 vers le fond de la galerie. La paroi a \u00e9t\u00e9 clairement pr\u00e9par\u00e9 avec un raclage pr\u00e9cis des contours du dessin et de fines gravures au-dessus de la bosse du dos repr\u00e9sentent le pelage de l\u2019animal.<\/li>\n<\/ul>\n\n\n\n<p>L\u2019ensemble de ces figures n\u2019\u00e9tant pas homog\u00e8ne quant au style et aux repr\u00e9sentations, il est difficile de le dater. Certaines figures au style \u00ab&nbsp;archa\u00efque&nbsp;\u00bb pourraient appartenir \u00e0 la culture Gravettienne, d\u2019autres \u00e0 la culture magdal\u00e9nienne.<\/p>\n\n\n\n<p>Un consensus incite toutefois \u00e0 dissocier ces figures de celles repr\u00e9sent\u00e9es dans la grotte inf\u00e9rieure.<\/p>\n\n\n\n<p><\/p>\n\n\n\n<p><\/p>\n\n\n\n<p><\/p>\n","protected":false},"excerpt":{"rendered":"<p>Peu nombreuses et concentr\u00e9es dans la partie terminale de la grotte sup\u00e9rieure, les peintures animali\u00e8res de Gargas r\u00e9v\u00e8lent bisons et bouquetins peints sur des parois alt\u00e9r\u00e9es par la calcite et le temps.<\/p>\n","protected":false},"author":1,"featured_media":12675,"comment_status":"closed","ping_status":"closed","template":"","filtre":[],"cpt_portfolio_group":[406,313,332,323,327,336],"class_list":["post-12674","cpt_portfolio","type-cpt_portfolio","status-publish","has-post-thumbnail","hentry","cpt_portfolio_group-pyrenoteca-4-0","cpt_portfolio_group-arts-sciences","cpt_portfolio_group-environnement-paysage","cpt_portfolio_group-geologie-orographie","cpt_portfolio_group-histoire-culture","cpt_portfolio_group-prehistoire"],"_links":{"self":[{"href":"https:\/\/www.patrim.net\/pyrenoteca\/fr\/wp-json\/wp\/v2\/cpt_portfolio\/12674","targetHints":{"allow":["GET"]}}],"collection":[{"href":"https:\/\/www.patrim.net\/pyrenoteca\/fr\/wp-json\/wp\/v2\/cpt_portfolio"}],"about":[{"href":"https:\/\/www.patrim.net\/pyrenoteca\/fr\/wp-json\/wp\/v2\/types\/cpt_portfolio"}],"author":[{"embeddable":true,"href":"https:\/\/www.patrim.net\/pyrenoteca\/fr\/wp-json\/wp\/v2\/users\/1"}],"replies":[{"embeddable":true,"href":"https:\/\/www.patrim.net\/pyrenoteca\/fr\/wp-json\/wp\/v2\/comments?post=12674"}],"version-history":[{"count":4,"href":"https:\/\/www.patrim.net\/pyrenoteca\/fr\/wp-json\/wp\/v2\/cpt_portfolio\/12674\/revisions"}],"predecessor-version":[{"id":12694,"href":"https:\/\/www.patrim.net\/pyrenoteca\/fr\/wp-json\/wp\/v2\/cpt_portfolio\/12674\/revisions\/12694"}],"wp:featuredmedia":[{"embeddable":true,"href":"https:\/\/www.patrim.net\/pyrenoteca\/fr\/wp-json\/wp\/v2\/media\/12675"}],"wp:attachment":[{"href":"https:\/\/www.patrim.net\/pyrenoteca\/fr\/wp-json\/wp\/v2\/media?parent=12674"}],"wp:term":[{"taxonomy":"filtre","embeddable":true,"href":"https:\/\/www.patrim.net\/pyrenoteca\/fr\/wp-json\/wp\/v2\/filtre?post=12674"},{"taxonomy":"cpt_portfolio_group","embeddable":true,"href":"https:\/\/www.patrim.net\/pyrenoteca\/fr\/wp-json\/wp\/v2\/cpt_portfolio_group?post=12674"}],"curies":[{"name":"wp","href":"https:\/\/api.w.org\/{rel}","templated":true}]}}