{"id":12626,"date":"2025-12-03T13:57:16","date_gmt":"2025-12-03T11:57:16","guid":{"rendered":"https:\/\/www.patrim.net\/pyrenoteca\/?post_type=cpt_portfolio&#038;p=12626"},"modified":"2025-12-11T11:26:25","modified_gmt":"2025-12-11T09:26:25","slug":"conserver-un-patrimoine-exceptionnel","status":"publish","type":"cpt_portfolio","link":"https:\/\/www.patrim.net\/pyrenoteca\/fr\/portfolio\/conserver-un-patrimoine-exceptionnel\/","title":{"rendered":"Conserver un patrimoine exceptionnel"},"content":{"rendered":"\n<p>\u00c0 une \u00e9poque o\u00f9 le tic tac de nos montres impose le temps court, il est surprenant qu\u2019une peinture faite il y a 30000 ans soit toujours visible.<\/p>\n\n\n\n<p>Pour comprendre les \u00e9quilibres n\u00e9cessaires \u00e0 la conservation, il faut sortir de la grotte et prendre du recul. C\u2019est \u00e0 l\u2019\u00e9chelle du \u00ab&nbsp;r\u00e9seau karstique&nbsp;\u00bb qu\u2019il faut r\u00e9fl\u00e9chir. Le karst \u00e9tant un milieu constitu\u00e9 de formes de surface (doline, lapiaz, perte\u2026) et souterraines (grottes, gouffres\u2026.) qui r\u00e9sulte de la dissolution des roches par l\u2019action de l\u2019eau.<br>Ces interactions se d\u00e9roulent sur des temps tr\u00e8s longs. C\u2019est pourquoi des variations climatiques se produisant sur de grandes \u00e9chelles de temps ne posent pas de probl\u00e8mes, alors que des \u00e9volutions rapides comme les changements de temp\u00e9ratures li\u00e9s aux visites ou \u00e0 l\u2019\u00e9clairage des parois peuvent causer des dommages irr\u00e9parables.<\/p>\n\n\n\n<p>L\u2019exploitation touristique des grottes de Gargas a n\u00e9cessit\u00e9 des am\u00e9nagements qui ont renforc\u00e9 la vuln\u00e9rabilit\u00e9 du milieu. L\u2019\u00e9lectrification du parcours de visite, la cr\u00e9ation d\u2019un tunnel de communication entre les deux galeries, l\u2019am\u00e9nagement du sol naturel sont autant d\u2019\u00e9l\u00e9ments qui ont augment\u00e9 la vuln\u00e9rabilit\u00e9 du site. Enfin l\u2019augmentation significative du nombre de visiteurs dans les ann\u00e9es 1990 a fini par d\u00e9stabiliser compl\u00e8tement la r\u00e9gulation naturelle de la cavit\u00e9.<\/p>\n\n\n\n<p>Suite \u00e0 ce constat, une \u00e9tude fut men\u00e9e par le Service R\u00e9gional de l\u2019Arch\u00e9ologie de Midi-Pyr\u00e9n\u00e9es, en \u00e9troite relation avec le Laboratoire souterrain de Moulis, qui d\u00e9cida les pouvoirs publics \u00e0 r\u00e9aliser un\u00a0r\u00e9am\u00e9nagement complet de la grotte, achev\u00e9 en 2004.<\/p>\n\n\n\n<p>Il repose sur\u00a0:<\/p>\n\n\n\n<ul class=\"wp-block-list\">\n<li>l\u2019inversion du sens de la visite, permettant de limiter les efforts physiques et donc limiter la quantit\u00e9 d\u2019\u00e9nergie dissip\u00e9e dans le milieu ambiant,<\/li>\n\n\n\n<li>L\u2019utilisation de la technologie de la fibre optique et le zonage de l\u2019\u00e9clairage,<\/li>\n\n\n\n<li>La protection des sols permettant une remise en eau naturelle de la grotte.<\/li>\n\n\n\n<li>La mise en place d\u2019un protocole de visite avec une limitation du nombre de visiteurs par jour, par groupe ainsi qu\u2019une limitation du temps de visite.<\/li>\n<\/ul>\n\n\n\n<p>Cet am\u00e9nagement, int\u00e8gre les divers capteurs et instruments n\u00e9cessaires au suivi environnemental, permettant aujourd\u2019hui un\u00a0contr\u00f4le complet et continu des param\u00e8tres essentiels de l\u2019\u00e9quilibre de la grotte\u00a0et pr\u00e9vient toute d\u00e9stabilisation.<\/p>\n\n\n\n<p><a href=\"http:\/\/www.grottesdegargas.fr\" data-type=\"link\" data-id=\"www.grottesdegargas.fr\">www.grottesdegargas.fr <\/a><\/p>\n\n\n\n<p><a href=\"tel:0562988150\">0562988150<\/a>.<\/p>\n\n\n\n<p><\/p>\n","protected":false},"excerpt":{"rendered":"<p>Un \u00e9quilibre d\u00e9licat entre milieu naturel, visites et technologie pour prot\u00e9ger un site pr\u00e9historique unique.<\/p>\n","protected":false},"author":1,"featured_media":12627,"comment_status":"closed","ping_status":"closed","template":"","filtre":[],"cpt_portfolio_group":[406,313,323,327,330,336,339],"class_list":["post-12626","cpt_portfolio","type-cpt_portfolio","status-publish","has-post-thumbnail","hentry","cpt_portfolio_group-pyrenoteca-4-0","cpt_portfolio_group-arts-sciences","cpt_portfolio_group-geologie-orographie","cpt_portfolio_group-histoire-culture","cpt_portfolio_group-mythes-legendes-croyances","cpt_portfolio_group-prehistoire","cpt_portfolio_group-societe-vie-quotidienne"],"_links":{"self":[{"href":"https:\/\/www.patrim.net\/pyrenoteca\/fr\/wp-json\/wp\/v2\/cpt_portfolio\/12626","targetHints":{"allow":["GET"]}}],"collection":[{"href":"https:\/\/www.patrim.net\/pyrenoteca\/fr\/wp-json\/wp\/v2\/cpt_portfolio"}],"about":[{"href":"https:\/\/www.patrim.net\/pyrenoteca\/fr\/wp-json\/wp\/v2\/types\/cpt_portfolio"}],"author":[{"embeddable":true,"href":"https:\/\/www.patrim.net\/pyrenoteca\/fr\/wp-json\/wp\/v2\/users\/1"}],"replies":[{"embeddable":true,"href":"https:\/\/www.patrim.net\/pyrenoteca\/fr\/wp-json\/wp\/v2\/comments?post=12626"}],"version-history":[{"count":1,"href":"https:\/\/www.patrim.net\/pyrenoteca\/fr\/wp-json\/wp\/v2\/cpt_portfolio\/12626\/revisions"}],"predecessor-version":[{"id":12631,"href":"https:\/\/www.patrim.net\/pyrenoteca\/fr\/wp-json\/wp\/v2\/cpt_portfolio\/12626\/revisions\/12631"}],"wp:featuredmedia":[{"embeddable":true,"href":"https:\/\/www.patrim.net\/pyrenoteca\/fr\/wp-json\/wp\/v2\/media\/12627"}],"wp:attachment":[{"href":"https:\/\/www.patrim.net\/pyrenoteca\/fr\/wp-json\/wp\/v2\/media?parent=12626"}],"wp:term":[{"taxonomy":"filtre","embeddable":true,"href":"https:\/\/www.patrim.net\/pyrenoteca\/fr\/wp-json\/wp\/v2\/filtre?post=12626"},{"taxonomy":"cpt_portfolio_group","embeddable":true,"href":"https:\/\/www.patrim.net\/pyrenoteca\/fr\/wp-json\/wp\/v2\/cpt_portfolio_group?post=12626"}],"curies":[{"name":"wp","href":"https:\/\/api.w.org\/{rel}","templated":true}]}}