{"id":12584,"date":"2025-12-03T13:22:26","date_gmt":"2025-12-03T11:22:26","guid":{"rendered":"https:\/\/www.patrim.net\/pyrenoteca\/?post_type=cpt_portfolio&#038;p=12584"},"modified":"2025-12-11T11:24:13","modified_gmt":"2025-12-11T09:24:13","slug":"le-col-du-portet-porte-dentree-de-la-reserve-du-neouvielle-et-etape-mythique-du-tour-de-france","status":"publish","type":"cpt_portfolio","link":"https:\/\/www.patrim.net\/pyrenoteca\/fr\/portfolio\/le-col-du-portet-porte-dentree-de-la-reserve-du-neouvielle-et-etape-mythique-du-tour-de-france\/","title":{"rendered":"Le Col du Portet : Porte d&#8217;entr\u00e9e de la R\u00e9serve du N\u00e9ouvielle et \u00e9tape mythique du Tour de France"},"content":{"rendered":"\n<p>Le Col du Portet, culminant \u00e0 2215 m\u00e8tres d&#8217;altitude, est l&#8217;un des cols les plus hauts des Pyr\u00e9n\u00e9es et une porte d&#8217;entr\u00e9e incontournable de la <strong>R\u00e9serve naturelle nationale du N\u00e9ouvielle<\/strong>. Ce col, c\u00e9l\u00e8bre pour avoir \u00e9t\u00e9 franchi lors de plusieurs \u00e9ditions du Tour de France, offre des panoramas \u00e0 couper le souffle sur les montagnes environnantes.<\/p>\n\n\n\n<p>Le Col du Portet est situ\u00e9 au c\u0153ur du massif du N\u00e9ouvielle, un \u00e9crin de nature pr\u00e9serv\u00e9e. La r\u00e9serve naturelle, qui s&#8217;\u00e9tend sur plus de 2300 hectares, abrite une faune et une flore exceptionnelles. On y trouve notamment des marmottes, des isards, des gypa\u00e8tes barbus et une grande vari\u00e9t\u00e9 de fleurs alpines.<\/p>\n\n\n\n<p><strong>Une \u00e9tape mythique du Tour de France<\/strong><\/p>\n\n\n\n<p>Le Col du Portet a fait son entr\u00e9e dans le mythe du Tour de France en 2018. Son profil exigeant, avec une pente moyenne de 8,7%, en a fait une \u00e9tape reine qui a mis \u00e0 l&#8217;\u00e9preuve les meilleurs cyclistes du monde. Depuis, le col est devenu un passage oblig\u00e9 de la Grande Boucle.<\/p>\n\n\n\n<p><strong>Une randonn\u00e9e incontournable<\/strong><\/p>\n\n\n\n<p>En dehors du cyclisme, le Col du Portet est \u00e9galement un lieu pris\u00e9 des randonneurs. De nombreux sentiers p\u00e9destres permettent de d\u00e9couvrir les paysages magnifiques du massif du N\u00e9ouvielle. Le refuge du Bastan, situ\u00e9 \u00e0 proximit\u00e9, est un point de d\u00e9part id\u00e9al pour de nombreuses randonn\u00e9es.<\/p>\n\n\n\n<p>Que vous soyez cycliste, randonneur ou simplement amoureux de la nature, le Col du Portet et la R\u00e9serve du N\u00e9ouvielle vous offriront des moments inoubliables. Les paysages grandioses, la faune et la flore riches et vari\u00e9es, ainsi que l&#8217;histoire li\u00e9e au Tour de France font de ce lieu un site incontournable des Pyr\u00e9n\u00e9es.<\/p>\n\n\n\n<p><strong>En r\u00e9sum\u00e9<\/strong>, le Col du Portet est un lieu unique o\u00f9 se m\u00ealent sport, nature et histoire. Que vous soyez \u00e0 la recherche de sensations fortes ou simplement d&#8217;un moment de d\u00e9tente, vous trouverez votre bonheur dans ce cadre exceptionnel.<\/p>\n","protected":false},"excerpt":{"rendered":"<p>Le Col du Portet, culminant \u00e0 2215 m\u00e8tres d&#8217;altitude, est l&#8217;un des cols&hellip;<\/p>\n","protected":false},"author":1,"featured_media":12585,"comment_status":"closed","ping_status":"closed","template":"","filtre":[251,260,462],"cpt_portfolio_group":[406,332],"class_list":["post-12584","cpt_portfolio","type-cpt_portfolio","status-publish","has-post-thumbnail","hentry","filtre-historia","filtre-paisaje","filtre-vallee-daure-2","cpt_portfolio_group-pyrenoteca-4-0","cpt_portfolio_group-environnement-paysage"],"_links":{"self":[{"href":"https:\/\/www.patrim.net\/pyrenoteca\/fr\/wp-json\/wp\/v2\/cpt_portfolio\/12584","targetHints":{"allow":["GET"]}}],"collection":[{"href":"https:\/\/www.patrim.net\/pyrenoteca\/fr\/wp-json\/wp\/v2\/cpt_portfolio"}],"about":[{"href":"https:\/\/www.patrim.net\/pyrenoteca\/fr\/wp-json\/wp\/v2\/types\/cpt_portfolio"}],"author":[{"embeddable":true,"href":"https:\/\/www.patrim.net\/pyrenoteca\/fr\/wp-json\/wp\/v2\/users\/1"}],"replies":[{"embeddable":true,"href":"https:\/\/www.patrim.net\/pyrenoteca\/fr\/wp-json\/wp\/v2\/comments?post=12584"}],"version-history":[{"count":1,"href":"https:\/\/www.patrim.net\/pyrenoteca\/fr\/wp-json\/wp\/v2\/cpt_portfolio\/12584\/revisions"}],"predecessor-version":[{"id":12589,"href":"https:\/\/www.patrim.net\/pyrenoteca\/fr\/wp-json\/wp\/v2\/cpt_portfolio\/12584\/revisions\/12589"}],"wp:featuredmedia":[{"embeddable":true,"href":"https:\/\/www.patrim.net\/pyrenoteca\/fr\/wp-json\/wp\/v2\/media\/12585"}],"wp:attachment":[{"href":"https:\/\/www.patrim.net\/pyrenoteca\/fr\/wp-json\/wp\/v2\/media?parent=12584"}],"wp:term":[{"taxonomy":"filtre","embeddable":true,"href":"https:\/\/www.patrim.net\/pyrenoteca\/fr\/wp-json\/wp\/v2\/filtre?post=12584"},{"taxonomy":"cpt_portfolio_group","embeddable":true,"href":"https:\/\/www.patrim.net\/pyrenoteca\/fr\/wp-json\/wp\/v2\/cpt_portfolio_group?post=12584"}],"curies":[{"name":"wp","href":"https:\/\/api.w.org\/{rel}","templated":true}]}}