{"id":12012,"date":"2025-12-02T20:11:41","date_gmt":"2025-12-02T18:11:41","guid":{"rendered":"https:\/\/www.patrim.net\/pyrenoteca\/?post_type=cpt_portfolio&#038;p=12012"},"modified":"2025-12-11T11:19:19","modified_gmt":"2025-12-11T09:19:19","slug":"le-vallon-du-sallut","status":"publish","type":"cpt_portfolio","link":"https:\/\/www.patrim.net\/pyrenoteca\/fr\/portfolio\/le-vallon-du-sallut\/","title":{"rendered":"Le vallon du salut"},"content":{"rendered":"\n<p>Le Vallon du Salut, situ\u00e9 \u00e0 l\u2019entr\u00e9e de Bagn\u00e8res-de-Bigorre et \u00e0 proximit\u00e9 de Beaud\u00e9an, est un site naturel embl\u00e9matique des Hautes-Pyr\u00e9n\u00e9es. Travers\u00e9 par l\u2019Aygo T\u00e9bio, un ruisseau aux eaux thermales ti\u00e8des, ce vallon verdoyant est appr\u00e9ci\u00e9 depuis le XVIe si\u00e8cle pour ses vertus bienfaisantes, notamment par les curistes de la r\u00e9gion .<\/p>\n\n\n\n<p>Am\u00e9nag\u00e9 en parc dans les ann\u00e9es 1920, le Vallon du Salut offre une promenade ombrag\u00e9e sous de majestueux h\u00eatres, tilleuls et \u00e9rables, o\u00f9 il n\u2019est pas rare d\u2019apercevoir des \u00e9cureuils, des renards ou des chevreuils . Class\u00e9 site naturel en 2007, il constitue un lieu de rencontre pour les habitants, les curistes et les touristes, qui viennent y marcher, discuter ou simplement se d\u00e9tendre .<\/p>\n\n\n\n<p>Le vallon abrite \u00e9galement des sites culturels tels que le Mus\u00e9e du Marbre et le Conservatoire botanique national des Pyr\u00e9n\u00e9es, qui renferme une collection de plus de 30 000 sp\u00e9cimens v\u00e9g\u00e9taux, dont ceux de Louis Ramond de Carbonni\u00e8res . Des \u00e9v\u00e9nements culturels, comme des spectacles de danse folklorique ou des concerts, y sont r\u00e9guli\u00e8rement organis\u00e9s, renfor\u00e7ant son r\u00f4le de c\u0153ur vivant de la ville .<\/p>\n\n\n\n<p>Accessible \u00e0 pied depuis le centre-ville de Bagn\u00e8res-de-Bigorre, le Vallon du Salut est un havre de paix o\u00f9 nature, histoire et culture se rencontrent, offrant aux visiteurs une exp\u00e9rience enrichissante et ressour\u00e7ante.<\/p>\n","protected":false},"excerpt":{"rendered":"<p>Ruisseau thermal, arbres majestueux et lieux culturels : le Vallon du Salut est un espace naturel embl\u00e9matique o\u00f9 se rencontrent d\u00e9tente, patrimoine et biodiversit\u00e9.<\/p>\n","protected":false},"author":1,"featured_media":12013,"comment_status":"closed","ping_status":"closed","template":"","filtre":[248,255,260],"cpt_portfolio_group":[406,332,322],"class_list":["post-12012","cpt_portfolio","type-cpt_portfolio","status-publish","has-post-thumbnail","hentry","filtre-flora-y-fauna","filtre-museo","filtre-paisaje","cpt_portfolio_group-pyrenoteca-4-0","cpt_portfolio_group-environnement-paysage","cpt_portfolio_group-flore-faune"],"_links":{"self":[{"href":"https:\/\/www.patrim.net\/pyrenoteca\/fr\/wp-json\/wp\/v2\/cpt_portfolio\/12012","targetHints":{"allow":["GET"]}}],"collection":[{"href":"https:\/\/www.patrim.net\/pyrenoteca\/fr\/wp-json\/wp\/v2\/cpt_portfolio"}],"about":[{"href":"https:\/\/www.patrim.net\/pyrenoteca\/fr\/wp-json\/wp\/v2\/types\/cpt_portfolio"}],"author":[{"embeddable":true,"href":"https:\/\/www.patrim.net\/pyrenoteca\/fr\/wp-json\/wp\/v2\/users\/1"}],"replies":[{"embeddable":true,"href":"https:\/\/www.patrim.net\/pyrenoteca\/fr\/wp-json\/wp\/v2\/comments?post=12012"}],"version-history":[{"count":3,"href":"https:\/\/www.patrim.net\/pyrenoteca\/fr\/wp-json\/wp\/v2\/cpt_portfolio\/12012\/revisions"}],"predecessor-version":[{"id":12348,"href":"https:\/\/www.patrim.net\/pyrenoteca\/fr\/wp-json\/wp\/v2\/cpt_portfolio\/12012\/revisions\/12348"}],"wp:featuredmedia":[{"embeddable":true,"href":"https:\/\/www.patrim.net\/pyrenoteca\/fr\/wp-json\/wp\/v2\/media\/12013"}],"wp:attachment":[{"href":"https:\/\/www.patrim.net\/pyrenoteca\/fr\/wp-json\/wp\/v2\/media?parent=12012"}],"wp:term":[{"taxonomy":"filtre","embeddable":true,"href":"https:\/\/www.patrim.net\/pyrenoteca\/fr\/wp-json\/wp\/v2\/filtre?post=12012"},{"taxonomy":"cpt_portfolio_group","embeddable":true,"href":"https:\/\/www.patrim.net\/pyrenoteca\/fr\/wp-json\/wp\/v2\/cpt_portfolio_group?post=12012"}],"curies":[{"name":"wp","href":"https:\/\/api.w.org\/{rel}","templated":true}]}}