{"id":11930,"date":"2025-12-02T19:24:53","date_gmt":"2025-12-02T17:24:53","guid":{"rendered":"https:\/\/www.patrim.net\/pyrenoteca\/?post_type=cpt_portfolio&#038;p=11930"},"modified":"2025-12-11T11:16:58","modified_gmt":"2025-12-11T09:16:58","slug":"le-chateau-de-beaudean-sa-prison-et-son-theatre","status":"publish","type":"cpt_portfolio","link":"https:\/\/www.patrim.net\/pyrenoteca\/fr\/portfolio\/le-chateau-de-beaudean-sa-prison-et-son-theatre\/","title":{"rendered":"Le cha\u0302teau de Beaude\u0301an, sa prison et son the\u0301a\u0302tre"},"content":{"rendered":"\n<p>Face \u00e0 l\u2019\u00e9glise, il surplombe le village et l&#8217;acc\u00e8s au vallon de Serris.<\/p>\n\n\n\n<p>Le ch\u00e2teau a vraisemblablement \u00e9t\u00e9 construit dans la deuxi\u00e8me moiti\u00e9 du XIII\u00e8me si\u00e8cle. Les sources \u00e9tant peu loquaces, on trouve un Arnaud de Beaud\u00e9an cit\u00e9 dans <em>le proc\u00e8s de Bigorre <\/em>en 1283. Le m\u00eame personnage est cr\u00e9dit\u00e9 d&#8217;un revenu (modeste) de 50 sous dans <em>l&#8217;enqu\u00eate de Bigorre <\/em>de 1300.<\/p>\n\n\n\n<p>La pr\u00e9sence d\u2019une seigneurie de Beaud\u00e9an est attest\u00e9e de fa\u00e7on certaine dans les relev\u00e9s des comtes de Bigorre r\u00e9alis\u00e9s en 1313. Elle appartient \u00e0 Yspan de Beaud\u00e9an, \u00e9cuyer qui tient son fief <em>du comte de Bigorre <\/em>\u00e0 qui il doit l&#8217;ost<em> (soutien militaire dans les guerres publiques) <\/em>et la chevauch\u00e9e<em> (soutien militaire de courte dur\u00e9e dans les guerres particuli\u00e8res au seigneur).<\/em><\/p>\n\n\n\n<p>La communaut\u00e9 du lieu repr\u00e9sent\u00e9e par trois jurats <em>(magistrats municipaux)<\/em> doit aussi l&#8217;ost et la chevauch\u00e9e, ainsi qu&#8217;un droit sur les troupeaux (une brebis ou une ch\u00e8vre par an). De plus trois propri\u00e9taires sont serfs du domaine comtal et doivent payer des droits suppl\u00e9mentaires.<\/p>\n\n\n\n<p>La juridiction haute rel\u00e8ve du comte moyennant 50 sous en 1429. Elle est exerc\u00e9e par le <em>bayle, repr\u00e9sentant du seigneur de Bagn\u00e8res.<\/em><\/p>\n\n\n\n<p>Les habitants de Beaud\u00e9an poss\u00e9daient un droit de pacage sur une montagne voisine et payaient diverses taxes au seigneur de Beaud\u00e9an (en argent, poule, avoine ou journ\u00e9e de travail). Chacun d\u2019eux lui devait aussi une journ\u00e9e de corv\u00e9e par an. Ce jour-l\u00e0, ils \u00e9taient nourris par le seigneur. Ils devaient utiliser le moulin banal.<\/p>\n\n\n\n<p>Dans le syst\u00e8me f\u00e9odal fran\u00e7ais, les banalit\u00e9s \u00e9taient les taxes vers\u00e9es par le vilain au seigneur pour l&#8217;utilisation obligatoire du moulin, du four et du pressoir appartenant au seigneur qui, en \u00e9change, devait sa protection aux habitants et garantissait leurs biens.<\/p>\n\n\n\n<p>Les relations \u00e9tant parfois difficiles entre les habitants et le Seigneur, la Cour de justice de Bagn\u00e8res \u00e9tait saisie en cas de litige.<\/p>\n\n\n\n<p>Au XVII\u00e8me puis au XVIII\u00e8me si\u00e8cle, c&#8217;est le Seigneur de Beaud\u00e9an qui rendait la haute justice et avait le droit de prison.<\/p>\n\n\n\n<p>M\u00e9di\u00e9val \u00e0 l&#8217;origine, ce ch\u00e2teau a \u00e9t\u00e9 modifi\u00e9 plusieurs fois. On trouve \u00e0 l\u2019int\u00e9rieur du ch\u00e2teau actuel des vestiges du donjon primitif autour duquel il a \u00e9t\u00e9 construit. Ce que nous voyons aujourd&#8217;hui a \u00e9t\u00e9 \u00e9difi\u00e9 vraisemblablement entre le XV\u00e8me et le XVI\u00e8mesi\u00e8cle.<\/p>\n","protected":false},"excerpt":{"rendered":"<p>Face \u00e0 l\u2019\u00e9glise, dominant l\u2019entr\u00e9e du vallon de Serris, le ch\u00e2teau de Beaud\u00e9an est mentionn\u00e9 d\u00e8s la fin du XIII\u1d49 si\u00e8cle. Il devient le centre d\u2019une seigneurie attest\u00e9e au d\u00e9but du XIV\u1d49 si\u00e8cle, relevant du comte de Bigorre. Haut lieu de juridiction et de pouvoir local, il conserve des vestiges du donjon m\u00e9di\u00e9val autour duquel s\u2019est construit l\u2019\u00e9difice actuel aux XVe\u2013XVIe si\u00e8cles.<\/p>\n","protected":false},"author":1,"featured_media":11931,"comment_status":"closed","ping_status":"closed","template":"","filtre":[379],"cpt_portfolio_group":[406],"class_list":["post-11930","cpt_portfolio","type-cpt_portfolio","status-publish","has-post-thumbnail","hentry","filtre-arquitectura-militar","cpt_portfolio_group-pyrenoteca-4-0"],"_links":{"self":[{"href":"https:\/\/www.patrim.net\/pyrenoteca\/fr\/wp-json\/wp\/v2\/cpt_portfolio\/11930","targetHints":{"allow":["GET"]}}],"collection":[{"href":"https:\/\/www.patrim.net\/pyrenoteca\/fr\/wp-json\/wp\/v2\/cpt_portfolio"}],"about":[{"href":"https:\/\/www.patrim.net\/pyrenoteca\/fr\/wp-json\/wp\/v2\/types\/cpt_portfolio"}],"author":[{"embeddable":true,"href":"https:\/\/www.patrim.net\/pyrenoteca\/fr\/wp-json\/wp\/v2\/users\/1"}],"replies":[{"embeddable":true,"href":"https:\/\/www.patrim.net\/pyrenoteca\/fr\/wp-json\/wp\/v2\/comments?post=11930"}],"version-history":[{"count":3,"href":"https:\/\/www.patrim.net\/pyrenoteca\/fr\/wp-json\/wp\/v2\/cpt_portfolio\/11930\/revisions"}],"predecessor-version":[{"id":12688,"href":"https:\/\/www.patrim.net\/pyrenoteca\/fr\/wp-json\/wp\/v2\/cpt_portfolio\/11930\/revisions\/12688"}],"wp:featuredmedia":[{"embeddable":true,"href":"https:\/\/www.patrim.net\/pyrenoteca\/fr\/wp-json\/wp\/v2\/media\/11931"}],"wp:attachment":[{"href":"https:\/\/www.patrim.net\/pyrenoteca\/fr\/wp-json\/wp\/v2\/media?parent=11930"}],"wp:term":[{"taxonomy":"filtre","embeddable":true,"href":"https:\/\/www.patrim.net\/pyrenoteca\/fr\/wp-json\/wp\/v2\/filtre?post=11930"},{"taxonomy":"cpt_portfolio_group","embeddable":true,"href":"https:\/\/www.patrim.net\/pyrenoteca\/fr\/wp-json\/wp\/v2\/cpt_portfolio_group?post=11930"}],"curies":[{"name":"wp","href":"https:\/\/api.w.org\/{rel}","templated":true}]}}