{"id":11901,"date":"2025-12-02T19:13:00","date_gmt":"2025-12-02T17:13:00","guid":{"rendered":"https:\/\/www.patrim.net\/pyrenoteca\/?post_type=cpt_portfolio&#038;p=11901"},"modified":"2025-12-11T11:16:12","modified_gmt":"2025-12-11T09:16:12","slug":"felix-hippolyte-larrey-1808-1895","status":"publish","type":"cpt_portfolio","link":"https:\/\/www.patrim.net\/pyrenoteca\/fr\/portfolio\/felix-hippolyte-larrey-1808-1895\/","title":{"rendered":"F\u00e9lix Hippolyte Larrey (1808\u20131895)"},"content":{"rendered":"\n<p><strong>L\u2019h\u00e9ritier d\u2019un nom, le b\u00e2tisseur d\u2019une vocation m\u00e9dicale et r\u00e9publicaine<\/strong><\/p>\n\n\n\n<p>Fils unique de Dominique-Jean Larrey, <strong>F\u00e9lix Hippolyte Larrey<\/strong> na\u00eet \u00e0 Paris le 18 septembre 1808, au c\u0153ur d\u2019une \u00e9poque marqu\u00e9e par les bouleversements politiques et militaires du Premier Empire. Tr\u00e8s jeune, il choisit de marcher dans les pas de son illustre p\u00e8re, en s\u2019engageant avec passion dans une carri\u00e8re de <strong>m\u00e9decin militaire<\/strong>.<\/p>\n\n\n\n<p>Brillant \u00e9l\u00e8ve, il effectue ses \u00e9tudes au prestigieux <strong>lyc\u00e9e Louis-le-Grand<\/strong>, puis \u00e0 la <strong>Facult\u00e9 de m\u00e9decine de Paris<\/strong>, o\u00f9 il se distingue comme <strong>major de sa promotion<\/strong>. En 1828, il int\u00e8gre le <strong>Val-de-Gr\u00e2ce<\/strong>, haut lieu de la formation m\u00e9dicale militaire. Reconnu pour ses comp\u00e9tences, il gravit rapidement les \u00e9chelons : en 1839, il devient m\u00e9decin militaire de premi\u00e8re classe, puis, en 1841, <strong>chirurgien au Val-de-Gr\u00e2ce et professeur de pathologie chirurgicale<\/strong> \u00e0 l\u2019\u00c9cole de m\u00e9decine et de chirurgie militaire.<\/p>\n\n\n\n<p><strong>Une carri\u00e8re au service de la sant\u00e9 et de la nation<\/strong><\/p>\n\n\n\n<p>F\u00e9lix Larrey poursuit son ascension : <strong>membre de l\u2019Acad\u00e9mie nationale de m\u00e9decine<\/strong> d\u00e8s 1850, <strong>chirurgien de l\u2019Empereur Napol\u00e9on III<\/strong> en 1853, puis <strong>m\u00e9decin-inspecteur g\u00e9n\u00e9ral des arm\u00e9es<\/strong> en 1858. Il dirige les services m\u00e9dicaux lors de la campagne d\u2019Italie en 1859, puis contribue \u00e0 l\u2019organisation sanitaire durant la guerre franco-prussienne de 1870, toujours guid\u00e9 par les valeurs d\u2019efficacit\u00e9, de compassion et d\u2019innovation h\u00e9rit\u00e9es de son p\u00e8re.<\/p>\n\n\n\n<p>En parall\u00e8le, F\u00e9lix Hippolyte Larrey s\u2019engage dans la <strong>vie politique<\/strong> : \u00e9lu <strong>d\u00e9put\u00e9 des Hautes-Pyr\u00e9n\u00e9es de 1877 \u00e0 1881<\/strong>, il d\u00e9fend activement les int\u00e9r\u00eats de la sant\u00e9 publique, des v\u00e9t\u00e9rans et des institutions scientifiques. Il est \u00e9galement <strong>membre de l\u2019Acad\u00e9mie des sciences (Institut de France)<\/strong> en 1867, signe d\u2019une reconnaissance rare dans les milieux scientifiques.<\/p>\n\n\n\n<p><strong>Un double h\u00e9ritage d\u2019excellence et d\u2019humanisme<\/strong><\/p>\n\n\n\n<p>F\u00e9lix Larrey incarne la continuit\u00e9 d\u2019une tradition familiale d\u2019<strong>engagement au service de la m\u00e9decine, de la science et de la R\u00e9publique<\/strong>. S\u2019il n\u2019a pas connu les champs de bataille napol\u00e9oniens, il s\u2019est n\u00e9anmoins illustr\u00e9 par son r\u00f4le dans la structuration moderne de la m\u00e9decine militaire fran\u00e7aise. Il meurt le 8 octobre 1895 \u00e0 Bi\u00e8vres, laissant derri\u00e8re lui une \u0153uvre importante, compl\u00e9mentaire \u00e0 celle de son p\u00e8re.<\/p>\n\n\n\n<hr class=\"wp-block-separator has-alpha-channel-opacity is-style-wide\"\/>\n\n\n\n<h4 class=\"wp-block-heading\"><strong>Ne manquez pas de visiter la maison natale de Dominique-Jean Larrey, \u00e0 Beaud\u00e9an !<\/strong><\/h4>\n\n\n\n<p>Dans ce petit village des Hautes-Pyr\u00e9n\u00e9es, <strong>le mus\u00e9e Larrey<\/strong>, install\u00e9 dans la <strong>maison familiale<\/strong> o\u00f9 tout a commenc\u00e9, retrace la vie de ces deux grandes figures de la m\u00e9decine. Vous y d\u00e9couvrirez un patrimoine exceptionnel, \u00e0 la crois\u00e9e de l\u2019histoire, de la science et de l\u2019humanisme.<br><strong>Une visite incontournable pour comprendre l\u2019h\u00e9ritage des Larrey et leur contribution \u00e0 une m\u00e9decine tourn\u00e9e vers l\u2019autre, au-del\u00e0 des fronti\u00e8res et des \u00e9poques.<\/strong><\/p>\n","protected":false},"excerpt":{"rendered":"<p>Fils de Dominique-Jean Larrey, F\u00e9lix Hippolyte Larrey perp\u00e9tua l\u2019excellence familiale en devenant l\u2019un des grands m\u00e9decins militaires et scientifiques de son si\u00e8cle.<\/p>\n","protected":false},"author":1,"featured_media":11902,"comment_status":"closed","ping_status":"closed","template":"","filtre":[309,255],"cpt_portfolio_group":[406,313],"class_list":["post-11901","cpt_portfolio","type-cpt_portfolio","status-publish","has-post-thumbnail","hentry","filtre-figuras","filtre-museo","cpt_portfolio_group-pyrenoteca-4-0","cpt_portfolio_group-arts-sciences"],"_links":{"self":[{"href":"https:\/\/www.patrim.net\/pyrenoteca\/fr\/wp-json\/wp\/v2\/cpt_portfolio\/11901","targetHints":{"allow":["GET"]}}],"collection":[{"href":"https:\/\/www.patrim.net\/pyrenoteca\/fr\/wp-json\/wp\/v2\/cpt_portfolio"}],"about":[{"href":"https:\/\/www.patrim.net\/pyrenoteca\/fr\/wp-json\/wp\/v2\/types\/cpt_portfolio"}],"author":[{"embeddable":true,"href":"https:\/\/www.patrim.net\/pyrenoteca\/fr\/wp-json\/wp\/v2\/users\/1"}],"replies":[{"embeddable":true,"href":"https:\/\/www.patrim.net\/pyrenoteca\/fr\/wp-json\/wp\/v2\/comments?post=11901"}],"version-history":[{"count":3,"href":"https:\/\/www.patrim.net\/pyrenoteca\/fr\/wp-json\/wp\/v2\/cpt_portfolio\/11901\/revisions"}],"predecessor-version":[{"id":12334,"href":"https:\/\/www.patrim.net\/pyrenoteca\/fr\/wp-json\/wp\/v2\/cpt_portfolio\/11901\/revisions\/12334"}],"wp:featuredmedia":[{"embeddable":true,"href":"https:\/\/www.patrim.net\/pyrenoteca\/fr\/wp-json\/wp\/v2\/media\/11902"}],"wp:attachment":[{"href":"https:\/\/www.patrim.net\/pyrenoteca\/fr\/wp-json\/wp\/v2\/media?parent=11901"}],"wp:term":[{"taxonomy":"filtre","embeddable":true,"href":"https:\/\/www.patrim.net\/pyrenoteca\/fr\/wp-json\/wp\/v2\/filtre?post=11901"},{"taxonomy":"cpt_portfolio_group","embeddable":true,"href":"https:\/\/www.patrim.net\/pyrenoteca\/fr\/wp-json\/wp\/v2\/cpt_portfolio_group?post=11901"}],"curies":[{"name":"wp","href":"https:\/\/api.w.org\/{rel}","templated":true}]}}