{"id":11865,"date":"2025-12-02T18:56:26","date_gmt":"2025-12-02T16:56:26","guid":{"rendered":"https:\/\/www.patrim.net\/pyrenoteca\/?post_type=cpt_portfolio&#038;p=11865"},"modified":"2025-12-11T11:10:54","modified_gmt":"2025-12-11T09:10:54","slug":"musee-larrey","status":"publish","type":"cpt_portfolio","link":"https:\/\/www.patrim.net\/pyrenoteca\/fr\/portfolio\/musee-larrey\/","title":{"rendered":"Mus\u00e9e Larrey"},"content":{"rendered":"\n<p>Le Mus\u00e9e Larrey est situ\u00e9 \u00e0 Beaud\u00e9an, un village des Hautes-Pyr\u00e9n\u00e9es, dans la maison natale de Dominique-Jean Larrey, pionnier de la chirurgie militaire. Ce mus\u00e9e retrace la vie et l\u2019\u0153uvre de cet illustre personnage, notamment son r\u00f4le en tant que chirurgien en chef des arm\u00e9es napol\u00e9oniennes et son invention des \u00ab ambulances volantes \u00bb, pr\u00e9figurant ainsi la m\u00e9decine d\u2019urgence moderne.&nbsp;<\/p>\n\n\n\n<p>Le mus\u00e9e propose une visite immersive \u00e0 travers des dispositifs audiovisuels, des diaporamas, des \u00e9crans tactiles et des jeux interactifs adapt\u00e9s \u00e0 tous les \u00e2ges. Les visiteurs peuvent \u00e9galement d\u00e9couvrir une exposition temporaire d\u2019art et assister \u00e0 des conf\u00e9rences organis\u00e9es tout au long de l\u2019ann\u00e9e.<\/p>\n\n\n\n<p>Dominique-Jean Larrey est n\u00e9 le 8 juillet 1766 \u00e0 Beaud\u00e9an. Orphelin \u00e0 13 ans, il est \u00e9lev\u00e9 par son oncle Alexis Larrey, chirurgien-major de l\u2019h\u00f4pital de La Grave \u00e0 Toulouse. Il poursuit ses \u00e9tudes de m\u00e9decine \u00e0 Paris et s\u2019engage dans la marine avant de rejoindre l\u2019arm\u00e9e en 1792. Il se distingue lors des campagnes d\u2019Italie, d\u2019\u00c9gypte et de Russie, mettant en place des syst\u00e8mes innovants de soins aux bless\u00e9s sur les champs de bataille. Il est nomm\u00e9 chirurgien en chef de la Grande Arm\u00e9e et est fait baron d\u2019Empire en 1809. Il meurt le 25 juillet 1842 \u00e0 Lyon.&nbsp;<\/p>\n\n\n\n<p>Le mus\u00e9e est labellis\u00e9 \u00ab Maisons des Illustres \u00bb depuis 2014.<\/p>\n\n\n\n<p>Le mus\u00e9e est &nbsp;ouvert de juillet \u00e0 septembre. Pour plus d\u2019informations, vous pouvez consulter le site officiel du mus\u00e9e : <a href=\"https:\/\/www.museelarrey.fr\/\">www.museelarrey.fr<\/a>.<\/p>\n\n\n\n<p><\/p>\n","protected":false},"excerpt":{"rendered":"<p>Install\u00e9 \u00e0 Beaud\u00e9an, le Mus\u00e9e Larrey raconte la vie du c\u00e9l\u00e8bre chirurgien militaire Dominique-Jean Larrey \u00e0 travers une visite immersive et interactive.<\/p>\n","protected":false},"author":1,"featured_media":11870,"comment_status":"closed","ping_status":"closed","template":"","filtre":[255],"cpt_portfolio_group":[406,313,319],"class_list":["post-11865","cpt_portfolio","type-cpt_portfolio","status-publish","has-post-thumbnail","hentry","filtre-museo","cpt_portfolio_group-pyrenoteca-4-0","cpt_portfolio_group-arts-sciences","cpt_portfolio_group-figures-fr"],"_links":{"self":[{"href":"https:\/\/www.patrim.net\/pyrenoteca\/fr\/wp-json\/wp\/v2\/cpt_portfolio\/11865","targetHints":{"allow":["GET"]}}],"collection":[{"href":"https:\/\/www.patrim.net\/pyrenoteca\/fr\/wp-json\/wp\/v2\/cpt_portfolio"}],"about":[{"href":"https:\/\/www.patrim.net\/pyrenoteca\/fr\/wp-json\/wp\/v2\/types\/cpt_portfolio"}],"author":[{"embeddable":true,"href":"https:\/\/www.patrim.net\/pyrenoteca\/fr\/wp-json\/wp\/v2\/users\/1"}],"replies":[{"embeddable":true,"href":"https:\/\/www.patrim.net\/pyrenoteca\/fr\/wp-json\/wp\/v2\/comments?post=11865"}],"version-history":[{"count":2,"href":"https:\/\/www.patrim.net\/pyrenoteca\/fr\/wp-json\/wp\/v2\/cpt_portfolio\/11865\/revisions"}],"predecessor-version":[{"id":12327,"href":"https:\/\/www.patrim.net\/pyrenoteca\/fr\/wp-json\/wp\/v2\/cpt_portfolio\/11865\/revisions\/12327"}],"wp:featuredmedia":[{"embeddable":true,"href":"https:\/\/www.patrim.net\/pyrenoteca\/fr\/wp-json\/wp\/v2\/media\/11870"}],"wp:attachment":[{"href":"https:\/\/www.patrim.net\/pyrenoteca\/fr\/wp-json\/wp\/v2\/media?parent=11865"}],"wp:term":[{"taxonomy":"filtre","embeddable":true,"href":"https:\/\/www.patrim.net\/pyrenoteca\/fr\/wp-json\/wp\/v2\/filtre?post=11865"},{"taxonomy":"cpt_portfolio_group","embeddable":true,"href":"https:\/\/www.patrim.net\/pyrenoteca\/fr\/wp-json\/wp\/v2\/cpt_portfolio_group?post=11865"}],"curies":[{"name":"wp","href":"https:\/\/api.w.org\/{rel}","templated":true}]}}