{"id":11399,"date":"2025-12-02T12:17:23","date_gmt":"2025-12-02T10:17:23","guid":{"rendered":"https:\/\/www.patrim.net\/pyrenoteca\/?post_type=cpt_portfolio&#038;p=11399"},"modified":"2025-12-03T00:34:30","modified_gmt":"2025-12-02T22:34:30","slug":"barne-begiradak","status":"publish","type":"cpt_portfolio","link":"https:\/\/www.patrim.net\/pyrenoteca\/fr\/portfolio\/barne-begiradak\/","title":{"rendered":"Barne Begiradak"},"content":{"rendered":"\n<p><strong>Creaci\u00f3n contempor\u00e1nea desde la ruralidad, es un proyecto cultural<\/strong> que propone crear nuevos espacios de reflexi\u00f3n y acci\u00f3n en torno a nuevas formas de habitar el territorio, partiendo de las naturalezas de lo rural y urbano como marco conceptual. En este marco se busca releer las diferentes realidades a trav\u00e9s de pr\u00e1cticas creativas y art\u00edsticas situadas como medio de exploraci\u00f3n.<\/p>\n\n\n\n<p>Barne Begiradak, miradas desde el interior en euskera, es un proyecto en red que impulsamos desde el Caser\u00edo Museo Igartubeiti. Se ubica en tres municipios rurales de Gipuzkoa pr\u00f3ximos (Ezkio, Gabiria y Zerain) y pretende vincular los saberes, tradiciones y valores del Caser\u00edo Museo Igartubeiti con proyectos y pr\u00e1cticas que se basan en la investigaci\u00f3n, la creaci\u00f3n, la producci\u00f3n, la exhibici\u00f3n, la divulgaci\u00f3n y la memoria.<\/p>\n\n\n\n<h4 class=\"wp-block-heading\">Ejes del proyecto<\/h4>\n\n\n\n<p>El proyecto cuenta con la participaci\u00f3n activa de las comunidades locales, de artistas y agentes del entorno en todos los ejes que lo componen:<\/p>\n\n\n\n<ul class=\"wp-block-list\">\n<li>Residencia art\u00edstica Ars Natura <\/li>\n\n\n\n<li>Ciclo de talleres experimentales Hibridaci\u00f3n de saberes <\/li>\n\n\n\n<li>\u2018Re(encuentros). Arte, territorio y ruralidades\u2019 con diferentes proyectos y agentes que trabajan la tem\u00e1tica que da t\u00edtulo al encuentro <\/li>\n\n\n\n<li>La publicaci\u00f3n \u201cArte, territorio y ruralidades\u201d que recoge una serie de textos de autores y autoras, que desde su experiencia y pr\u00e1ctica nos ayudan a plantear cuestiones y aportar nuevas reflexiones en torno al concepto de ruralidades vinculado al patrimonio y a la creaci\u00f3n contempor\u00e1nea.<\/li>\n<\/ul>\n\n\n\n<p>En los cuatro ejes se activa la misma reflexi\u00f3n: \u00bfqu\u00e9 significa hoy en d\u00eda habitar en un entorno rural?<\/p>\n\n\n\n<p>Barne Begiradak es un proyecto a largo plazo. Se concibe como un proyecto tractor que busca involucrar desde su creaci\u00f3n a diferentes agentes locales, del \u00e1mbito cultural, econ\u00f3mico, social, p\u00fablico y privado.<\/p>\n","protected":false},"excerpt":{"rendered":"<p>Propone crear nuevos espacios de reflexi\u00f3n y acci\u00f3n en torno a nuevas formas de habitar el territorio.<\/p>\n","protected":false},"author":1,"featured_media":11404,"comment_status":"closed","ping_status":"closed","template":"","filtre":[246,260],"cpt_portfolio_group":[406,63],"class_list":["post-11399","cpt_portfolio","type-cpt_portfolio","status-publish","has-post-thumbnail","hentry","filtre-entorno","filtre-paisaje","cpt_portfolio_group-pyrenoteca-4-0","cpt_portfolio_group-paisaje"],"_links":{"self":[{"href":"https:\/\/www.patrim.net\/pyrenoteca\/fr\/wp-json\/wp\/v2\/cpt_portfolio\/11399","targetHints":{"allow":["GET"]}}],"collection":[{"href":"https:\/\/www.patrim.net\/pyrenoteca\/fr\/wp-json\/wp\/v2\/cpt_portfolio"}],"about":[{"href":"https:\/\/www.patrim.net\/pyrenoteca\/fr\/wp-json\/wp\/v2\/types\/cpt_portfolio"}],"author":[{"embeddable":true,"href":"https:\/\/www.patrim.net\/pyrenoteca\/fr\/wp-json\/wp\/v2\/users\/1"}],"replies":[{"embeddable":true,"href":"https:\/\/www.patrim.net\/pyrenoteca\/fr\/wp-json\/wp\/v2\/comments?post=11399"}],"version-history":[{"count":3,"href":"https:\/\/www.patrim.net\/pyrenoteca\/fr\/wp-json\/wp\/v2\/cpt_portfolio\/11399\/revisions"}],"predecessor-version":[{"id":12105,"href":"https:\/\/www.patrim.net\/pyrenoteca\/fr\/wp-json\/wp\/v2\/cpt_portfolio\/11399\/revisions\/12105"}],"wp:featuredmedia":[{"embeddable":true,"href":"https:\/\/www.patrim.net\/pyrenoteca\/fr\/wp-json\/wp\/v2\/media\/11404"}],"wp:attachment":[{"href":"https:\/\/www.patrim.net\/pyrenoteca\/fr\/wp-json\/wp\/v2\/media?parent=11399"}],"wp:term":[{"taxonomy":"filtre","embeddable":true,"href":"https:\/\/www.patrim.net\/pyrenoteca\/fr\/wp-json\/wp\/v2\/filtre?post=11399"},{"taxonomy":"cpt_portfolio_group","embeddable":true,"href":"https:\/\/www.patrim.net\/pyrenoteca\/fr\/wp-json\/wp\/v2\/cpt_portfolio_group?post=11399"}],"curies":[{"name":"wp","href":"https:\/\/api.w.org\/{rel}","templated":true}]}}