{"id":12814,"date":"2025-12-03T14:09:45","date_gmt":"2025-12-03T12:09:45","guid":{"rendered":"https:\/\/www.patrim.net\/pyrenoteca\/portfolio\/la-grotte-inferieure\/"},"modified":"2025-12-03T14:09:45","modified_gmt":"2025-12-03T12:09:45","slug":"la-grotte-inferieure","status":"publish","type":"cpt_portfolio","link":"https:\/\/www.patrim.net\/pyrenoteca\/eu\/portfolio\/la-grotte-inferieure\/","title":{"rendered":"La grotte inf\u00e9rieure"},"content":{"rendered":"\n<p>Si la physionomie de la galerie sup\u00e9rieure est verticale, la galerie inf\u00e9rieure s\u2019est, au contraire, d\u00e9velopp\u00e9e tout en largeur sur plus de 200 m\u00e8tres de long.<\/p>\n\n\n\n<p>Depuis son entr\u00e9e, jusqu\u2019au plus profond, le sol se rapproche progressivement du plafond rendant de plus en plus difficile la progression. Certaines zones ne sont accessibles qu\u2019en position accroupie (zone des Oubliettes, Sanctuaire des Gravures) ou m\u00eame en rampant (main blanche du laminoir).<\/p>\n\n\n\n<p>Tr\u00e8s humide et r\u00e9guli\u00e8rement inond\u00e9e, le sol est compos\u00e9 d\u2019un \u00e9pais plancher stalagmitique et parsem\u00e9 d\u2019un ensemble de gours profonds.<\/p>\n\n\n\n<p>Les volumes de cette grande galerie rectiligne sont d\u00e9coup\u00e9s par des lignes de concr\u00e9tions ou d\u2019imposants massifs stalagmitiques cr\u00e9ant des rep\u00e8res visuels et permettant de subdiviser l\u2019ensemble en plusieurs parties.<\/p>\n\n\n\n<p>Le porche de cette galerie s\u2019est combl\u00e9 aux alentours des 24000 BP permettant de mieux fixer la chronologie d\u2019occupation des lieux. On sait gr\u00e2ce aux fouilles d\u2019\u00c9mile Cartailhac et Henri Breuil que les occupations de cette salle se placent entre 150000 et 24000 ans avant le pr\u00e9sent.<\/p>\n\n\n\n<p>On sait qu\u2019avant que les gravettiens prennent possession des lieux, N\u00e9andertal avait fr\u00e9quent\u00e9 la grotte au Moust\u00e9rien (150000-38000 BP), ainsi que nos anc\u00eatres sapiens au Ch\u00e2telperronien (38000-34000 BP) et \u00e0 l\u2019Aurignacien (34000-29000 BP).<\/p>\n\n\n\n<p>L\u2019art de cette galerie est exceptionnellement riche et surtout tr\u00e8s vari\u00e9\u00a0:<\/p>\n\n\n\n<ul class=\"wp-block-list\">\n<li>Plus de 200 repr\u00e9sentations de mains (231 pour le recensement du professeur Barri\u00e8re en 1976).<\/li>\n\n\n\n<li>Plus de 140 gravures d\u2019animaux essentiellement concentr\u00e9e dans une salle situ\u00e9e au fond de la galerie\u00a0: \u00ab\u00a0Le sanctuaire des gravures\u00a0\u00bb.<\/li>\n\n\n\n<li>Les trac\u00e9s digitaux\u00a0: Traces d\u2019un ou plusieurs doigts appliqu\u00e9s sur la pellicule d\u2019argile des parois. Certaines de ces traces pourraient appartenir \u00e0 de jeunes enfants.<\/li>\n\n\n\n<li>Les symboles f\u00e9minins\u00a0: Repr\u00e9sentation grav\u00e9e d\u2019un sexe f\u00e9minin, niche recouverte d\u2019ocre rouge, fissures naturelles entour\u00e9es de peintures de mains. Toutes ces repr\u00e9sentations donnent \u00e0 la grotte une dimension tr\u00e8s f\u00e9minine.<\/li>\n<\/ul>\n\n\n\n<p>La quasi totalit\u00e9 des figures inventori\u00e9es dans cette grotte inf\u00e9rieure sont attribu\u00e9es \u00e0 la culture Gravettienne (29000-22000 ans BP).<\/p>\n\n\n\n<p><a href=\"http:\/\/www.grottesdegargas.fr\" data-type=\"link\" data-id=\"www.grottesdegargas.fr\">www.grottesdegargas.fr <\/a><\/p>\n\n\n\n<p><a href=\"tel:0562988150\">0562988150<\/a>.<\/p>\n\n\n\n<p><\/p>\n","protected":false},"excerpt":{"rendered":"<p>Une galerie profonde, humide et riche en mains, gravures et symboles, fr\u00e9quent\u00e9e par N\u00e9andertal et Sapiens.<\/p>\n","protected":false},"author":1,"featured_media":12654,"comment_status":"closed","ping_status":"closed","template":"","filtre":[],"cpt_portfolio_group":[406,105,63,109,107,106],"class_list":["post-12814","cpt_portfolio","type-cpt_portfolio","status-publish","has-post-thumbnail","hentry","cpt_portfolio_group-pyrenoteca-4-0","cpt_portfolio_group-artes-y-ciencias","cpt_portfolio_group-paisaje","cpt_portfolio_group-geologia-y-orografia","cpt_portfolio_group-historia","cpt_portfolio_group-prehistoria"],"_links":{"self":[{"href":"https:\/\/www.patrim.net\/pyrenoteca\/eu\/wp-json\/wp\/v2\/cpt_portfolio\/12814","targetHints":{"allow":["GET"]}}],"collection":[{"href":"https:\/\/www.patrim.net\/pyrenoteca\/eu\/wp-json\/wp\/v2\/cpt_portfolio"}],"about":[{"href":"https:\/\/www.patrim.net\/pyrenoteca\/eu\/wp-json\/wp\/v2\/types\/cpt_portfolio"}],"author":[{"embeddable":true,"href":"https:\/\/www.patrim.net\/pyrenoteca\/eu\/wp-json\/wp\/v2\/users\/1"}],"replies":[{"embeddable":true,"href":"https:\/\/www.patrim.net\/pyrenoteca\/eu\/wp-json\/wp\/v2\/comments?post=12814"}],"version-history":[{"count":0,"href":"https:\/\/www.patrim.net\/pyrenoteca\/eu\/wp-json\/wp\/v2\/cpt_portfolio\/12814\/revisions"}],"wp:featuredmedia":[{"embeddable":true,"href":"https:\/\/www.patrim.net\/pyrenoteca\/eu\/wp-json\/wp\/v2\/media\/12654"}],"wp:attachment":[{"href":"https:\/\/www.patrim.net\/pyrenoteca\/eu\/wp-json\/wp\/v2\/media?parent=12814"}],"wp:term":[{"taxonomy":"filtre","embeddable":true,"href":"https:\/\/www.patrim.net\/pyrenoteca\/eu\/wp-json\/wp\/v2\/filtre?post=12814"},{"taxonomy":"cpt_portfolio_group","embeddable":true,"href":"https:\/\/www.patrim.net\/pyrenoteca\/eu\/wp-json\/wp\/v2\/cpt_portfolio_group?post=12814"}],"curies":[{"name":"wp","href":"https:\/\/api.w.org\/{rel}","templated":true}]}}