{"id":12772,"date":"2025-12-02T20:20:19","date_gmt":"2025-12-02T18:20:19","guid":{"rendered":"https:\/\/www.patrim.net\/pyrenoteca\/portfolio\/centrale-hydroelectrique-de-beaudean\/"},"modified":"2025-12-11T11:19:25","modified_gmt":"2025-12-11T09:19:25","slug":"centrale-hydroelectrique-de-beaudean","status":"publish","type":"cpt_portfolio","link":"https:\/\/www.patrim.net\/pyrenoteca\/eu\/portfolio\/centrale-hydroelectrique-de-beaudean\/","title":{"rendered":"Centrale hydroe\u0301lectrique de Beaude\u0301an"},"content":{"rendered":"\n<p><strong>Un peu d\u2019histoire &amp; de contexte technique<\/strong><\/p>\n\n\n\n<p>La centrale hydro\u00e9lectrique de Beaud\u00e9an, exploit\u00e9e par EDF, est implant\u00e9e dans la vall\u00e9e de Campan. Elle a \u00e9t\u00e9 mise en service aux alentours des ann\u00e9es 1950\u202f; elle fonctionne gr\u00e2ce \u00e0 une conduite forc\u00e9e, m\u00e9thode typique de l\u2019\u00e9poque.<\/p>\n\n\n\n<p>L\u2019eau provient de barrages d\u2019altitude aliment\u00e9s par la fonte des neiges des Hauts Adour. Elle parcourt ensuite plus de 15 kilom\u00e8tres de galeries souterraines avant de chuter via la conduite forc\u00e9e vers la centrale \u2013 un ing\u00e9nieux parcours \u00e0 travers la montagne.<\/p>\n\n\n\n<p>En 2017, le groupe hydro\u00e9lectrique de Campan a produit environ 98 GWh, ce qui correspond \u00e0 la consommation annuelle d\u2019une ville de 41 000 habitants.<\/p>\n\n\n\n<p><strong>Visites p\u00e9dagogiques et valorisation<\/strong><\/p>\n\n\n\n<p>Depuis de nombreuses ann\u00e9es, EDF, en collaboration avec le CPIE 65 (Centre Permanent d\u2019Initiatives pour l\u2019Environnement), propose des visites guid\u00e9es gratuites de la centrale. Celles-ci se d\u00e9roulent tout au long de l\u2019ann\u00e9e (hors jours f\u00e9ri\u00e9s) sur r\u00e9servation et sont accessibles aux individuels, aux groupes et aux scolaires.<\/p>\n\n\n\n<ul class=\"wp-block-list\">\n<li>Ces visites, tr\u00e8s p\u00e9dagogiques, comprennent plusieurs \u00e9tapes :<\/li>\n\n\n\n<li>Projection d\u2019un film introductif sur l\u2019hydro\u00e9lectricit\u00e9 dans la vall\u00e9e<\/li>\n\n\n\n<li>Pr\u00e9sentation d\u2019une maquette anim\u00e9e illustrant le parcours de l\u2019eau et les installations hydrauliques environnantes.<\/li>\n\n\n\n<li>Exploration de la salle des machines et de la salle de commande, permettant de d\u00e9couvrir l\u2019envers du d\u00e9cor avec les turbines (notamment roue Pelton), le transformateur ou encore le canal de fuite.<\/li>\n<\/ul>\n\n\n\n<p>Les visiteurs d\u00e9couvrent \u00e9galement les enjeux de la pr\u00e9servation environnementale, de la gestion de l\u2019eau et des m\u00e9tiers de l\u2019hydraulique.<\/p>\n\n\n\n<p><strong>S\u00e9curit\u00e9 &amp; sensibilisation<\/strong><\/p>\n\n\n\n<p>Chaque \u00e9t\u00e9, EDF renforce les actions de pr\u00e9vention et de sensibilisation aupr\u00e8s du public pr\u00e8s des berges et installations, en particulier par le biais d\u2019hydroguides \u2014 des jeunes form\u00e9s pour informer les visiteurs sur les dangers potentiels de l\u2019eau en zones sp\u00e9cialis\u00e9es.<\/p>\n\n\n\n<p><strong>Environnement local<\/strong><\/p>\n\n\n\n<p>La commune de Beaud\u00e9an est situ\u00e9e dans un espace culturel et naturel prot\u00e9g\u00e9, avec notamment des zones Natura\u202f2000 et un arr\u00eat\u00e9 de protection de biotope li\u00e9 \u00e0 l\u2019Adour et ses affluents.<\/p>\n\n\n\n<p>La centrale incarne une symbiose entre exploitation \u00e9nerg\u00e9tique et pr\u00e9servation \u00e9cologique, en assurant que sa pr\u00e9sence ne compromette pas les richesses environnementales de la r\u00e9gion. Cette approche est soutenue par des partenariats entre EDF, les institutions locales, la municipalit\u00e9 et le CPIE.<\/p>\n\n\n\n<p><strong>Au c\u0153ur d\u2019une aventure technique et humaine<\/strong><\/p>\n\n\n\n<p>La centrale hydro\u00e9lectrique de Beaud\u00e9an est bien plus qu\u2019une installation de production d\u2019\u00e9nergie : c\u2019est un v\u00e9ritable lieu de patrimoine, de formation et de sensibilisation. Gr\u00e2ce \u00e0 l\u2019eau de la montagne \u2014 transform\u00e9e, canalis\u00e9e puis convertie en \u00e9lectricit\u00e9 \u2014 elle invite petits et grands \u00e0 d\u00e9couvrir l\u2019ing\u00e9nierie, l\u2019\u00e9cologie et l\u2019histoire de la vall\u00e9e de Campan.<\/p>\n\n\n\n<p><\/p>\n","protected":false},"excerpt":{"rendered":"<p>Mise en service dans les ann\u00e9es 1950, la centrale de Beaud\u00e9an valorise l\u2019eau des montagnes gr\u00e2ce \u00e0 une conduite forc\u00e9e et propose aujourd\u2019hui des visites p\u00e9dagogiques uniques.<\/p>\n","protected":false},"author":1,"featured_media":12025,"comment_status":"closed","ping_status":"closed","template":"","filtre":[302],"cpt_portfolio_group":[406,103],"class_list":["post-12772","cpt_portfolio","type-cpt_portfolio","status-publish","has-post-thumbnail","hentry","filtre-agua","cpt_portfolio_group-pyrenoteca-4-0","cpt_portfolio_group-patrimonio-industrial"],"_links":{"self":[{"href":"https:\/\/www.patrim.net\/pyrenoteca\/eu\/wp-json\/wp\/v2\/cpt_portfolio\/12772","targetHints":{"allow":["GET"]}}],"collection":[{"href":"https:\/\/www.patrim.net\/pyrenoteca\/eu\/wp-json\/wp\/v2\/cpt_portfolio"}],"about":[{"href":"https:\/\/www.patrim.net\/pyrenoteca\/eu\/wp-json\/wp\/v2\/types\/cpt_portfolio"}],"author":[{"embeddable":true,"href":"https:\/\/www.patrim.net\/pyrenoteca\/eu\/wp-json\/wp\/v2\/users\/1"}],"replies":[{"embeddable":true,"href":"https:\/\/www.patrim.net\/pyrenoteca\/eu\/wp-json\/wp\/v2\/comments?post=12772"}],"version-history":[{"count":1,"href":"https:\/\/www.patrim.net\/pyrenoteca\/eu\/wp-json\/wp\/v2\/cpt_portfolio\/12772\/revisions"}],"predecessor-version":[{"id":12773,"href":"https:\/\/www.patrim.net\/pyrenoteca\/eu\/wp-json\/wp\/v2\/cpt_portfolio\/12772\/revisions\/12773"}],"wp:featuredmedia":[{"embeddable":true,"href":"https:\/\/www.patrim.net\/pyrenoteca\/eu\/wp-json\/wp\/v2\/media\/12025"}],"wp:attachment":[{"href":"https:\/\/www.patrim.net\/pyrenoteca\/eu\/wp-json\/wp\/v2\/media?parent=12772"}],"wp:term":[{"taxonomy":"filtre","embeddable":true,"href":"https:\/\/www.patrim.net\/pyrenoteca\/eu\/wp-json\/wp\/v2\/filtre?post=12772"},{"taxonomy":"cpt_portfolio_group","embeddable":true,"href":"https:\/\/www.patrim.net\/pyrenoteca\/eu\/wp-json\/wp\/v2\/cpt_portfolio_group?post=12772"}],"curies":[{"name":"wp","href":"https:\/\/api.w.org\/{rel}","templated":true}]}}