{"id":12754,"date":"2025-12-02T19:20:43","date_gmt":"2025-12-02T17:20:43","guid":{"rendered":"https:\/\/www.patrim.net\/pyrenoteca\/portfolio\/eglise-de-beaudean-et-son-cimetiere\/"},"modified":"2025-12-11T11:16:36","modified_gmt":"2025-12-11T09:16:36","slug":"eglise-de-beaudean-et-son-cimetiere","status":"publish","type":"cpt_portfolio","link":"https:\/\/www.patrim.net\/pyrenoteca\/eu\/portfolio\/eglise-de-beaudean-et-son-cimetiere\/","title":{"rendered":"\u00c9glise de Beaud\u00e9an et son cimeti\u00e8re"},"content":{"rendered":"\n<p>L\u2019\u00e9glise Saint-Martin de Beaud\u00e9an, situ\u00e9e dans les Hautes-Pyr\u00e9n\u00e9es, est un \u00e9difice remarquable tant par son architecture que par son histoire.<\/p>\n\n\n\n<p>Construite au XVIe si\u00e8cle, cette \u00e9glise gothique est remarquable par son clocher coiff\u00e9 d\u2019une fl\u00e8che en \u00e9teignoir et de quatre clochetons. Elle abrite un somptueux retable et un tabernacle r\u00e9alis\u00e9s entre 1720 et 1740 par Marc Ferr\u00e8re, sculpteur d\u2019Ast\u00e9 ayant probablement travaill\u00e9 \u00e0 Versailles. Ces \u0153uvres en bois dor\u00e9, class\u00e9es au titre des monuments historiques, comprennent deux bas-reliefs exceptionnels repr\u00e9sentant l&#8217;Adoration des Mages et l&#8217;Adoration des Bergers.<\/p>\n\n\n\n<p>La base de cette tour barlongue repose sur une ancienne chapelle romane, aujourd\u2019hui transform\u00e9e en narthex. L\u2019int\u00e9rieur de l\u2019\u00e9glise abrite une vo\u00fbte en bois peint datant de 1776, ainsi qu\u2019un somptueux retable baroque r\u00e9alis\u00e9 entre 1720 et 1740 par Marc Ferr\u00e8re, sculpteur renomm\u00e9 originaire d\u2019Ast\u00e9. Ce retable, accompagn\u00e9 d\u2019un tabernacle en bois dor\u00e9, est consid\u00e9r\u00e9 comme l\u2019un des chefs-d\u2019\u0153uvre de l\u2019art baroque pyr\u00e9n\u00e9en.&nbsp;<\/p>\n\n\n\n<p>L\u2019\u00e9glise est entour\u00e9e d\u2019un cimeti\u00e8re enclos, dont l\u2019existence est attest\u00e9e depuis la fin du XIe si\u00e8cle. Ce cimeti\u00e8re est d\u00e9limit\u00e9 par un mur d\u2019enceinte int\u00e9grant deux portails monumentaux du XVIe si\u00e8cle, l\u2019un au sud-est et l\u2019autre au nord, tous deux conserv\u00e9s dans leur \u00e9tat d\u2019origine. Ces \u00e9l\u00e9ments architecturaux rares conf\u00e8rent \u00e0 l\u2019ensemble une valeur patrimoniale exceptionnelle.&nbsp;<\/p>\n\n\n\n<p>Elle est class\u00e9e aux monuments historiques depuis 1989.<\/p>\n\n\n\n<p>Aujourd\u2019hui, l\u2019\u00e9glise Saint-Martin et son cimeti\u00e8re constituent un ensemble architectural et historique de grande valeur, refl\u00e9tant l\u2019histoire religieuse et sociale de la r\u00e9gion. La pr\u00e9servation de ce patrimoine est essentielle pour maintenir l\u2019identit\u00e9 culturelle de Beaud\u00e9an et offrir aux visiteurs un t\u00e9moignage authentique du pass\u00e9.<\/p>\n\n\n\n<p>Des visites guid\u00e9es de l&#8217;\u00e9glise sont organis\u00e9es par l&#8217;association \u00ab La maison des Ferr\u00e8res\u00bb. Ces visites permettent de d\u00e9couvrir l&#8217;histoire de l&#8217;\u00e9glise, son architecture et ses \u0153uvres d&#8217;art. Aussi, des ouvertures sp\u00e9ciales sont pr\u00e9vues lors des Journ\u00e9es Europ\u00e9ennes du Patrimoine.<\/p>\n\n\n\n<p><\/p>\n","protected":false},"excerpt":{"rendered":"<p>\u00c9difi\u00e9e au XVI\u1d49 si\u00e8cle, l\u2019\u00e9glise Saint-Martin se distingue par son clocher singulier et son exceptionnel retable baroque r\u00e9alis\u00e9 par Marc Ferr\u00e8re.<\/p>\n","protected":false},"author":1,"featured_media":11914,"comment_status":"closed","ping_status":"closed","template":"","filtre":[347,241,297],"cpt_portfolio_group":[406,61,107],"class_list":["post-12754","cpt_portfolio","type-cpt_portfolio","status-publish","has-post-thumbnail","hentry","filtre-arquitectura-religiosa","filtre-barroco","filtre-gotico","cpt_portfolio_group-pyrenoteca-4-0","cpt_portfolio_group-arquitectura","cpt_portfolio_group-historia"],"_links":{"self":[{"href":"https:\/\/www.patrim.net\/pyrenoteca\/eu\/wp-json\/wp\/v2\/cpt_portfolio\/12754","targetHints":{"allow":["GET"]}}],"collection":[{"href":"https:\/\/www.patrim.net\/pyrenoteca\/eu\/wp-json\/wp\/v2\/cpt_portfolio"}],"about":[{"href":"https:\/\/www.patrim.net\/pyrenoteca\/eu\/wp-json\/wp\/v2\/types\/cpt_portfolio"}],"author":[{"embeddable":true,"href":"https:\/\/www.patrim.net\/pyrenoteca\/eu\/wp-json\/wp\/v2\/users\/1"}],"replies":[{"embeddable":true,"href":"https:\/\/www.patrim.net\/pyrenoteca\/eu\/wp-json\/wp\/v2\/comments?post=12754"}],"version-history":[{"count":1,"href":"https:\/\/www.patrim.net\/pyrenoteca\/eu\/wp-json\/wp\/v2\/cpt_portfolio\/12754\/revisions"}],"predecessor-version":[{"id":12755,"href":"https:\/\/www.patrim.net\/pyrenoteca\/eu\/wp-json\/wp\/v2\/cpt_portfolio\/12754\/revisions\/12755"}],"wp:featuredmedia":[{"embeddable":true,"href":"https:\/\/www.patrim.net\/pyrenoteca\/eu\/wp-json\/wp\/v2\/media\/11914"}],"wp:attachment":[{"href":"https:\/\/www.patrim.net\/pyrenoteca\/eu\/wp-json\/wp\/v2\/media?parent=12754"}],"wp:term":[{"taxonomy":"filtre","embeddable":true,"href":"https:\/\/www.patrim.net\/pyrenoteca\/eu\/wp-json\/wp\/v2\/filtre?post=12754"},{"taxonomy":"cpt_portfolio_group","embeddable":true,"href":"https:\/\/www.patrim.net\/pyrenoteca\/eu\/wp-json\/wp\/v2\/cpt_portfolio_group?post=12754"}],"curies":[{"name":"wp","href":"https:\/\/api.w.org\/{rel}","templated":true}]}}