{"id":7756,"date":"2025-05-19T16:12:30","date_gmt":"2025-05-19T14:12:30","guid":{"rendered":"https:\/\/www.patrim.net\/socios-patrim\/"},"modified":"2025-07-11T09:02:58","modified_gmt":"2025-07-11T07:02:58","slug":"partenaires-patrim","status":"publish","type":"page","link":"https:\/\/www.patrim.net\/fr\/partenaires-patrim\/","title":{"rendered":"R\u00e9seau PATRIM"},"content":{"rendered":"\t\t<div data-elementor-type=\"wp-page\" data-elementor-id=\"7756\" class=\"elementor elementor-7756\">\n\t\t\t\t<div class=\"elementor-element elementor-element-b135ff9 elementor-hidden-mobile e-flex e-con-boxed wpr-particle-no wpr-jarallax-no wpr-parallax-no wpr-sticky-section-no e-con e-parent\" data-id=\"b135ff9\" data-element_type=\"container\" data-settings=\"{&quot;background_background&quot;:&quot;slideshow&quot;,&quot;background_slideshow_gallery&quot;:[{&quot;id&quot;:7158,&quot;url&quot;:&quot;https:\\\/\\\/www.patrim.net\\\/wp-content\\\/uploads\\\/2025\\\/05\\\/49.png&quot;},{&quot;id&quot;:7166,&quot;url&quot;:&quot;https:\\\/\\\/www.patrim.net\\\/wp-content\\\/uploads\\\/2025\\\/05\\\/52-1.png&quot;},{&quot;id&quot;:7182,&quot;url&quot;:&quot;https:\\\/\\\/www.patrim.net\\\/wp-content\\\/uploads\\\/2025\\\/05\\\/57.png&quot;},{&quot;id&quot;:7126,&quot;url&quot;:&quot;https:\\\/\\\/www.patrim.net\\\/wp-content\\\/uploads\\\/2025\\\/05\\\/3.png&quot;},{&quot;id&quot;:6558,&quot;url&quot;:&quot;https:\\\/\\\/www.patrim.net\\\/wp-content\\\/uploads\\\/2025\\\/04\\\/2.png&quot;},{&quot;id&quot;:7146,&quot;url&quot;:&quot;https:\\\/\\\/www.patrim.net\\\/wp-content\\\/uploads\\\/2025\\\/05\\\/42.png&quot;},{&quot;id&quot;:7130,&quot;url&quot;:&quot;https:\\\/\\\/www.patrim.net\\\/wp-content\\\/uploads\\\/2025\\\/05\\\/20.png&quot;},{&quot;id&quot;:7122,&quot;url&quot;:&quot;https:\\\/\\\/www.patrim.net\\\/wp-content\\\/uploads\\\/2025\\\/05\\\/1.png&quot;},{&quot;id&quot;:6798,&quot;url&quot;:&quot;https:\\\/\\\/www.patrim.net\\\/wp-content\\\/uploads\\\/2025\\\/04\\\/36.png&quot;},{&quot;id&quot;:7154,&quot;url&quot;:&quot;https:\\\/\\\/www.patrim.net\\\/wp-content\\\/uploads\\\/2025\\\/05\\\/48.png&quot;},{&quot;id&quot;:7138,&quot;url&quot;:&quot;https:\\\/\\\/www.patrim.net\\\/wp-content\\\/uploads\\\/2025\\\/05\\\/40.png&quot;},{&quot;id&quot;:6778,&quot;url&quot;:&quot;https:\\\/\\\/www.patrim.net\\\/wp-content\\\/uploads\\\/2025\\\/04\\\/31.png&quot;},{&quot;id&quot;:6806,&quot;url&quot;:&quot;https:\\\/\\\/www.patrim.net\\\/wp-content\\\/uploads\\\/2025\\\/04\\\/38.png&quot;},{&quot;id&quot;:6574,&quot;url&quot;:&quot;https:\\\/\\\/www.patrim.net\\\/wp-content\\\/uploads\\\/2025\\\/04\\\/6.png&quot;}],&quot;background_slideshow_slide_duration&quot;:20000,&quot;background_slideshow_ken_burns&quot;:&quot;yes&quot;,&quot;background_slideshow_loop&quot;:&quot;yes&quot;,&quot;background_slideshow_slide_transition&quot;:&quot;fade&quot;,&quot;background_slideshow_transition_duration&quot;:500,&quot;background_slideshow_ken_burns_zoom_direction&quot;:&quot;in&quot;}\">\n\t\t\t\t\t<div class=\"e-con-inner\">\n\t\t\t\t<div class=\"elementor-element elementor-element-6b538e4 elementor-widget elementor-widget-spacer\" data-id=\"6b538e4\" data-element_type=\"widget\" data-widget_type=\"spacer.default\">\n\t\t\t\t<div class=\"elementor-widget-container\">\n\t\t\t\t\t\t\t<div class=\"elementor-spacer\">\n\t\t\t<div class=\"elementor-spacer-inner\"><\/div>\n\t\t<\/div>\n\t\t\t\t\t\t<\/div>\n\t\t\t\t<\/div>\n\t\t\t\t<div class=\"elementor-element elementor-element-a95cd51 elementor-widget elementor-widget-heading\" data-id=\"a95cd51\" data-element_type=\"widget\" data-widget_type=\"heading.default\">\n\t\t\t\t<div class=\"elementor-widget-container\">\n\t\t\t\t\t<h2 class=\"elementor-heading-title elementor-size-default\">R\u00e9seau PATRIM<\/h2>\t\t\t\t<\/div>\n\t\t\t\t<\/div>\n\t\t\t\t<div class=\"elementor-element elementor-element-e9246a6 elementor-widget elementor-widget-heading\" data-id=\"e9246a6\" data-element_type=\"widget\" data-widget_type=\"heading.default\">\n\t\t\t\t<div class=\"elementor-widget-container\">\n\t\t\t\t\t<h2 class=\"elementor-heading-title elementor-size-default\">Unis par l'h\u00e9ritage, connect\u00e9s \u00e0 l'avenir<\/h2>\t\t\t\t<\/div>\n\t\t\t\t<\/div>\n\t\t\t\t\t<\/div>\n\t\t\t\t<\/div>\n\t\t<div class=\"elementor-element elementor-element-1914c99 elementor-hidden-desktop elementor-hidden-tablet e-flex e-con-boxed wpr-particle-no wpr-jarallax-no wpr-parallax-no wpr-sticky-section-no e-con e-parent\" data-id=\"1914c99\" data-element_type=\"container\" data-settings=\"{&quot;background_background&quot;:&quot;slideshow&quot;,&quot;background_slideshow_gallery&quot;:[{&quot;id&quot;:6798,&quot;url&quot;:&quot;https:\\\/\\\/www.patrim.net\\\/wp-content\\\/uploads\\\/2025\\\/04\\\/36.png&quot;},{&quot;id&quot;:6810,&quot;url&quot;:&quot;https:\\\/\\\/www.patrim.net\\\/wp-content\\\/uploads\\\/2025\\\/04\\\/39.png&quot;},{&quot;id&quot;:6778,&quot;url&quot;:&quot;https:\\\/\\\/www.patrim.net\\\/wp-content\\\/uploads\\\/2025\\\/04\\\/31.png&quot;},{&quot;id&quot;:6782,&quot;url&quot;:&quot;https:\\\/\\\/www.patrim.net\\\/wp-content\\\/uploads\\\/2025\\\/04\\\/32.png&quot;},{&quot;id&quot;:6766,&quot;url&quot;:&quot;https:\\\/\\\/www.patrim.net\\\/wp-content\\\/uploads\\\/2025\\\/04\\\/28.png&quot;},{&quot;id&quot;:6802,&quot;url&quot;:&quot;https:\\\/\\\/www.patrim.net\\\/wp-content\\\/uploads\\\/2025\\\/04\\\/37.png&quot;},{&quot;id&quot;:6774,&quot;url&quot;:&quot;https:\\\/\\\/www.patrim.net\\\/wp-content\\\/uploads\\\/2025\\\/04\\\/30.png&quot;},{&quot;id&quot;:6794,&quot;url&quot;:&quot;https:\\\/\\\/www.patrim.net\\\/wp-content\\\/uploads\\\/2025\\\/04\\\/35.png&quot;},{&quot;id&quot;:6786,&quot;url&quot;:&quot;https:\\\/\\\/www.patrim.net\\\/wp-content\\\/uploads\\\/2025\\\/04\\\/33.png&quot;},{&quot;id&quot;:6762,&quot;url&quot;:&quot;https:\\\/\\\/www.patrim.net\\\/wp-content\\\/uploads\\\/2025\\\/04\\\/27.png&quot;},{&quot;id&quot;:6806,&quot;url&quot;:&quot;https:\\\/\\\/www.patrim.net\\\/wp-content\\\/uploads\\\/2025\\\/04\\\/38.png&quot;},{&quot;id&quot;:6758,&quot;url&quot;:&quot;https:\\\/\\\/www.patrim.net\\\/wp-content\\\/uploads\\\/2025\\\/04\\\/26.png&quot;},{&quot;id&quot;:6790,&quot;url&quot;:&quot;https:\\\/\\\/www.patrim.net\\\/wp-content\\\/uploads\\\/2025\\\/04\\\/34.png&quot;},{&quot;id&quot;:6770,&quot;url&quot;:&quot;https:\\\/\\\/www.patrim.net\\\/wp-content\\\/uploads\\\/2025\\\/04\\\/29.png&quot;}],&quot;background_slideshow_slide_duration&quot;:20000,&quot;background_slideshow_ken_burns&quot;:&quot;yes&quot;,&quot;background_slideshow_loop&quot;:&quot;yes&quot;,&quot;background_slideshow_slide_transition&quot;:&quot;fade&quot;,&quot;background_slideshow_transition_duration&quot;:500,&quot;background_slideshow_ken_burns_zoom_direction&quot;:&quot;in&quot;}\">\n\t\t\t\t\t<div class=\"e-con-inner\">\n\t\t\t\t<div class=\"elementor-element elementor-element-cd31286 elementor-hidden-desktop elementor-hidden-tablet elementor-widget elementor-widget-spacer\" data-id=\"cd31286\" data-element_type=\"widget\" data-widget_type=\"spacer.default\">\n\t\t\t\t<div class=\"elementor-widget-container\">\n\t\t\t\t\t\t\t<div class=\"elementor-spacer\">\n\t\t\t<div class=\"elementor-spacer-inner\"><\/div>\n\t\t<\/div>\n\t\t\t\t\t\t<\/div>\n\t\t\t\t<\/div>\n\t\t\t\t<div class=\"elementor-element elementor-element-c1db5c2 elementor-widget elementor-widget-heading\" data-id=\"c1db5c2\" data-element_type=\"widget\" data-widget_type=\"heading.default\">\n\t\t\t\t<div class=\"elementor-widget-container\">\n\t\t\t\t\t<h2 class=\"elementor-heading-title elementor-size-default\">R\u00e9seau PATRIM<\/h2>\t\t\t\t<\/div>\n\t\t\t\t<\/div>\n\t\t\t\t<div class=\"elementor-element elementor-element-3db24a7 elementor-widget elementor-widget-heading\" data-id=\"3db24a7\" data-element_type=\"widget\" data-widget_type=\"heading.default\">\n\t\t\t\t<div class=\"elementor-widget-container\">\n\t\t\t\t\t<h2 class=\"elementor-heading-title elementor-size-default\">Unis par l'h\u00e9ritage, connect\u00e9s \u00e0 l'avenir<\/h2>\t\t\t\t<\/div>\n\t\t\t\t<\/div>\n\t\t\t\t\t<\/div>\n\t\t\t\t<\/div>\n\t\t<div class=\"elementor-element elementor-element-5bfce05 e-flex e-con-boxed wpr-particle-no wpr-jarallax-no wpr-parallax-no wpr-sticky-section-no e-con e-parent\" data-id=\"5bfce05\" data-element_type=\"container\">\n\t\t\t\t\t<div class=\"e-con-inner\">\n\t\t<div class=\"elementor-element elementor-element-5645a5e e-con-full e-flex wpr-particle-no wpr-jarallax-no wpr-parallax-no wpr-sticky-section-no e-con e-child\" data-id=\"5645a5e\" data-element_type=\"container\">\n\t\t\t\t<div class=\"elementor-element elementor-element-f784c07 elementor-widget__width-initial elementor-widget elementor-widget-text-editor\" data-id=\"f784c07\" data-element_type=\"widget\" data-widget_type=\"text-editor.default\">\n\t\t\t\t<div class=\"elementor-widget-container\">\n\t\t\t\t\t\t\t\t\t<p>Les Pyr\u00e9n\u00e9es n&#8217;ont jamais \u00e9t\u00e9 une fronti\u00e8re ferm\u00e9e, mais plut\u00f4t un t<strong>erritoire d&#8217;\u00e9changes constants<\/strong>. Depuis <strong>2008<\/strong>, le r\u00e9seau PATRIM a r\u00e9uni de nombreux partenaires des deux c\u00f4t\u00e9s de la cha\u00eene de montagnes, cr\u00e9ant ainsi un <strong>espace de coop\u00e9ration dynamique<\/strong> qui s&#8217;est d\u00e9velopp\u00e9 et adapt\u00e9 au fil du temps.<\/p><p>Actuellement, le projet <strong>PATRIM 4.0<\/strong>, dans le cadre du programme <strong>POCTEFA<\/strong>, rassemble un ensemble de partenaires et de centres associ\u00e9s qui \u0153uvrent ensemble pour promouvoir une gestion int\u00e9grale du patrimoine dans la r\u00e9gion.<\/p><p>Cependant, le <strong>r\u00e9seau PATRIM<\/strong> va bien plus loin\u00a0: il regroupe toutes les entit\u00e9s et tous les collaborateurs qui, au fil des ans, ont particip\u00e9 aux diff\u00e9rentes initiatives. Ensemble, nous continuons de partager cet esprit de coop\u00e9ration et cet engagement envers le patrimoine pyr\u00e9n\u00e9en.<\/p>\t\t\t\t\t\t\t\t<\/div>\n\t\t\t\t<\/div>\n\t\t\t\t<\/div>\n\t\t<div class=\"elementor-element elementor-element-5ffe490 e-con-full e-flex wpr-particle-no wpr-jarallax-no wpr-parallax-no wpr-sticky-section-no e-con e-child\" data-id=\"5ffe490\" data-element_type=\"container\">\n\t\t\t\t<div class=\"elementor-element elementor-element-e896b35 e-transform e-transform elementor-align-center elementor-widget elementor-widget-button\" data-id=\"e896b35\" data-element_type=\"widget\" data-settings=\"{&quot;_transform_scale_effect_hover&quot;:{&quot;unit&quot;:&quot;px&quot;,&quot;size&quot;:1.1,&quot;sizes&quot;:[]},&quot;_transform_scale_effect&quot;:{&quot;unit&quot;:&quot;px&quot;,&quot;size&quot;:&quot;&quot;,&quot;sizes&quot;:[]},&quot;_transform_scale_effect_tablet&quot;:{&quot;unit&quot;:&quot;px&quot;,&quot;size&quot;:&quot;&quot;,&quot;sizes&quot;:[]},&quot;_transform_scale_effect_mobile&quot;:{&quot;unit&quot;:&quot;px&quot;,&quot;size&quot;:&quot;&quot;,&quot;sizes&quot;:[]},&quot;_transform_scale_effect_hover_tablet&quot;:{&quot;unit&quot;:&quot;px&quot;,&quot;size&quot;:&quot;&quot;,&quot;sizes&quot;:[]},&quot;_transform_scale_effect_hover_mobile&quot;:{&quot;unit&quot;:&quot;px&quot;,&quot;size&quot;:&quot;&quot;,&quot;sizes&quot;:[]}}\" data-widget_type=\"button.default\">\n\t\t\t\t<div class=\"elementor-widget-container\">\n\t\t\t\t\t\t\t\t\t<div class=\"elementor-button-wrapper\">\n\t\t\t\t\t<a class=\"elementor-button elementor-button-link elementor-size-sm\" href=\"https:\/\/www.patrim.net\/patrim-4-0\/\">\n\t\t\t\t\t\t<span class=\"elementor-button-content-wrapper\">\n\t\t\t\t\t\t\t\t\t<span class=\"elementor-button-text\">\u00c0 propos du projet PATRIM 4.0<\/span>\n\t\t\t\t\t<\/span>\n\t\t\t\t\t<\/a>\n\t\t\t\t<\/div>\n\t\t\t\t\t\t\t\t<\/div>\n\t\t\t\t<\/div>\n\t\t\t\t<div class=\"elementor-element elementor-element-df6e537 e-transform e-transform elementor-align-center elementor-widget elementor-widget-button\" data-id=\"df6e537\" data-element_type=\"widget\" data-settings=\"{&quot;_transform_scale_effect_hover&quot;:{&quot;unit&quot;:&quot;px&quot;,&quot;size&quot;:1.1,&quot;sizes&quot;:[]},&quot;_transform_scale_effect&quot;:{&quot;unit&quot;:&quot;px&quot;,&quot;size&quot;:&quot;&quot;,&quot;sizes&quot;:[]},&quot;_transform_scale_effect_tablet&quot;:{&quot;unit&quot;:&quot;px&quot;,&quot;size&quot;:&quot;&quot;,&quot;sizes&quot;:[]},&quot;_transform_scale_effect_mobile&quot;:{&quot;unit&quot;:&quot;px&quot;,&quot;size&quot;:&quot;&quot;,&quot;sizes&quot;:[]},&quot;_transform_scale_effect_hover_tablet&quot;:{&quot;unit&quot;:&quot;px&quot;,&quot;size&quot;:&quot;&quot;,&quot;sizes&quot;:[]},&quot;_transform_scale_effect_hover_mobile&quot;:{&quot;unit&quot;:&quot;px&quot;,&quot;size&quot;:&quot;&quot;,&quot;sizes&quot;:[]}}\" data-widget_type=\"button.default\">\n\t\t\t\t<div class=\"elementor-widget-container\">\n\t\t\t\t\t\t\t\t\t<div class=\"elementor-button-wrapper\">\n\t\t\t\t\t<a class=\"elementor-button elementor-button-link elementor-size-sm\" href=\"https:\/\/www.patrim.net\/patrim-una-red-con-historia\/\">\n\t\t\t\t\t\t<span class=\"elementor-button-content-wrapper\">\n\t\t\t\t\t\t\t\t\t<span class=\"elementor-button-text\">\u00c0 propos de l'histoire de PATRIM<\/span>\n\t\t\t\t\t<\/span>\n\t\t\t\t\t<\/a>\n\t\t\t\t<\/div>\n\t\t\t\t\t\t\t\t<\/div>\n\t\t\t\t<\/div>\n\t\t\t\t<\/div>\n\t\t\t\t\t<\/div>\n\t\t\t\t<\/div>\n\t\t<div class=\"elementor-element elementor-element-ef64226 e-grid e-con-boxed wpr-particle-no wpr-jarallax-no wpr-parallax-no wpr-sticky-section-no e-con e-parent\" data-id=\"ef64226\" data-element_type=\"container\" data-settings=\"{&quot;background_background&quot;:&quot;classic&quot;}\">\n\t\t\t\t\t<div class=\"e-con-inner\">\n\t\t\t\t<div class=\"elementor-element elementor-element-1be504e wpr-advanced-text-style-highlighted wpr-animated-text-infinite-yes elementor-widget elementor-widget-wpr-advanced-text\" data-id=\"1be504e\" data-element_type=\"widget\" data-settings=\"{&quot;anim_loop&quot;:&quot;yes&quot;}\" data-widget_type=\"wpr-advanced-text.default\">\n\t\t\t\t<div class=\"elementor-widget-container\">\n\t\t\t\t\t\n\t\t<h3 class=\"wpr-advanced-text\">\n\n\t\t\t\t\t\n\t\t\t\t\t\t\t<span class=\"wpr-advanced-text-preffix\">Vous d\u00e9couvrirez ici toutes les entit\u00e9s qui composent le<\/span>\n\t\t\t\n\t\t<span class=\"wpr-highlighted-text\">\n\t\t\t\t\t\n\t\t\t<span class=\"wpr-highlighted-text-inner\">r\u00e9seau PATRIM<\/span>\n\n\t\t\t<svg xmlns=\"http:\/\/www.w3.org\/2000\/svg\" viewBox=\"0 0 500 150\" class=\"wpr-highlight-strikethrough\" preserveAspectRatio=\"none\">\n\t\t\t\t\t\t\t\t<path d=\"M4,74.8h499.3\"><\/path>\n\t\t\t\t\t\t\t<\/svg>\n\t\t\t\t\t<\/span>\n\t\t\t\t\n\t\t<\/h3>\n\t\t\n\t\t\t\t\t\t<\/div>\n\t\t\t\t<\/div>\n\t\t\t\t<div class=\"elementor-element elementor-element-5aec66c elementor-align-center e-transform elementor-widget elementor-widget-button\" data-id=\"5aec66c\" data-element_type=\"widget\" data-settings=\"{&quot;_transform_scale_effect_hover&quot;:{&quot;unit&quot;:&quot;px&quot;,&quot;size&quot;:1.1,&quot;sizes&quot;:[]},&quot;_transform_scale_effect_hover_tablet&quot;:{&quot;unit&quot;:&quot;px&quot;,&quot;size&quot;:&quot;&quot;,&quot;sizes&quot;:[]},&quot;_transform_scale_effect_hover_mobile&quot;:{&quot;unit&quot;:&quot;px&quot;,&quot;size&quot;:&quot;&quot;,&quot;sizes&quot;:[]}}\" data-widget_type=\"button.default\">\n\t\t\t\t<div class=\"elementor-widget-container\">\n\t\t\t\t\t\t\t\t\t<div class=\"elementor-button-wrapper\">\n\t\t\t\t\t<a class=\"elementor-button elementor-button-link elementor-size-sm\" href=\"#socios-patrim40\">\n\t\t\t\t\t\t<span class=\"elementor-button-content-wrapper\">\n\t\t\t\t\t\t\t\t\t<span class=\"elementor-button-text\">Partenaires PATRIM 4.0<\/span>\n\t\t\t\t\t<\/span>\n\t\t\t\t\t<\/a>\n\t\t\t\t<\/div>\n\t\t\t\t\t\t\t\t<\/div>\n\t\t\t\t<\/div>\n\t\t\t\t<div class=\"elementor-element elementor-element-c25926f elementor-align-center e-transform elementor-widget elementor-widget-button\" data-id=\"c25926f\" data-element_type=\"widget\" data-settings=\"{&quot;_transform_scale_effect_hover&quot;:{&quot;unit&quot;:&quot;px&quot;,&quot;size&quot;:1.1,&quot;sizes&quot;:[]},&quot;_transform_scale_effect_hover_tablet&quot;:{&quot;unit&quot;:&quot;px&quot;,&quot;size&quot;:&quot;&quot;,&quot;sizes&quot;:[]},&quot;_transform_scale_effect_hover_mobile&quot;:{&quot;unit&quot;:&quot;px&quot;,&quot;size&quot;:&quot;&quot;,&quot;sizes&quot;:[]}}\" data-widget_type=\"button.default\">\n\t\t\t\t<div class=\"elementor-widget-container\">\n\t\t\t\t\t\t\t\t\t<div class=\"elementor-button-wrapper\">\n\t\t\t\t\t<a class=\"elementor-button elementor-button-link elementor-size-sm\" href=\"#colaboradores\">\n\t\t\t\t\t\t<span class=\"elementor-button-content-wrapper\">\n\t\t\t\t\t\t\t\t\t<span class=\"elementor-button-text\">Collaborateurs du r\u00e9seau PATRIM<\/span>\n\t\t\t\t\t<\/span>\n\t\t\t\t\t<\/a>\n\t\t\t\t<\/div>\n\t\t\t\t\t\t\t\t<\/div>\n\t\t\t\t<\/div>\n\t\t\t\t\t<\/div>\n\t\t\t\t<\/div>\n\t\t<div class=\"elementor-element elementor-element-d942f76 e-flex e-con-boxed wpr-particle-no wpr-jarallax-no wpr-parallax-no wpr-sticky-section-no e-con e-parent\" data-id=\"d942f76\" data-element_type=\"container\" id=\"socios-patrim40\">\n\t\t\t\t\t<div class=\"e-con-inner\">\n\t\t\t\t<div class=\"elementor-element elementor-element-4c95e71 elementor-widget elementor-widget-heading\" data-id=\"4c95e71\" data-element_type=\"widget\" data-widget_type=\"heading.default\">\n\t\t\t\t<div class=\"elementor-widget-container\">\n\t\t\t\t\t<h2 class=\"elementor-heading-title elementor-size-default\">Partenaires PATRIM 4.0<\/h2>\t\t\t\t<\/div>\n\t\t\t\t<\/div>\n\t\t\t\t<div class=\"elementor-element elementor-element-2488c80 elementor-widget elementor-widget-text-editor\" data-id=\"2488c80\" data-element_type=\"widget\" data-widget_type=\"text-editor.default\">\n\t\t\t\t<div class=\"elementor-widget-container\">\n\t\t\t\t\t\t\t\t\t<p class=\"\" data-start=\"97\" data-end=\"412\">Le partenariat PATRIM 4.0, port\u00e9 par la mairie d&#8217;Ayerbe, regroupe des acteurs qui promeuvent une gestion innovante et durable du patrimoine culturel et des produits locaux dans les Pyr\u00e9n\u00e9es. Parmi ces acteurs figurent des mus\u00e9es, des centres culturels, des universit\u00e9s, des mairies et d&#8217;autres institutions locales.<\/p>\t\t\t\t\t\t\t\t<\/div>\n\t\t\t\t<\/div>\n\t\t\t\t\t<\/div>\n\t\t\t\t<\/div>\n\t\t<div class=\"elementor-element elementor-element-e0448c6 e-flex e-con-boxed wpr-particle-no wpr-jarallax-no wpr-parallax-no wpr-sticky-section-no e-con e-parent\" data-id=\"e0448c6\" data-element_type=\"container\">\n\t\t\t\t\t<div class=\"e-con-inner\">\n\t\t<div class=\"elementor-element elementor-element-6816645 e-con-full e-flex wpr-particle-no wpr-jarallax-no wpr-parallax-no wpr-sticky-section-no e-con e-child\" data-id=\"6816645\" data-element_type=\"container\">\n\t\t\t\t<div class=\"elementor-element elementor-element-b7b6428 elementor-widget elementor-widget-image\" data-id=\"b7b6428\" data-element_type=\"widget\" data-widget_type=\"image.default\">\n\t\t\t\t<div class=\"elementor-widget-container\">\n\t\t\t\t\t\t\t\t\t\t\t\t\t\t\t\t<a href=\"https:\/\/www.ayerbe.es\/\" target=\"_blank\">\n\t\t\t\t\t\t\t<img fetchpriority=\"high\" decoding=\"async\" width=\"1024\" height=\"1024\" src=\"https:\/\/www.patrim.net\/wp-content\/uploads\/2025\/04\/20-1-1024x1024.png\" class=\"attachment-large size-large wp-image-6902\" alt=\"\" srcset=\"https:\/\/www.patrim.net\/wp-content\/uploads\/2025\/04\/20-1-1024x1024.png 1024w, https:\/\/www.patrim.net\/wp-content\/uploads\/2025\/04\/20-1-300x300.png 300w, https:\/\/www.patrim.net\/wp-content\/uploads\/2025\/04\/20-1-150x150.png 150w, https:\/\/www.patrim.net\/wp-content\/uploads\/2025\/04\/20-1-768x768.png 768w, https:\/\/www.patrim.net\/wp-content\/uploads\/2025\/04\/20-1.png 1080w\" sizes=\"(max-width: 1024px) 100vw, 1024px\" \/>\t\t\t\t\t\t\t\t<\/a>\n\t\t\t\t\t\t\t\t\t\t\t\t\t\t\t<\/div>\n\t\t\t\t<\/div>\n\t\t\t\t<div class=\"elementor-element elementor-element-0768aed elementor-widget elementor-widget-heading\" data-id=\"0768aed\" data-element_type=\"widget\" data-widget_type=\"heading.default\">\n\t\t\t\t<div class=\"elementor-widget-container\">\n\t\t\t\t\t<h4 class=\"elementor-heading-title elementor-size-default\">Conseil municipal d'Ayerbe<\/h4>\t\t\t\t<\/div>\n\t\t\t\t<\/div>\n\t\t\t\t<div class=\"elementor-element elementor-element-9f1803f elementor-widget elementor-widget-text-editor\" data-id=\"9f1803f\" data-element_type=\"widget\" data-widget_type=\"text-editor.default\">\n\t\t\t\t<div class=\"elementor-widget-container\">\n\t\t\t\t\t\t\t\t\t<p class=\"\" data-start=\"209\" data-end=\"454\">Une municipalit\u00e9 aragonaise fortement impliqu\u00e9e dans la promotion de son territoire. Elle participe en tant que leader au projet, en promouvant des actions de valorisation du patrimoine comme moteur de d\u00e9veloppement rural et touristique.<\/p>\t\t\t\t\t\t\t\t<\/div>\n\t\t\t\t<\/div>\n\t\t\t\t<div class=\"elementor-element elementor-element-cfd174b elementor-align-center e-transform e-transform elementor-widget elementor-widget-button\" data-id=\"cfd174b\" data-element_type=\"widget\" data-settings=\"{&quot;_transform_scale_effect_hover&quot;:{&quot;unit&quot;:&quot;px&quot;,&quot;size&quot;:1.1,&quot;sizes&quot;:[]},&quot;_transform_scale_effect&quot;:{&quot;unit&quot;:&quot;px&quot;,&quot;size&quot;:&quot;&quot;,&quot;sizes&quot;:[]},&quot;_transform_scale_effect_tablet&quot;:{&quot;unit&quot;:&quot;px&quot;,&quot;size&quot;:&quot;&quot;,&quot;sizes&quot;:[]},&quot;_transform_scale_effect_mobile&quot;:{&quot;unit&quot;:&quot;px&quot;,&quot;size&quot;:&quot;&quot;,&quot;sizes&quot;:[]},&quot;_transform_scale_effect_hover_tablet&quot;:{&quot;unit&quot;:&quot;px&quot;,&quot;size&quot;:&quot;&quot;,&quot;sizes&quot;:[]},&quot;_transform_scale_effect_hover_mobile&quot;:{&quot;unit&quot;:&quot;px&quot;,&quot;size&quot;:&quot;&quot;,&quot;sizes&quot;:[]}}\" data-widget_type=\"button.default\">\n\t\t\t\t<div class=\"elementor-widget-container\">\n\t\t\t\t\t\t\t\t\t<div class=\"elementor-button-wrapper\">\n\t\t\t\t\t<a class=\"elementor-button elementor-button-link elementor-size-sm\" href=\"https:\/\/www.ayerbe.es\/\" target=\"_blank\">\n\t\t\t\t\t\t<span class=\"elementor-button-content-wrapper\">\n\t\t\t\t\t\t\t\t\t<span class=\"elementor-button-text\">Visitez leur site Web<\/span>\n\t\t\t\t\t<\/span>\n\t\t\t\t\t<\/a>\n\t\t\t\t<\/div>\n\t\t\t\t\t\t\t\t<\/div>\n\t\t\t\t<\/div>\n\t\t\t\t<\/div>\n\t\t<div class=\"elementor-element elementor-element-2c61a1a e-con-full e-flex wpr-particle-no wpr-jarallax-no wpr-parallax-no wpr-sticky-section-no e-con e-child\" data-id=\"2c61a1a\" data-element_type=\"container\">\n\t\t\t\t<div class=\"elementor-element elementor-element-1c6ba50 elementor-widget elementor-widget-image\" data-id=\"1c6ba50\" data-element_type=\"widget\" data-widget_type=\"image.default\">\n\t\t\t\t<div class=\"elementor-widget-container\">\n\t\t\t\t\t\t\t\t\t\t\t\t\t\t\t\t<a href=\"https:\/\/www.ecomuseu.com\/\" target=\"_blank\">\n\t\t\t\t\t\t\t<img decoding=\"async\" width=\"1024\" height=\"1024\" src=\"https:\/\/www.patrim.net\/wp-content\/uploads\/2025\/04\/21-1024x1024.png\" class=\"attachment-large size-large wp-image-6906\" alt=\"\" srcset=\"https:\/\/www.patrim.net\/wp-content\/uploads\/2025\/04\/21-1024x1024.png 1024w, https:\/\/www.patrim.net\/wp-content\/uploads\/2025\/04\/21-300x300.png 300w, https:\/\/www.patrim.net\/wp-content\/uploads\/2025\/04\/21-150x150.png 150w, https:\/\/www.patrim.net\/wp-content\/uploads\/2025\/04\/21-768x768.png 768w, https:\/\/www.patrim.net\/wp-content\/uploads\/2025\/04\/21.png 1080w\" sizes=\"(max-width: 1024px) 100vw, 1024px\" \/>\t\t\t\t\t\t\t\t<\/a>\n\t\t\t\t\t\t\t\t\t\t\t\t\t\t\t<\/div>\n\t\t\t\t<\/div>\n\t\t\t\t<div class=\"elementor-element elementor-element-91a6df4 elementor-widget elementor-widget-heading\" data-id=\"91a6df4\" data-element_type=\"widget\" data-widget_type=\"heading.default\">\n\t\t\t\t<div class=\"elementor-widget-container\">\n\t\t\t\t\t<h4 class=\"elementor-heading-title elementor-size-default\">Ecomuseu Valls D'\u00c0neu<\/h4>\t\t\t\t<\/div>\n\t\t\t\t<\/div>\n\t\t\t\t<div class=\"elementor-element elementor-element-d7dd8cb elementor-widget elementor-widget-text-editor\" data-id=\"d7dd8cb\" data-element_type=\"widget\" data-widget_type=\"text-editor.default\">\n\t\t\t\t<div class=\"elementor-widget-container\">\n\t\t\t\t\t\t\t\t\t<p class=\"\" data-start=\"528\" data-end=\"773\">Un mus\u00e9e territorial des Pyr\u00e9n\u00e9es catalanes \u00e0 approche participative. Il propose une exp\u00e9rience en gestion culturelle li\u00e9e \u00e0 l&#8217;environnement, mettant en valeur le r\u00f4le du patrimoine dans la durabilit\u00e9 et l&#8217;identit\u00e9 locale.<\/p>\t\t\t\t\t\t\t\t<\/div>\n\t\t\t\t<\/div>\n\t\t\t\t<div class=\"elementor-element elementor-element-fb518d7 elementor-align-center e-transform e-transform elementor-widget elementor-widget-button\" data-id=\"fb518d7\" data-element_type=\"widget\" data-settings=\"{&quot;_transform_scale_effect_hover&quot;:{&quot;unit&quot;:&quot;px&quot;,&quot;size&quot;:1.1,&quot;sizes&quot;:[]},&quot;_transform_scale_effect&quot;:{&quot;unit&quot;:&quot;px&quot;,&quot;size&quot;:&quot;&quot;,&quot;sizes&quot;:[]},&quot;_transform_scale_effect_tablet&quot;:{&quot;unit&quot;:&quot;px&quot;,&quot;size&quot;:&quot;&quot;,&quot;sizes&quot;:[]},&quot;_transform_scale_effect_mobile&quot;:{&quot;unit&quot;:&quot;px&quot;,&quot;size&quot;:&quot;&quot;,&quot;sizes&quot;:[]},&quot;_transform_scale_effect_hover_tablet&quot;:{&quot;unit&quot;:&quot;px&quot;,&quot;size&quot;:&quot;&quot;,&quot;sizes&quot;:[]},&quot;_transform_scale_effect_hover_mobile&quot;:{&quot;unit&quot;:&quot;px&quot;,&quot;size&quot;:&quot;&quot;,&quot;sizes&quot;:[]}}\" data-widget_type=\"button.default\">\n\t\t\t\t<div class=\"elementor-widget-container\">\n\t\t\t\t\t\t\t\t\t<div class=\"elementor-button-wrapper\">\n\t\t\t\t\t<a class=\"elementor-button elementor-button-link elementor-size-sm\" href=\"https:\/\/www.ecomuseu.com\/\" target=\"_blank\">\n\t\t\t\t\t\t<span class=\"elementor-button-content-wrapper\">\n\t\t\t\t\t\t\t\t\t<span class=\"elementor-button-text\">Visitez leur site Web<\/span>\n\t\t\t\t\t<\/span>\n\t\t\t\t\t<\/a>\n\t\t\t\t<\/div>\n\t\t\t\t\t\t\t\t<\/div>\n\t\t\t\t<\/div>\n\t\t\t\t<\/div>\n\t\t<div class=\"elementor-element elementor-element-f3ef404 e-con-full e-flex wpr-particle-no wpr-jarallax-no wpr-parallax-no wpr-sticky-section-no e-con e-child\" data-id=\"f3ef404\" data-element_type=\"container\">\n\t\t\t\t<div class=\"elementor-element elementor-element-fcbe024 elementor-widget elementor-widget-image\" data-id=\"fcbe024\" data-element_type=\"widget\" data-widget_type=\"image.default\">\n\t\t\t\t<div class=\"elementor-widget-container\">\n\t\t\t\t\t\t\t\t\t\t\t\t\t\t\t\t<a href=\"https:\/\/www.graus.es\/\" target=\"_blank\">\n\t\t\t\t\t\t\t<img decoding=\"async\" width=\"1024\" height=\"1024\" src=\"https:\/\/www.patrim.net\/wp-content\/uploads\/2025\/04\/22-1024x1024.png\" class=\"attachment-large size-large wp-image-6910\" alt=\"\" srcset=\"https:\/\/www.patrim.net\/wp-content\/uploads\/2025\/04\/22-1024x1024.png 1024w, https:\/\/www.patrim.net\/wp-content\/uploads\/2025\/04\/22-300x300.png 300w, https:\/\/www.patrim.net\/wp-content\/uploads\/2025\/04\/22-150x150.png 150w, https:\/\/www.patrim.net\/wp-content\/uploads\/2025\/04\/22-768x768.png 768w, https:\/\/www.patrim.net\/wp-content\/uploads\/2025\/04\/22.png 1080w\" sizes=\"(max-width: 1024px) 100vw, 1024px\" \/>\t\t\t\t\t\t\t\t<\/a>\n\t\t\t\t\t\t\t\t\t\t\t\t\t\t\t<\/div>\n\t\t\t\t<\/div>\n\t\t\t\t<div class=\"elementor-element elementor-element-41fc289 elementor-widget elementor-widget-heading\" data-id=\"41fc289\" data-element_type=\"widget\" data-widget_type=\"heading.default\">\n\t\t\t\t<div class=\"elementor-widget-container\">\n\t\t\t\t\t<h4 class=\"elementor-heading-title elementor-size-default\">Conseil municipal de Graus<\/h4>\t\t\t\t<\/div>\n\t\t\t\t<\/div>\n\t\t\t\t<div class=\"elementor-element elementor-element-362fed1 elementor-widget elementor-widget-text-editor\" data-id=\"362fed1\" data-element_type=\"widget\" data-widget_type=\"text-editor.default\">\n\t\t\t\t<div class=\"elementor-widget-container\">\n\t\t\t\t\t\t\t\t\t<p>Commune des Pyr\u00e9n\u00e9es aragonaises dot\u00e9e d&#8217;un important patrimoine culturel, sa participation favorise des projets qui renforcent les liens entre patrimoine, d\u00e9veloppement rural, \u00e9ducation et tourisme durable.<\/p>\t\t\t\t\t\t\t\t<\/div>\n\t\t\t\t<\/div>\n\t\t\t\t<div class=\"elementor-element elementor-element-55c62c4 elementor-align-center e-transform e-transform elementor-widget elementor-widget-button\" data-id=\"55c62c4\" data-element_type=\"widget\" data-settings=\"{&quot;_transform_scale_effect_hover&quot;:{&quot;unit&quot;:&quot;px&quot;,&quot;size&quot;:1.1,&quot;sizes&quot;:[]},&quot;_transform_scale_effect&quot;:{&quot;unit&quot;:&quot;px&quot;,&quot;size&quot;:&quot;&quot;,&quot;sizes&quot;:[]},&quot;_transform_scale_effect_tablet&quot;:{&quot;unit&quot;:&quot;px&quot;,&quot;size&quot;:&quot;&quot;,&quot;sizes&quot;:[]},&quot;_transform_scale_effect_mobile&quot;:{&quot;unit&quot;:&quot;px&quot;,&quot;size&quot;:&quot;&quot;,&quot;sizes&quot;:[]},&quot;_transform_scale_effect_hover_tablet&quot;:{&quot;unit&quot;:&quot;px&quot;,&quot;size&quot;:&quot;&quot;,&quot;sizes&quot;:[]},&quot;_transform_scale_effect_hover_mobile&quot;:{&quot;unit&quot;:&quot;px&quot;,&quot;size&quot;:&quot;&quot;,&quot;sizes&quot;:[]}}\" data-widget_type=\"button.default\">\n\t\t\t\t<div class=\"elementor-widget-container\">\n\t\t\t\t\t\t\t\t\t<div class=\"elementor-button-wrapper\">\n\t\t\t\t\t<a class=\"elementor-button elementor-button-link elementor-size-sm\" href=\"https:\/\/www.graus.es\/\" target=\"_blank\">\n\t\t\t\t\t\t<span class=\"elementor-button-content-wrapper\">\n\t\t\t\t\t\t\t\t\t<span class=\"elementor-button-text\">Visitez leur site Web<\/span>\n\t\t\t\t\t<\/span>\n\t\t\t\t\t<\/a>\n\t\t\t\t<\/div>\n\t\t\t\t\t\t\t\t<\/div>\n\t\t\t\t<\/div>\n\t\t\t\t<\/div>\n\t\t<div class=\"elementor-element elementor-element-ab7ee96 e-con-full e-flex wpr-particle-no wpr-jarallax-no wpr-parallax-no wpr-sticky-section-no e-con e-child\" data-id=\"ab7ee96\" data-element_type=\"container\">\n\t\t\t\t<div class=\"elementor-element elementor-element-ab418ef elementor-widget elementor-widget-image\" data-id=\"ab418ef\" data-element_type=\"widget\" data-widget_type=\"image.default\">\n\t\t\t\t<div class=\"elementor-widget-container\">\n\t\t\t\t\t\t\t\t\t\t\t\t\t\t\t\t<a href=\"https:\/\/hoyadehuesca.es\/INICIO\/index.html\" target=\"_blank\">\n\t\t\t\t\t\t\t<img loading=\"lazy\" decoding=\"async\" width=\"1024\" height=\"1024\" src=\"https:\/\/www.patrim.net\/wp-content\/uploads\/2025\/04\/23-1-1024x1024.png\" class=\"attachment-large size-large wp-image-6914\" alt=\"\" srcset=\"https:\/\/www.patrim.net\/wp-content\/uploads\/2025\/04\/23-1-1024x1024.png 1024w, https:\/\/www.patrim.net\/wp-content\/uploads\/2025\/04\/23-1-300x300.png 300w, https:\/\/www.patrim.net\/wp-content\/uploads\/2025\/04\/23-1-150x150.png 150w, https:\/\/www.patrim.net\/wp-content\/uploads\/2025\/04\/23-1-768x768.png 768w, https:\/\/www.patrim.net\/wp-content\/uploads\/2025\/04\/23-1.png 1080w\" sizes=\"(max-width: 1024px) 100vw, 1024px\" \/>\t\t\t\t\t\t\t\t<\/a>\n\t\t\t\t\t\t\t\t\t\t\t\t\t\t\t<\/div>\n\t\t\t\t<\/div>\n\t\t\t\t<div class=\"elementor-element elementor-element-8760db0 elementor-widget elementor-widget-heading\" data-id=\"8760db0\" data-element_type=\"widget\" data-widget_type=\"heading.default\">\n\t\t\t\t<div class=\"elementor-widget-container\">\n\t\t\t\t\t<h4 class=\"elementor-heading-title elementor-size-default\">R\u00e9gion de Hoya de Huesca<\/h4>\t\t\t\t<\/div>\n\t\t\t\t<\/div>\n\t\t\t\t<div class=\"elementor-element elementor-element-16cf667 elementor-widget elementor-widget-text-editor\" data-id=\"16cf667\" data-element_type=\"widget\" data-widget_type=\"text-editor.default\">\n\t\t\t\t<div class=\"elementor-widget-container\">\n\t\t\t\t\t\t\t\t\t<p>Organisme r\u00e9gional aragonais qui promeut le d\u00e9veloppement culturel. Il collabore \u00e0 des initiatives alliant patrimoine, paysage, innovation en mati\u00e8re d&#8217;exposition et produits locaux, dans une optique de d\u00e9veloppement durable.<\/p>\t\t\t\t\t\t\t\t<\/div>\n\t\t\t\t<\/div>\n\t\t\t\t<div class=\"elementor-element elementor-element-8b3faa3 elementor-align-center e-transform e-transform elementor-widget elementor-widget-button\" data-id=\"8b3faa3\" data-element_type=\"widget\" data-settings=\"{&quot;_transform_scale_effect_hover&quot;:{&quot;unit&quot;:&quot;px&quot;,&quot;size&quot;:1.1,&quot;sizes&quot;:[]},&quot;_transform_scale_effect&quot;:{&quot;unit&quot;:&quot;px&quot;,&quot;size&quot;:&quot;&quot;,&quot;sizes&quot;:[]},&quot;_transform_scale_effect_tablet&quot;:{&quot;unit&quot;:&quot;px&quot;,&quot;size&quot;:&quot;&quot;,&quot;sizes&quot;:[]},&quot;_transform_scale_effect_mobile&quot;:{&quot;unit&quot;:&quot;px&quot;,&quot;size&quot;:&quot;&quot;,&quot;sizes&quot;:[]},&quot;_transform_scale_effect_hover_tablet&quot;:{&quot;unit&quot;:&quot;px&quot;,&quot;size&quot;:&quot;&quot;,&quot;sizes&quot;:[]},&quot;_transform_scale_effect_hover_mobile&quot;:{&quot;unit&quot;:&quot;px&quot;,&quot;size&quot;:&quot;&quot;,&quot;sizes&quot;:[]}}\" data-widget_type=\"button.default\">\n\t\t\t\t<div class=\"elementor-widget-container\">\n\t\t\t\t\t\t\t\t\t<div class=\"elementor-button-wrapper\">\n\t\t\t\t\t<a class=\"elementor-button elementor-button-link elementor-size-sm\" href=\"https:\/\/hoyadehuesca.es\/INICIO\/index.html\" target=\"_blank\">\n\t\t\t\t\t\t<span class=\"elementor-button-content-wrapper\">\n\t\t\t\t\t\t\t\t\t<span class=\"elementor-button-text\">Visitez leur site Web<\/span>\n\t\t\t\t\t<\/span>\n\t\t\t\t\t<\/a>\n\t\t\t\t<\/div>\n\t\t\t\t\t\t\t\t<\/div>\n\t\t\t\t<\/div>\n\t\t\t\t<\/div>\n\t\t<div class=\"elementor-element elementor-element-78daa9c e-con-full e-flex wpr-particle-no wpr-jarallax-no wpr-parallax-no wpr-sticky-section-no e-con e-child\" data-id=\"78daa9c\" data-element_type=\"container\">\n\t\t\t\t<div class=\"elementor-element elementor-element-7358879 elementor-widget elementor-widget-image\" data-id=\"7358879\" data-element_type=\"widget\" data-widget_type=\"image.default\">\n\t\t\t\t<div class=\"elementor-widget-container\">\n\t\t\t\t\t\t\t\t\t\t\t\t\t\t\t\t<a href=\"https:\/\/somontano.org\/\" target=\"_blank\">\n\t\t\t\t\t\t\t<img loading=\"lazy\" decoding=\"async\" width=\"1024\" height=\"1024\" src=\"https:\/\/www.patrim.net\/wp-content\/uploads\/2025\/04\/24-1-1024x1024.png\" class=\"attachment-large size-large wp-image-6918\" alt=\"\" srcset=\"https:\/\/www.patrim.net\/wp-content\/uploads\/2025\/04\/24-1-1024x1024.png 1024w, https:\/\/www.patrim.net\/wp-content\/uploads\/2025\/04\/24-1-300x300.png 300w, https:\/\/www.patrim.net\/wp-content\/uploads\/2025\/04\/24-1-150x150.png 150w, https:\/\/www.patrim.net\/wp-content\/uploads\/2025\/04\/24-1-768x768.png 768w, https:\/\/www.patrim.net\/wp-content\/uploads\/2025\/04\/24-1.png 1080w\" sizes=\"(max-width: 1024px) 100vw, 1024px\" \/>\t\t\t\t\t\t\t\t<\/a>\n\t\t\t\t\t\t\t\t\t\t\t\t\t\t\t<\/div>\n\t\t\t\t<\/div>\n\t\t\t\t<div class=\"elementor-element elementor-element-6a33dac elementor-widget elementor-widget-heading\" data-id=\"6a33dac\" data-element_type=\"widget\" data-widget_type=\"heading.default\">\n\t\t\t\t<div class=\"elementor-widget-container\">\n\t\t\t\t\t<h4 class=\"elementor-heading-title elementor-size-default\">R\u00e9gion du Somontano de Barbastro<\/h4>\t\t\t\t<\/div>\n\t\t\t\t<\/div>\n\t\t\t\t<div class=\"elementor-element elementor-element-a5657b7 elementor-widget elementor-widget-text-editor\" data-id=\"a5657b7\" data-element_type=\"widget\" data-widget_type=\"text-editor.default\">\n\t\t\t\t<div class=\"elementor-widget-container\">\n\t\t\t\t\t\t\t\t\t<p>Une r\u00e9gion aragonaise fortement li\u00e9e \u00e0 la culture, au paysage et au vin. Elle participe \u00e0 des initiatives valorisant le patrimoine rural, l&#8217;\u00e9conomie circulaire et le tourisme responsable.<\/p>\t\t\t\t\t\t\t\t<\/div>\n\t\t\t\t<\/div>\n\t\t\t\t<div class=\"elementor-element elementor-element-a9e6fcc elementor-align-center e-transform e-transform elementor-widget elementor-widget-button\" data-id=\"a9e6fcc\" data-element_type=\"widget\" data-settings=\"{&quot;_transform_scale_effect_hover&quot;:{&quot;unit&quot;:&quot;px&quot;,&quot;size&quot;:1.1,&quot;sizes&quot;:[]},&quot;_transform_scale_effect&quot;:{&quot;unit&quot;:&quot;px&quot;,&quot;size&quot;:&quot;&quot;,&quot;sizes&quot;:[]},&quot;_transform_scale_effect_tablet&quot;:{&quot;unit&quot;:&quot;px&quot;,&quot;size&quot;:&quot;&quot;,&quot;sizes&quot;:[]},&quot;_transform_scale_effect_mobile&quot;:{&quot;unit&quot;:&quot;px&quot;,&quot;size&quot;:&quot;&quot;,&quot;sizes&quot;:[]},&quot;_transform_scale_effect_hover_tablet&quot;:{&quot;unit&quot;:&quot;px&quot;,&quot;size&quot;:&quot;&quot;,&quot;sizes&quot;:[]},&quot;_transform_scale_effect_hover_mobile&quot;:{&quot;unit&quot;:&quot;px&quot;,&quot;size&quot;:&quot;&quot;,&quot;sizes&quot;:[]}}\" data-widget_type=\"button.default\">\n\t\t\t\t<div class=\"elementor-widget-container\">\n\t\t\t\t\t\t\t\t\t<div class=\"elementor-button-wrapper\">\n\t\t\t\t\t<a class=\"elementor-button elementor-button-link elementor-size-sm\" href=\"https:\/\/somontano.org\/\" target=\"_blank\">\n\t\t\t\t\t\t<span class=\"elementor-button-content-wrapper\">\n\t\t\t\t\t\t\t\t\t<span class=\"elementor-button-text\">Visitez leur site Web<\/span>\n\t\t\t\t\t<\/span>\n\t\t\t\t\t<\/a>\n\t\t\t\t<\/div>\n\t\t\t\t\t\t\t\t<\/div>\n\t\t\t\t<\/div>\n\t\t\t\t<\/div>\n\t\t<div class=\"elementor-element elementor-element-d697046 e-con-full e-flex wpr-particle-no wpr-jarallax-no wpr-parallax-no wpr-sticky-section-no e-con e-child\" data-id=\"d697046\" data-element_type=\"container\">\n\t\t\t\t<div class=\"elementor-element elementor-element-0b2da1a elementor-widget elementor-widget-image\" data-id=\"0b2da1a\" data-element_type=\"widget\" data-widget_type=\"image.default\">\n\t\t\t\t<div class=\"elementor-widget-container\">\n\t\t\t\t\t\t\t\t\t\t\t\t\t\t\t\t<a href=\"https:\/\/www.cribagorza.org\/\" target=\"_blank\">\n\t\t\t\t\t\t\t<img loading=\"lazy\" decoding=\"async\" width=\"1024\" height=\"1024\" src=\"https:\/\/www.patrim.net\/wp-content\/uploads\/2025\/04\/25-1024x1024.png\" class=\"attachment-large size-large wp-image-6922\" alt=\"\" srcset=\"https:\/\/www.patrim.net\/wp-content\/uploads\/2025\/04\/25-1024x1024.png 1024w, https:\/\/www.patrim.net\/wp-content\/uploads\/2025\/04\/25-300x300.png 300w, https:\/\/www.patrim.net\/wp-content\/uploads\/2025\/04\/25-150x150.png 150w, https:\/\/www.patrim.net\/wp-content\/uploads\/2025\/04\/25-768x768.png 768w, https:\/\/www.patrim.net\/wp-content\/uploads\/2025\/04\/25.png 1080w\" sizes=\"(max-width: 1024px) 100vw, 1024px\" \/>\t\t\t\t\t\t\t\t<\/a>\n\t\t\t\t\t\t\t\t\t\t\t\t\t\t\t<\/div>\n\t\t\t\t<\/div>\n\t\t\t\t<div class=\"elementor-element elementor-element-2772b7f elementor-widget elementor-widget-heading\" data-id=\"2772b7f\" data-element_type=\"widget\" data-widget_type=\"heading.default\">\n\t\t\t\t<div class=\"elementor-widget-container\">\n\t\t\t\t\t<h4 class=\"elementor-heading-title elementor-size-default\">R\u00e9gion de Ribagorza<\/h4>\t\t\t\t<\/div>\n\t\t\t\t<\/div>\n\t\t\t\t<div class=\"elementor-element elementor-element-000da65 elementor-widget elementor-widget-text-editor\" data-id=\"000da65\" data-element_type=\"widget\" data-widget_type=\"text-editor.default\">\n\t\t\t\t<div class=\"elementor-widget-container\">\n\t\t\t\t\t\t\t\t\t<p>Territoire pyr\u00e9n\u00e9en caract\u00e9ris\u00e9 par la richesse de son patrimoine et de ses ressources naturelles. Il collabore \u00e0 des initiatives visant \u00e0 renforcer le r\u00f4le du patrimoine dans le d\u00e9veloppement culturel et touristique.<\/p>\t\t\t\t\t\t\t\t<\/div>\n\t\t\t\t<\/div>\n\t\t\t\t<div class=\"elementor-element elementor-element-7b3768b elementor-align-center e-transform e-transform elementor-widget elementor-widget-button\" data-id=\"7b3768b\" data-element_type=\"widget\" data-settings=\"{&quot;_transform_scale_effect_hover&quot;:{&quot;unit&quot;:&quot;px&quot;,&quot;size&quot;:1.1,&quot;sizes&quot;:[]},&quot;_transform_scale_effect&quot;:{&quot;unit&quot;:&quot;px&quot;,&quot;size&quot;:&quot;&quot;,&quot;sizes&quot;:[]},&quot;_transform_scale_effect_tablet&quot;:{&quot;unit&quot;:&quot;px&quot;,&quot;size&quot;:&quot;&quot;,&quot;sizes&quot;:[]},&quot;_transform_scale_effect_mobile&quot;:{&quot;unit&quot;:&quot;px&quot;,&quot;size&quot;:&quot;&quot;,&quot;sizes&quot;:[]},&quot;_transform_scale_effect_hover_tablet&quot;:{&quot;unit&quot;:&quot;px&quot;,&quot;size&quot;:&quot;&quot;,&quot;sizes&quot;:[]},&quot;_transform_scale_effect_hover_mobile&quot;:{&quot;unit&quot;:&quot;px&quot;,&quot;size&quot;:&quot;&quot;,&quot;sizes&quot;:[]}}\" data-widget_type=\"button.default\">\n\t\t\t\t<div class=\"elementor-widget-container\">\n\t\t\t\t\t\t\t\t\t<div class=\"elementor-button-wrapper\">\n\t\t\t\t\t<a class=\"elementor-button elementor-button-link elementor-size-sm\" href=\"https:\/\/www.cribagorza.org\/\" target=\"_blank\">\n\t\t\t\t\t\t<span class=\"elementor-button-content-wrapper\">\n\t\t\t\t\t\t\t\t\t<span class=\"elementor-button-text\">Visitez leur site Web<\/span>\n\t\t\t\t\t<\/span>\n\t\t\t\t\t<\/a>\n\t\t\t\t<\/div>\n\t\t\t\t\t\t\t\t<\/div>\n\t\t\t\t<\/div>\n\t\t\t\t<\/div>\n\t\t<div class=\"elementor-element elementor-element-86c19d5 e-con-full e-flex wpr-particle-no wpr-jarallax-no wpr-parallax-no wpr-sticky-section-no e-con e-child\" data-id=\"86c19d5\" data-element_type=\"container\">\n\t\t\t\t<div class=\"elementor-element elementor-element-ec36556 elementor-widget elementor-widget-image\" data-id=\"ec36556\" data-element_type=\"widget\" data-widget_type=\"image.default\">\n\t\t\t\t<div class=\"elementor-widget-container\">\n\t\t\t\t\t\t\t\t\t\t\t\t\t\t\t\t<a href=\"https:\/\/k6gestioncultural.com\/\" target=\"_blank\">\n\t\t\t\t\t\t\t<img loading=\"lazy\" decoding=\"async\" width=\"1024\" height=\"1024\" src=\"https:\/\/www.patrim.net\/wp-content\/uploads\/2025\/04\/26-1-1024x1024.png\" class=\"attachment-large size-large wp-image-6926\" alt=\"\" srcset=\"https:\/\/www.patrim.net\/wp-content\/uploads\/2025\/04\/26-1-1024x1024.png 1024w, https:\/\/www.patrim.net\/wp-content\/uploads\/2025\/04\/26-1-300x300.png 300w, https:\/\/www.patrim.net\/wp-content\/uploads\/2025\/04\/26-1-150x150.png 150w, https:\/\/www.patrim.net\/wp-content\/uploads\/2025\/04\/26-1-768x768.png 768w, https:\/\/www.patrim.net\/wp-content\/uploads\/2025\/04\/26-1.png 1080w\" sizes=\"(max-width: 1024px) 100vw, 1024px\" \/>\t\t\t\t\t\t\t\t<\/a>\n\t\t\t\t\t\t\t\t\t\t\t\t\t\t\t<\/div>\n\t\t\t\t<\/div>\n\t\t\t\t<div class=\"elementor-element elementor-element-27c03e9 elementor-widget elementor-widget-heading\" data-id=\"27c03e9\" data-element_type=\"widget\" data-widget_type=\"heading.default\">\n\t\t\t\t<div class=\"elementor-widget-container\">\n\t\t\t\t\t<h4 class=\"elementor-heading-title elementor-size-default\">K6 Gesti\u00f3n Cultural SL\n<\/h4>\t\t\t\t<\/div>\n\t\t\t\t<\/div>\n\t\t\t\t<div class=\"elementor-element elementor-element-534cb93 elementor-widget elementor-widget-text-editor\" data-id=\"534cb93\" data-element_type=\"widget\" data-widget_type=\"text-editor.default\">\n\t\t\t\t<div class=\"elementor-widget-container\">\n\t\t\t\t\t\t\t\t\t<p>Entreprise de cr\u00e9ation, programmation et gestion de projets culturels, de mus\u00e9es et de centres culturels. Elle fournit des outils pour la cr\u00e9ation d\u2019exp\u00e9riences innovantes centr\u00e9es sur le patrimoine.<\/p>\t\t\t\t\t\t\t\t<\/div>\n\t\t\t\t<\/div>\n\t\t\t\t<div class=\"elementor-element elementor-element-46cae06 elementor-align-center e-transform e-transform elementor-widget elementor-widget-button\" data-id=\"46cae06\" data-element_type=\"widget\" data-settings=\"{&quot;_transform_scale_effect_hover&quot;:{&quot;unit&quot;:&quot;px&quot;,&quot;size&quot;:1.1,&quot;sizes&quot;:[]},&quot;_transform_scale_effect&quot;:{&quot;unit&quot;:&quot;px&quot;,&quot;size&quot;:&quot;&quot;,&quot;sizes&quot;:[]},&quot;_transform_scale_effect_tablet&quot;:{&quot;unit&quot;:&quot;px&quot;,&quot;size&quot;:&quot;&quot;,&quot;sizes&quot;:[]},&quot;_transform_scale_effect_mobile&quot;:{&quot;unit&quot;:&quot;px&quot;,&quot;size&quot;:&quot;&quot;,&quot;sizes&quot;:[]},&quot;_transform_scale_effect_hover_tablet&quot;:{&quot;unit&quot;:&quot;px&quot;,&quot;size&quot;:&quot;&quot;,&quot;sizes&quot;:[]},&quot;_transform_scale_effect_hover_mobile&quot;:{&quot;unit&quot;:&quot;px&quot;,&quot;size&quot;:&quot;&quot;,&quot;sizes&quot;:[]}}\" data-widget_type=\"button.default\">\n\t\t\t\t<div class=\"elementor-widget-container\">\n\t\t\t\t\t\t\t\t\t<div class=\"elementor-button-wrapper\">\n\t\t\t\t\t<a class=\"elementor-button elementor-button-link elementor-size-sm\" href=\"https:\/\/k6gestioncultural.com\/\" target=\"_blank\">\n\t\t\t\t\t\t<span class=\"elementor-button-content-wrapper\">\n\t\t\t\t\t\t\t\t\t<span class=\"elementor-button-text\">Visitez leur site Web<\/span>\n\t\t\t\t\t<\/span>\n\t\t\t\t\t<\/a>\n\t\t\t\t<\/div>\n\t\t\t\t\t\t\t\t<\/div>\n\t\t\t\t<\/div>\n\t\t\t\t<\/div>\n\t\t<div class=\"elementor-element elementor-element-6eb63e7 e-con-full e-flex wpr-particle-no wpr-jarallax-no wpr-parallax-no wpr-sticky-section-no e-con e-child\" data-id=\"6eb63e7\" data-element_type=\"container\">\n\t\t\t\t<div class=\"elementor-element elementor-element-626cc07 elementor-widget elementor-widget-image\" data-id=\"626cc07\" data-element_type=\"widget\" data-widget_type=\"image.default\">\n\t\t\t\t<div class=\"elementor-widget-container\">\n\t\t\t\t\t\t\t\t\t\t\t\t\t\t\t\t<a href=\"https:\/\/www.turismozugarramurdi.com\/\" target=\"_blank\">\n\t\t\t\t\t\t\t<img loading=\"lazy\" decoding=\"async\" width=\"1024\" height=\"1024\" src=\"https:\/\/www.patrim.net\/wp-content\/uploads\/2025\/04\/27-1-1024x1024.png\" class=\"attachment-large size-large wp-image-6930\" alt=\"\" srcset=\"https:\/\/www.patrim.net\/wp-content\/uploads\/2025\/04\/27-1-1024x1024.png 1024w, https:\/\/www.patrim.net\/wp-content\/uploads\/2025\/04\/27-1-300x300.png 300w, https:\/\/www.patrim.net\/wp-content\/uploads\/2025\/04\/27-1-150x150.png 150w, https:\/\/www.patrim.net\/wp-content\/uploads\/2025\/04\/27-1-768x768.png 768w, https:\/\/www.patrim.net\/wp-content\/uploads\/2025\/04\/27-1.png 1080w\" sizes=\"(max-width: 1024px) 100vw, 1024px\" \/>\t\t\t\t\t\t\t\t<\/a>\n\t\t\t\t\t\t\t\t\t\t\t\t\t\t\t<\/div>\n\t\t\t\t<\/div>\n\t\t\t\t<div class=\"elementor-element elementor-element-d85581a elementor-widget elementor-widget-heading\" data-id=\"d85581a\" data-element_type=\"widget\" data-widget_type=\"heading.default\">\n\t\t\t\t<div class=\"elementor-widget-container\">\n\t\t\t\t\t<h4 class=\"elementor-heading-title elementor-size-default\">Zugarramurdiko Garapena SL<\/h4>\t\t\t\t<\/div>\n\t\t\t\t<\/div>\n\t\t\t\t<div class=\"elementor-element elementor-element-f07cb89 elementor-widget elementor-widget-text-editor\" data-id=\"f07cb89\" data-element_type=\"widget\" data-widget_type=\"text-editor.default\">\n\t\t\t\t<div class=\"elementor-widget-container\">\n\t\t\t\t\t\t\t\t\t<p>Organisation de d\u00e9veloppement rural li\u00e9e au Mus\u00e9e des Sorci\u00e8res de Zugarramurdi. Sa collaboration repose sur des propositions alliant culture, tourisme et d\u00e9veloppement durable en milieu rural.<\/p>\t\t\t\t\t\t\t\t<\/div>\n\t\t\t\t<\/div>\n\t\t\t\t<div class=\"elementor-element elementor-element-56d3e2f elementor-align-center e-transform e-transform elementor-widget elementor-widget-button\" data-id=\"56d3e2f\" data-element_type=\"widget\" data-settings=\"{&quot;_transform_scale_effect_hover&quot;:{&quot;unit&quot;:&quot;px&quot;,&quot;size&quot;:1.1,&quot;sizes&quot;:[]},&quot;_transform_scale_effect&quot;:{&quot;unit&quot;:&quot;px&quot;,&quot;size&quot;:&quot;&quot;,&quot;sizes&quot;:[]},&quot;_transform_scale_effect_tablet&quot;:{&quot;unit&quot;:&quot;px&quot;,&quot;size&quot;:&quot;&quot;,&quot;sizes&quot;:[]},&quot;_transform_scale_effect_mobile&quot;:{&quot;unit&quot;:&quot;px&quot;,&quot;size&quot;:&quot;&quot;,&quot;sizes&quot;:[]},&quot;_transform_scale_effect_hover_tablet&quot;:{&quot;unit&quot;:&quot;px&quot;,&quot;size&quot;:&quot;&quot;,&quot;sizes&quot;:[]},&quot;_transform_scale_effect_hover_mobile&quot;:{&quot;unit&quot;:&quot;px&quot;,&quot;size&quot;:&quot;&quot;,&quot;sizes&quot;:[]}}\" data-widget_type=\"button.default\">\n\t\t\t\t<div class=\"elementor-widget-container\">\n\t\t\t\t\t\t\t\t\t<div class=\"elementor-button-wrapper\">\n\t\t\t\t\t<a class=\"elementor-button elementor-button-link elementor-size-sm\" href=\"https:\/\/www.turismozugarramurdi.com\/\" target=\"_blank\">\n\t\t\t\t\t\t<span class=\"elementor-button-content-wrapper\">\n\t\t\t\t\t\t\t\t\t<span class=\"elementor-button-text\">Visitez leur site Web<\/span>\n\t\t\t\t\t<\/span>\n\t\t\t\t\t<\/a>\n\t\t\t\t<\/div>\n\t\t\t\t\t\t\t\t<\/div>\n\t\t\t\t<\/div>\n\t\t\t\t<\/div>\n\t\t<div class=\"elementor-element elementor-element-b74db6c e-con-full e-flex wpr-particle-no wpr-jarallax-no wpr-parallax-no wpr-sticky-section-no e-con e-child\" data-id=\"b74db6c\" data-element_type=\"container\">\n\t\t\t\t<div class=\"elementor-element elementor-element-adf7bee elementor-widget elementor-widget-image\" data-id=\"adf7bee\" data-element_type=\"widget\" data-widget_type=\"image.default\">\n\t\t\t\t<div class=\"elementor-widget-container\">\n\t\t\t\t\t\t\t\t\t\t\t\t\t\t\t\t<a href=\"https:\/\/beaudean.fr\/\" target=\"_blank\">\n\t\t\t\t\t\t\t<img loading=\"lazy\" decoding=\"async\" width=\"1024\" height=\"1024\" src=\"https:\/\/www.patrim.net\/wp-content\/uploads\/2025\/04\/28-1-1024x1024.png\" class=\"attachment-large size-large wp-image-6934\" alt=\"\" srcset=\"https:\/\/www.patrim.net\/wp-content\/uploads\/2025\/04\/28-1-1024x1024.png 1024w, https:\/\/www.patrim.net\/wp-content\/uploads\/2025\/04\/28-1-300x300.png 300w, https:\/\/www.patrim.net\/wp-content\/uploads\/2025\/04\/28-1-150x150.png 150w, https:\/\/www.patrim.net\/wp-content\/uploads\/2025\/04\/28-1-768x768.png 768w, https:\/\/www.patrim.net\/wp-content\/uploads\/2025\/04\/28-1.png 1080w\" sizes=\"(max-width: 1024px) 100vw, 1024px\" \/>\t\t\t\t\t\t\t\t<\/a>\n\t\t\t\t\t\t\t\t\t\t\t\t\t\t\t<\/div>\n\t\t\t\t<\/div>\n\t\t\t\t<div class=\"elementor-element elementor-element-7d9552c elementor-widget elementor-widget-heading\" data-id=\"7d9552c\" data-element_type=\"widget\" data-widget_type=\"heading.default\">\n\t\t\t\t<div class=\"elementor-widget-container\">\n\t\t\t\t\t<h4 class=\"elementor-heading-title elementor-size-default\">Commune de Beaud\u00e9an<\/h4>\t\t\t\t<\/div>\n\t\t\t\t<\/div>\n\t\t\t\t<div class=\"elementor-element elementor-element-115eb98 elementor-widget elementor-widget-text-editor\" data-id=\"115eb98\" data-element_type=\"widget\" data-widget_type=\"text-editor.default\">\n\t\t\t\t<div class=\"elementor-widget-container\">\n\t\t\t\t\t\t\t\t\t<p>Commune fran\u00e7aise dot\u00e9e d&#8217;un important mus\u00e9e de pal\u00e9ontologie, elle participe \u00e0 des initiatives visant \u00e0 valoriser le patrimoine scientifique comme ressource p\u00e9dagogique et attraction culturelle locale.<\/p>\t\t\t\t\t\t\t\t<\/div>\n\t\t\t\t<\/div>\n\t\t\t\t<div class=\"elementor-element elementor-element-db842b6 elementor-align-center e-transform e-transform elementor-widget elementor-widget-button\" data-id=\"db842b6\" data-element_type=\"widget\" data-settings=\"{&quot;_transform_scale_effect_hover&quot;:{&quot;unit&quot;:&quot;px&quot;,&quot;size&quot;:1.1,&quot;sizes&quot;:[]},&quot;_transform_scale_effect&quot;:{&quot;unit&quot;:&quot;px&quot;,&quot;size&quot;:&quot;&quot;,&quot;sizes&quot;:[]},&quot;_transform_scale_effect_tablet&quot;:{&quot;unit&quot;:&quot;px&quot;,&quot;size&quot;:&quot;&quot;,&quot;sizes&quot;:[]},&quot;_transform_scale_effect_mobile&quot;:{&quot;unit&quot;:&quot;px&quot;,&quot;size&quot;:&quot;&quot;,&quot;sizes&quot;:[]},&quot;_transform_scale_effect_hover_tablet&quot;:{&quot;unit&quot;:&quot;px&quot;,&quot;size&quot;:&quot;&quot;,&quot;sizes&quot;:[]},&quot;_transform_scale_effect_hover_mobile&quot;:{&quot;unit&quot;:&quot;px&quot;,&quot;size&quot;:&quot;&quot;,&quot;sizes&quot;:[]}}\" data-widget_type=\"button.default\">\n\t\t\t\t<div class=\"elementor-widget-container\">\n\t\t\t\t\t\t\t\t\t<div class=\"elementor-button-wrapper\">\n\t\t\t\t\t<a class=\"elementor-button elementor-button-link elementor-size-sm\" href=\"https:\/\/beaudean.fr\/\" target=\"_blank\">\n\t\t\t\t\t\t<span class=\"elementor-button-content-wrapper\">\n\t\t\t\t\t\t\t\t\t<span class=\"elementor-button-text\">Visitez leur site Web<\/span>\n\t\t\t\t\t<\/span>\n\t\t\t\t\t<\/a>\n\t\t\t\t<\/div>\n\t\t\t\t\t\t\t\t<\/div>\n\t\t\t\t<\/div>\n\t\t\t\t<\/div>\n\t\t<div class=\"elementor-element elementor-element-cc981f0 e-con-full e-flex wpr-particle-no wpr-jarallax-no wpr-parallax-no wpr-sticky-section-no e-con e-child\" data-id=\"cc981f0\" data-element_type=\"container\">\n\t\t\t\t<div class=\"elementor-element elementor-element-cfa01c6 elementor-widget elementor-widget-image\" data-id=\"cfa01c6\" data-element_type=\"widget\" data-widget_type=\"image.default\">\n\t\t\t\t<div class=\"elementor-widget-container\">\n\t\t\t\t\t\t\t\t\t\t\t\t\t\t\t\t<a href=\"https:\/\/www.saintlary.com\/hiver\/preparation-du-sejour\/office-de-tourisme-de-saint-lary\/\" target=\"_blank\">\n\t\t\t\t\t\t\t<img loading=\"lazy\" decoding=\"async\" width=\"1024\" height=\"1024\" src=\"https:\/\/www.patrim.net\/wp-content\/uploads\/2025\/04\/29-1-1024x1024.png\" class=\"attachment-large size-large wp-image-6938\" alt=\"\" srcset=\"https:\/\/www.patrim.net\/wp-content\/uploads\/2025\/04\/29-1-1024x1024.png 1024w, https:\/\/www.patrim.net\/wp-content\/uploads\/2025\/04\/29-1-300x300.png 300w, https:\/\/www.patrim.net\/wp-content\/uploads\/2025\/04\/29-1-150x150.png 150w, https:\/\/www.patrim.net\/wp-content\/uploads\/2025\/04\/29-1-768x768.png 768w, https:\/\/www.patrim.net\/wp-content\/uploads\/2025\/04\/29-1.png 1080w\" sizes=\"(max-width: 1024px) 100vw, 1024px\" \/>\t\t\t\t\t\t\t\t<\/a>\n\t\t\t\t\t\t\t\t\t\t\t\t\t\t\t<\/div>\n\t\t\t\t<\/div>\n\t\t\t\t<div class=\"elementor-element elementor-element-d8dd2fb elementor-widget elementor-widget-heading\" data-id=\"d8dd2fb\" data-element_type=\"widget\" data-widget_type=\"heading.default\">\n\t\t\t\t<div class=\"elementor-widget-container\">\n\t\t\t\t\t<h4 class=\"elementor-heading-title elementor-size-default\">Office de Tourisme de Saint-Lary<\/h4>\t\t\t\t<\/div>\n\t\t\t\t<\/div>\n\t\t\t\t<div class=\"elementor-element elementor-element-da9dff9 elementor-widget elementor-widget-text-editor\" data-id=\"da9dff9\" data-element_type=\"widget\" data-widget_type=\"text-editor.default\">\n\t\t\t\t<div class=\"elementor-widget-container\">\n\t\t\t\t\t\t\t\t\t<p>L&#8217;Office de Tourisme de Saint-Lary, engag\u00e9 dans la promotion culturelle, collabore \u00e0 la promotion d&#8217;exp\u00e9riences touristiques durables int\u00e9grant patrimoine naturel et culture locale.<\/p>\t\t\t\t\t\t\t\t<\/div>\n\t\t\t\t<\/div>\n\t\t\t\t<div class=\"elementor-element elementor-element-62944ac elementor-align-center e-transform e-transform elementor-widget elementor-widget-button\" data-id=\"62944ac\" data-element_type=\"widget\" data-settings=\"{&quot;_transform_scale_effect_hover&quot;:{&quot;unit&quot;:&quot;px&quot;,&quot;size&quot;:1.1,&quot;sizes&quot;:[]},&quot;_transform_scale_effect&quot;:{&quot;unit&quot;:&quot;px&quot;,&quot;size&quot;:&quot;&quot;,&quot;sizes&quot;:[]},&quot;_transform_scale_effect_tablet&quot;:{&quot;unit&quot;:&quot;px&quot;,&quot;size&quot;:&quot;&quot;,&quot;sizes&quot;:[]},&quot;_transform_scale_effect_mobile&quot;:{&quot;unit&quot;:&quot;px&quot;,&quot;size&quot;:&quot;&quot;,&quot;sizes&quot;:[]},&quot;_transform_scale_effect_hover_tablet&quot;:{&quot;unit&quot;:&quot;px&quot;,&quot;size&quot;:&quot;&quot;,&quot;sizes&quot;:[]},&quot;_transform_scale_effect_hover_mobile&quot;:{&quot;unit&quot;:&quot;px&quot;,&quot;size&quot;:&quot;&quot;,&quot;sizes&quot;:[]}}\" data-widget_type=\"button.default\">\n\t\t\t\t<div class=\"elementor-widget-container\">\n\t\t\t\t\t\t\t\t\t<div class=\"elementor-button-wrapper\">\n\t\t\t\t\t<a class=\"elementor-button elementor-button-link elementor-size-sm\" href=\"https:\/\/www.saintlary.com\/hiver\/preparation-du-sejour\/office-de-tourisme-de-saint-lary\/\" target=\"_blank\">\n\t\t\t\t\t\t<span class=\"elementor-button-content-wrapper\">\n\t\t\t\t\t\t\t\t\t<span class=\"elementor-button-text\">Visitez leur site Web<\/span>\n\t\t\t\t\t<\/span>\n\t\t\t\t\t<\/a>\n\t\t\t\t<\/div>\n\t\t\t\t\t\t\t\t<\/div>\n\t\t\t\t<\/div>\n\t\t\t\t<\/div>\n\t\t<div class=\"elementor-element elementor-element-6ccd6a2 e-con-full e-flex wpr-particle-no wpr-jarallax-no wpr-parallax-no wpr-sticky-section-no e-con e-child\" data-id=\"6ccd6a2\" data-element_type=\"container\">\n\t\t\t\t<div class=\"elementor-element elementor-element-06aef74 elementor-widget elementor-widget-image\" data-id=\"06aef74\" data-element_type=\"widget\" data-widget_type=\"image.default\">\n\t\t\t\t<div class=\"elementor-widget-container\">\n\t\t\t\t\t\t\t\t\t\t\t\t\t\t\t\t<a href=\"https:\/\/neste-barousse.fr\/\" target=\"_blank\">\n\t\t\t\t\t\t\t<img loading=\"lazy\" decoding=\"async\" width=\"1024\" height=\"1024\" src=\"https:\/\/www.patrim.net\/wp-content\/uploads\/2025\/04\/30-1-1024x1024.png\" class=\"attachment-large size-large wp-image-6942\" alt=\"\" srcset=\"https:\/\/www.patrim.net\/wp-content\/uploads\/2025\/04\/30-1-1024x1024.png 1024w, https:\/\/www.patrim.net\/wp-content\/uploads\/2025\/04\/30-1-300x300.png 300w, https:\/\/www.patrim.net\/wp-content\/uploads\/2025\/04\/30-1-150x150.png 150w, https:\/\/www.patrim.net\/wp-content\/uploads\/2025\/04\/30-1-768x768.png 768w, https:\/\/www.patrim.net\/wp-content\/uploads\/2025\/04\/30-1.png 1080w\" sizes=\"(max-width: 1024px) 100vw, 1024px\" \/>\t\t\t\t\t\t\t\t<\/a>\n\t\t\t\t\t\t\t\t\t\t\t\t\t\t\t<\/div>\n\t\t\t\t<\/div>\n\t\t\t\t<div class=\"elementor-element elementor-element-9e7abbe elementor-widget elementor-widget-heading\" data-id=\"9e7abbe\" data-element_type=\"widget\" data-widget_type=\"heading.default\">\n\t\t\t\t<div class=\"elementor-widget-container\">\n\t\t\t\t\t<h4 class=\"elementor-heading-title elementor-size-default\">Neste Barousse<\/h4>\t\t\t\t<\/div>\n\t\t\t\t<\/div>\n\t\t\t\t<div class=\"elementor-element elementor-element-cb1ceca elementor-widget elementor-widget-text-editor\" data-id=\"cb1ceca\" data-element_type=\"widget\" data-widget_type=\"text-editor.default\">\n\t\t\t\t<div class=\"elementor-widget-container\">\n\t\t\t\t\t\t\t\t\t<p class=\"\" data-start=\"2563\" data-end=\"2791\">Communaut\u00e9 de communes des Hautes-Pyr\u00e9n\u00e9es. Elle participe \u00e0 la coop\u00e9ration transfrontali\u00e8re et \u00e0 la gestion int\u00e9gr\u00e9e du patrimoine, \u00e9l\u00e9ment cl\u00e9 du d\u00e9veloppement rural et de la revitalisation sociale.<\/p>\t\t\t\t\t\t\t\t<\/div>\n\t\t\t\t<\/div>\n\t\t\t\t<div class=\"elementor-element elementor-element-49fcac3 elementor-align-center e-transform e-transform elementor-widget elementor-widget-button\" data-id=\"49fcac3\" data-element_type=\"widget\" data-settings=\"{&quot;_transform_scale_effect_hover&quot;:{&quot;unit&quot;:&quot;px&quot;,&quot;size&quot;:1.1,&quot;sizes&quot;:[]},&quot;_transform_scale_effect&quot;:{&quot;unit&quot;:&quot;px&quot;,&quot;size&quot;:&quot;&quot;,&quot;sizes&quot;:[]},&quot;_transform_scale_effect_tablet&quot;:{&quot;unit&quot;:&quot;px&quot;,&quot;size&quot;:&quot;&quot;,&quot;sizes&quot;:[]},&quot;_transform_scale_effect_mobile&quot;:{&quot;unit&quot;:&quot;px&quot;,&quot;size&quot;:&quot;&quot;,&quot;sizes&quot;:[]},&quot;_transform_scale_effect_hover_tablet&quot;:{&quot;unit&quot;:&quot;px&quot;,&quot;size&quot;:&quot;&quot;,&quot;sizes&quot;:[]},&quot;_transform_scale_effect_hover_mobile&quot;:{&quot;unit&quot;:&quot;px&quot;,&quot;size&quot;:&quot;&quot;,&quot;sizes&quot;:[]}}\" data-widget_type=\"button.default\">\n\t\t\t\t<div class=\"elementor-widget-container\">\n\t\t\t\t\t\t\t\t\t<div class=\"elementor-button-wrapper\">\n\t\t\t\t\t<a class=\"elementor-button elementor-button-link elementor-size-sm\" href=\"https:\/\/neste-barousse.fr\/\" target=\"_blank\">\n\t\t\t\t\t\t<span class=\"elementor-button-content-wrapper\">\n\t\t\t\t\t\t\t\t\t<span class=\"elementor-button-text\">Visitez leur site Web<\/span>\n\t\t\t\t\t<\/span>\n\t\t\t\t\t<\/a>\n\t\t\t\t<\/div>\n\t\t\t\t\t\t\t\t<\/div>\n\t\t\t\t<\/div>\n\t\t\t\t<\/div>\n\t\t<div class=\"elementor-element elementor-element-0341753 e-con-full e-flex wpr-particle-no wpr-jarallax-no wpr-parallax-no wpr-sticky-section-no e-con e-child\" data-id=\"0341753\" data-element_type=\"container\">\n\t\t\t\t<div class=\"elementor-element elementor-element-bfc9508 elementor-widget elementor-widget-image\" data-id=\"bfc9508\" data-element_type=\"widget\" data-widget_type=\"image.default\">\n\t\t\t\t<div class=\"elementor-widget-container\">\n\t\t\t\t\t\t\t\t\t\t\t\t\t\t\t\t<a href=\"https:\/\/web.ub.edu\/es\/\">\n\t\t\t\t\t\t\t<img loading=\"lazy\" decoding=\"async\" width=\"1024\" height=\"1024\" src=\"https:\/\/www.patrim.net\/wp-content\/uploads\/2025\/04\/31-1-1024x1024.png\" class=\"attachment-large size-large wp-image-6946\" alt=\"\" srcset=\"https:\/\/www.patrim.net\/wp-content\/uploads\/2025\/04\/31-1-1024x1024.png 1024w, https:\/\/www.patrim.net\/wp-content\/uploads\/2025\/04\/31-1-300x300.png 300w, https:\/\/www.patrim.net\/wp-content\/uploads\/2025\/04\/31-1-150x150.png 150w, https:\/\/www.patrim.net\/wp-content\/uploads\/2025\/04\/31-1-768x768.png 768w, https:\/\/www.patrim.net\/wp-content\/uploads\/2025\/04\/31-1.png 1080w\" sizes=\"(max-width: 1024px) 100vw, 1024px\" \/>\t\t\t\t\t\t\t\t<\/a>\n\t\t\t\t\t\t\t\t\t\t\t\t\t\t\t<\/div>\n\t\t\t\t<\/div>\n\t\t\t\t<div class=\"elementor-element elementor-element-529073d elementor-widget elementor-widget-heading\" data-id=\"529073d\" data-element_type=\"widget\" data-widget_type=\"heading.default\">\n\t\t\t\t<div class=\"elementor-widget-container\">\n\t\t\t\t\t<h4 class=\"elementor-heading-title elementor-size-default\">Universit\u00e9 de Barcelone<\/h4>\t\t\t\t<\/div>\n\t\t\t\t<\/div>\n\t\t\t\t<div class=\"elementor-element elementor-element-7f10412 elementor-widget elementor-widget-text-editor\" data-id=\"7f10412\" data-element_type=\"widget\" data-widget_type=\"text-editor.default\">\n\t\t\t\t<div class=\"elementor-widget-container\">\n\t\t\t\t\t\t\t\t\t<p class=\"\" data-start=\"2797\" data-end=\"3019\">Universit\u00e9 publique reconnue pour ses \u00e9tudes patrimoniales, elle propose des propositions de recherche et d&#8217;enseignement qui renforcent la dimension \u00e9ducative du projet.<\/p>\t\t\t\t\t\t\t\t<\/div>\n\t\t\t\t<\/div>\n\t\t\t\t<div class=\"elementor-element elementor-element-a544791 elementor-align-center e-transform e-transform elementor-widget elementor-widget-button\" data-id=\"a544791\" data-element_type=\"widget\" data-settings=\"{&quot;_transform_scale_effect_hover&quot;:{&quot;unit&quot;:&quot;px&quot;,&quot;size&quot;:1.1,&quot;sizes&quot;:[]},&quot;_transform_scale_effect&quot;:{&quot;unit&quot;:&quot;px&quot;,&quot;size&quot;:&quot;&quot;,&quot;sizes&quot;:[]},&quot;_transform_scale_effect_tablet&quot;:{&quot;unit&quot;:&quot;px&quot;,&quot;size&quot;:&quot;&quot;,&quot;sizes&quot;:[]},&quot;_transform_scale_effect_mobile&quot;:{&quot;unit&quot;:&quot;px&quot;,&quot;size&quot;:&quot;&quot;,&quot;sizes&quot;:[]},&quot;_transform_scale_effect_hover_tablet&quot;:{&quot;unit&quot;:&quot;px&quot;,&quot;size&quot;:&quot;&quot;,&quot;sizes&quot;:[]},&quot;_transform_scale_effect_hover_mobile&quot;:{&quot;unit&quot;:&quot;px&quot;,&quot;size&quot;:&quot;&quot;,&quot;sizes&quot;:[]}}\" data-widget_type=\"button.default\">\n\t\t\t\t<div class=\"elementor-widget-container\">\n\t\t\t\t\t\t\t\t\t<div class=\"elementor-button-wrapper\">\n\t\t\t\t\t<a class=\"elementor-button elementor-button-link elementor-size-sm\" href=\"https:\/\/web.ub.edu\/es\/\">\n\t\t\t\t\t\t<span class=\"elementor-button-content-wrapper\">\n\t\t\t\t\t\t\t\t\t<span class=\"elementor-button-text\">Visitez leur site Web<\/span>\n\t\t\t\t\t<\/span>\n\t\t\t\t\t<\/a>\n\t\t\t\t<\/div>\n\t\t\t\t\t\t\t\t<\/div>\n\t\t\t\t<\/div>\n\t\t\t\t<\/div>\n\t\t<div class=\"elementor-element elementor-element-bc33c5e e-con-full e-flex wpr-particle-no wpr-jarallax-no wpr-parallax-no wpr-sticky-section-no e-con e-child\" data-id=\"bc33c5e\" data-element_type=\"container\">\n\t\t\t\t<div class=\"elementor-element elementor-element-3b660b7 elementor-widget elementor-widget-image\" data-id=\"3b660b7\" data-element_type=\"widget\" data-widget_type=\"image.default\">\n\t\t\t\t<div class=\"elementor-widget-container\">\n\t\t\t\t\t\t\t\t\t\t\t\t\t\t\t\t<a href=\"https:\/\/www.uab.cat\/\" target=\"_blank\">\n\t\t\t\t\t\t\t<img loading=\"lazy\" decoding=\"async\" width=\"1024\" height=\"1024\" src=\"https:\/\/www.patrim.net\/wp-content\/uploads\/2025\/04\/32-1-1024x1024.png\" class=\"attachment-large size-large wp-image-6950\" alt=\"\" srcset=\"https:\/\/www.patrim.net\/wp-content\/uploads\/2025\/04\/32-1-1024x1024.png 1024w, https:\/\/www.patrim.net\/wp-content\/uploads\/2025\/04\/32-1-300x300.png 300w, https:\/\/www.patrim.net\/wp-content\/uploads\/2025\/04\/32-1-150x150.png 150w, https:\/\/www.patrim.net\/wp-content\/uploads\/2025\/04\/32-1-768x768.png 768w, https:\/\/www.patrim.net\/wp-content\/uploads\/2025\/04\/32-1.png 1080w\" sizes=\"(max-width: 1024px) 100vw, 1024px\" \/>\t\t\t\t\t\t\t\t<\/a>\n\t\t\t\t\t\t\t\t\t\t\t\t\t\t\t<\/div>\n\t\t\t\t<\/div>\n\t\t\t\t<div class=\"elementor-element elementor-element-bafa787 elementor-widget elementor-widget-heading\" data-id=\"bafa787\" data-element_type=\"widget\" data-widget_type=\"heading.default\">\n\t\t\t\t<div class=\"elementor-widget-container\">\n\t\t\t\t\t<h4 class=\"elementor-heading-title elementor-size-default\">Universit\u00e9 autonome de Barcelone<\/h4>\t\t\t\t<\/div>\n\t\t\t\t<\/div>\n\t\t\t\t<div class=\"elementor-element elementor-element-b5913c6 elementor-widget elementor-widget-text-editor\" data-id=\"b5913c6\" data-element_type=\"widget\" data-widget_type=\"text-editor.default\">\n\t\t\t\t<div class=\"elementor-widget-container\">\n\t\t\t\t\t\t\t\t\t<p>Universit\u00e9 sp\u00e9cialis\u00e9 dans le patrimoine, l&#8217;\u00e9ducation et la mus\u00e9ologie, il collabore \u00e0 des analyses et propositions scientifiques alliant m\u00e9diation culturelle et participation sociale.<\/p>\t\t\t\t\t\t\t\t<\/div>\n\t\t\t\t<\/div>\n\t\t\t\t<div class=\"elementor-element elementor-element-1c563c2 elementor-align-center e-transform e-transform elementor-widget elementor-widget-button\" data-id=\"1c563c2\" data-element_type=\"widget\" data-settings=\"{&quot;_transform_scale_effect_hover&quot;:{&quot;unit&quot;:&quot;px&quot;,&quot;size&quot;:1.1,&quot;sizes&quot;:[]},&quot;_transform_scale_effect&quot;:{&quot;unit&quot;:&quot;px&quot;,&quot;size&quot;:&quot;&quot;,&quot;sizes&quot;:[]},&quot;_transform_scale_effect_tablet&quot;:{&quot;unit&quot;:&quot;px&quot;,&quot;size&quot;:&quot;&quot;,&quot;sizes&quot;:[]},&quot;_transform_scale_effect_mobile&quot;:{&quot;unit&quot;:&quot;px&quot;,&quot;size&quot;:&quot;&quot;,&quot;sizes&quot;:[]},&quot;_transform_scale_effect_hover_tablet&quot;:{&quot;unit&quot;:&quot;px&quot;,&quot;size&quot;:&quot;&quot;,&quot;sizes&quot;:[]},&quot;_transform_scale_effect_hover_mobile&quot;:{&quot;unit&quot;:&quot;px&quot;,&quot;size&quot;:&quot;&quot;,&quot;sizes&quot;:[]}}\" data-widget_type=\"button.default\">\n\t\t\t\t<div class=\"elementor-widget-container\">\n\t\t\t\t\t\t\t\t\t<div class=\"elementor-button-wrapper\">\n\t\t\t\t\t<a class=\"elementor-button elementor-button-link elementor-size-sm\" href=\"https:\/\/www.uab.cat\/\" target=\"_blank\">\n\t\t\t\t\t\t<span class=\"elementor-button-content-wrapper\">\n\t\t\t\t\t\t\t\t\t<span class=\"elementor-button-text\">Visitez leur site Web<\/span>\n\t\t\t\t\t<\/span>\n\t\t\t\t\t<\/a>\n\t\t\t\t<\/div>\n\t\t\t\t\t\t\t\t<\/div>\n\t\t\t\t<\/div>\n\t\t\t\t<\/div>\n\t\t<div class=\"elementor-element elementor-element-5675b6f e-con-full e-flex wpr-particle-no wpr-jarallax-no wpr-parallax-no wpr-sticky-section-no e-con e-child\" data-id=\"5675b6f\" data-element_type=\"container\">\n\t\t\t\t<div class=\"elementor-element elementor-element-754b446 elementor-widget elementor-widget-image\" data-id=\"754b446\" data-element_type=\"widget\" data-widget_type=\"image.default\">\n\t\t\t\t<div class=\"elementor-widget-container\">\n\t\t\t\t\t\t\t\t\t\t\t\t\t\t\t\t<a href=\"https:\/\/www.ehu.eus\/LR_mantentze_lanak\/index.html.var\" target=\"_blank\">\n\t\t\t\t\t\t\t<img loading=\"lazy\" decoding=\"async\" width=\"1024\" height=\"1024\" src=\"https:\/\/www.patrim.net\/wp-content\/uploads\/2025\/04\/33-1-1024x1024.png\" class=\"attachment-large size-large wp-image-6954\" alt=\"\" srcset=\"https:\/\/www.patrim.net\/wp-content\/uploads\/2025\/04\/33-1-1024x1024.png 1024w, https:\/\/www.patrim.net\/wp-content\/uploads\/2025\/04\/33-1-300x300.png 300w, https:\/\/www.patrim.net\/wp-content\/uploads\/2025\/04\/33-1-150x150.png 150w, https:\/\/www.patrim.net\/wp-content\/uploads\/2025\/04\/33-1-768x768.png 768w, https:\/\/www.patrim.net\/wp-content\/uploads\/2025\/04\/33-1.png 1080w\" sizes=\"(max-width: 1024px) 100vw, 1024px\" \/>\t\t\t\t\t\t\t\t<\/a>\n\t\t\t\t\t\t\t\t\t\t\t\t\t\t\t<\/div>\n\t\t\t\t<\/div>\n\t\t\t\t<div class=\"elementor-element elementor-element-36c75c2 elementor-widget elementor-widget-heading\" data-id=\"36c75c2\" data-element_type=\"widget\" data-widget_type=\"heading.default\">\n\t\t\t\t<div class=\"elementor-widget-container\">\n\t\t\t\t\t<h4 class=\"elementor-heading-title elementor-size-default\">Universit\u00e9 du Pays Basque<\/h4>\t\t\t\t<\/div>\n\t\t\t\t<\/div>\n\t\t\t\t<div class=\"elementor-element elementor-element-b92a31f elementor-widget elementor-widget-text-editor\" data-id=\"b92a31f\" data-element_type=\"widget\" data-widget_type=\"text-editor.default\">\n\t\t\t\t<div class=\"elementor-widget-container\">\n\t\t\t\t\t\t\t\t\t<p>Une universit\u00e9 qui participe, avec des \u00e9quipes sp\u00e9cialis\u00e9es, \u00e0 l&#8217;innovation p\u00e9dagogique et au patrimoine. Elle apporte des connaissances techniques, des m\u00e9thodologies participatives et un transfert de connaissances \u00e0 la r\u00e9gion.<\/p>\t\t\t\t\t\t\t\t<\/div>\n\t\t\t\t<\/div>\n\t\t\t\t<div class=\"elementor-element elementor-element-f9189ae elementor-align-center e-transform e-transform elementor-widget elementor-widget-button\" data-id=\"f9189ae\" data-element_type=\"widget\" data-settings=\"{&quot;_transform_scale_effect_hover&quot;:{&quot;unit&quot;:&quot;px&quot;,&quot;size&quot;:1.1,&quot;sizes&quot;:[]},&quot;_transform_scale_effect&quot;:{&quot;unit&quot;:&quot;px&quot;,&quot;size&quot;:&quot;&quot;,&quot;sizes&quot;:[]},&quot;_transform_scale_effect_tablet&quot;:{&quot;unit&quot;:&quot;px&quot;,&quot;size&quot;:&quot;&quot;,&quot;sizes&quot;:[]},&quot;_transform_scale_effect_mobile&quot;:{&quot;unit&quot;:&quot;px&quot;,&quot;size&quot;:&quot;&quot;,&quot;sizes&quot;:[]},&quot;_transform_scale_effect_hover_tablet&quot;:{&quot;unit&quot;:&quot;px&quot;,&quot;size&quot;:&quot;&quot;,&quot;sizes&quot;:[]},&quot;_transform_scale_effect_hover_mobile&quot;:{&quot;unit&quot;:&quot;px&quot;,&quot;size&quot;:&quot;&quot;,&quot;sizes&quot;:[]}}\" data-widget_type=\"button.default\">\n\t\t\t\t<div class=\"elementor-widget-container\">\n\t\t\t\t\t\t\t\t\t<div class=\"elementor-button-wrapper\">\n\t\t\t\t\t<a class=\"elementor-button elementor-button-link elementor-size-sm\" href=\"https:\/\/www.ehu.eus\/LR_mantentze_lanak\/index.html.var\" target=\"_blank\">\n\t\t\t\t\t\t<span class=\"elementor-button-content-wrapper\">\n\t\t\t\t\t\t\t\t\t<span class=\"elementor-button-text\">Visitez leur site Web<\/span>\n\t\t\t\t\t<\/span>\n\t\t\t\t\t<\/a>\n\t\t\t\t<\/div>\n\t\t\t\t\t\t\t\t<\/div>\n\t\t\t\t<\/div>\n\t\t\t\t<\/div>\n\t\t<div class=\"elementor-element elementor-element-3c9aa24 e-con-full e-flex wpr-particle-no wpr-jarallax-no wpr-parallax-no wpr-sticky-section-no e-con e-child\" data-id=\"3c9aa24\" data-element_type=\"container\">\n\t\t\t\t<\/div>\n\t\t\t\t\t<\/div>\n\t\t\t\t<\/div>\n\t\t<div class=\"elementor-element elementor-element-fda4543 e-flex e-con-boxed wpr-particle-no wpr-jarallax-no wpr-parallax-no wpr-sticky-section-no e-con e-parent\" data-id=\"fda4543\" data-element_type=\"container\">\n\t\t\t\t\t<div class=\"e-con-inner\">\n\t\t\t\t<div class=\"elementor-element elementor-element-f3c9bbc elementor-widget-divider--view-line elementor-widget elementor-widget-divider\" data-id=\"f3c9bbc\" data-element_type=\"widget\" data-widget_type=\"divider.default\">\n\t\t\t\t<div class=\"elementor-widget-container\">\n\t\t\t\t\t\t\t<div class=\"elementor-divider\">\n\t\t\t<span class=\"elementor-divider-separator\">\n\t\t\t\t\t\t<\/span>\n\t\t<\/div>\n\t\t\t\t\t\t<\/div>\n\t\t\t\t<\/div>\n\t\t\t\t\t<\/div>\n\t\t\t\t<\/div>\n\t\t<div class=\"elementor-element elementor-element-c28041b e-flex e-con-boxed wpr-particle-no wpr-jarallax-no wpr-parallax-no wpr-sticky-section-no e-con e-parent\" data-id=\"c28041b\" data-element_type=\"container\">\n\t\t\t\t\t<div class=\"e-con-inner\">\n\t\t\t\t<div class=\"elementor-element elementor-element-733d546 elementor-widget elementor-widget-heading\" data-id=\"733d546\" data-element_type=\"widget\" data-widget_type=\"heading.default\">\n\t\t\t\t<div class=\"elementor-widget-container\">\n\t\t\t\t\t<h3 class=\"elementor-heading-title elementor-size-default\">Centres<\/h3>\t\t\t\t<\/div>\n\t\t\t\t<\/div>\n\t\t\t\t\t<\/div>\n\t\t\t\t<\/div>\n\t\t<div class=\"elementor-element elementor-element-f1741ae e-flex e-con-boxed wpr-particle-no wpr-jarallax-no wpr-parallax-no wpr-sticky-section-no e-con e-parent\" data-id=\"f1741ae\" data-element_type=\"container\">\n\t\t\t\t\t<div class=\"e-con-inner\">\n\t\t\t\t<div class=\"elementor-element elementor-element-10dca83 elementor-widget elementor-widget-text-editor\" data-id=\"10dca83\" data-element_type=\"widget\" data-widget_type=\"text-editor.default\">\n\t\t\t\t<div class=\"elementor-widget-container\">\n\t\t\t\t\t\t\t\t\t<p class=\"\" data-start=\"53\" data-end=\"442\">Outre les organisations partenaires du projet, Patrim 4.0 b\u00e9n\u00e9ficie du soutien de nombreux centres qui collaborent activement au d\u00e9veloppement de ses initiatives. Ces centres, en lien avec les principaux partenaires, \u00e9largissent la port\u00e9e du projet et enrichissent le r\u00e9seau gr\u00e2ce \u00e0 leur exp\u00e9rience, leur connaissance du territoire et leur lien direct avec les communaut\u00e9s locales.<\/p>\t\t\t\t\t\t\t\t<\/div>\n\t\t\t\t<\/div>\n\t\t\t\t\t<\/div>\n\t\t\t\t<\/div>\n\t\t<div class=\"elementor-element elementor-element-bd36f59 e-flex e-con-boxed wpr-particle-no wpr-jarallax-no wpr-parallax-no wpr-sticky-section-no e-con e-parent\" data-id=\"bd36f59\" data-element_type=\"container\">\n\t\t\t\t\t<div class=\"e-con-inner\">\n\t\t<div class=\"elementor-element elementor-element-c641048 e-con-full e-flex wpr-particle-no wpr-jarallax-no wpr-parallax-no wpr-sticky-section-no e-con e-child\" data-id=\"c641048\" data-element_type=\"container\">\n\t\t\t\t<div class=\"elementor-element elementor-element-966e3ee elementor-widget elementor-widget-image\" data-id=\"966e3ee\" data-element_type=\"widget\" data-widget_type=\"image.default\">\n\t\t\t\t<div class=\"elementor-widget-container\">\n\t\t\t\t\t\t\t\t\t\t\t\t\t\t\t\t<a href=\"https:\/\/www.ayerbe.es\/centro-interpretacion\" target=\"_blank\">\n\t\t\t\t\t\t\t<img loading=\"lazy\" decoding=\"async\" width=\"300\" height=\"300\" src=\"https:\/\/www.patrim.net\/wp-content\/uploads\/2025\/04\/36-1-300x300.png\" class=\"attachment-medium size-medium wp-image-6970\" alt=\"\" srcset=\"https:\/\/www.patrim.net\/wp-content\/uploads\/2025\/04\/36-1-300x300.png 300w, https:\/\/www.patrim.net\/wp-content\/uploads\/2025\/04\/36-1-1024x1024.png 1024w, https:\/\/www.patrim.net\/wp-content\/uploads\/2025\/04\/36-1-150x150.png 150w, https:\/\/www.patrim.net\/wp-content\/uploads\/2025\/04\/36-1-768x768.png 768w, https:\/\/www.patrim.net\/wp-content\/uploads\/2025\/04\/36-1.png 1080w\" sizes=\"(max-width: 300px) 100vw, 300px\" \/>\t\t\t\t\t\t\t\t<\/a>\n\t\t\t\t\t\t\t\t\t\t\t\t\t\t\t<\/div>\n\t\t\t\t<\/div>\n\t\t\t\t<div class=\"elementor-element elementor-element-64a973e elementor-widget elementor-widget-heading\" data-id=\"64a973e\" data-element_type=\"widget\" data-widget_type=\"heading.default\">\n\t\t\t\t<div class=\"elementor-widget-container\">\n\t\t\t\t\t<h5 class=\"elementor-heading-title elementor-size-default\">Centre d'interpr\u00e9tation Ram\u00f3n y Cajal<\/h5>\t\t\t\t<\/div>\n\t\t\t\t<\/div>\n\t\t\t\t<div class=\"elementor-element elementor-element-1fc3ec0 elementor-align-center e-transform e-transform elementor-widget elementor-widget-button\" data-id=\"1fc3ec0\" data-element_type=\"widget\" data-settings=\"{&quot;_transform_scale_effect_hover&quot;:{&quot;unit&quot;:&quot;px&quot;,&quot;size&quot;:1.1,&quot;sizes&quot;:[]},&quot;_transform_scale_effect&quot;:{&quot;unit&quot;:&quot;px&quot;,&quot;size&quot;:&quot;&quot;,&quot;sizes&quot;:[]},&quot;_transform_scale_effect_tablet&quot;:{&quot;unit&quot;:&quot;px&quot;,&quot;size&quot;:&quot;&quot;,&quot;sizes&quot;:[]},&quot;_transform_scale_effect_mobile&quot;:{&quot;unit&quot;:&quot;px&quot;,&quot;size&quot;:&quot;&quot;,&quot;sizes&quot;:[]},&quot;_transform_scale_effect_hover_tablet&quot;:{&quot;unit&quot;:&quot;px&quot;,&quot;size&quot;:&quot;&quot;,&quot;sizes&quot;:[]},&quot;_transform_scale_effect_hover_mobile&quot;:{&quot;unit&quot;:&quot;px&quot;,&quot;size&quot;:&quot;&quot;,&quot;sizes&quot;:[]}}\" data-widget_type=\"button.default\">\n\t\t\t\t<div class=\"elementor-widget-container\">\n\t\t\t\t\t\t\t\t\t<div class=\"elementor-button-wrapper\">\n\t\t\t\t\t<a class=\"elementor-button elementor-button-link elementor-size-sm\" href=\"https:\/\/www.ayerbe.es\/centro-interpretacion\" target=\"_blank\">\n\t\t\t\t\t\t<span class=\"elementor-button-content-wrapper\">\n\t\t\t\t\t\t\t\t\t<span class=\"elementor-button-text\">Visitez leur site Web<\/span>\n\t\t\t\t\t<\/span>\n\t\t\t\t\t<\/a>\n\t\t\t\t<\/div>\n\t\t\t\t\t\t\t\t<\/div>\n\t\t\t\t<\/div>\n\t\t\t\t<\/div>\n\t\t<div class=\"elementor-element elementor-element-e3cbea2 e-con-full e-flex wpr-particle-no wpr-jarallax-no wpr-parallax-no wpr-sticky-section-no e-con e-child\" data-id=\"e3cbea2\" data-element_type=\"container\">\n\t\t\t\t<div class=\"elementor-element elementor-element-95f9bea elementor-widget elementor-widget-image\" data-id=\"95f9bea\" data-element_type=\"widget\" data-widget_type=\"image.default\">\n\t\t\t\t<div class=\"elementor-widget-container\">\n\t\t\t\t\t\t\t\t\t\t\t\t\t\t\t\t<a href=\"https:\/\/www.museelarrey.fr\/\" target=\"_blank\">\n\t\t\t\t\t\t\t<img loading=\"lazy\" decoding=\"async\" width=\"300\" height=\"300\" src=\"https:\/\/www.patrim.net\/wp-content\/uploads\/2025\/04\/34-1-300x300.png\" class=\"attachment-medium size-medium wp-image-6962\" alt=\"\" srcset=\"https:\/\/www.patrim.net\/wp-content\/uploads\/2025\/04\/34-1-300x300.png 300w, https:\/\/www.patrim.net\/wp-content\/uploads\/2025\/04\/34-1-1024x1024.png 1024w, https:\/\/www.patrim.net\/wp-content\/uploads\/2025\/04\/34-1-150x150.png 150w, https:\/\/www.patrim.net\/wp-content\/uploads\/2025\/04\/34-1-768x768.png 768w, https:\/\/www.patrim.net\/wp-content\/uploads\/2025\/04\/34-1.png 1080w\" sizes=\"(max-width: 300px) 100vw, 300px\" \/>\t\t\t\t\t\t\t\t<\/a>\n\t\t\t\t\t\t\t\t\t\t\t\t\t\t\t<\/div>\n\t\t\t\t<\/div>\n\t\t\t\t<div class=\"elementor-element elementor-element-3224f08 elementor-widget elementor-widget-heading\" data-id=\"3224f08\" data-element_type=\"widget\" data-widget_type=\"heading.default\">\n\t\t\t\t<div class=\"elementor-widget-container\">\n\t\t\t\t\t<h5 class=\"elementor-heading-title elementor-size-default\">Mus\u00e9e Larrey<\/h5>\t\t\t\t<\/div>\n\t\t\t\t<\/div>\n\t\t\t\t<div class=\"elementor-element elementor-element-c3ee1ac elementor-align-center e-transform e-transform elementor-widget elementor-widget-button\" data-id=\"c3ee1ac\" data-element_type=\"widget\" data-settings=\"{&quot;_transform_scale_effect_hover&quot;:{&quot;unit&quot;:&quot;px&quot;,&quot;size&quot;:1.1,&quot;sizes&quot;:[]},&quot;_transform_scale_effect&quot;:{&quot;unit&quot;:&quot;px&quot;,&quot;size&quot;:&quot;&quot;,&quot;sizes&quot;:[]},&quot;_transform_scale_effect_tablet&quot;:{&quot;unit&quot;:&quot;px&quot;,&quot;size&quot;:&quot;&quot;,&quot;sizes&quot;:[]},&quot;_transform_scale_effect_mobile&quot;:{&quot;unit&quot;:&quot;px&quot;,&quot;size&quot;:&quot;&quot;,&quot;sizes&quot;:[]},&quot;_transform_scale_effect_hover_tablet&quot;:{&quot;unit&quot;:&quot;px&quot;,&quot;size&quot;:&quot;&quot;,&quot;sizes&quot;:[]},&quot;_transform_scale_effect_hover_mobile&quot;:{&quot;unit&quot;:&quot;px&quot;,&quot;size&quot;:&quot;&quot;,&quot;sizes&quot;:[]}}\" data-widget_type=\"button.default\">\n\t\t\t\t<div class=\"elementor-widget-container\">\n\t\t\t\t\t\t\t\t\t<div class=\"elementor-button-wrapper\">\n\t\t\t\t\t<a class=\"elementor-button elementor-button-link elementor-size-sm\" href=\"https:\/\/www.museelarrey.fr\/\" target=\"_blank\">\n\t\t\t\t\t\t<span class=\"elementor-button-content-wrapper\">\n\t\t\t\t\t\t\t\t\t<span class=\"elementor-button-text\">Visitez leur site Web<\/span>\n\t\t\t\t\t<\/span>\n\t\t\t\t\t<\/a>\n\t\t\t\t<\/div>\n\t\t\t\t\t\t\t\t<\/div>\n\t\t\t\t<\/div>\n\t\t\t\t<\/div>\n\t\t<div class=\"elementor-element elementor-element-9bcfab6 e-con-full e-flex wpr-particle-no wpr-jarallax-no wpr-parallax-no wpr-sticky-section-no e-con e-child\" data-id=\"9bcfab6\" data-element_type=\"container\">\n\t\t\t\t<div class=\"elementor-element elementor-element-e3007d6 elementor-widget elementor-widget-image\" data-id=\"e3007d6\" data-element_type=\"widget\" data-widget_type=\"image.default\">\n\t\t\t\t<div class=\"elementor-widget-container\">\n\t\t\t\t\t\t\t\t\t\t\t\t\t\t\t\t<a href=\"https:\/\/espaciopirineos.com\/\" target=\"_blank\">\n\t\t\t\t\t\t\t<img loading=\"lazy\" decoding=\"async\" width=\"300\" height=\"300\" src=\"https:\/\/www.patrim.net\/wp-content\/uploads\/2025\/04\/37-1-300x300.png\" class=\"attachment-medium size-medium wp-image-6974\" alt=\"\" srcset=\"https:\/\/www.patrim.net\/wp-content\/uploads\/2025\/04\/37-1-300x300.png 300w, https:\/\/www.patrim.net\/wp-content\/uploads\/2025\/04\/37-1-1024x1024.png 1024w, https:\/\/www.patrim.net\/wp-content\/uploads\/2025\/04\/37-1-150x150.png 150w, https:\/\/www.patrim.net\/wp-content\/uploads\/2025\/04\/37-1-768x768.png 768w, https:\/\/www.patrim.net\/wp-content\/uploads\/2025\/04\/37-1.png 1080w\" sizes=\"(max-width: 300px) 100vw, 300px\" \/>\t\t\t\t\t\t\t\t<\/a>\n\t\t\t\t\t\t\t\t\t\t\t\t\t\t\t<\/div>\n\t\t\t\t<\/div>\n\t\t\t\t<div class=\"elementor-element elementor-element-82ebdbf elementor-widget elementor-widget-heading\" data-id=\"82ebdbf\" data-element_type=\"widget\" data-widget_type=\"heading.default\">\n\t\t\t\t<div class=\"elementor-widget-container\">\n\t\t\t\t\t<h5 class=\"elementor-heading-title elementor-size-default\">Espacio Pirineos<\/h5>\t\t\t\t<\/div>\n\t\t\t\t<\/div>\n\t\t\t\t<div class=\"elementor-element elementor-element-7f50e63 elementor-align-center e-transform e-transform elementor-widget elementor-widget-button\" data-id=\"7f50e63\" data-element_type=\"widget\" data-settings=\"{&quot;_transform_scale_effect_hover&quot;:{&quot;unit&quot;:&quot;px&quot;,&quot;size&quot;:1.1,&quot;sizes&quot;:[]},&quot;_transform_scale_effect&quot;:{&quot;unit&quot;:&quot;px&quot;,&quot;size&quot;:&quot;&quot;,&quot;sizes&quot;:[]},&quot;_transform_scale_effect_tablet&quot;:{&quot;unit&quot;:&quot;px&quot;,&quot;size&quot;:&quot;&quot;,&quot;sizes&quot;:[]},&quot;_transform_scale_effect_mobile&quot;:{&quot;unit&quot;:&quot;px&quot;,&quot;size&quot;:&quot;&quot;,&quot;sizes&quot;:[]},&quot;_transform_scale_effect_hover_tablet&quot;:{&quot;unit&quot;:&quot;px&quot;,&quot;size&quot;:&quot;&quot;,&quot;sizes&quot;:[]},&quot;_transform_scale_effect_hover_mobile&quot;:{&quot;unit&quot;:&quot;px&quot;,&quot;size&quot;:&quot;&quot;,&quot;sizes&quot;:[]}}\" data-widget_type=\"button.default\">\n\t\t\t\t<div class=\"elementor-widget-container\">\n\t\t\t\t\t\t\t\t\t<div class=\"elementor-button-wrapper\">\n\t\t\t\t\t<a class=\"elementor-button elementor-button-link elementor-size-sm\" href=\"https:\/\/espaciopirineos.com\/\" target=\"_blank\">\n\t\t\t\t\t\t<span class=\"elementor-button-content-wrapper\">\n\t\t\t\t\t\t\t\t\t<span class=\"elementor-button-text\">Visitez leur site Web<\/span>\n\t\t\t\t\t<\/span>\n\t\t\t\t\t<\/a>\n\t\t\t\t<\/div>\n\t\t\t\t\t\t\t\t<\/div>\n\t\t\t\t<\/div>\n\t\t\t\t<\/div>\n\t\t<div class=\"elementor-element elementor-element-e30e3dc e-con-full e-flex wpr-particle-no wpr-jarallax-no wpr-parallax-no wpr-sticky-section-no e-con e-child\" data-id=\"e30e3dc\" data-element_type=\"container\">\n\t\t\t\t<div class=\"elementor-element elementor-element-f9e906e elementor-widget elementor-widget-image\" data-id=\"f9e906e\" data-element_type=\"widget\" data-widget_type=\"image.default\">\n\t\t\t\t<div class=\"elementor-widget-container\">\n\t\t\t\t\t\t\t\t\t\t\t\t\t\t\t\t<a href=\"https:\/\/espaiorigens.es\/\" target=\"_blank\">\n\t\t\t\t\t\t\t<img loading=\"lazy\" decoding=\"async\" width=\"300\" height=\"300\" src=\"https:\/\/www.patrim.net\/wp-content\/uploads\/2025\/04\/38-1-300x300.png\" class=\"attachment-medium size-medium wp-image-6978\" alt=\"\" srcset=\"https:\/\/www.patrim.net\/wp-content\/uploads\/2025\/04\/38-1-300x300.png 300w, https:\/\/www.patrim.net\/wp-content\/uploads\/2025\/04\/38-1-1024x1024.png 1024w, https:\/\/www.patrim.net\/wp-content\/uploads\/2025\/04\/38-1-150x150.png 150w, https:\/\/www.patrim.net\/wp-content\/uploads\/2025\/04\/38-1-768x768.png 768w, https:\/\/www.patrim.net\/wp-content\/uploads\/2025\/04\/38-1.png 1080w\" sizes=\"(max-width: 300px) 100vw, 300px\" \/>\t\t\t\t\t\t\t\t<\/a>\n\t\t\t\t\t\t\t\t\t\t\t\t\t\t\t<\/div>\n\t\t\t\t<\/div>\n\t\t\t\t<div class=\"elementor-element elementor-element-582f9c8 elementor-widget elementor-widget-heading\" data-id=\"582f9c8\" data-element_type=\"widget\" data-widget_type=\"heading.default\">\n\t\t\t\t<div class=\"elementor-widget-container\">\n\t\t\t\t\t<h5 class=\"elementor-heading-title elementor-size-default\">Espai Origens<\/h5>\t\t\t\t<\/div>\n\t\t\t\t<\/div>\n\t\t\t\t<div class=\"elementor-element elementor-element-3ca81f3 elementor-align-center e-transform e-transform elementor-widget elementor-widget-button\" data-id=\"3ca81f3\" data-element_type=\"widget\" data-settings=\"{&quot;_transform_scale_effect_hover&quot;:{&quot;unit&quot;:&quot;px&quot;,&quot;size&quot;:1.1,&quot;sizes&quot;:[]},&quot;_transform_scale_effect&quot;:{&quot;unit&quot;:&quot;px&quot;,&quot;size&quot;:&quot;&quot;,&quot;sizes&quot;:[]},&quot;_transform_scale_effect_tablet&quot;:{&quot;unit&quot;:&quot;px&quot;,&quot;size&quot;:&quot;&quot;,&quot;sizes&quot;:[]},&quot;_transform_scale_effect_mobile&quot;:{&quot;unit&quot;:&quot;px&quot;,&quot;size&quot;:&quot;&quot;,&quot;sizes&quot;:[]},&quot;_transform_scale_effect_hover_tablet&quot;:{&quot;unit&quot;:&quot;px&quot;,&quot;size&quot;:&quot;&quot;,&quot;sizes&quot;:[]},&quot;_transform_scale_effect_hover_mobile&quot;:{&quot;unit&quot;:&quot;px&quot;,&quot;size&quot;:&quot;&quot;,&quot;sizes&quot;:[]}}\" data-widget_type=\"button.default\">\n\t\t\t\t<div class=\"elementor-widget-container\">\n\t\t\t\t\t\t\t\t\t<div class=\"elementor-button-wrapper\">\n\t\t\t\t\t<a class=\"elementor-button elementor-button-link elementor-size-sm\" href=\"https:\/\/espaiorigens.es\/\" target=\"_blank\">\n\t\t\t\t\t\t<span class=\"elementor-button-content-wrapper\">\n\t\t\t\t\t\t\t\t\t<span class=\"elementor-button-text\">Visitez leur site Web<\/span>\n\t\t\t\t\t<\/span>\n\t\t\t\t\t<\/a>\n\t\t\t\t<\/div>\n\t\t\t\t\t\t\t\t<\/div>\n\t\t\t\t<\/div>\n\t\t\t\t<\/div>\n\t\t<div class=\"elementor-element elementor-element-ca45c7a e-con-full e-flex wpr-particle-no wpr-jarallax-no wpr-parallax-no wpr-sticky-section-no e-con e-child\" data-id=\"ca45c7a\" data-element_type=\"container\">\n\t\t\t\t<div class=\"elementor-element elementor-element-26537dc elementor-widget elementor-widget-image\" data-id=\"26537dc\" data-element_type=\"widget\" data-widget_type=\"image.default\">\n\t\t\t\t<div class=\"elementor-widget-container\">\n\t\t\t\t\t\t\t\t\t\t\t\t\t\t\t\t<a href=\"https:\/\/www.igartubeitibaserria.eus\/es\" target=\"_blank\">\n\t\t\t\t\t\t\t<img loading=\"lazy\" decoding=\"async\" width=\"300\" height=\"300\" src=\"https:\/\/www.patrim.net\/wp-content\/uploads\/2025\/04\/39-1-300x300.png\" class=\"attachment-medium size-medium wp-image-6982\" alt=\"\" srcset=\"https:\/\/www.patrim.net\/wp-content\/uploads\/2025\/04\/39-1-300x300.png 300w, https:\/\/www.patrim.net\/wp-content\/uploads\/2025\/04\/39-1-1024x1024.png 1024w, https:\/\/www.patrim.net\/wp-content\/uploads\/2025\/04\/39-1-150x150.png 150w, https:\/\/www.patrim.net\/wp-content\/uploads\/2025\/04\/39-1-768x768.png 768w, https:\/\/www.patrim.net\/wp-content\/uploads\/2025\/04\/39-1.png 1080w\" sizes=\"(max-width: 300px) 100vw, 300px\" \/>\t\t\t\t\t\t\t\t<\/a>\n\t\t\t\t\t\t\t\t\t\t\t\t\t\t\t<\/div>\n\t\t\t\t<\/div>\n\t\t\t\t<div class=\"elementor-element elementor-element-dff9726 elementor-widget elementor-widget-heading\" data-id=\"dff9726\" data-element_type=\"widget\" data-widget_type=\"heading.default\">\n\t\t\t\t<div class=\"elementor-widget-container\">\n\t\t\t\t\t<h5 class=\"elementor-heading-title elementor-size-default\">Igartubeiti Baserria<\/h5>\t\t\t\t<\/div>\n\t\t\t\t<\/div>\n\t\t\t\t<div class=\"elementor-element elementor-element-96b012d elementor-align-center e-transform e-transform elementor-widget elementor-widget-button\" data-id=\"96b012d\" data-element_type=\"widget\" data-settings=\"{&quot;_transform_scale_effect_hover&quot;:{&quot;unit&quot;:&quot;px&quot;,&quot;size&quot;:1.1,&quot;sizes&quot;:[]},&quot;_transform_scale_effect&quot;:{&quot;unit&quot;:&quot;px&quot;,&quot;size&quot;:&quot;&quot;,&quot;sizes&quot;:[]},&quot;_transform_scale_effect_tablet&quot;:{&quot;unit&quot;:&quot;px&quot;,&quot;size&quot;:&quot;&quot;,&quot;sizes&quot;:[]},&quot;_transform_scale_effect_mobile&quot;:{&quot;unit&quot;:&quot;px&quot;,&quot;size&quot;:&quot;&quot;,&quot;sizes&quot;:[]},&quot;_transform_scale_effect_hover_tablet&quot;:{&quot;unit&quot;:&quot;px&quot;,&quot;size&quot;:&quot;&quot;,&quot;sizes&quot;:[]},&quot;_transform_scale_effect_hover_mobile&quot;:{&quot;unit&quot;:&quot;px&quot;,&quot;size&quot;:&quot;&quot;,&quot;sizes&quot;:[]}}\" data-widget_type=\"button.default\">\n\t\t\t\t<div class=\"elementor-widget-container\">\n\t\t\t\t\t\t\t\t\t<div class=\"elementor-button-wrapper\">\n\t\t\t\t\t<a class=\"elementor-button elementor-button-link elementor-size-sm\" href=\"https:\/\/www.igartubeitibaserria.eus\/es\" target=\"_blank\">\n\t\t\t\t\t\t<span class=\"elementor-button-content-wrapper\">\n\t\t\t\t\t\t\t\t\t<span class=\"elementor-button-text\">Visitez leur site Web<\/span>\n\t\t\t\t\t<\/span>\n\t\t\t\t\t<\/a>\n\t\t\t\t<\/div>\n\t\t\t\t\t\t\t\t<\/div>\n\t\t\t\t<\/div>\n\t\t\t\t<\/div>\n\t\t<div class=\"elementor-element elementor-element-0cf3753 e-con-full e-flex wpr-particle-no wpr-jarallax-no wpr-parallax-no wpr-sticky-section-no e-con e-child\" data-id=\"0cf3753\" data-element_type=\"container\">\n\t\t\t\t<div class=\"elementor-element elementor-element-eb0d3fa elementor-widget elementor-widget-image\" data-id=\"eb0d3fa\" data-element_type=\"widget\" data-widget_type=\"image.default\">\n\t\t\t\t<div class=\"elementor-widget-container\">\n\t\t\t\t\t\t\t\t\t\t\t\t\t\t\t\t<a href=\"https:\/\/www.saintlary.com\/verano\/ofertas\/grottes-de-gargas-aventignan-es-verano-4140714\/\" target=\"_blank\">\n\t\t\t\t\t\t\t<img loading=\"lazy\" decoding=\"async\" width=\"300\" height=\"300\" src=\"https:\/\/www.patrim.net\/wp-content\/uploads\/2025\/04\/40-300x300.png\" class=\"attachment-medium size-medium wp-image-6986\" alt=\"\" srcset=\"https:\/\/www.patrim.net\/wp-content\/uploads\/2025\/04\/40-300x300.png 300w, https:\/\/www.patrim.net\/wp-content\/uploads\/2025\/04\/40-1024x1024.png 1024w, https:\/\/www.patrim.net\/wp-content\/uploads\/2025\/04\/40-150x150.png 150w, https:\/\/www.patrim.net\/wp-content\/uploads\/2025\/04\/40-768x768.png 768w, https:\/\/www.patrim.net\/wp-content\/uploads\/2025\/04\/40.png 1080w\" sizes=\"(max-width: 300px) 100vw, 300px\" \/>\t\t\t\t\t\t\t\t<\/a>\n\t\t\t\t\t\t\t\t\t\t\t\t\t\t\t<\/div>\n\t\t\t\t<\/div>\n\t\t\t\t<div class=\"elementor-element elementor-element-70b0592 elementor-widget elementor-widget-heading\" data-id=\"70b0592\" data-element_type=\"widget\" data-widget_type=\"heading.default\">\n\t\t\t\t<div class=\"elementor-widget-container\">\n\t\t\t\t\t<h5 class=\"elementor-heading-title elementor-size-default\">Grottes de Gargas<\/h5>\t\t\t\t<\/div>\n\t\t\t\t<\/div>\n\t\t\t\t<div class=\"elementor-element elementor-element-65261ff elementor-align-center e-transform e-transform elementor-widget elementor-widget-button\" data-id=\"65261ff\" data-element_type=\"widget\" data-settings=\"{&quot;_transform_scale_effect_hover&quot;:{&quot;unit&quot;:&quot;px&quot;,&quot;size&quot;:1.1,&quot;sizes&quot;:[]},&quot;_transform_scale_effect&quot;:{&quot;unit&quot;:&quot;px&quot;,&quot;size&quot;:&quot;&quot;,&quot;sizes&quot;:[]},&quot;_transform_scale_effect_tablet&quot;:{&quot;unit&quot;:&quot;px&quot;,&quot;size&quot;:&quot;&quot;,&quot;sizes&quot;:[]},&quot;_transform_scale_effect_mobile&quot;:{&quot;unit&quot;:&quot;px&quot;,&quot;size&quot;:&quot;&quot;,&quot;sizes&quot;:[]},&quot;_transform_scale_effect_hover_tablet&quot;:{&quot;unit&quot;:&quot;px&quot;,&quot;size&quot;:&quot;&quot;,&quot;sizes&quot;:[]},&quot;_transform_scale_effect_hover_mobile&quot;:{&quot;unit&quot;:&quot;px&quot;,&quot;size&quot;:&quot;&quot;,&quot;sizes&quot;:[]}}\" data-widget_type=\"button.default\">\n\t\t\t\t<div class=\"elementor-widget-container\">\n\t\t\t\t\t\t\t\t\t<div class=\"elementor-button-wrapper\">\n\t\t\t\t\t<a class=\"elementor-button elementor-button-link elementor-size-sm\" href=\"https:\/\/www.saintlary.com\/verano\/ofertas\/grottes-de-gargas-aventignan-es-verano-4140714\/\" target=\"_blank\">\n\t\t\t\t\t\t<span class=\"elementor-button-content-wrapper\">\n\t\t\t\t\t\t\t\t\t<span class=\"elementor-button-text\">Visitez leur site Web<\/span>\n\t\t\t\t\t<\/span>\n\t\t\t\t\t<\/a>\n\t\t\t\t<\/div>\n\t\t\t\t\t\t\t\t<\/div>\n\t\t\t\t<\/div>\n\t\t\t\t<\/div>\n\t\t<div class=\"elementor-element elementor-element-f9d4914 e-con-full e-flex wpr-particle-no wpr-jarallax-no wpr-parallax-no wpr-sticky-section-no e-con e-child\" data-id=\"f9d4914\" data-element_type=\"container\">\n\t\t\t\t<div class=\"elementor-element elementor-element-f8aba36 elementor-widget elementor-widget-image\" data-id=\"f8aba36\" data-element_type=\"widget\" data-widget_type=\"image.default\">\n\t\t\t\t<div class=\"elementor-widget-container\">\n\t\t\t\t\t\t\t\t\t\t\t\t\t\t\t\t<a href=\"https:\/\/www.parqueculturalriovero.com\/es\/\" target=\"_blank\">\n\t\t\t\t\t\t\t<img loading=\"lazy\" decoding=\"async\" width=\"300\" height=\"300\" src=\"https:\/\/www.patrim.net\/wp-content\/uploads\/2025\/04\/41-300x300.png\" class=\"attachment-medium size-medium wp-image-6990\" alt=\"\" srcset=\"https:\/\/www.patrim.net\/wp-content\/uploads\/2025\/04\/41-300x300.png 300w, https:\/\/www.patrim.net\/wp-content\/uploads\/2025\/04\/41-1024x1024.png 1024w, https:\/\/www.patrim.net\/wp-content\/uploads\/2025\/04\/41-150x150.png 150w, https:\/\/www.patrim.net\/wp-content\/uploads\/2025\/04\/41-768x768.png 768w, https:\/\/www.patrim.net\/wp-content\/uploads\/2025\/04\/41.png 1080w\" sizes=\"(max-width: 300px) 100vw, 300px\" \/>\t\t\t\t\t\t\t\t<\/a>\n\t\t\t\t\t\t\t\t\t\t\t\t\t\t\t<\/div>\n\t\t\t\t<\/div>\n\t\t\t\t<div class=\"elementor-element elementor-element-82600f0 elementor-widget elementor-widget-heading\" data-id=\"82600f0\" data-element_type=\"widget\" data-widget_type=\"heading.default\">\n\t\t\t\t<div class=\"elementor-widget-container\">\n\t\t\t\t\t<h5 class=\"elementor-heading-title elementor-size-default\">Parque Cultural R\u00edo Vero<\/h5>\t\t\t\t<\/div>\n\t\t\t\t<\/div>\n\t\t\t\t<div class=\"elementor-element elementor-element-2a6c88a elementor-align-center e-transform e-transform elementor-widget elementor-widget-button\" data-id=\"2a6c88a\" data-element_type=\"widget\" data-settings=\"{&quot;_transform_scale_effect_hover&quot;:{&quot;unit&quot;:&quot;px&quot;,&quot;size&quot;:1.1,&quot;sizes&quot;:[]},&quot;_transform_scale_effect&quot;:{&quot;unit&quot;:&quot;px&quot;,&quot;size&quot;:&quot;&quot;,&quot;sizes&quot;:[]},&quot;_transform_scale_effect_tablet&quot;:{&quot;unit&quot;:&quot;px&quot;,&quot;size&quot;:&quot;&quot;,&quot;sizes&quot;:[]},&quot;_transform_scale_effect_mobile&quot;:{&quot;unit&quot;:&quot;px&quot;,&quot;size&quot;:&quot;&quot;,&quot;sizes&quot;:[]},&quot;_transform_scale_effect_hover_tablet&quot;:{&quot;unit&quot;:&quot;px&quot;,&quot;size&quot;:&quot;&quot;,&quot;sizes&quot;:[]},&quot;_transform_scale_effect_hover_mobile&quot;:{&quot;unit&quot;:&quot;px&quot;,&quot;size&quot;:&quot;&quot;,&quot;sizes&quot;:[]}}\" data-widget_type=\"button.default\">\n\t\t\t\t<div class=\"elementor-widget-container\">\n\t\t\t\t\t\t\t\t\t<div class=\"elementor-button-wrapper\">\n\t\t\t\t\t<a class=\"elementor-button elementor-button-link elementor-size-sm\" href=\"https:\/\/www.parqueculturalriovero.com\/es\/\" target=\"_blank\">\n\t\t\t\t\t\t<span class=\"elementor-button-content-wrapper\">\n\t\t\t\t\t\t\t\t\t<span class=\"elementor-button-text\">Visitez leur site Web<\/span>\n\t\t\t\t\t<\/span>\n\t\t\t\t\t<\/a>\n\t\t\t\t<\/div>\n\t\t\t\t\t\t\t\t<\/div>\n\t\t\t\t<\/div>\n\t\t\t\t<\/div>\n\t\t<div class=\"elementor-element elementor-element-e424d88 e-con-full e-flex wpr-particle-no wpr-jarallax-no wpr-parallax-no wpr-sticky-section-no e-con e-child\" data-id=\"e424d88\" data-element_type=\"container\">\n\t\t\t\t<div class=\"elementor-element elementor-element-37b727d elementor-widget elementor-widget-image\" data-id=\"37b727d\" data-element_type=\"widget\" data-widget_type=\"image.default\">\n\t\t\t\t<div class=\"elementor-widget-container\">\n\t\t\t\t\t\t\t\t\t\t\t\t\t\t\t\t<a href=\"https:\/\/cepap.uab.cat\/\" target=\"_blank\">\n\t\t\t\t\t\t\t<img loading=\"lazy\" decoding=\"async\" width=\"300\" height=\"300\" src=\"https:\/\/www.patrim.net\/wp-content\/uploads\/2025\/04\/42-300x300.png\" class=\"attachment-medium size-medium wp-image-6994\" alt=\"\" srcset=\"https:\/\/www.patrim.net\/wp-content\/uploads\/2025\/04\/42-300x300.png 300w, https:\/\/www.patrim.net\/wp-content\/uploads\/2025\/04\/42-1024x1024.png 1024w, https:\/\/www.patrim.net\/wp-content\/uploads\/2025\/04\/42-150x150.png 150w, https:\/\/www.patrim.net\/wp-content\/uploads\/2025\/04\/42-768x768.png 768w, https:\/\/www.patrim.net\/wp-content\/uploads\/2025\/04\/42.png 1080w\" sizes=\"(max-width: 300px) 100vw, 300px\" \/>\t\t\t\t\t\t\t\t<\/a>\n\t\t\t\t\t\t\t\t\t\t\t\t\t\t\t<\/div>\n\t\t\t\t<\/div>\n\t\t\t\t<div class=\"elementor-element elementor-element-92185c8 elementor-widget elementor-widget-heading\" data-id=\"92185c8\" data-element_type=\"widget\" data-widget_type=\"heading.default\">\n\t\t\t\t<div class=\"elementor-widget-container\">\n\t\t\t\t\t<h5 class=\"elementor-heading-title elementor-size-default\">CEPAP UAB<\/h5>\t\t\t\t<\/div>\n\t\t\t\t<\/div>\n\t\t\t\t<div class=\"elementor-element elementor-element-0d95c55 elementor-align-center e-transform e-transform elementor-widget elementor-widget-button\" data-id=\"0d95c55\" data-element_type=\"widget\" data-settings=\"{&quot;_transform_scale_effect_hover&quot;:{&quot;unit&quot;:&quot;px&quot;,&quot;size&quot;:1.1,&quot;sizes&quot;:[]},&quot;_transform_scale_effect&quot;:{&quot;unit&quot;:&quot;px&quot;,&quot;size&quot;:&quot;&quot;,&quot;sizes&quot;:[]},&quot;_transform_scale_effect_tablet&quot;:{&quot;unit&quot;:&quot;px&quot;,&quot;size&quot;:&quot;&quot;,&quot;sizes&quot;:[]},&quot;_transform_scale_effect_mobile&quot;:{&quot;unit&quot;:&quot;px&quot;,&quot;size&quot;:&quot;&quot;,&quot;sizes&quot;:[]},&quot;_transform_scale_effect_hover_tablet&quot;:{&quot;unit&quot;:&quot;px&quot;,&quot;size&quot;:&quot;&quot;,&quot;sizes&quot;:[]},&quot;_transform_scale_effect_hover_mobile&quot;:{&quot;unit&quot;:&quot;px&quot;,&quot;size&quot;:&quot;&quot;,&quot;sizes&quot;:[]}}\" data-widget_type=\"button.default\">\n\t\t\t\t<div class=\"elementor-widget-container\">\n\t\t\t\t\t\t\t\t\t<div class=\"elementor-button-wrapper\">\n\t\t\t\t\t<a class=\"elementor-button elementor-button-link elementor-size-sm\" href=\"https:\/\/cepap.uab.cat\/\" target=\"_blank\">\n\t\t\t\t\t\t<span class=\"elementor-button-content-wrapper\">\n\t\t\t\t\t\t\t\t\t<span class=\"elementor-button-text\">Visitez leur site Web<\/span>\n\t\t\t\t\t<\/span>\n\t\t\t\t\t<\/a>\n\t\t\t\t<\/div>\n\t\t\t\t\t\t\t\t<\/div>\n\t\t\t\t<\/div>\n\t\t\t\t<\/div>\n\t\t<div class=\"elementor-element elementor-element-9835b5d e-con-full e-flex wpr-particle-no wpr-jarallax-no wpr-parallax-no wpr-sticky-section-no e-con e-child\" data-id=\"9835b5d\" data-element_type=\"container\">\n\t\t\t\t<div class=\"elementor-element elementor-element-b85e5e3 elementor-widget elementor-widget-image\" data-id=\"b85e5e3\" data-element_type=\"widget\" data-widget_type=\"image.default\">\n\t\t\t\t<div class=\"elementor-widget-container\">\n\t\t\t\t\t\t\t\t\t\t\t\t\t\t\t\t<a href=\"https:\/\/turismo.hoyadehuesca.es\/la-hoya-de-huesca\/natural\/museos-de-la-naturaleza\/centro-de-la-naturaleza-alberca-de-albore\" target=\"_blank\">\n\t\t\t\t\t\t\t<img loading=\"lazy\" decoding=\"async\" width=\"300\" height=\"300\" src=\"https:\/\/www.patrim.net\/wp-content\/uploads\/2022\/02\/partenaires-Comarca-Hoya-de-Huesca-300x300.png\" class=\"attachment-medium size-medium wp-image-4542\" alt=\"\" srcset=\"https:\/\/www.patrim.net\/wp-content\/uploads\/2022\/02\/partenaires-Comarca-Hoya-de-Huesca.png 300w, https:\/\/www.patrim.net\/wp-content\/uploads\/2022\/02\/partenaires-Comarca-Hoya-de-Huesca-100x100.png 100w, https:\/\/www.patrim.net\/wp-content\/uploads\/2022\/02\/partenaires-Comarca-Hoya-de-Huesca-150x150.png 150w, https:\/\/www.patrim.net\/wp-content\/uploads\/2022\/02\/partenaires-Comarca-Hoya-de-Huesca-230x230.png 230w\" sizes=\"(max-width: 300px) 100vw, 300px\" \/>\t\t\t\t\t\t\t\t<\/a>\n\t\t\t\t\t\t\t\t\t\t\t\t\t\t\t<\/div>\n\t\t\t\t<\/div>\n\t\t\t\t<div class=\"elementor-element elementor-element-84f7a74 elementor-widget elementor-widget-heading\" data-id=\"84f7a74\" data-element_type=\"widget\" data-widget_type=\"heading.default\">\n\t\t\t\t<div class=\"elementor-widget-container\">\n\t\t\t\t\t<h5 class=\"elementor-heading-title elementor-size-default\">Centro de interpretaci\u00f3n de las aves Alberca de Albor\u00e9<\/h5>\t\t\t\t<\/div>\n\t\t\t\t<\/div>\n\t\t\t\t<div class=\"elementor-element elementor-element-e9b4d3a elementor-align-center e-transform e-transform elementor-widget elementor-widget-button\" data-id=\"e9b4d3a\" data-element_type=\"widget\" data-settings=\"{&quot;_transform_scale_effect_hover&quot;:{&quot;unit&quot;:&quot;px&quot;,&quot;size&quot;:1.1,&quot;sizes&quot;:[]},&quot;_transform_scale_effect&quot;:{&quot;unit&quot;:&quot;px&quot;,&quot;size&quot;:&quot;&quot;,&quot;sizes&quot;:[]},&quot;_transform_scale_effect_tablet&quot;:{&quot;unit&quot;:&quot;px&quot;,&quot;size&quot;:&quot;&quot;,&quot;sizes&quot;:[]},&quot;_transform_scale_effect_mobile&quot;:{&quot;unit&quot;:&quot;px&quot;,&quot;size&quot;:&quot;&quot;,&quot;sizes&quot;:[]},&quot;_transform_scale_effect_hover_tablet&quot;:{&quot;unit&quot;:&quot;px&quot;,&quot;size&quot;:&quot;&quot;,&quot;sizes&quot;:[]},&quot;_transform_scale_effect_hover_mobile&quot;:{&quot;unit&quot;:&quot;px&quot;,&quot;size&quot;:&quot;&quot;,&quot;sizes&quot;:[]}}\" data-widget_type=\"button.default\">\n\t\t\t\t<div class=\"elementor-widget-container\">\n\t\t\t\t\t\t\t\t\t<div class=\"elementor-button-wrapper\">\n\t\t\t\t\t<a class=\"elementor-button elementor-button-link elementor-size-sm\" href=\"https:\/\/turismo.hoyadehuesca.es\/la-hoya-de-huesca\/natural\/museos-de-la-naturaleza\/centro-de-la-naturaleza-alberca-de-albore\" target=\"_blank\">\n\t\t\t\t\t\t<span class=\"elementor-button-content-wrapper\">\n\t\t\t\t\t\t\t\t\t<span class=\"elementor-button-text\">Visitez leur site Web<\/span>\n\t\t\t\t\t<\/span>\n\t\t\t\t\t<\/a>\n\t\t\t\t<\/div>\n\t\t\t\t\t\t\t\t<\/div>\n\t\t\t\t<\/div>\n\t\t\t\t<\/div>\n\t\t<div class=\"elementor-element elementor-element-29cb1b7 e-con-full e-flex wpr-particle-no wpr-jarallax-no wpr-parallax-no wpr-sticky-section-no e-con e-child\" data-id=\"29cb1b7\" data-element_type=\"container\">\n\t\t\t\t<div class=\"elementor-element elementor-element-9ba7fb9 elementor-widget elementor-widget-image\" data-id=\"9ba7fb9\" data-element_type=\"widget\" data-widget_type=\"image.default\">\n\t\t\t\t<div class=\"elementor-widget-container\">\n\t\t\t\t\t\t\t\t\t\t\t\t\t\t\t\t<a href=\"https:\/\/espaciosaltoderoldan.es\/\" target=\"_blank\">\n\t\t\t\t\t\t\t<img decoding=\"async\" src=\"https:\/\/www.patrim.net\/wp-content\/uploads\/elementor\/thumbs\/logo-salto-roldan-r6rcfgk40czxsbtp9ismlkk5993hxk80h6hks3odrs.png\" title=\"logo salto roldan\" alt=\"logo salto roldan\" loading=\"lazy\" \/>\t\t\t\t\t\t\t\t<\/a>\n\t\t\t\t\t\t\t\t\t\t\t\t\t\t\t<\/div>\n\t\t\t\t<\/div>\n\t\t\t\t<div class=\"elementor-element elementor-element-6eeab3b elementor-widget elementor-widget-heading\" data-id=\"6eeab3b\" data-element_type=\"widget\" data-widget_type=\"heading.default\">\n\t\t\t\t<div class=\"elementor-widget-container\">\n\t\t\t\t\t<h5 class=\"elementor-heading-title elementor-size-default\">Centro de interpretaci\u00f3n Espacio Salto de Rold\u00e1n<\/h5>\t\t\t\t<\/div>\n\t\t\t\t<\/div>\n\t\t\t\t<div class=\"elementor-element elementor-element-ae006cb elementor-align-center e-transform e-transform elementor-widget elementor-widget-button\" data-id=\"ae006cb\" data-element_type=\"widget\" data-settings=\"{&quot;_transform_scale_effect_hover&quot;:{&quot;unit&quot;:&quot;px&quot;,&quot;size&quot;:1.1,&quot;sizes&quot;:[]},&quot;_transform_scale_effect&quot;:{&quot;unit&quot;:&quot;px&quot;,&quot;size&quot;:&quot;&quot;,&quot;sizes&quot;:[]},&quot;_transform_scale_effect_tablet&quot;:{&quot;unit&quot;:&quot;px&quot;,&quot;size&quot;:&quot;&quot;,&quot;sizes&quot;:[]},&quot;_transform_scale_effect_mobile&quot;:{&quot;unit&quot;:&quot;px&quot;,&quot;size&quot;:&quot;&quot;,&quot;sizes&quot;:[]},&quot;_transform_scale_effect_hover_tablet&quot;:{&quot;unit&quot;:&quot;px&quot;,&quot;size&quot;:&quot;&quot;,&quot;sizes&quot;:[]},&quot;_transform_scale_effect_hover_mobile&quot;:{&quot;unit&quot;:&quot;px&quot;,&quot;size&quot;:&quot;&quot;,&quot;sizes&quot;:[]}}\" data-widget_type=\"button.default\">\n\t\t\t\t<div class=\"elementor-widget-container\">\n\t\t\t\t\t\t\t\t\t<div class=\"elementor-button-wrapper\">\n\t\t\t\t\t<a class=\"elementor-button elementor-button-link elementor-size-sm\" href=\"https:\/\/espaciosaltoderoldan.es\/\" target=\"_blank\">\n\t\t\t\t\t\t<span class=\"elementor-button-content-wrapper\">\n\t\t\t\t\t\t\t\t\t<span class=\"elementor-button-text\">Visitez leur site Web<\/span>\n\t\t\t\t\t<\/span>\n\t\t\t\t\t<\/a>\n\t\t\t\t<\/div>\n\t\t\t\t\t\t\t\t<\/div>\n\t\t\t\t<\/div>\n\t\t\t\t<\/div>\n\t\t<div class=\"elementor-element elementor-element-90f42f0 e-con-full e-flex wpr-particle-no wpr-jarallax-no wpr-parallax-no wpr-sticky-section-no e-con e-child\" data-id=\"90f42f0\" data-element_type=\"container\">\n\t\t\t\t<div class=\"elementor-element elementor-element-5ba386e elementor-widget elementor-widget-image\" data-id=\"5ba386e\" data-element_type=\"widget\" data-widget_type=\"image.default\">\n\t\t\t\t<div class=\"elementor-widget-container\">\n\t\t\t\t\t\t\t\t\t\t\t\t\t\t\t\t<a href=\"https:\/\/turismo.hoyadehuesca.es\/la-hoya-de-huesca\/natural\/museos-de-la-naturaleza\/la-casa-de-los-buitres\" target=\"_blank\">\n\t\t\t\t\t\t\t<img loading=\"lazy\" decoding=\"async\" width=\"300\" height=\"300\" src=\"https:\/\/www.patrim.net\/wp-content\/uploads\/2022\/02\/partenaires-Comarca-Hoya-de-Huesca-300x300.png\" class=\"attachment-medium size-medium wp-image-4542\" alt=\"\" srcset=\"https:\/\/www.patrim.net\/wp-content\/uploads\/2022\/02\/partenaires-Comarca-Hoya-de-Huesca.png 300w, https:\/\/www.patrim.net\/wp-content\/uploads\/2022\/02\/partenaires-Comarca-Hoya-de-Huesca-100x100.png 100w, https:\/\/www.patrim.net\/wp-content\/uploads\/2022\/02\/partenaires-Comarca-Hoya-de-Huesca-150x150.png 150w, https:\/\/www.patrim.net\/wp-content\/uploads\/2022\/02\/partenaires-Comarca-Hoya-de-Huesca-230x230.png 230w\" sizes=\"(max-width: 300px) 100vw, 300px\" \/>\t\t\t\t\t\t\t\t<\/a>\n\t\t\t\t\t\t\t\t\t\t\t\t\t\t\t<\/div>\n\t\t\t\t<\/div>\n\t\t\t\t<div class=\"elementor-element elementor-element-d781dc3 elementor-widget elementor-widget-heading\" data-id=\"d781dc3\" data-element_type=\"widget\" data-widget_type=\"heading.default\">\n\t\t\t\t<div class=\"elementor-widget-container\">\n\t\t\t\t\t<h5 class=\"elementor-heading-title elementor-size-default\">Centro de interpretaci\u00f3n Casa de los Buitres<\/h5>\t\t\t\t<\/div>\n\t\t\t\t<\/div>\n\t\t\t\t<div class=\"elementor-element elementor-element-da4fc6a elementor-align-center e-transform e-transform elementor-widget elementor-widget-button\" data-id=\"da4fc6a\" data-element_type=\"widget\" data-settings=\"{&quot;_transform_scale_effect_hover&quot;:{&quot;unit&quot;:&quot;px&quot;,&quot;size&quot;:1.1,&quot;sizes&quot;:[]},&quot;_transform_scale_effect&quot;:{&quot;unit&quot;:&quot;px&quot;,&quot;size&quot;:&quot;&quot;,&quot;sizes&quot;:[]},&quot;_transform_scale_effect_tablet&quot;:{&quot;unit&quot;:&quot;px&quot;,&quot;size&quot;:&quot;&quot;,&quot;sizes&quot;:[]},&quot;_transform_scale_effect_mobile&quot;:{&quot;unit&quot;:&quot;px&quot;,&quot;size&quot;:&quot;&quot;,&quot;sizes&quot;:[]},&quot;_transform_scale_effect_hover_tablet&quot;:{&quot;unit&quot;:&quot;px&quot;,&quot;size&quot;:&quot;&quot;,&quot;sizes&quot;:[]},&quot;_transform_scale_effect_hover_mobile&quot;:{&quot;unit&quot;:&quot;px&quot;,&quot;size&quot;:&quot;&quot;,&quot;sizes&quot;:[]}}\" data-widget_type=\"button.default\">\n\t\t\t\t<div class=\"elementor-widget-container\">\n\t\t\t\t\t\t\t\t\t<div class=\"elementor-button-wrapper\">\n\t\t\t\t\t<a class=\"elementor-button elementor-button-link elementor-size-sm\" href=\"https:\/\/turismo.hoyadehuesca.es\/la-hoya-de-huesca\/natural\/museos-de-la-naturaleza\/la-casa-de-los-buitres\" target=\"_blank\">\n\t\t\t\t\t\t<span class=\"elementor-button-content-wrapper\">\n\t\t\t\t\t\t\t\t\t<span class=\"elementor-button-text\">Visitez leur site Web<\/span>\n\t\t\t\t\t<\/span>\n\t\t\t\t\t<\/a>\n\t\t\t\t<\/div>\n\t\t\t\t\t\t\t\t<\/div>\n\t\t\t\t<\/div>\n\t\t\t\t<\/div>\n\t\t<div class=\"elementor-element elementor-element-8b814d2 e-con-full e-flex wpr-particle-no wpr-jarallax-no wpr-parallax-no wpr-sticky-section-no e-con e-child\" data-id=\"8b814d2\" data-element_type=\"container\">\n\t\t\t\t<div class=\"elementor-element elementor-element-9bc8ada elementor-widget elementor-widget-image\" data-id=\"9bc8ada\" data-element_type=\"widget\" data-widget_type=\"image.default\">\n\t\t\t\t<div class=\"elementor-widget-container\">\n\t\t\t\t\t\t\t\t\t\t\t\t\t\t\t\t<a href=\"https:\/\/huevosdeloarre.com\/\" target=\"_blank\">\n\t\t\t\t\t\t\t<img loading=\"lazy\" decoding=\"async\" width=\"300\" height=\"208\" src=\"https:\/\/www.patrim.net\/wp-content\/uploads\/2025\/06\/ULTIMO-Logo-Loarre-RGB-300x208.jpg\" class=\"attachment-medium size-medium wp-image-8091\" alt=\"\" srcset=\"https:\/\/www.patrim.net\/wp-content\/uploads\/2025\/06\/ULTIMO-Logo-Loarre-RGB-300x208.jpg 300w, https:\/\/www.patrim.net\/wp-content\/uploads\/2025\/06\/ULTIMO-Logo-Loarre-RGB-1024x709.jpg 1024w, https:\/\/www.patrim.net\/wp-content\/uploads\/2025\/06\/ULTIMO-Logo-Loarre-RGB-768x531.jpg 768w, https:\/\/www.patrim.net\/wp-content\/uploads\/2025\/06\/ULTIMO-Logo-Loarre-RGB-1536x1063.jpg 1536w, https:\/\/www.patrim.net\/wp-content\/uploads\/2025\/06\/ULTIMO-Logo-Loarre-RGB.jpg 1889w\" sizes=\"(max-width: 300px) 100vw, 300px\" \/>\t\t\t\t\t\t\t\t<\/a>\n\t\t\t\t\t\t\t\t\t\t\t\t\t\t\t<\/div>\n\t\t\t\t<\/div>\n\t\t\t\t<div class=\"elementor-element elementor-element-53dd5e8 elementor-widget elementor-widget-heading\" data-id=\"53dd5e8\" data-element_type=\"widget\" data-widget_type=\"heading.default\">\n\t\t\t\t<div class=\"elementor-widget-container\">\n\t\t\t\t\t<h5 class=\"elementor-heading-title elementor-size-default\">Laboratorio Paleontol\u00f3gico de Loarre<\/h5>\t\t\t\t<\/div>\n\t\t\t\t<\/div>\n\t\t\t\t<div class=\"elementor-element elementor-element-f212be7 elementor-align-center e-transform e-transform elementor-widget elementor-widget-button\" data-id=\"f212be7\" data-element_type=\"widget\" data-settings=\"{&quot;_transform_scale_effect_hover&quot;:{&quot;unit&quot;:&quot;px&quot;,&quot;size&quot;:1.1,&quot;sizes&quot;:[]},&quot;_transform_scale_effect&quot;:{&quot;unit&quot;:&quot;px&quot;,&quot;size&quot;:&quot;&quot;,&quot;sizes&quot;:[]},&quot;_transform_scale_effect_tablet&quot;:{&quot;unit&quot;:&quot;px&quot;,&quot;size&quot;:&quot;&quot;,&quot;sizes&quot;:[]},&quot;_transform_scale_effect_mobile&quot;:{&quot;unit&quot;:&quot;px&quot;,&quot;size&quot;:&quot;&quot;,&quot;sizes&quot;:[]},&quot;_transform_scale_effect_hover_tablet&quot;:{&quot;unit&quot;:&quot;px&quot;,&quot;size&quot;:&quot;&quot;,&quot;sizes&quot;:[]},&quot;_transform_scale_effect_hover_mobile&quot;:{&quot;unit&quot;:&quot;px&quot;,&quot;size&quot;:&quot;&quot;,&quot;sizes&quot;:[]}}\" data-widget_type=\"button.default\">\n\t\t\t\t<div class=\"elementor-widget-container\">\n\t\t\t\t\t\t\t\t\t<div class=\"elementor-button-wrapper\">\n\t\t\t\t\t<a class=\"elementor-button elementor-button-link elementor-size-sm\" href=\"https:\/\/huevosdeloarre.com\/\" target=\"_blank\">\n\t\t\t\t\t\t<span class=\"elementor-button-content-wrapper\">\n\t\t\t\t\t\t\t\t\t<span class=\"elementor-button-text\">Visitez leur site Web<\/span>\n\t\t\t\t\t<\/span>\n\t\t\t\t\t<\/a>\n\t\t\t\t<\/div>\n\t\t\t\t\t\t\t\t<\/div>\n\t\t\t\t<\/div>\n\t\t\t\t<\/div>\n\t\t\t\t\t<\/div>\n\t\t\t\t<\/div>\n\t\t<div class=\"elementor-element elementor-element-eb5573c e-flex e-con-boxed wpr-particle-no wpr-jarallax-no wpr-parallax-no wpr-sticky-section-no e-con e-parent\" data-id=\"eb5573c\" data-element_type=\"container\">\n\t\t\t\t\t<div class=\"e-con-inner\">\n\t\t\t\t<div class=\"elementor-element elementor-element-e68af26 elementor-widget-divider--view-line elementor-widget elementor-widget-divider\" data-id=\"e68af26\" data-element_type=\"widget\" data-widget_type=\"divider.default\">\n\t\t\t\t<div class=\"elementor-widget-container\">\n\t\t\t\t\t\t\t<div class=\"elementor-divider\">\n\t\t\t<span class=\"elementor-divider-separator\">\n\t\t\t\t\t\t<\/span>\n\t\t<\/div>\n\t\t\t\t\t\t<\/div>\n\t\t\t\t<\/div>\n\t\t\t\t\t<\/div>\n\t\t\t\t<\/div>\n\t\t<div class=\"elementor-element elementor-element-8c7d26a e-flex e-con-boxed wpr-particle-no wpr-jarallax-no wpr-parallax-no wpr-sticky-section-no e-con e-parent\" data-id=\"8c7d26a\" data-element_type=\"container\" data-settings=\"{&quot;background_background&quot;:&quot;classic&quot;}\">\n\t\t\t\t\t<div class=\"e-con-inner\">\n\t\t\t\t<div class=\"elementor-element elementor-element-28a723d elementor-widget elementor-widget-heading\" data-id=\"28a723d\" data-element_type=\"widget\" data-widget_type=\"heading.default\">\n\t\t\t\t<div class=\"elementor-widget-container\">\n\t\t\t\t\t<h2 class=\"elementor-heading-title elementor-size-default\">La carte du r\u00e9seau PATRIM 4.0<\/h2>\t\t\t\t<\/div>\n\t\t\t\t<\/div>\n\t\t\t\t<div class=\"elementor-element elementor-element-0d3f64f elementor-widget elementor-widget-text-editor\" data-id=\"0d3f64f\" data-element_type=\"widget\" data-widget_type=\"text-editor.default\">\n\t\t\t\t<div class=\"elementor-widget-container\">\n\t\t\t\t\t\t\t\t\t<p><code>\n<div class=\"open-user-map\">\n\n  \n  \n<div class=\"box-wrap map-size-default \">\n  \n  <div class=\"map-wrap\">\n    <div class=\"oum-loading-overlay\">\n      <div class=\"oum-loading-spinner\"><\/div>\n    <\/div>\n    <div id=\"map-20210929\" class=\"leaflet-map map-style_Esri.WorldStreetMap\"><\/div>\n    \n    \n    \n    \n    \n    \n    <script type=\"text\/javascript\" id=\"oum-inline-js\" \n      data-category=\"functional\" \n      class=\"cmplz-native\" \n      data-minify=\"0\"\n      data-no-optimize=\"1\"\n      data-no-defer=\"1\"\n      data-no-combine=\"1\"\n      data-cfasync=\"false\"\n      data-pagespeed-no-defer\n      data-boot=\"1\">\n      var map_el = `map-20210929`;\n\n      if(document.getElementById(map_el)) {\n        \/* Transfer PHP array to JS json *\/\n        var oum_all_locations = [{\"title\":\"CEPAP UAB\",\"lat\":\"41.591091074436\",\"lng\":\"2.1148681640625\",\"zoom\":\"16\",\"content\":\"\\u003Cdiv class=\\u0022oum-carousel popup-image-size-original\\u0022\\u003E\\u003Cdiv class=\\u0022oum-carousel-inner\\u0022\\u003E\\u003Cdiv class=\\u0022oum-carousel-item active\\u0022\\u003E\\u003Cimg class=\\u0022skip-lazy\\u0022 src=\\u0022https:\/\/www.patrim.net\/wp-content\/uploads\/2025\/04\/42-1024x1024.png\\u0022 alt=\\u0022CEPAP UAB\\u0022\\u003E\\u003C\/div\\u003E\\u003C\/div\\u003E\\u003C\/div\\u003E\\u003Cdiv class=\\u0022oum_location_text\\u0022\\u003E\\u003Cdiv class=\\u0022oum_location_address\\u0022\\u003E\\u003Ca title=\\u0022go to Google Maps\\u0022 href=\\u0022https:\/\/www.google.com\/maps\/search\/?api=1\\u0026amp;query=41.591091074436%2C2.1148681640625\\u0022 target=\\u0022_blank\\u0022\\u003ECatalu\u00f1a\\u003C\/a\\u003E\\u003C\/div\\u003E\\u003Cdiv class=\\u0022oum_location_title\\u0022\\u003E\\u003Ch3 class=\\u0022oum_location_name\\u0022\\u003ECEPAP UAB\\u003C\/h3\\u003E\\u003C\/div\\u003E\\u003Cdiv class=\\u0022oum_location_description\\u0022\\u003E\\u003C\/div\\u003E\\u003Cdiv class=\\u0022oum_location_text_bottom\\u0022\\u003E\\u003C\/div\\u003E\\u003C\/div\\u003E\\u003Cdiv style=\\u0022display: none\\u0022\\u003Ecepap-uab\\u003C\/div\\u003E\",\"icon\":\"https:\/\/www.patrim.net\/wp-content\/plugins\/open-user-map\/src\/leaflet\/images\/marker-icon_custom4-2x.png\",\"types\":[],\"post_id\":\"7779\",\"address\":\"Catalu\u00f1a\",\"text\":\"\",\"image\":\"https:\/\/www.patrim.net\/wp-content\/uploads\/2025\/04\/42-1024x1024.png\",\"audio\":\"\",\"video\":\"\",\"custom_fields\":[],\"votes\":0},{\"title\":\"Parque Cultural R\u00edo Vero\",\"lat\":\"42.1716508\",\"lng\":\"0.0648286\",\"zoom\":\"16\",\"content\":\"\\u003Cdiv class=\\u0022oum-carousel popup-image-size-original\\u0022\\u003E\\u003Cdiv class=\\u0022oum-carousel-inner\\u0022\\u003E\\u003Cdiv class=\\u0022oum-carousel-item active\\u0022\\u003E\\u003Cimg class=\\u0022skip-lazy\\u0022 src=\\u0022https:\/\/www.patrim.net\/wp-content\/uploads\/2025\/04\/41-1024x1024.png\\u0022 alt=\\u0022Parque Cultural R\u00edo Vero\\u0022\\u003E\\u003C\/div\\u003E\\u003C\/div\\u003E\\u003C\/div\\u003E\\u003Cdiv class=\\u0022oum_location_text\\u0022\\u003E\\u003Cdiv class=\\u0022oum_location_address\\u0022\\u003E\\u003Ca title=\\u0022go to Google Maps\\u0022 href=\\u0022https:\/\/www.google.com\/maps\/search\/?api=1\\u0026amp;query=42.1716508%2C0.0648286\\u0022 target=\\u0022_blank\\u0022\\u003EArag\u00f3n\\u003C\/a\\u003E\\u003C\/div\\u003E\\u003Cdiv class=\\u0022oum_location_title\\u0022\\u003E\\u003Ch3 class=\\u0022oum_location_name\\u0022\\u003EParque Cultural R\u00edo Vero\\u003C\/h3\\u003E\\u003C\/div\\u003E\\u003Cdiv class=\\u0022oum_location_description\\u0022\\u003E\\u003C\/div\\u003E\\u003Cdiv class=\\u0022oum_location_text_bottom\\u0022\\u003E\\u003C\/div\\u003E\\u003C\/div\\u003E\\u003Cdiv style=\\u0022display: none\\u0022\\u003Eparque-cultural-rio-vero\\u003C\/div\\u003E\",\"icon\":\"https:\/\/www.patrim.net\/wp-content\/plugins\/open-user-map\/src\/leaflet\/images\/marker-icon_custom4-2x.png\",\"types\":[],\"post_id\":\"7785\",\"address\":\"Arag\u00f3n\",\"text\":\"\",\"image\":\"https:\/\/www.patrim.net\/wp-content\/uploads\/2025\/04\/41-1024x1024.png\",\"audio\":\"\",\"video\":\"\",\"custom_fields\":[],\"votes\":0},{\"title\":\"Grottes de Gargas\",\"lat\":\"43.055571\",\"lng\":\"0.5362887\",\"zoom\":\"16\",\"content\":\"\\u003Cdiv class=\\u0022oum-carousel popup-image-size-original\\u0022\\u003E\\u003Cdiv class=\\u0022oum-carousel-inner\\u0022\\u003E\\u003Cdiv class=\\u0022oum-carousel-item active\\u0022\\u003E\\u003Cimg class=\\u0022skip-lazy\\u0022 src=\\u0022https:\/\/www.patrim.net\/wp-content\/uploads\/2025\/04\/40-1024x1024.png\\u0022 alt=\\u0022Grottes de Gargas\\u0022\\u003E\\u003C\/div\\u003E\\u003C\/div\\u003E\\u003C\/div\\u003E\\u003Cdiv class=\\u0022oum_location_text\\u0022\\u003E\\u003Cdiv class=\\u0022oum_location_address\\u0022\\u003E\\u003Ca title=\\u0022go to Google Maps\\u0022 href=\\u0022https:\/\/www.google.com\/maps\/search\/?api=1\\u0026amp;query=43.055571%2C0.5362887\\u0022 target=\\u0022_blank\\u0022\\u003EOccitanie\\u003C\/a\\u003E\\u003C\/div\\u003E\\u003Cdiv class=\\u0022oum_location_title\\u0022\\u003E\\u003Ch3 class=\\u0022oum_location_name\\u0022\\u003EGrottes de Gargas\\u003C\/h3\\u003E\\u003C\/div\\u003E\\u003Cdiv class=\\u0022oum_location_description\\u0022\\u003E\\u003C\/div\\u003E\\u003Cdiv class=\\u0022oum_location_text_bottom\\u0022\\u003E\\u003C\/div\\u003E\\u003C\/div\\u003E\\u003Cdiv style=\\u0022display: none\\u0022\\u003Egrottes-de-gargas\\u003C\/div\\u003E\",\"icon\":\"https:\/\/www.patrim.net\/wp-content\/plugins\/open-user-map\/src\/leaflet\/images\/marker-icon_custom4-2x.png\",\"types\":[],\"post_id\":\"7786\",\"address\":\"Occitanie\",\"text\":\"\",\"image\":\"https:\/\/www.patrim.net\/wp-content\/uploads\/2025\/04\/40-1024x1024.png\",\"audio\":\"\",\"video\":\"\",\"custom_fields\":[],\"votes\":0},{\"title\":\"Igartubeiti Baserria\",\"lat\":\"43.0741546\",\"lng\":\"-2.2847851\",\"zoom\":\"16\",\"content\":\"\\u003Cdiv class=\\u0022oum-carousel popup-image-size-original\\u0022\\u003E\\u003Cdiv class=\\u0022oum-carousel-inner\\u0022\\u003E\\u003Cdiv class=\\u0022oum-carousel-item active\\u0022\\u003E\\u003Cimg class=\\u0022skip-lazy\\u0022 src=\\u0022https:\/\/www.patrim.net\/wp-content\/uploads\/2025\/04\/39-1-1024x1024.png\\u0022 alt=\\u0022Igartubeiti Baserria\\u0022\\u003E\\u003C\/div\\u003E\\u003C\/div\\u003E\\u003C\/div\\u003E\\u003Cdiv class=\\u0022oum_location_text\\u0022\\u003E\\u003Cdiv class=\\u0022oum_location_address\\u0022\\u003E\\u003Ca title=\\u0022go to Google Maps\\u0022 href=\\u0022https:\/\/www.google.com\/maps\/search\/?api=1\\u0026amp;query=43.0741546%2C-2.2847851\\u0022 target=\\u0022_blank\\u0022\\u003EPa\u00eds Vasco\\u003C\/a\\u003E\\u003C\/div\\u003E\\u003Cdiv class=\\u0022oum_location_title\\u0022\\u003E\\u003Ch3 class=\\u0022oum_location_name\\u0022\\u003EIgartubeiti Baserria\\u003C\/h3\\u003E\\u003C\/div\\u003E\\u003Cdiv class=\\u0022oum_location_description\\u0022\\u003E\\u003C\/div\\u003E\\u003Cdiv class=\\u0022oum_location_text_bottom\\u0022\\u003E\\u003C\/div\\u003E\\u003C\/div\\u003E\\u003Cdiv style=\\u0022display: none\\u0022\\u003Eigartubeiti-baserria\\u003C\/div\\u003E\",\"icon\":\"https:\/\/www.patrim.net\/wp-content\/plugins\/open-user-map\/src\/leaflet\/images\/marker-icon_custom4-2x.png\",\"types\":[],\"post_id\":\"7798\",\"address\":\"Pa\u00eds Vasco\",\"text\":\"\",\"image\":\"https:\/\/www.patrim.net\/wp-content\/uploads\/2025\/04\/39-1-1024x1024.png\",\"audio\":\"\",\"video\":\"\",\"custom_fields\":[],\"votes\":0},{\"title\":\"Espai Origens\",\"lat\":\"41.8867903\",\"lng\":\"0.8804837\",\"zoom\":\"16\",\"content\":\"\\u003Cdiv class=\\u0022oum-carousel popup-image-size-original\\u0022\\u003E\\u003Cdiv class=\\u0022oum-carousel-inner\\u0022\\u003E\\u003Cdiv class=\\u0022oum-carousel-item active\\u0022\\u003E\\u003Cimg class=\\u0022skip-lazy\\u0022 src=\\u0022https:\/\/www.patrim.net\/wp-content\/uploads\/2025\/04\/38-1-1024x1024.png\\u0022 alt=\\u0022Espai Origens\\u0022\\u003E\\u003C\/div\\u003E\\u003C\/div\\u003E\\u003C\/div\\u003E\\u003Cdiv class=\\u0022oum_location_text\\u0022\\u003E\\u003Cdiv class=\\u0022oum_location_address\\u0022\\u003E\\u003Ca title=\\u0022go to Google Maps\\u0022 href=\\u0022https:\/\/www.google.com\/maps\/search\/?api=1\\u0026amp;query=41.8867903%2C0.8804837\\u0022 target=\\u0022_blank\\u0022\\u003ECatalu\u00f1a\\u003C\/a\\u003E\\u003C\/div\\u003E\\u003Cdiv class=\\u0022oum_location_title\\u0022\\u003E\\u003Ch3 class=\\u0022oum_location_name\\u0022\\u003EEspai Origens\\u003C\/h3\\u003E\\u003C\/div\\u003E\\u003Cdiv class=\\u0022oum_location_description\\u0022\\u003E\\u003C\/div\\u003E\\u003Cdiv class=\\u0022oum_location_text_bottom\\u0022\\u003E\\u003C\/div\\u003E\\u003C\/div\\u003E\\u003Cdiv style=\\u0022display: none\\u0022\\u003Eespai-origens\\u003C\/div\\u003E\",\"icon\":\"https:\/\/www.patrim.net\/wp-content\/plugins\/open-user-map\/src\/leaflet\/images\/marker-icon_custom4-2x.png\",\"types\":[],\"post_id\":\"7804\",\"address\":\"Catalu\u00f1a\",\"text\":\"\",\"image\":\"https:\/\/www.patrim.net\/wp-content\/uploads\/2025\/04\/38-1-1024x1024.png\",\"audio\":\"\",\"video\":\"\",\"custom_fields\":[],\"votes\":0},{\"title\":\"Espacio Pirineos\",\"lat\":\"42.1905597\",\"lng\":\"0.3360622\",\"zoom\":\"16\",\"content\":\"\\u003Cdiv class=\\u0022oum-carousel popup-image-size-original\\u0022\\u003E\\u003Cdiv class=\\u0022oum-carousel-inner\\u0022\\u003E\\u003Cdiv class=\\u0022oum-carousel-item active\\u0022\\u003E\\u003Cimg class=\\u0022skip-lazy\\u0022 src=\\u0022https:\/\/www.patrim.net\/wp-content\/uploads\/2025\/04\/37-1-1024x1024.png\\u0022 alt=\\u0022Espacio Pirineos\\u0022\\u003E\\u003C\/div\\u003E\\u003C\/div\\u003E\\u003C\/div\\u003E\\u003Cdiv class=\\u0022oum_location_text\\u0022\\u003E\\u003Cdiv class=\\u0022oum_location_address\\u0022\\u003E\\u003Ca title=\\u0022go to Google Maps\\u0022 href=\\u0022https:\/\/www.google.com\/maps\/search\/?api=1\\u0026amp;query=42.1905597%2C0.3360622\\u0022 target=\\u0022_blank\\u0022\\u003EArag\u00f3n\\u003C\/a\\u003E\\u003C\/div\\u003E\\u003Cdiv class=\\u0022oum_location_title\\u0022\\u003E\\u003Ch3 class=\\u0022oum_location_name\\u0022\\u003EEspacio Pirineos\\u003C\/h3\\u003E\\u003C\/div\\u003E\\u003Cdiv class=\\u0022oum_location_description\\u0022\\u003E\\u003C\/div\\u003E\\u003Cdiv class=\\u0022oum_location_text_bottom\\u0022\\u003E\\u003C\/div\\u003E\\u003C\/div\\u003E\\u003Cdiv style=\\u0022display: none\\u0022\\u003Eespacio-pirineos\\u003C\/div\\u003E\",\"icon\":\"https:\/\/www.patrim.net\/wp-content\/plugins\/open-user-map\/src\/leaflet\/images\/marker-icon_custom4-2x.png\",\"types\":[],\"post_id\":\"7810\",\"address\":\"Arag\u00f3n\",\"text\":\"\",\"image\":\"https:\/\/www.patrim.net\/wp-content\/uploads\/2025\/04\/37-1-1024x1024.png\",\"audio\":\"\",\"video\":\"\",\"custom_fields\":[],\"votes\":0},{\"title\":\"Mus\u00e9e Larrey\",\"lat\":\"43.028758\",\"lng\":\"0.1677702\",\"zoom\":\"16\",\"content\":\"\\u003Cdiv class=\\u0022oum-carousel popup-image-size-original\\u0022\\u003E\\u003Cdiv class=\\u0022oum-carousel-inner\\u0022\\u003E\\u003Cdiv class=\\u0022oum-carousel-item active\\u0022\\u003E\\u003Cimg class=\\u0022skip-lazy\\u0022 src=\\u0022https:\/\/www.patrim.net\/wp-content\/uploads\/2025\/04\/34-1-1024x1024.png\\u0022 alt=\\u0022Mus\u00e9e Larrey\\u0022\\u003E\\u003C\/div\\u003E\\u003C\/div\\u003E\\u003C\/div\\u003E\\u003Cdiv class=\\u0022oum_location_text\\u0022\\u003E\\u003Cdiv class=\\u0022oum_location_address\\u0022\\u003E\\u003Ca title=\\u0022go to Google Maps\\u0022 href=\\u0022https:\/\/www.google.com\/maps\/search\/?api=1\\u0026amp;query=43.028758%2C0.1677702\\u0022 target=\\u0022_blank\\u0022\\u003EOccitanie\\u003C\/a\\u003E\\u003C\/div\\u003E\\u003Cdiv class=\\u0022oum_location_title\\u0022\\u003E\\u003Ch3 class=\\u0022oum_location_name\\u0022\\u003EMus\u00e9e Larrey\\u003C\/h3\\u003E\\u003C\/div\\u003E\\u003Cdiv class=\\u0022oum_location_description\\u0022\\u003E\\u003C\/div\\u003E\\u003Cdiv class=\\u0022oum_location_text_bottom\\u0022\\u003E\\u003C\/div\\u003E\\u003C\/div\\u003E\\u003Cdiv style=\\u0022display: none\\u0022\\u003Emusee-larrey\\u003C\/div\\u003E\",\"icon\":\"https:\/\/www.patrim.net\/wp-content\/plugins\/open-user-map\/src\/leaflet\/images\/marker-icon_custom4-2x.png\",\"types\":[],\"post_id\":\"7816\",\"address\":\"Occitanie\",\"text\":\"\",\"image\":\"https:\/\/www.patrim.net\/wp-content\/uploads\/2025\/04\/34-1-1024x1024.png\",\"audio\":\"\",\"video\":\"\",\"custom_fields\":[],\"votes\":0},{\"title\":\"ARDPH\",\"lat\":\"41.8682578\",\"lng\":\"0.8408855\",\"zoom\":\"16\",\"content\":\"\\u003Cdiv class=\\u0022oum-carousel popup-image-size-original\\u0022\\u003E\\u003Cdiv class=\\u0022oum-carousel-inner\\u0022\\u003E\\u003Cdiv class=\\u0022oum-carousel-item active\\u0022\\u003E\\u003Cimg class=\\u0022skip-lazy\\u0022 src=\\u0022https:\/\/www.patrim.net\/wp-content\/uploads\/2025\/04\/35-1-1024x1024.png\\u0022 alt=\\u0022ARDPH\\u0022\\u003E\\u003C\/div\\u003E\\u003C\/div\\u003E\\u003C\/div\\u003E\\u003Cdiv class=\\u0022oum_location_text\\u0022\\u003E\\u003Cdiv class=\\u0022oum_location_address\\u0022\\u003E\\u003Ca title=\\u0022go to Google Maps\\u0022 href=\\u0022https:\/\/www.google.com\/maps\/search\/?api=1\\u0026amp;query=41.8682578%2C0.8408855\\u0022 target=\\u0022_blank\\u0022\\u003ECatalu\u00f1a\\u003C\/a\\u003E\\u003C\/div\\u003E\\u003Cdiv class=\\u0022oum_location_title\\u0022\\u003E\\u003Ch3 class=\\u0022oum_location_name\\u0022\\u003EARDPH\\u003C\/h3\\u003E\\u003C\/div\\u003E\\u003Cdiv class=\\u0022oum_location_description\\u0022\\u003E\\u003C\/div\\u003E\\u003Cdiv class=\\u0022oum_location_text_bottom\\u0022\\u003E\\u003C\/div\\u003E\\u003C\/div\\u003E\\u003Cdiv style=\\u0022display: none\\u0022\\u003Eardph\\u003C\/div\\u003E\",\"icon\":\"https:\/\/www.patrim.net\/wp-content\/plugins\/open-user-map\/src\/leaflet\/images\/marker-icon_custom4-2x.png\",\"types\":[],\"post_id\":\"7822\",\"address\":\"Catalu\u00f1a\",\"text\":\"\",\"image\":\"https:\/\/www.patrim.net\/wp-content\/uploads\/2025\/04\/35-1-1024x1024.png\",\"audio\":\"\",\"video\":\"\",\"custom_fields\":[],\"votes\":0},{\"title\":\"Centro de Interpretaci\u00f3n Ram\u00f3n y Cajal\",\"lat\":\"42.274282\",\"lng\":\"-0.6887501\",\"zoom\":\"16\",\"content\":\"\\u003Cdiv class=\\u0022oum-carousel popup-image-size-original\\u0022\\u003E\\u003Cdiv class=\\u0022oum-carousel-inner\\u0022\\u003E\\u003Cdiv class=\\u0022oum-carousel-item active\\u0022\\u003E\\u003Cimg class=\\u0022skip-lazy\\u0022 src=\\u0022https:\/\/www.patrim.net\/wp-content\/uploads\/2025\/04\/36-1-1024x1024.png\\u0022 alt=\\u0022Centro de Interpretaci\u00f3n Ram\u00f3n y Cajal\\u0022\\u003E\\u003C\/div\\u003E\\u003C\/div\\u003E\\u003C\/div\\u003E\\u003Cdiv class=\\u0022oum_location_text\\u0022\\u003E\\u003Cdiv class=\\u0022oum_location_address\\u0022\\u003E\\u003Ca title=\\u0022go to Google Maps\\u0022 href=\\u0022https:\/\/www.google.com\/maps\/search\/?api=1\\u0026amp;query=42.274282%2C-0.6887501\\u0022 target=\\u0022_blank\\u0022\\u003EArag\u00f3n\\u003C\/a\\u003E\\u003C\/div\\u003E\\u003Cdiv class=\\u0022oum_location_title\\u0022\\u003E\\u003Ch3 class=\\u0022oum_location_name\\u0022\\u003ECentro de Interpretaci\u00f3n Ram\u00f3n y Cajal\\u003C\/h3\\u003E\\u003C\/div\\u003E\\u003Cdiv class=\\u0022oum_location_description\\u0022\\u003E\\u003C\/div\\u003E\\u003Cdiv class=\\u0022oum_location_text_bottom\\u0022\\u003E\\u003C\/div\\u003E\\u003C\/div\\u003E\\u003Cdiv style=\\u0022display: none\\u0022\\u003Eayuntamiento-de-ayerbe\\u003C\/div\\u003E\",\"icon\":\"https:\/\/www.patrim.net\/wp-content\/plugins\/open-user-map\/src\/leaflet\/images\/marker-icon_custom4-2x.png\",\"types\":[],\"post_id\":\"7828\",\"address\":\"Arag\u00f3n\",\"text\":\"\",\"image\":\"https:\/\/www.patrim.net\/wp-content\/uploads\/2025\/04\/36-1-1024x1024.png\",\"audio\":\"\",\"video\":\"\",\"custom_fields\":[],\"votes\":0},{\"title\":\"Universidad del Pa\u00eds Vasco\",\"lat\":\"42.840946819882\",\"lng\":\"-2.6728261378825\",\"zoom\":\"16\",\"content\":\"\\u003Cdiv class=\\u0022oum-carousel popup-image-size-original\\u0022\\u003E\\u003Cdiv class=\\u0022oum-carousel-inner\\u0022\\u003E\\u003Cdiv class=\\u0022oum-carousel-item active\\u0022\\u003E\\u003Cimg class=\\u0022skip-lazy\\u0022 src=\\u0022https:\/\/www.patrim.net\/wp-content\/uploads\/2025\/03\/2-1-768x576.png\\u0022 alt=\\u0022Universidad del Pa\u00eds Vasco\\u0022\\u003E\\u003C\/div\\u003E\\u003C\/div\\u003E\\u003C\/div\\u003E\\u003Cdiv class=\\u0022oum_location_text\\u0022\\u003E\\u003Cdiv class=\\u0022oum_location_address\\u0022\\u003E\\u003Ca title=\\u0022go to Google Maps\\u0022 href=\\u0022https:\/\/www.google.com\/maps\/search\/?api=1\\u0026amp;query=42.840946819882%2C-2.6728261378825\\u0022 target=\\u0022_blank\\u0022\\u003EPa\u00eds Vasco\\u003C\/a\\u003E\\u003C\/div\\u003E\\u003Cdiv class=\\u0022oum_location_title\\u0022\\u003E\\u003Ch3 class=\\u0022oum_location_name\\u0022\\u003EUniversidad del Pa\u00eds Vasco\\u003C\/h3\\u003E\\u003C\/div\\u003E\\u003Cdiv class=\\u0022oum_location_description\\u0022\\u003E\\u003C\/div\\u003E\\u003Cdiv class=\\u0022oum_location_text_bottom\\u0022\\u003E\\u003C\/div\\u003E\\u003C\/div\\u003E\\u003Cdiv style=\\u0022display: none\\u0022\\u003Euniversidad-del-pais-vasco\\u003C\/div\\u003E\",\"icon\":\"https:\/\/www.patrim.net\/wp-content\/plugins\/open-user-map\/src\/leaflet\/images\/marker-icon_custom4-2x.png\",\"types\":[],\"post_id\":\"7834\",\"address\":\"Pa\u00eds Vasco\",\"text\":\"\",\"image\":\"https:\/\/www.patrim.net\/wp-content\/uploads\/2025\/03\/2-1-768x576.png\",\"audio\":\"\",\"video\":\"\",\"custom_fields\":[],\"votes\":0},{\"title\":\"Universitat Aut\u00f2noma de Barcelona\",\"lat\":\"41.50155265\",\"lng\":\"2.1062607239861\",\"zoom\":\"16\",\"content\":\"\\u003Cdiv class=\\u0022oum-carousel popup-image-size-original\\u0022\\u003E\\u003Cdiv class=\\u0022oum-carousel-inner\\u0022\\u003E\\u003Cdiv class=\\u0022oum-carousel-item active\\u0022\\u003E\\u003Cimg class=\\u0022skip-lazy\\u0022 src=\\u0022https:\/\/www.patrim.net\/wp-content\/uploads\/2025\/03\/4-1-768x576.png\\u0022 alt=\\u0022Universitat Aut\u00f2noma de Barcelona\\u0022\\u003E\\u003C\/div\\u003E\\u003C\/div\\u003E\\u003C\/div\\u003E\\u003Cdiv class=\\u0022oum_location_text\\u0022\\u003E\\u003Cdiv class=\\u0022oum_location_address\\u0022\\u003E\\u003Ca title=\\u0022go to Google Maps\\u0022 href=\\u0022https:\/\/www.google.com\/maps\/search\/?api=1\\u0026amp;query=41.50155265%2C2.1062607239861\\u0022 target=\\u0022_blank\\u0022\\u003ECatalu\u00f1a\\u003C\/a\\u003E\\u003C\/div\\u003E\\u003Cdiv class=\\u0022oum_location_title\\u0022\\u003E\\u003Ch3 class=\\u0022oum_location_name\\u0022\\u003EUniversitat Aut\u00f2noma de Barcelona\\u003C\/h3\\u003E\\u003C\/div\\u003E\\u003Cdiv class=\\u0022oum_location_description\\u0022\\u003E\\u003C\/div\\u003E\\u003Cdiv class=\\u0022oum_location_text_bottom\\u0022\\u003E\\u003C\/div\\u003E\\u003C\/div\\u003E\\u003Cdiv style=\\u0022display: none\\u0022\\u003Euniversitat-autonoma-de-barcelona\\u003C\/div\\u003E\",\"icon\":\"https:\/\/www.patrim.net\/wp-content\/plugins\/open-user-map\/src\/leaflet\/images\/marker-icon_custom4-2x.png\",\"types\":[],\"post_id\":\"7848\",\"address\":\"Catalu\u00f1a\",\"text\":\"\",\"image\":\"https:\/\/www.patrim.net\/wp-content\/uploads\/2025\/03\/4-1-768x576.png\",\"audio\":\"\",\"video\":\"\",\"custom_fields\":[],\"votes\":0},{\"title\":\"Universitat de Barcelona\",\"lat\":\"41.38685955\",\"lng\":\"2.1634784118274\",\"zoom\":\"16\",\"content\":\"\\u003Cdiv class=\\u0022oum-carousel popup-image-size-original\\u0022\\u003E\\u003Cdiv class=\\u0022oum-carousel-inner\\u0022\\u003E\\u003Cdiv class=\\u0022oum-carousel-item active\\u0022\\u003E\\u003Cimg class=\\u0022skip-lazy\\u0022 src=\\u0022https:\/\/www.patrim.net\/wp-content\/uploads\/2025\/03\/3-1-768x576.png\\u0022 alt=\\u0022Universitat de Barcelona\\u0022\\u003E\\u003C\/div\\u003E\\u003C\/div\\u003E\\u003C\/div\\u003E\\u003Cdiv class=\\u0022oum_location_text\\u0022\\u003E\\u003Cdiv class=\\u0022oum_location_address\\u0022\\u003E\\u003Ca title=\\u0022go to Google Maps\\u0022 href=\\u0022https:\/\/www.google.com\/maps\/search\/?api=1\\u0026amp;query=41.38685955%2C2.1634784118274\\u0022 target=\\u0022_blank\\u0022\\u003ECatalu\u00f1a\\u003C\/a\\u003E\\u003C\/div\\u003E\\u003Cdiv class=\\u0022oum_location_title\\u0022\\u003E\\u003Ch3 class=\\u0022oum_location_name\\u0022\\u003EUniversitat de Barcelona\\u003C\/h3\\u003E\\u003C\/div\\u003E\\u003Cdiv class=\\u0022oum_location_description\\u0022\\u003E\\u003C\/div\\u003E\\u003Cdiv class=\\u0022oum_location_text_bottom\\u0022\\u003E\\u003C\/div\\u003E\\u003C\/div\\u003E\\u003Cdiv style=\\u0022display: none\\u0022\\u003Euniversitat-de-barcelona\\u003C\/div\\u003E\",\"icon\":\"https:\/\/www.patrim.net\/wp-content\/plugins\/open-user-map\/src\/leaflet\/images\/marker-icon_custom4-2x.png\",\"types\":[],\"post_id\":\"7862\",\"address\":\"Catalu\u00f1a\",\"text\":\"\",\"image\":\"https:\/\/www.patrim.net\/wp-content\/uploads\/2025\/03\/3-1-768x576.png\",\"audio\":\"\",\"video\":\"\",\"custom_fields\":[],\"votes\":0},{\"title\":\"Communaut\u00e9 de Communes Nsete Barousse\",\"lat\":\"43.0764687\",\"lng\":\"0.4844529\",\"zoom\":\"16\",\"content\":\"\\u003Cdiv class=\\u0022oum-carousel popup-image-size-original\\u0022\\u003E\\u003Cdiv class=\\u0022oum-carousel-inner\\u0022\\u003E\\u003Cdiv class=\\u0022oum-carousel-item active\\u0022\\u003E\\u003Cimg class=\\u0022skip-lazy\\u0022 src=\\u0022https:\/\/www.patrim.net\/wp-content\/uploads\/2025\/03\/10-1-768x576.png\\u0022 alt=\\u0022Communaut\u00e9 de Communes Nsete Barousse\\u0022\\u003E\\u003C\/div\\u003E\\u003C\/div\\u003E\\u003C\/div\\u003E\\u003Cdiv class=\\u0022oum_location_text\\u0022\\u003E\\u003Cdiv class=\\u0022oum_location_address\\u0022\\u003E\\u003Ca title=\\u0022go to Google Maps\\u0022 href=\\u0022https:\/\/www.google.com\/maps\/search\/?api=1\\u0026amp;query=43.0764687%2C0.4844529\\u0022 target=\\u0022_blank\\u0022\\u003EOccitanie\\u003C\/a\\u003E\\u003C\/div\\u003E\\u003Cdiv class=\\u0022oum_location_title\\u0022\\u003E\\u003Ch3 class=\\u0022oum_location_name\\u0022\\u003ECommunaut\u00e9 de Communes Nsete Barousse\\u003C\/h3\\u003E\\u003C\/div\\u003E\\u003Cdiv class=\\u0022oum_location_description\\u0022\\u003E\\u003C\/div\\u003E\\u003Cdiv class=\\u0022oum_location_text_bottom\\u0022\\u003E\\u003C\/div\\u003E\\u003C\/div\\u003E\\u003Cdiv style=\\u0022display: none\\u0022\\u003Ecommunaute-de-communes-nsete-barousse\\u003C\/div\\u003E\",\"icon\":\"https:\/\/www.patrim.net\/wp-content\/plugins\/open-user-map\/src\/leaflet\/images\/marker-icon_custom4-2x.png\",\"types\":[],\"post_id\":\"7876\",\"address\":\"Occitanie\",\"text\":\"\",\"image\":\"https:\/\/www.patrim.net\/wp-content\/uploads\/2025\/03\/10-1-768x576.png\",\"audio\":\"\",\"video\":\"\",\"custom_fields\":[],\"votes\":0},{\"title\":\"Office de Tourisme de Saint-Lary\",\"lat\":\"43.7237873\",\"lng\":\"0.5000984\",\"zoom\":\"16\",\"content\":\"\\u003Cdiv class=\\u0022oum-carousel popup-image-size-original\\u0022\\u003E\\u003Cdiv class=\\u0022oum-carousel-inner\\u0022\\u003E\\u003Cdiv class=\\u0022oum-carousel-item active\\u0022\\u003E\\u003Cimg class=\\u0022skip-lazy\\u0022 src=\\u0022https:\/\/www.patrim.net\/wp-content\/uploads\/2025\/03\/7-1-768x576.png\\u0022 alt=\\u0022Office de Tourisme de Saint-Lary\\u0022\\u003E\\u003C\/div\\u003E\\u003C\/div\\u003E\\u003C\/div\\u003E\\u003Cdiv class=\\u0022oum_location_text\\u0022\\u003E\\u003Cdiv class=\\u0022oum_location_address\\u0022\\u003E\\u003Ca title=\\u0022go to Google Maps\\u0022 href=\\u0022https:\/\/www.google.com\/maps\/search\/?api=1\\u0026amp;query=43.7237873%2C0.5000984\\u0022 target=\\u0022_blank\\u0022\\u003EOccitanie\\u003C\/a\\u003E\\u003C\/div\\u003E\\u003Cdiv class=\\u0022oum_location_title\\u0022\\u003E\\u003Ch3 class=\\u0022oum_location_name\\u0022\\u003EOffice de Tourisme de Saint-Lary\\u003C\/h3\\u003E\\u003C\/div\\u003E\\u003Cdiv class=\\u0022oum_location_description\\u0022\\u003E\\u003C\/div\\u003E\\u003Cdiv class=\\u0022oum_location_text_bottom\\u0022\\u003E\\u003C\/div\\u003E\\u003C\/div\\u003E\\u003Cdiv style=\\u0022display: none\\u0022\\u003Eoffice-de-tourisme-de-saint-lary\\u003C\/div\\u003E\",\"icon\":\"https:\/\/www.patrim.net\/wp-content\/plugins\/open-user-map\/src\/leaflet\/images\/marker-icon_custom4-2x.png\",\"types\":[],\"post_id\":\"7890\",\"address\":\"Occitanie\",\"text\":\"\",\"image\":\"https:\/\/www.patrim.net\/wp-content\/uploads\/2025\/03\/7-1-768x576.png\",\"audio\":\"\",\"video\":\"\",\"custom_fields\":[],\"votes\":0},{\"title\":\"Commune de Beaud\u00e9an\",\"lat\":\"43.029018\",\"lng\":\"0.1660165\",\"zoom\":\"16\",\"content\":\"\\u003Cdiv class=\\u0022oum-carousel popup-image-size-original\\u0022\\u003E\\u003Cdiv class=\\u0022oum-carousel-inner\\u0022\\u003E\\u003Cdiv class=\\u0022oum-carousel-item active\\u0022\\u003E\\u003Cimg class=\\u0022skip-lazy\\u0022 src=\\u0022https:\/\/www.patrim.net\/wp-content\/uploads\/2025\/03\/11-1-768x576.png\\u0022 alt=\\u0022Commune de Beaud\u00e9an\\u0022\\u003E\\u003C\/div\\u003E\\u003C\/div\\u003E\\u003C\/div\\u003E\\u003Cdiv class=\\u0022oum_location_text\\u0022\\u003E\\u003Cdiv class=\\u0022oum_location_address\\u0022\\u003E\\u003Ca title=\\u0022go to Google Maps\\u0022 href=\\u0022https:\/\/www.google.com\/maps\/search\/?api=1\\u0026amp;query=43.029018%2C0.1660165\\u0022 target=\\u0022_blank\\u0022\\u003EOccitanie\\u003C\/a\\u003E\\u003C\/div\\u003E\\u003Cdiv class=\\u0022oum_location_title\\u0022\\u003E\\u003Ch3 class=\\u0022oum_location_name\\u0022\\u003ECommune de Beaud\u00e9an\\u003C\/h3\\u003E\\u003C\/div\\u003E\\u003Cdiv class=\\u0022oum_location_description\\u0022\\u003E\\u003C\/div\\u003E\\u003Cdiv class=\\u0022oum_location_text_bottom\\u0022\\u003E\\u003C\/div\\u003E\\u003C\/div\\u003E\\u003Cdiv style=\\u0022display: none\\u0022\\u003Ecommune-de-beaudean\\u003C\/div\\u003E\",\"icon\":\"https:\/\/www.patrim.net\/wp-content\/plugins\/open-user-map\/src\/leaflet\/images\/marker-icon_custom4-2x.png\",\"types\":[],\"post_id\":\"7904\",\"address\":\"Occitanie\",\"text\":\"\",\"image\":\"https:\/\/www.patrim.net\/wp-content\/uploads\/2025\/03\/11-1-768x576.png\",\"audio\":\"\",\"video\":\"\",\"custom_fields\":[],\"votes\":0},{\"title\":\"Zugarramurdiko Garapona SL\",\"lat\":\"43.2693436\",\"lng\":\"-1.5416354\",\"zoom\":\"16\",\"content\":\"\\u003Cdiv class=\\u0022oum-carousel popup-image-size-original\\u0022\\u003E\\u003Cdiv class=\\u0022oum-carousel-inner\\u0022\\u003E\\u003Cdiv class=\\u0022oum-carousel-item active\\u0022\\u003E\\u003Cimg class=\\u0022skip-lazy\\u0022 src=\\u0022https:\/\/www.patrim.net\/wp-content\/uploads\/2025\/03\/15-1-1-768x576.png\\u0022 alt=\\u0022Zugarramurdiko Garapona SL\\u0022\\u003E\\u003C\/div\\u003E\\u003C\/div\\u003E\\u003C\/div\\u003E\\u003Cdiv class=\\u0022oum_location_text\\u0022\\u003E\\u003Cdiv class=\\u0022oum_location_address\\u0022\\u003E\\u003Ca title=\\u0022go to Google Maps\\u0022 href=\\u0022https:\/\/www.google.com\/maps\/search\/?api=1\\u0026amp;query=43.2693436%2C-1.5416354\\u0022 target=\\u0022_blank\\u0022\\u003ENavarra\\u003C\/a\\u003E\\u003C\/div\\u003E\\u003Cdiv class=\\u0022oum_location_title\\u0022\\u003E\\u003Ch3 class=\\u0022oum_location_name\\u0022\\u003EZugarramurdiko Garapona SL\\u003C\/h3\\u003E\\u003C\/div\\u003E\\u003Cdiv class=\\u0022oum_location_description\\u0022\\u003E\\u003C\/div\\u003E\\u003Cdiv class=\\u0022oum_location_text_bottom\\u0022\\u003E\\u003C\/div\\u003E\\u003C\/div\\u003E\\u003Cdiv style=\\u0022display: none\\u0022\\u003Ezugarramurdiko-garapona-sl\\u003C\/div\\u003E\",\"icon\":\"https:\/\/www.patrim.net\/wp-content\/plugins\/open-user-map\/src\/leaflet\/images\/marker-icon_custom4-2x.png\",\"types\":[],\"post_id\":\"7918\",\"address\":\"Navarra\",\"text\":\"\",\"image\":\"https:\/\/www.patrim.net\/wp-content\/uploads\/2025\/03\/15-1-1-768x576.png\",\"audio\":\"\",\"video\":\"\",\"custom_fields\":[],\"votes\":0},{\"title\":\"K6 Gestion Cultural SL\",\"lat\":\"43.3224219\",\"lng\":\"-1.9838889\",\"zoom\":\"16\",\"content\":\"\\u003Cdiv class=\\u0022oum-carousel popup-image-size-original\\u0022\\u003E\\u003Cdiv class=\\u0022oum-carousel-inner\\u0022\\u003E\\u003Cdiv class=\\u0022oum-carousel-item active\\u0022\\u003E\\u003Cimg class=\\u0022skip-lazy\\u0022 src=\\u0022https:\/\/www.patrim.net\/wp-content\/uploads\/2025\/03\/15-1-768x576.png\\u0022 alt=\\u0022K6 Gestion Cultural SL\\u0022\\u003E\\u003C\/div\\u003E\\u003C\/div\\u003E\\u003C\/div\\u003E\\u003Cdiv class=\\u0022oum_location_text\\u0022\\u003E\\u003Cdiv class=\\u0022oum_location_address\\u0022\\u003E\\u003Ca title=\\u0022go to Google Maps\\u0022 href=\\u0022https:\/\/www.google.com\/maps\/search\/?api=1\\u0026amp;query=43.3224219%2C-1.9838889\\u0022 target=\\u0022_blank\\u0022\\u003EPa\u00eds Vasco\\u003C\/a\\u003E\\u003C\/div\\u003E\\u003Cdiv class=\\u0022oum_location_title\\u0022\\u003E\\u003Ch3 class=\\u0022oum_location_name\\u0022\\u003EK6 Gestion Cultural SL\\u003C\/h3\\u003E\\u003C\/div\\u003E\\u003Cdiv class=\\u0022oum_location_description\\u0022\\u003E\\u003C\/div\\u003E\\u003Cdiv class=\\u0022oum_location_text_bottom\\u0022\\u003E\\u003C\/div\\u003E\\u003C\/div\\u003E\\u003Cdiv style=\\u0022display: none\\u0022\\u003Ek6-gestion-cultural-sl\\u003C\/div\\u003E\",\"icon\":\"https:\/\/www.patrim.net\/wp-content\/plugins\/open-user-map\/src\/leaflet\/images\/marker-icon_custom4-2x.png\",\"types\":[],\"post_id\":\"7932\",\"address\":\"Pa\u00eds Vasco\",\"text\":\"\",\"image\":\"https:\/\/www.patrim.net\/wp-content\/uploads\/2025\/03\/15-1-768x576.png\",\"audio\":\"\",\"video\":\"\",\"custom_fields\":[],\"votes\":0},{\"title\":\"Comarca de Ribagorza\",\"lat\":\"42.1063137\",\"lng\":\"0.4820182\",\"zoom\":\"16\",\"content\":\"\\u003Cdiv class=\\u0022oum-carousel popup-image-size-original\\u0022\\u003E\\u003Cdiv class=\\u0022oum-carousel-inner\\u0022\\u003E\\u003Cdiv class=\\u0022oum-carousel-item active\\u0022\\u003E\\u003Cimg class=\\u0022skip-lazy\\u0022 src=\\u0022https:\/\/www.patrim.net\/wp-content\/uploads\/2025\/03\/13-1-768x576.png\\u0022 alt=\\u0022Comarca de Ribagorza\\u0022\\u003E\\u003C\/div\\u003E\\u003C\/div\\u003E\\u003C\/div\\u003E\\u003Cdiv class=\\u0022oum_location_text\\u0022\\u003E\\u003Cdiv class=\\u0022oum_location_address\\u0022\\u003E\\u003Ca title=\\u0022go to Google Maps\\u0022 href=\\u0022https:\/\/www.google.com\/maps\/search\/?api=1\\u0026amp;query=42.1063137%2C0.4820182\\u0022 target=\\u0022_blank\\u0022\\u003EArag\u00f3n\\u003C\/a\\u003E\\u003C\/div\\u003E\\u003Cdiv class=\\u0022oum_location_title\\u0022\\u003E\\u003Ch3 class=\\u0022oum_location_name\\u0022\\u003EComarca de Ribagorza\\u003C\/h3\\u003E\\u003C\/div\\u003E\\u003Cdiv class=\\u0022oum_location_description\\u0022\\u003E\\u003C\/div\\u003E\\u003Cdiv class=\\u0022oum_location_text_bottom\\u0022\\u003E\\u003C\/div\\u003E\\u003C\/div\\u003E\\u003Cdiv style=\\u0022display: none\\u0022\\u003Ecomarca-de-ribagorza\\u003C\/div\\u003E\",\"icon\":\"https:\/\/www.patrim.net\/wp-content\/plugins\/open-user-map\/src\/leaflet\/images\/marker-icon_custom4-2x.png\",\"types\":[],\"post_id\":\"7946\",\"address\":\"Arag\u00f3n\",\"text\":\"\",\"image\":\"https:\/\/www.patrim.net\/wp-content\/uploads\/2025\/03\/13-1-768x576.png\",\"audio\":\"\",\"video\":\"\",\"custom_fields\":[],\"votes\":0},{\"title\":\"Comarca del Somontano de Barbastro\",\"lat\":\"42.0883878\",\"lng\":\"0.099404128906723\",\"zoom\":\"16\",\"content\":\"\\u003Cdiv class=\\u0022oum-carousel popup-image-size-original\\u0022\\u003E\\u003Cdiv class=\\u0022oum-carousel-inner\\u0022\\u003E\\u003Cdiv class=\\u0022oum-carousel-item active\\u0022\\u003E\\u003Cimg class=\\u0022skip-lazy\\u0022 src=\\u0022https:\/\/www.patrim.net\/wp-content\/uploads\/2025\/03\/5-1-768x576.png\\u0022 alt=\\u0022Comarca del Somontano de Barbastro\\u0022\\u003E\\u003C\/div\\u003E\\u003C\/div\\u003E\\u003C\/div\\u003E\\u003Cdiv class=\\u0022oum_location_text\\u0022\\u003E\\u003Cdiv class=\\u0022oum_location_address\\u0022\\u003E\\u003Ca title=\\u0022go to Google Maps\\u0022 href=\\u0022https:\/\/www.google.com\/maps\/search\/?api=1\\u0026amp;query=42.0883878%2C0.099404128906723\\u0022 target=\\u0022_blank\\u0022\\u003EArag\u00f3n\\u003C\/a\\u003E\\u003C\/div\\u003E\\u003Cdiv class=\\u0022oum_location_title\\u0022\\u003E\\u003Ch3 class=\\u0022oum_location_name\\u0022\\u003EComarca del Somontano de Barbastro\\u003C\/h3\\u003E\\u003C\/div\\u003E\\u003Cdiv class=\\u0022oum_location_description\\u0022\\u003E\\u003C\/div\\u003E\\u003Cdiv class=\\u0022oum_location_text_bottom\\u0022\\u003E\\u003C\/div\\u003E\\u003C\/div\\u003E\\u003Cdiv style=\\u0022display: none\\u0022\\u003Ecomarca-del-somontano-de-barbastro\\u003C\/div\\u003E\",\"icon\":\"https:\/\/www.patrim.net\/wp-content\/plugins\/open-user-map\/src\/leaflet\/images\/marker-icon_custom4-2x.png\",\"types\":[],\"post_id\":\"7960\",\"address\":\"Arag\u00f3n\",\"text\":\"\",\"image\":\"https:\/\/www.patrim.net\/wp-content\/uploads\/2025\/03\/5-1-768x576.png\",\"audio\":\"\",\"video\":\"\",\"custom_fields\":[],\"votes\":0},{\"title\":\"Comarca Hoya de Huesca\",\"lat\":\"42.13789115\",\"lng\":\"-0.4091771807885\",\"zoom\":\"16\",\"content\":\"\\u003Cdiv class=\\u0022oum-carousel popup-image-size-original\\u0022\\u003E\\u003Cdiv class=\\u0022oum-carousel-inner\\u0022\\u003E\\u003Cdiv class=\\u0022oum-carousel-item active\\u0022\\u003E\\u003Cimg class=\\u0022skip-lazy\\u0022 src=\\u0022https:\/\/www.patrim.net\/wp-content\/uploads\/2025\/03\/8-1-768x576.png\\u0022 alt=\\u0022Comarca Hoya de Huesca\\u0022\\u003E\\u003C\/div\\u003E\\u003C\/div\\u003E\\u003C\/div\\u003E\\u003Cdiv class=\\u0022oum_location_text\\u0022\\u003E\\u003Cdiv class=\\u0022oum_location_address\\u0022\\u003E\\u003Ca title=\\u0022go to Google Maps\\u0022 href=\\u0022https:\/\/www.google.com\/maps\/search\/?api=1\\u0026amp;query=42.13789115%2C-0.4091771807885\\u0022 target=\\u0022_blank\\u0022\\u003EArag\u00f3n\\u003C\/a\\u003E\\u003C\/div\\u003E\\u003Cdiv class=\\u0022oum_location_title\\u0022\\u003E\\u003Ch3 class=\\u0022oum_location_name\\u0022\\u003EComarca Hoya de Huesca\\u003C\/h3\\u003E\\u003C\/div\\u003E\\u003Cdiv class=\\u0022oum_location_description\\u0022\\u003E\\u003C\/div\\u003E\\u003Cdiv class=\\u0022oum_location_text_bottom\\u0022\\u003E\\u003C\/div\\u003E\\u003C\/div\\u003E\\u003Cdiv style=\\u0022display: none\\u0022\\u003Ecomarca-hoya-de-huesca\\u003C\/div\\u003E\",\"icon\":\"https:\/\/www.patrim.net\/wp-content\/plugins\/open-user-map\/src\/leaflet\/images\/marker-icon_custom4-2x.png\",\"types\":[],\"post_id\":\"7974\",\"address\":\"Arag\u00f3n\",\"text\":\"\",\"image\":\"https:\/\/www.patrim.net\/wp-content\/uploads\/2025\/03\/8-1-768x576.png\",\"audio\":\"\",\"video\":\"\",\"custom_fields\":[],\"votes\":0},{\"title\":\"Ayuntamiento de Graus\",\"lat\":\"42.1895544\",\"lng\":\"0.33637448796229\",\"zoom\":\"16\",\"content\":\"\\u003Cdiv class=\\u0022oum-carousel popup-image-size-original\\u0022\\u003E\\u003Cdiv class=\\u0022oum-carousel-inner\\u0022\\u003E\\u003Cdiv class=\\u0022oum-carousel-item active\\u0022\\u003E\\u003Cimg class=\\u0022skip-lazy\\u0022 src=\\u0022https:\/\/www.patrim.net\/wp-content\/uploads\/2025\/03\/14-1-768x576.png\\u0022 alt=\\u0022Ayuntamiento de Graus\\u0022\\u003E\\u003C\/div\\u003E\\u003C\/div\\u003E\\u003C\/div\\u003E\\u003Cdiv class=\\u0022oum_location_text\\u0022\\u003E\\u003Cdiv class=\\u0022oum_location_address\\u0022\\u003E\\u003Ca title=\\u0022go to Google Maps\\u0022 href=\\u0022https:\/\/www.google.com\/maps\/search\/?api=1\\u0026amp;query=42.1895544%2C0.33637448796229\\u0022 target=\\u0022_blank\\u0022\\u003EArag\u00f3n\\u003C\/a\\u003E\\u003C\/div\\u003E\\u003Cdiv class=\\u0022oum_location_title\\u0022\\u003E\\u003Ch3 class=\\u0022oum_location_name\\u0022\\u003EAyuntamiento de Graus\\u003C\/h3\\u003E\\u003C\/div\\u003E\\u003Cdiv class=\\u0022oum_location_description\\u0022\\u003E\\u003C\/div\\u003E\\u003Cdiv class=\\u0022oum_location_text_bottom\\u0022\\u003E\\u003C\/div\\u003E\\u003C\/div\\u003E\\u003Cdiv style=\\u0022display: none\\u0022\\u003Eayuntamiento-de-graus\\u003C\/div\\u003E\",\"icon\":\"https:\/\/www.patrim.net\/wp-content\/plugins\/open-user-map\/src\/leaflet\/images\/marker-icon_custom4-2x.png\",\"types\":[],\"post_id\":\"7988\",\"address\":\"Arag\u00f3n\",\"text\":\"\",\"image\":\"https:\/\/www.patrim.net\/wp-content\/uploads\/2025\/03\/14-1-768x576.png\",\"audio\":\"\",\"video\":\"\",\"custom_fields\":[],\"votes\":0},{\"title\":\"Ecomuseu de les Valls d\\\\\\u0027\u00c0neu\",\"lat\":\"42.6274506\",\"lng\":\"1.1214513\",\"zoom\":\"16\",\"content\":\"\\u003Cdiv class=\\u0022oum-carousel popup-image-size-original\\u0022\\u003E\\u003Cdiv class=\\u0022oum-carousel-inner\\u0022\\u003E\\u003Cdiv class=\\u0022oum-carousel-item active\\u0022\\u003E\\u003Cimg class=\\u0022skip-lazy\\u0022 src=\\u0022https:\/\/www.patrim.net\/wp-content\/uploads\/2025\/03\/9-1-768x576.png\\u0022 alt=\\u0022Ecomuseu de les Valls d\\u0026#039;\u00c0neu\\u0022\\u003E\\u003C\/div\\u003E\\u003C\/div\\u003E\\u003C\/div\\u003E\\u003Cdiv class=\\u0022oum_location_text\\u0022\\u003E\\u003Cdiv class=\\u0022oum_location_address\\u0022\\u003E\\u003Ca title=\\u0022go to Google Maps\\u0022 href=\\u0022https:\/\/www.google.com\/maps\/search\/?api=1\\u0026amp;query=42.6274506%2C1.1214513\\u0022 target=\\u0022_blank\\u0022\\u003ECatalu\u00f1a\\u003C\/a\\u003E\\u003C\/div\\u003E\\u003Cdiv class=\\u0022oum_location_title\\u0022\\u003E\\u003Ch3 class=\\u0022oum_location_name\\u0022\\u003EEcomuseu de les Valls d\\u0026#039;\u00c0neu\\u003C\/h3\\u003E\\u003C\/div\\u003E\\u003Cdiv class=\\u0022oum_location_description\\u0022\\u003E\\u003C\/div\\u003E\\u003Cdiv class=\\u0022oum_location_text_bottom\\u0022\\u003E\\u003C\/div\\u003E\\u003C\/div\\u003E\\u003Cdiv style=\\u0022display: none\\u0022\\u003E5837\\u003C\/div\\u003E\",\"icon\":\"https:\/\/www.patrim.net\/wp-content\/plugins\/open-user-map\/src\/leaflet\/images\/marker-icon_custom4-2x.png\",\"types\":[],\"post_id\":\"8002\",\"address\":\"Catalu\u00f1a\",\"text\":\"\",\"image\":\"https:\/\/www.patrim.net\/wp-content\/uploads\/2025\/03\/9-1-768x576.png\",\"audio\":\"\",\"video\":\"\",\"custom_fields\":[],\"votes\":0},{\"title\":\"Ayuntamiento de Ayerbe\",\"lat\":\"42.2775833\",\"lng\":\"-0.6892375\",\"zoom\":\"16\",\"content\":\"\\u003Cdiv class=\\u0022oum-carousel popup-image-size-original\\u0022\\u003E\\u003Cdiv class=\\u0022oum-carousel-inner\\u0022\\u003E\\u003Cdiv class=\\u0022oum-carousel-item active\\u0022\\u003E\\u003Cimg class=\\u0022skip-lazy\\u0022 src=\\u0022https:\/\/www.patrim.net\/wp-content\/uploads\/2025\/03\/12-1-768x576.png\\u0022 alt=\\u0022Ayuntamiento de Ayerbe\\u0022\\u003E\\u003C\/div\\u003E\\u003C\/div\\u003E\\u003C\/div\\u003E\\u003Cdiv class=\\u0022oum_location_text\\u0022\\u003E\\u003Cdiv class=\\u0022oum_location_address\\u0022\\u003E\\u003Ca title=\\u0022go to Google Maps\\u0022 href=\\u0022https:\/\/www.google.com\/maps\/search\/?api=1\\u0026amp;query=42.2775833%2C-0.6892375\\u0022 target=\\u0022_blank\\u0022\\u003EArag\u00f3n\\u003C\/a\\u003E\\u003C\/div\\u003E\\u003Cdiv class=\\u0022oum_location_title\\u0022\\u003E\\u003Ch3 class=\\u0022oum_location_name\\u0022\\u003EAyuntamiento de Ayerbe\\u003C\/h3\\u003E\\u003C\/div\\u003E\\u003Cdiv class=\\u0022oum_location_description\\u0022\\u003EJefes de fila. Socio fundador de la red Patrim.\\u003C\/div\\u003E\\u003Cdiv class=\\u0022oum_location_text_bottom\\u0022\\u003E\\u003C\/div\\u003E\\u003C\/div\\u003E\\u003Cdiv style=\\u0022display: none\\u0022\\u003E5811\\u003C\/div\\u003E\",\"icon\":\"https:\/\/www.patrim.net\/wp-content\/plugins\/open-user-map\/src\/leaflet\/images\/marker-icon_custom4-2x.png\",\"types\":[],\"post_id\":\"8016\",\"address\":\"Arag\u00f3n\",\"text\":\"Jefes de fila. Socio fundador de la red Patrim.\",\"image\":\"https:\/\/www.patrim.net\/wp-content\/uploads\/2025\/03\/12-1-768x576.png\",\"audio\":\"\",\"video\":\"\",\"custom_fields\":[],\"votes\":0}];\n\n        \/\/ Wait for OUMLoader to be defined\n        function initializeMap() {\n          if (typeof OUMLoader !== 'undefined') {\n            \/\/ Initialize loader for this map\n            OUMLoader.initLoader(map_el);\n\n            \/\/ Add event listener for map initialization complete\n            document.addEventListener('oum:map_initialized', function(e) {\n              if (e.detail.mapId === map_el) {\n                OUMLoader.setMapInitialized(map_el);\n              }\n            });\n          } else {\n            \/\/ If OUMLoader is not yet defined, wait and try again\n            setTimeout(initializeMap, 100);\n          }\n        }\n\n        \/\/ Start initialization\n        initializeMap();\n\n        var mapStyle = `Esri.WorldStreetMap`;\n        var oum_tile_provider_mapbox_key = ``;\n        var marker_icon_url = `https:\/\/www.patrim.net\/wp-content\/plugins\/open-user-map\/src\/leaflet\/images\/marker-icon_custom4-2x.png`;\n        var marker_shadow_url = `https:\/\/www.patrim.net\/wp-content\/plugins\/open-user-map\/src\/leaflet\/images\/marker-shadow.png`;\n        var oum_enable_scrollwheel_zoom_map = false;\n        var oum_enable_cluster = true;\n        var oum_enable_fullscreen = true;\n\n        var oum_enable_searchbar = false;\n        var oum_searchbar_type = `address`;\n\n        var oum_geosearch_selected_provider = ``; \n        var oum_geosearch_provider = `osm`;\n        var oum_geosearch_provider_geoapify_key = ``;\n        var oum_geosearch_provider_here_key = ``;\n        var oum_geosearch_provider_mapbox_key = ``;\n        \n        var oum_enable_searchaddress_button = false;\n        var oum_searchaddress_label = `Search for address`;\n\n        var oum_enable_searchmarkers_button = false;\n        var oum_searchmarkers_label = `Find marker`;\n        var oum_searchmarkers_zoom = `8`;\n\n        var oum_enable_currentlocation = false;\n        var oum_action_after_submit = `text`;\n        var thankyou_redirect = ``;\n        var start_lat = Number(42.541037926199);\n        var start_lng = Number(0.263671875);\n        var start_zoom = Number(7);\n        \n        var oum_enable_fixed_map_bounds = `on`;\n        var oum_use_settings_start_location = true;\n        var oum_has_regions = false;\n        var oum_enable_multiple_marker_types = `false`;\n\n        var oum_location = {};\n        var oum_custom_css = '';\n        var oum_custom_script = '';\n        var oum_max_image_filesize = 10;\n        var oumMap;\n        var oumMap2;\n\n        \/**\n         * Conditional Field Feature\n         * \n         * @param {string} sourceField - The source field selector\n         * @param {string} targetField - The target field selector\n         * @param {array} condShow - The values that should show the target field\n         * @param {array} condHide - The values that should hide the target field\n         *\/\n        var oumConditionalField = (sourceField, targetField, condShow, condHide) => {\n            const sourceElements = document.querySelectorAll(sourceField); \/\/ Select all radios\/checkboxes or single select\n            const targetElementWrapper = document.querySelector(targetField)?.parentElement; \/* works with custom fields only *\/\n\n            \/\/ Check if both sourceElements and targetElementWrapper exist\n            if (!sourceElements.length) {\n                console.warn(`OUM: Source field(s) not found: ${sourceField}`);\n                return;\n            }\n\n            if (!targetElementWrapper) {\n                console.warn(`OUM: Target field wrapper not found: ${targetField}`);\n                return;\n            }\n\n            \/* Event listener for change *\/\n            const onChangeHandler = function() {\n                \/\/ Get selected values for checkboxes and single selected value for radios\/select\n                const selectedValues = Array.from(sourceElements)\n                    .filter(element => element.checked || element.tagName === 'SELECT')\n                    .map(element => element.value);\n\n                const selectedValue = selectedValues[0]; \/\/ For radios and selects, we use only the first (and only) value\n\n                console.log('OUM: run condition', {selectedValue, sourceField, targetField, condShow, condHide});\n                \n                \/\/ Show or hide target field based on the selected value(s)\n                if (condShow.includes(selectedValue)) {\n                    targetElementWrapper.style.display = 'block';\n                } else if (condHide.includes(selectedValue)) {\n                    targetElementWrapper.style.display = 'none';\n                }\n            };\n\n            \/* Attach the event listener to each radio\/checkbox or select *\/\n            sourceElements.forEach(element => {\n                element.addEventListener('change', onChangeHandler);\n            });\n\n            \/* Trigger initially *\/\n            onChangeHandler(); \/\/ Call it directly to set initial state\n        };\n\n        \/**\n         * Add Custom Styles\n         *\/\n        \n        \n          \/* custom color *\/\n          oum_custom_css += `\n            .open-user-map .add-location #close-add-location-overlay:hover {color: #e82c71 !important}\n            .open-user-map .box-wrap .map-wrap .oum-filter-controls .oum-filter-list .close-filter-list:hover {color: #e82c71 !important}\n            .open-user-map input.oum-switch[type=\"checkbox\"]:checked + label::before {background-color: #e82c71 !important}\n            .open-user-map .add-location .location-overlay-content #oum_add_location_thankyou h3 {color: #e82c71 !important}\n            .open-user-map .oum_location_text a {color: #e82c71 !important}\n            .open-user-map .oum_location_text .oum_vote_button_wrap .oum_vote_button.voted {background: #e82c71 !important; border-color: #e82c71 !important;}\n            .open-user-map .oum-tabs {border-color: #e82c71 !important}\n            .open-user-map .oum-tabs .nav-item:hover {color: #e82c71 !important; border-color: #e82c71 !important}\n            .open-user-map .oum-tabs .nav-item.active {color: #e82c71 !important; border-color: #e82c71 !important}\n            .open-user-map .box-wrap .map-wrap .oum-attribution a {color: #e82c71 !important;}\n            \/* Message CTA Buttons *\/\n            .open-user-map .add-location .location-overlay-content #oum_add_location_thankyou button {background-color: #e82c71 !important; border-color: #e82c71 !important;}\n            .open-user-map .add-location .location-overlay-content .oum-delete-confirmation button {background-color: #e82c71 !important; border-color: #e82c71 !important;}\n            \/* Media Section Colors *\/\n            .open-user-map .add-location .location-overlay-content #oum_add_location .oum_media .media-upload label {color: #e82c71 !important}\n            .open-user-map .add-location .location-overlay-content #oum_add_location .oum_media .oum-image-upload .media-upload-top label .multi-upload-indicator {background: #e82c71 !important}\n            .open-user-map .add-location .location-overlay-content #oum_add_location .oum_media .oum-video-upload input[type=text]:hover {border-color: #e82c71 !important}\n            .open-user-map .add-location .location-overlay-content #oum_add_location .oum_media .oum-video-upload input[type=text]:focus {border-color: #e82c71 !important; box-shadow: 0 0 0 2px #e82c711a !important}\n            .open-user-map .add-location .location-overlay-content #oum_add_location .oum_media .image-preview-placeholder {border-color: #e82c71 !important; background: #e82c710a !important}\n            .open-user-map .add-location .location-overlay-content #oum_add_location .oum_media .oum-image-preview-grid .image-preview-item.dragging {border-color: #e82c71 !important}\n            \/* List Styles *\/\n            .open-user-map-locations-list .oum-locations-list-item .oum_location_text a {color: #e82c71 !important} \n            .open-user-map-locations-list .oum-locations-list-item .oum_location_text .oum_vote_button_wrap .oum_vote_button.voted {background: #e82c71 !important; border-color: #e82c71 !important;}`;\n\n        \n        \n        \n        var custom_style = document.createElement('style');\n\n        if (custom_style.styleSheet) {\n          custom_style.styleSheet.cssText = oum_custom_css;\n        } else {\n          custom_style.appendChild(document.createTextNode(oum_custom_css));\n        }\n\n        document.getElementsByTagName('head')[0].appendChild(custom_style);\n\n        \/* Add initial CSS to prevent flash of unstyled content *\/\n        var initialStyles = document.createElement('style');\n        initialStyles.textContent = `\n          .oum-hidden {\n            opacity: 0 !important;\n            visibility: hidden !important;\n            transition: opacity 0.3s ease, visibility 0.3s ease;\n          }\n          .oum-filter-controls,\n          .open-add-location-overlay,\n          #oum_filter_markers {\n            opacity: 0;\n            visibility: hidden;\n            transition: opacity 0.3s ease, visibility 0.3s ease;\n          }\n          .oum-filter-controls.visible,\n          .open-add-location-overlay.visible,\n          #oum_filter_markers.visible {\n            opacity: 1;\n            visibility: visible;\n          }\n        `;\n        document.head.appendChild(initialStyles);\n\n      }\n    <\/script>\n\n  <\/div>\n\n<\/div>\n\n<\/div><\/code><\/p>\t\t\t\t\t\t\t\t<\/div>\n\t\t\t\t<\/div>\n\t\t\t\t\t<\/div>\n\t\t\t\t<\/div>\n\t\t<div class=\"elementor-element elementor-element-7ee6ad0 e-flex e-con-boxed wpr-particle-no wpr-jarallax-no wpr-parallax-no wpr-sticky-section-no e-con e-parent\" data-id=\"7ee6ad0\" data-element_type=\"container\" id=\"colaboradores\">\n\t\t\t\t\t<div class=\"e-con-inner\">\n\t\t\t\t<div class=\"elementor-element elementor-element-fe1e95a elementor-widget elementor-widget-heading\" data-id=\"fe1e95a\" data-element_type=\"widget\" data-widget_type=\"heading.default\">\n\t\t\t\t<div class=\"elementor-widget-container\">\n\t\t\t\t\t<h2 class=\"elementor-heading-title elementor-size-default\">Collaborateurs de PATRIM<\/h2>\t\t\t\t<\/div>\n\t\t\t\t<\/div>\n\t\t\t\t<div class=\"elementor-element elementor-element-6e95799 elementor-widget elementor-widget-text-editor\" data-id=\"6e95799\" data-element_type=\"widget\" data-widget_type=\"text-editor.default\">\n\t\t\t\t<div class=\"elementor-widget-container\">\n\t\t\t\t\t\t\t\t\t<p>Depuis 2008, le r\u00e9seau PATRIM relie des organisations des deux c\u00f4t\u00e9s des Pyr\u00e9n\u00e9es, cr\u00e9ant ainsi un espace de collaboration autour d&#8217;un patrimoine partag\u00e9. Actuellement, le projet PATRIM 4.0, int\u00e9gr\u00e9 au programme POCTEFA, rassemble des partenaires et des centres associ\u00e9s travaillant ensemble pour une gestion territoriale innovante et durable. Mais le r\u00e9seau PATRIM ne s&#8217;arr\u00eate pas l\u00e0 : il s&#8217;inscrit dans un parcours collectif auquel de nombreux collaborateurs ont particip\u00e9 lors des \u00e9tapes pr\u00e9c\u00e9dentes. Ils continuent tous de s&#8217;inscrire dans cette histoire commune et d&#8217;un engagement commun en faveur du patrimoine pyr\u00e9n\u00e9en. <a href=\"https:\/\/www.patrim.net\/patrim-una-red-con-historia\/\" target=\"_blank\" rel=\"noopener\">Nous les pr\u00e9sentons ici.<\/a><\/p>\t\t\t\t\t\t\t\t<\/div>\n\t\t\t\t<\/div>\n\t\t\t\t\t<\/div>\n\t\t\t\t<\/div>\n\t\t<div class=\"elementor-element elementor-element-e0b7c22 elementor-hidden-desktop elementor-hidden-tablet elementor-hidden-mobile e-flex e-con-boxed wpr-particle-no wpr-jarallax-no wpr-parallax-no wpr-sticky-section-no e-con e-parent\" data-id=\"e0b7c22\" data-element_type=\"container\">\n\t\t\t\t\t<div class=\"e-con-inner\">\n\t\t<div class=\"elementor-element elementor-element-26c495d e-con-full e-flex wpr-particle-no wpr-jarallax-no wpr-parallax-no wpr-sticky-section-no e-con e-child\" data-id=\"26c495d\" data-element_type=\"container\">\n\t\t\t\t<div class=\"elementor-element elementor-element-530f284 eael-flipbox-content-align-center elementor-widget elementor-widget-eael-flip-box\" data-id=\"530f284\" data-element_type=\"widget\" data-widget_type=\"eael-flip-box.default\">\n\t\t\t\t<div class=\"elementor-widget-container\">\n\t\t\t\t\t        <div class=\"eael-elements-flip-box-container eael-animate-flip eael-animate-left eael-content eael-flip-box-hover eael-flipbox-fixed-height eael-flipbox-dynamic\">\n\n            <div class=\"eael-elements-flip-box-flip-card\">\n                <div class=\"eael-elements-flip-box-front-container\">\n                    \n                    \n                        <div class=\"eael-elements-slider-display-table\">\n                            <div class=\"eael-elements-flip-box-vertical-align\">\n                                <div class=\"eael-elements-flip-box-padding\">\n                                    <div class=\"eael-elements-flip-box-icon-image\">\n                                                                                    <svg aria-hidden=\"true\" class=\"ea-flipbox-icon e-font-icon-svg e-fas-archway\" viewBox=\"0 0 576 512\" xmlns=\"http:\/\/www.w3.org\/2000\/svg\"><path d=\"M560 448h-16V96H32v352H16.02c-8.84 0-16 7.16-16 16v32c0 8.84 7.16 16 16 16H176c8.84 0 16-7.16 16-16V320c0-53.02 42.98-96 96-96s96 42.98 96 96l.02 160v16c0 8.84 7.16 16 16 16H560c8.84 0 16-7.16 16-16v-32c0-8.84-7.16-16-16-16zm0-448H16C7.16 0 0 7.16 0 16v32c0 8.84 7.16 16 16 16h544c8.84 0 16-7.16 16-16V16c0-8.84-7.16-16-16-16z\"><\/path><\/svg>                                                                                    <\/div>\n                                    <h2 class=\"eael-elements-flip-box-heading\">Histoire et soci\u00e9t\u00e9<\/h2>                                    <div class=\"eael-elements-flip-box-content\">\n\t                                    <p>Des espaces qui valorisent la richesse culturelle et sociale de notre r\u00e9gion.<\/p>                                    <\/div>\n                                <\/div>\n                            <\/div>\n                        <\/div>\n                                    <\/div>\n\n                <div class=\"eael-elements-flip-box-rear-container\">\n                                                                <div class=\"eael-elements-slider-display-table\">\n                            <div class=\"eael-elements-flip-box-vertical-align\">\n                                <div class=\"eael-elements-flip-box-padding\">\n                                                                                                            <div class=\"eael-elements-flip-box-content\">\n                                                                            <\/div>\n\n                                                                            <a class=\"flipbox-button\" href=\"https:\/\/www.patrim.net\/los-centros\/historia-y-sociedad\/\">\n                                                                                        D\u00e9couvrez-les                                                                                            <\/a>\n                                                                    <\/div>\n                            <\/div>\n                        <\/div>\n                                    <\/div>\n            <\/div>\n        <\/div>\n        \t\t\t\t<\/div>\n\t\t\t\t<\/div>\n\t\t\t\t<\/div>\n\t\t<div class=\"elementor-element elementor-element-c1a33bf e-con-full e-flex wpr-particle-no wpr-jarallax-no wpr-parallax-no wpr-sticky-section-no e-con e-child\" data-id=\"c1a33bf\" data-element_type=\"container\">\n\t\t\t\t<div class=\"elementor-element elementor-element-3af5cf4 eael-flipbox-content-align-center elementor-widget elementor-widget-eael-flip-box\" data-id=\"3af5cf4\" data-element_type=\"widget\" data-widget_type=\"eael-flip-box.default\">\n\t\t\t\t<div class=\"elementor-widget-container\">\n\t\t\t\t\t        <div class=\"eael-elements-flip-box-container eael-animate-flip eael-animate-left eael-content eael-flip-box-hover eael-flipbox-fixed-height eael-flipbox-dynamic\">\n\n            <div class=\"eael-elements-flip-box-flip-card\">\n                <div class=\"eael-elements-flip-box-front-container\">\n                    \n                    \n                        <div class=\"eael-elements-slider-display-table\">\n                            <div class=\"eael-elements-flip-box-vertical-align\">\n                                <div class=\"eael-elements-flip-box-padding\">\n                                    <div class=\"eael-elements-flip-box-icon-image\">\n                                                                                    <svg aria-hidden=\"true\" class=\"ea-flipbox-icon e-font-icon-svg e-fas-history\" viewBox=\"0 0 512 512\" xmlns=\"http:\/\/www.w3.org\/2000\/svg\"><path d=\"M504 255.531c.253 136.64-111.18 248.372-247.82 248.468-59.015.042-113.223-20.53-155.822-54.911-11.077-8.94-11.905-25.541-1.839-35.607l11.267-11.267c8.609-8.609 22.353-9.551 31.891-1.984C173.062 425.135 212.781 440 256 440c101.705 0 184-82.311 184-184 0-101.705-82.311-184-184-184-48.814 0-93.149 18.969-126.068 49.932l50.754 50.754c10.08 10.08 2.941 27.314-11.313 27.314H24c-8.837 0-16-7.163-16-16V38.627c0-14.254 17.234-21.393 27.314-11.314l49.372 49.372C129.209 34.136 189.552 8 256 8c136.81 0 247.747 110.78 248 247.531zm-180.912 78.784l9.823-12.63c8.138-10.463 6.253-25.542-4.21-33.679L288 256.349V152c0-13.255-10.745-24-24-24h-16c-13.255 0-24 10.745-24 24v135.651l65.409 50.874c10.463 8.137 25.541 6.253 33.679-4.21z\"><\/path><\/svg>                                                                                    <\/div>\n                                    <h2 class=\"eael-elements-flip-box-heading\">Pr\u00e9histoire<\/h2>                                    <div class=\"eael-elements-flip-box-content\">\n\t                                    <p>D\u00e9couvrez les racines anciennes qui ont fa\u00e7onn\u00e9 notre territoire.<\/p>                                    <\/div>\n                                <\/div>\n                            <\/div>\n                        <\/div>\n                                    <\/div>\n\n                <div class=\"eael-elements-flip-box-rear-container\">\n                                                                <div class=\"eael-elements-slider-display-table\">\n                            <div class=\"eael-elements-flip-box-vertical-align\">\n                                <div class=\"eael-elements-flip-box-padding\">\n                                                                                                            <div class=\"eael-elements-flip-box-content\">\n                                                                            <\/div>\n\n                                                                            <a class=\"flipbox-button\" href=\"https:\/\/www.patrim.net\/los-centros\/prehistoria\/\">\n                                                                                        D\u00e9couvrez-les                                                                                            <\/a>\n                                                                    <\/div>\n                            <\/div>\n                        <\/div>\n                                    <\/div>\n            <\/div>\n        <\/div>\n        \t\t\t\t<\/div>\n\t\t\t\t<\/div>\n\t\t\t\t<\/div>\n\t\t<div class=\"elementor-element elementor-element-24425ab e-con-full e-flex wpr-particle-no wpr-jarallax-no wpr-parallax-no wpr-sticky-section-no e-con e-child\" data-id=\"24425ab\" data-element_type=\"container\">\n\t\t\t\t<div class=\"elementor-element elementor-element-dbd25fb eael-flipbox-content-align-center elementor-widget elementor-widget-eael-flip-box\" data-id=\"dbd25fb\" data-element_type=\"widget\" data-widget_type=\"eael-flip-box.default\">\n\t\t\t\t<div class=\"elementor-widget-container\">\n\t\t\t\t\t        <div class=\"eael-elements-flip-box-container eael-animate-flip eael-animate-left eael-content eael-flip-box-hover eael-flipbox-fixed-height eael-flipbox-dynamic\">\n\n            <div class=\"eael-elements-flip-box-flip-card\">\n                <div class=\"eael-elements-flip-box-front-container\">\n                    \n                    \n                        <div class=\"eael-elements-slider-display-table\">\n                            <div class=\"eael-elements-flip-box-vertical-align\">\n                                <div class=\"eael-elements-flip-box-padding\">\n                                    <div class=\"eael-elements-flip-box-icon-image\">\n                                                                                    <svg aria-hidden=\"true\" class=\"ea-flipbox-icon e-font-icon-svg e-fas-mountain\" viewBox=\"0 0 640 512\" xmlns=\"http:\/\/www.w3.org\/2000\/svg\"><path d=\"M634.92 462.7l-288-448C341.03 5.54 330.89 0 320 0s-21.03 5.54-26.92 14.7l-288 448a32.001 32.001 0 0 0-1.17 32.64A32.004 32.004 0 0 0 32 512h576c11.71 0 22.48-6.39 28.09-16.67a31.983 31.983 0 0 0-1.17-32.63zM320 91.18L405.39 224H320l-64 64-38.06-38.06L320 91.18z\"><\/path><\/svg>                                                                                    <\/div>\n                                    <h2 class=\"eael-elements-flip-box-heading\">Espaces naturels<\/h2>                                    <div class=\"eael-elements-flip-box-content\">\n\t                                    <p>Pr\u00e9server la biodiversit\u00e9 et le paysage unique des Pyr\u00e9n\u00e9es.<\/p>                                    <\/div>\n                                <\/div>\n                            <\/div>\n                        <\/div>\n                                    <\/div>\n\n                <div class=\"eael-elements-flip-box-rear-container\">\n                                                                <div class=\"eael-elements-slider-display-table\">\n                            <div class=\"eael-elements-flip-box-vertical-align\">\n                                <div class=\"eael-elements-flip-box-padding\">\n                                                                                                            <div class=\"eael-elements-flip-box-content\">\n                                                                            <\/div>\n\n                                                                            <a class=\"flipbox-button\" href=\"https:\/\/www.patrim.net\/los-centros\/espacios-naturales\/\">\n                                                                                        D\u00e9couvrez-les                                                                                            <\/a>\n                                                                    <\/div>\n                            <\/div>\n                        <\/div>\n                                    <\/div>\n            <\/div>\n        <\/div>\n        \t\t\t\t<\/div>\n\t\t\t\t<\/div>\n\t\t\t\t<\/div>\n\t\t\t\t\t<\/div>\n\t\t\t\t<\/div>\n\t\t<div class=\"elementor-element elementor-element-26dcab4 elementor-hidden-mobile e-flex e-con-boxed wpr-particle-no wpr-jarallax-no wpr-parallax-no wpr-sticky-section-no e-con e-parent\" data-id=\"26dcab4\" data-element_type=\"container\" data-settings=\"{&quot;background_background&quot;:&quot;classic&quot;}\">\n\t\t\t\t\t<div class=\"e-con-inner\">\n\t\t<div class=\"elementor-element elementor-element-8bc8df9 e-con-full e-flex wpr-particle-no wpr-jarallax-no wpr-parallax-no wpr-sticky-section-no e-con e-child\" data-id=\"8bc8df9\" data-element_type=\"container\">\n\t\t\t\t<div class=\"elementor-element elementor-element-3930822 elementor-widget__width-initial elementor-widget elementor-widget-video\" data-id=\"3930822\" data-element_type=\"widget\" data-settings=\"{&quot;video_type&quot;:&quot;hosted&quot;,&quot;autoplay&quot;:&quot;yes&quot;,&quot;loop&quot;:&quot;yes&quot;}\" data-widget_type=\"video.default\">\n\t\t\t\t<div class=\"elementor-widget-container\">\n\t\t\t\t\t\t\t<div class=\"e-hosted-video elementor-wrapper elementor-open-inline\">\n\t\t\t\t\t<video class=\"elementor-video\" src=\"https:\/\/www.patrim.net\/wp-content\/uploads\/2025\/05\/PATRIM-AGENDA-EVENTOS-WEB-1080-x-1080-px-3-1.mp4\" autoplay=\"\" loop=\"\" controlsList=\"nodownload\"><\/video>\n\t\t\t\t<\/div>\n\t\t\t\t\t\t<\/div>\n\t\t\t\t<\/div>\n\t\t\t\t<\/div>\n\t\t<div class=\"elementor-element elementor-element-51b3024 e-con-full e-flex wpr-particle-no wpr-jarallax-no wpr-parallax-no wpr-sticky-section-no e-con e-child\" data-id=\"51b3024\" data-element_type=\"container\">\n\t\t\t\t<div class=\"elementor-element elementor-element-2caad32 elementor-widget-divider--view-line elementor-widget elementor-widget-divider\" data-id=\"2caad32\" data-element_type=\"widget\" data-widget_type=\"divider.default\">\n\t\t\t\t<div class=\"elementor-widget-container\">\n\t\t\t\t\t\t\t<div class=\"elementor-divider\">\n\t\t\t<span class=\"elementor-divider-separator\">\n\t\t\t\t\t\t<\/span>\n\t\t<\/div>\n\t\t\t\t\t\t<\/div>\n\t\t\t\t<\/div>\n\t\t\t\t<div class=\"elementor-element elementor-element-86f4f45 elementor-widget elementor-widget-heading\" data-id=\"86f4f45\" data-element_type=\"widget\" data-widget_type=\"heading.default\">\n\t\t\t\t<div class=\"elementor-widget-container\">\n\t\t\t\t\t<h2 class=\"elementor-heading-title elementor-size-default\">Ne manquez pas les \u00e9v\u00e9nements organis\u00e9s par le R\u00e9seau PATRIM<\/h2>\t\t\t\t<\/div>\n\t\t\t\t<\/div>\n\t\t\t\t<div class=\"elementor-element elementor-element-dea226d e-transform e-transform elementor-widget elementor-widget-button\" data-id=\"dea226d\" data-element_type=\"widget\" data-settings=\"{&quot;_transform_scale_effect_hover&quot;:{&quot;unit&quot;:&quot;px&quot;,&quot;size&quot;:1.1,&quot;sizes&quot;:[]},&quot;_transform_scale_effect&quot;:{&quot;unit&quot;:&quot;px&quot;,&quot;size&quot;:&quot;&quot;,&quot;sizes&quot;:[]},&quot;_transform_scale_effect_tablet&quot;:{&quot;unit&quot;:&quot;px&quot;,&quot;size&quot;:&quot;&quot;,&quot;sizes&quot;:[]},&quot;_transform_scale_effect_mobile&quot;:{&quot;unit&quot;:&quot;px&quot;,&quot;size&quot;:&quot;&quot;,&quot;sizes&quot;:[]},&quot;_transform_scale_effect_hover_tablet&quot;:{&quot;unit&quot;:&quot;px&quot;,&quot;size&quot;:&quot;&quot;,&quot;sizes&quot;:[]},&quot;_transform_scale_effect_hover_mobile&quot;:{&quot;unit&quot;:&quot;px&quot;,&quot;size&quot;:&quot;&quot;,&quot;sizes&quot;:[]}}\" data-widget_type=\"button.default\">\n\t\t\t\t<div class=\"elementor-widget-container\">\n\t\t\t\t\t\t\t\t\t<div class=\"elementor-button-wrapper\">\n\t\t\t\t\t<a class=\"elementor-button elementor-button-link elementor-size-sm\" href=\"https:\/\/www.patrim.net\/events\/\">\n\t\t\t\t\t\t<span class=\"elementor-button-content-wrapper\">\n\t\t\t\t\t\t\t\t\t<span class=\"elementor-button-text\">Acc\u00e9der au calendrier des \u00e9v\u00e9nements<\/span>\n\t\t\t\t\t<\/span>\n\t\t\t\t\t<\/a>\n\t\t\t\t<\/div>\n\t\t\t\t\t\t\t\t<\/div>\n\t\t\t\t<\/div>\n\t\t\t\t<div class=\"elementor-element elementor-element-a927f08 elementor-widget-divider--view-line elementor-widget elementor-widget-divider\" data-id=\"a927f08\" data-element_type=\"widget\" data-widget_type=\"divider.default\">\n\t\t\t\t<div class=\"elementor-widget-container\">\n\t\t\t\t\t\t\t<div class=\"elementor-divider\">\n\t\t\t<span class=\"elementor-divider-separator\">\n\t\t\t\t\t\t<\/span>\n\t\t<\/div>\n\t\t\t\t\t\t<\/div>\n\t\t\t\t<\/div>\n\t\t\t\t<\/div>\n\t\t\t\t\t<\/div>\n\t\t\t\t<\/div>\n\t\t\t\t<\/div>\n\t\t","protected":false},"excerpt":{"rendered":"<p>R\u00e9seau PATRIM Unis par l&#8217;h\u00e9ritage, connect\u00e9s \u00e0 l&#8217;avenir R\u00e9seau PATRIM Unis par l&#8217;h\u00e9ritage, connect\u00e9s \u00e0 l&#8217;avenir Les Pyr\u00e9n\u00e9es n&#8217;ont jamais \u00e9t\u00e9 une fronti\u00e8re ferm\u00e9e, mais plut\u00f4t un territoire d&#8217;\u00e9changes constants. Depuis 2008, le r\u00e9seau PATRIM a r\u00e9uni de nombreux partenaires des deux c\u00f4t\u00e9s de la cha\u00eene de montagnes, cr\u00e9ant ainsi un espace de coop\u00e9ration dynamique qui s&#8217;est d\u00e9velopp\u00e9 et adapt\u00e9 au fil du temps. Actuellement, le projet PATRIM 4.0, dans le cadre du programme POCTEFA, rassemble un ensemble de partenaires et de centres associ\u00e9s qui \u0153uvrent ensemble pour promouvoir une gestion int\u00e9grale du patrimoine dans la r\u00e9gion. Cependant, le r\u00e9seau PATRIM va bien plus loin\u00a0: il regroupe toutes les entit\u00e9s et tous les collaborateurs qui, au fil des ans, ont particip\u00e9 aux diff\u00e9rentes initiatives. Ensemble, nous continuons de partager cet esprit de coop\u00e9ration et cet engagement envers le patrimoine pyr\u00e9n\u00e9en. \u00c0 propos du projet PATRIM 4.0 \u00c0 propos de l&#8217;histoire de PATRIM Vous d\u00e9couvrirez ici toutes les entit\u00e9s qui composent le r\u00e9seau PATRIM Partenaires PATRIM 4.0 Collaborateurs du r\u00e9seau PATRIM Partenaires PATRIM 4.0 Le partenariat PATRIM 4.0, port\u00e9 par la mairie d&#8217;Ayerbe, regroupe des acteurs qui promeuvent une gestion innovante et durable du patrimoine culturel et des produits locaux dans les Pyr\u00e9n\u00e9es. Parmi ces acteurs figurent des mus\u00e9es, des centres culturels, des universit\u00e9s, des mairies et d&#8217;autres institutions locales. Conseil municipal d&#8217;Ayerbe Une municipalit\u00e9 aragonaise fortement impliqu\u00e9e dans la promotion de son territoire. Elle participe en tant que leader au projet, en promouvant des actions de valorisation du patrimoine comme moteur de d\u00e9veloppement rural et touristique. Visitez leur site Web Ecomuseu Valls D&#8217;\u00c0neu Un mus\u00e9e territorial des Pyr\u00e9n\u00e9es catalanes \u00e0 approche participative. Il propose une exp\u00e9rience en gestion culturelle li\u00e9e \u00e0 l&#8217;environnement, mettant en valeur le r\u00f4le du patrimoine dans la durabilit\u00e9 et l&#8217;identit\u00e9 locale. Visitez leur site Web Conseil municipal de Graus Commune des Pyr\u00e9n\u00e9es aragonaises dot\u00e9e d&#8217;un important patrimoine culturel, sa participation favorise des projets qui renforcent les liens entre patrimoine, d\u00e9veloppement rural, \u00e9ducation et tourisme durable. Visitez leur site Web R\u00e9gion de Hoya de Huesca Organisme r\u00e9gional aragonais qui promeut le d\u00e9veloppement culturel. Il collabore \u00e0 des initiatives alliant patrimoine, paysage, innovation en mati\u00e8re d&#8217;exposition et produits locaux, dans une optique de d\u00e9veloppement durable. Visitez leur site Web R\u00e9gion du Somontano de Barbastro Une r\u00e9gion aragonaise fortement li\u00e9e \u00e0 la culture, au paysage et au vin. Elle participe \u00e0 des initiatives valorisant le patrimoine rural, l&#8217;\u00e9conomie circulaire et le tourisme responsable. Visitez leur site Web R\u00e9gion de Ribagorza Territoire pyr\u00e9n\u00e9en caract\u00e9ris\u00e9 par la richesse de son patrimoine et de ses ressources naturelles. Il collabore \u00e0 des initiatives visant \u00e0 renforcer le r\u00f4le du patrimoine dans le d\u00e9veloppement culturel et touristique. Visitez leur site Web K6 Gesti\u00f3n Cultural SL Entreprise de cr\u00e9ation, programmation et gestion de projets culturels, de mus\u00e9es et de centres culturels. Elle fournit des outils pour la cr\u00e9ation d\u2019exp\u00e9riences innovantes centr\u00e9es sur le patrimoine. Visitez leur site Web Zugarramurdiko Garapena SL Organisation de d\u00e9veloppement rural li\u00e9e au Mus\u00e9e des Sorci\u00e8res de Zugarramurdi. Sa collaboration repose sur des propositions alliant culture, tourisme et d\u00e9veloppement durable en milieu rural. Visitez leur site Web Commune de Beaud\u00e9an Commune fran\u00e7aise dot\u00e9e d&#8217;un important mus\u00e9e de pal\u00e9ontologie, elle participe \u00e0 des initiatives visant \u00e0 valoriser le patrimoine scientifique comme ressource p\u00e9dagogique et attraction culturelle locale. Visitez leur site Web Office de Tourisme de Saint-Lary L&#8217;Office de Tourisme de Saint-Lary, engag\u00e9 dans la promotion culturelle, collabore \u00e0 la promotion d&#8217;exp\u00e9riences touristiques durables int\u00e9grant patrimoine naturel et culture locale. Visitez leur site Web Neste Barousse Communaut\u00e9 de communes des Hautes-Pyr\u00e9n\u00e9es. Elle participe \u00e0 la coop\u00e9ration transfrontali\u00e8re et \u00e0 la gestion int\u00e9gr\u00e9e du patrimoine, \u00e9l\u00e9ment cl\u00e9 du d\u00e9veloppement rural et de la revitalisation sociale. Visitez leur site Web Universit\u00e9 de Barcelone Universit\u00e9 publique reconnue pour ses \u00e9tudes patrimoniales, elle propose des propositions de recherche et d&#8217;enseignement qui renforcent la dimension \u00e9ducative du projet. Visitez leur site Web Universit\u00e9 autonome de Barcelone Universit\u00e9 sp\u00e9cialis\u00e9 dans le patrimoine, l&#8217;\u00e9ducation et la mus\u00e9ologie, il collabore \u00e0 des analyses et propositions scientifiques alliant m\u00e9diation culturelle et participation sociale. Visitez leur site Web Universit\u00e9 du Pays Basque Une universit\u00e9 qui participe, avec des \u00e9quipes sp\u00e9cialis\u00e9es, \u00e0 l&#8217;innovation p\u00e9dagogique et au patrimoine. Elle apporte des connaissances techniques, des m\u00e9thodologies participatives et un transfert de connaissances \u00e0 la r\u00e9gion. Visitez leur site Web Centres Outre les organisations partenaires du projet, Patrim 4.0 b\u00e9n\u00e9ficie du soutien de nombreux centres qui collaborent activement au d\u00e9veloppement de ses initiatives. Ces centres, en lien avec les principaux partenaires, \u00e9largissent la port\u00e9e du projet et enrichissent le r\u00e9seau gr\u00e2ce \u00e0 leur exp\u00e9rience, leur connaissance du territoire et leur lien direct avec les communaut\u00e9s locales. Centre d&#8217;interpr\u00e9tation Ram\u00f3n y Cajal Visitez leur site Web Mus\u00e9e Larrey Visitez leur site Web Espacio Pirineos Visitez leur site Web Espai Origens Visitez leur site Web Igartubeiti Baserria Visitez leur site Web Grottes de Gargas Visitez leur site Web Parque Cultural R\u00edo Vero Visitez leur site Web CEPAP UAB Visitez leur site Web Centro de interpretaci\u00f3n de las aves Alberca de Albor\u00e9 Visitez leur site Web Centro de interpretaci\u00f3n Espacio Salto de Rold\u00e1n Visitez leur site Web Centro de interpretaci\u00f3n Casa de los Buitres Visitez leur site Web Laboratorio Paleontol\u00f3gico de Loarre Visitez leur site Web La carte du r\u00e9seau PATRIM 4.0 Collaborateurs de PATRIM Depuis 2008, le r\u00e9seau PATRIM relie des organisations des deux c\u00f4t\u00e9s des Pyr\u00e9n\u00e9es, cr\u00e9ant ainsi un espace de collaboration autour d&#8217;un patrimoine partag\u00e9. Actuellement, le projet PATRIM 4.0, int\u00e9gr\u00e9 au programme POCTEFA, rassemble des partenaires et des centres associ\u00e9s travaillant ensemble pour une gestion territoriale innovante et durable. Mais le r\u00e9seau PATRIM ne s&#8217;arr\u00eate pas l\u00e0 : il s&#8217;inscrit dans un parcours collectif auquel de nombreux collaborateurs ont particip\u00e9 lors des \u00e9tapes pr\u00e9c\u00e9dentes. Ils continuent tous de s&#8217;inscrire dans cette histoire commune et d&#8217;un engagement commun en faveur du patrimoine pyr\u00e9n\u00e9en. Nous les pr\u00e9sentons ici. Histoire et soci\u00e9t\u00e9 Des espaces qui valorisent la richesse culturelle et sociale de notre r\u00e9gion. D\u00e9couvrez-les Pr\u00e9histoire D\u00e9couvrez les racines anciennes qui ont fa\u00e7onn\u00e9 notre territoire. D\u00e9couvrez-les Espaces naturels<\/p>\n","protected":false},"author":1,"featured_media":0,"parent":0,"menu_order":0,"comment_status":"closed","ping_status":"closed","template":"","meta":{"site-sidebar-layout":"no-sidebar","site-content-layout":"","ast-site-content-layout":"full-width-container","site-content-style":"default","site-sidebar-style":"default","ast-global-header-display":"","ast-banner-title-visibility":"","ast-main-header-display":"","ast-hfb-above-header-display":"","ast-hfb-below-header-display":"","ast-hfb-mobile-header-display":"","site-post-title":"disabled","ast-breadcrumbs-content":"","ast-featured-img":"disabled","footer-sml-layout":"","theme-transparent-header-meta":"default","adv-header-id-meta":"","stick-header-meta":"","header-above-stick-meta":"","header-main-stick-meta":"","header-below-stick-meta":"","astra-migrate-meta-layouts":"set","ast-page-background-enabled":"default","ast-page-background-meta":{"desktop":{"background-color":"var(--ast-global-color-5)","background-image":"","background-repeat":"repeat","background-position":"center center","background-size":"auto","background-attachment":"scroll","background-type":"","background-media":"","overlay-type":"","overlay-color":"","overlay-opacity":"","overlay-gradient":""},"tablet":{"background-color":"","background-image":"","background-repeat":"repeat","background-position":"center center","background-size":"auto","background-attachment":"scroll","background-type":"","background-media":"","overlay-type":"","overlay-color":"","overlay-opacity":"","overlay-gradient":""},"mobile":{"background-color":"","background-image":"","background-repeat":"repeat","background-position":"center center","background-size":"auto","background-attachment":"scroll","background-type":"","background-media":"","overlay-type":"","overlay-color":"","overlay-opacity":"","overlay-gradient":""}},"ast-content-background-meta":{"desktop":{"background-color":"var(--ast-global-color-4)","background-image":"","background-repeat":"repeat","background-position":"center center","background-size":"auto","background-attachment":"scroll","background-type":"","background-media":"","overlay-type":"","overlay-color":"","overlay-opacity":"","overlay-gradient":""},"tablet":{"background-color":"var(--ast-global-color-4)","background-image":"","background-repeat":"repeat","background-position":"center center","background-size":"auto","background-attachment":"scroll","background-type":"","background-media":"","overlay-type":"","overlay-color":"","overlay-opacity":"","overlay-gradient":""},"mobile":{"background-color":"var(--ast-global-color-4)","background-image":"","background-repeat":"repeat","background-position":"center center","background-size":"auto","background-attachment":"scroll","background-type":"","background-media":"","overlay-type":"","overlay-color":"","overlay-opacity":"","overlay-gradient":""}},"footnotes":""},"class_list":["post-7756","page","type-page","status-publish","hentry"],"_links":{"self":[{"href":"https:\/\/www.patrim.net\/fr\/wp-json\/wp\/v2\/pages\/7756","targetHints":{"allow":["GET"]}}],"collection":[{"href":"https:\/\/www.patrim.net\/fr\/wp-json\/wp\/v2\/pages"}],"about":[{"href":"https:\/\/www.patrim.net\/fr\/wp-json\/wp\/v2\/types\/page"}],"author":[{"embeddable":true,"href":"https:\/\/www.patrim.net\/fr\/wp-json\/wp\/v2\/users\/1"}],"replies":[{"embeddable":true,"href":"https:\/\/www.patrim.net\/fr\/wp-json\/wp\/v2\/comments?post=7756"}],"version-history":[{"count":37,"href":"https:\/\/www.patrim.net\/fr\/wp-json\/wp\/v2\/pages\/7756\/revisions"}],"predecessor-version":[{"id":8208,"href":"https:\/\/www.patrim.net\/fr\/wp-json\/wp\/v2\/pages\/7756\/revisions\/8208"}],"wp:attachment":[{"href":"https:\/\/www.patrim.net\/fr\/wp-json\/wp\/v2\/media?parent=7756"}],"curies":[{"name":"wp","href":"https:\/\/api.w.org\/{rel}","templated":true}]}}