{"id":4641,"date":"2022-02-15T09:51:16","date_gmt":"2022-02-15T08:51:16","guid":{"rendered":"http:\/\/www.patrim.net\/?page_id=4641"},"modified":"2022-02-16T11:57:19","modified_gmt":"2022-02-16T10:57:19","slug":"charte-dengagement","status":"publish","type":"page","link":"https:\/\/www.patrim.net\/fr\/produits-locaux\/charte-dengagement\/","title":{"rendered":"Charte d\u2019engagement"},"content":{"rendered":"<div id=\"pl-4641\"  class=\"panel-layout\" ><div id=\"pg-4641-0\"  class=\"panel-grid panel-no-style\" ><div id=\"pgc-4641-0-0\"  class=\"panel-grid-cell\" ><div id=\"panel-4641-0-0-0\" class=\"so-panel widget widget_text panel-first-child\" data-index=\"0\" ><h3 class=\"widget-title\">Charte d\u2019engagement \u00ab PRODUIT, PATRIMOINE ET TERRITOIRE \u00bb<\/h3>\t\t\t<div class=\"textwidget\"><\/div>\n\t\t<\/div><div id=\"panel-4641-0-0-1\" class=\"so-panel widget widget_text panel-last-child\" data-index=\"1\" ><div class=\"panel-widget-style panel-widget-style-for-4641-0-0-1\" >\t\t\t<div class=\"textwidget\"><div style=\"padding: 20px;\">\n<p class=\"p1\">Le R\u00e9seau Pyr\u00e9n\u00e9en des Mus\u00e9es, Ecomus\u00e9es et Centres d\u2019Interpr\u00e9tation<span class=\"Apple-converted-space\">\u00a0 <\/span>Patrim souhaite valoriser dans le cadre du projet de coop\u00e9ration transfrontali\u00e8re PATRIM+, une s\u00e9lection de <strong>Produits Locaux<\/strong> issus des territoires concern\u00e9s, distingu\u00e9s pour leur qualit\u00e9, leur authenticit\u00e9 et leur \u00e9thique de durabilit\u00e9 culturelle et environnementale, en tant que vitrine d\u2019un h\u00e9ritage et atout pour le d\u00e9veloppement local.<\/p>\n<p class=\"p2\"><strong>Des activit\u00e9s favorisant leur commercialisation et<span class=\"Apple-converted-space\">\u00a0 <\/span>leur promotion<\/strong> seront engag\u00e9es en collaboration avec les agents et les entit\u00e9s territoriales responsables en la mati\u00e8re, selon diverses possibilit\u00e9s:<\/p>\n<\/div>\n<\/div>\n\t\t<\/div><\/div><\/div><\/div><div id=\"pg-4641-1\"  class=\"panel-grid panel-has-style\" ><div class=\"panel-row-style panel-row-style-for-4641-1\" ><div id=\"pgc-4641-1-0\"  class=\"panel-grid-cell\" ><div id=\"panel-4641-1-0-0\" class=\"so-panel widget widget_text panel-first-child panel-last-child\" data-index=\"2\" >\t\t\t<div class=\"textwidget\"><p><strong><span class=\"s1\">Produits agro-alimentaires<\/span><\/strong> _ De pr\u00e9f\u00e9rence b\u00e9n\u00e9ficiant d\u2019une appellation officielle de qualit\u00e9 (AOC, IGP, marques r\u00e9gionales, etc.) garantissant une production et une commercialisation stables pendant la p\u00e9riode.<\/p>\n<p class=\"p4\"><span class=\"s1\"><b>Artisanat local <\/b><\/span><b> _ <\/b>De pr\u00e9f\u00e9rence mobilisant des mati\u00e8res premi\u00e8res et des proc\u00e9d\u00e9s de production dans le territoire du projet PATRIM+, et inscrits dans les registres officiels de l\u2019artisanat le cas \u00e9ch\u00e9ant.<\/p>\n<p class=\"p4\"><span class=\"s1\"><b>Cr\u00e9ation artistique<\/b><\/span><b> _ <\/b>Diff\u00e9rentes disciplines (sculpture, peinture, gravure, architecture, etc.) qui d\u00e9veloppent leur production et leur activit\u00e9 dans les territoires du projet.<\/p>\n<p class=\"p4\"><span class=\"s1\"><b>Activit\u00e9s touristiques<\/b><\/span><b> _ <\/b>Services et activit\u00e9s touristiques pouvant \u00eatre propos\u00e9s du fait de leur caract\u00e8re exceptionnel, de leur originalit\u00e9 et de leur relation avec le Patrimoine et l\u2019innovation et la valorisation durable des ressources locales (Action 4 PATRIM+ : accessibilit\u00e9, \u00e9co-efficacit\u00e9, promotion et animation), et de pr\u00e9f\u00e9rence inscrits dans les registres officiels correspondant au d\u00e9veloppement de l\u2019activit\u00e9 dans le cadre du projet.<\/p>\n<p class=\"p4\"><span class=\"s1\"><b>Autres prestataires<\/b><\/span><b> _ <\/b>Sur avis du groupement porteur de l\u2019activit\u00e9, et sur proposition d\u2019un partenaire du r\u00e9seau, il est possible de soutenir la prestation d\u2019\u00e9tablissements associ\u00e9s.<\/p>\n<\/div>\n\t\t<\/div><\/div><\/div><\/div><div id=\"pg-4641-2\"  class=\"panel-grid panel-no-style\" ><div id=\"pgc-4641-2-0\"  class=\"panel-grid-cell\" ><div id=\"panel-4641-2-0-0\" class=\"so-panel widget widget_text panel-first-child panel-last-child\" data-index=\"3\" ><div class=\"panel-widget-style panel-widget-style-for-4641-2-0-0\" ><h3 class=\"widget-title\">ENGAGEMENT DES\u00a0 SIGNATAIRES<\/h3>\t\t\t<div class=\"textwidget\"><p class=\"p2\"><b>Pour le produit local<\/b><\/p>\n<ul>\n<li class=\"p3\">Identifier le produit s\u00e9lectionn\u00e9.<\/li>\n<li class=\"p3\">Inclure une identification graphique appropri\u00e9e sur le produit pour un nombre d\u2019unit\u00e9s convenu par les deux parties.<\/li>\n<li class=\"p3\">Participer \u00e0 des \u00e9v\u00e9nements et activit\u00e9s.<\/li>\n<li class=\"p3\">\u00c9v\u00e9nements et activit\u00e9s men\u00e9s dans le territoire du produit et, le cas \u00e9ch\u00e9ant, conjointement dans les territoires faisant partie du r\u00e9seau Patrim.<\/li>\n<li class=\"p3\">Compromis de durabilit\u00e9 et de responsabilit\u00e9 avec le patrimoine.<\/li>\n<li class=\"p3\">Utilisation durable des ressources locales dans l\u2019\u00e9laboration et la commercialisation du produit.<\/li>\n<\/ul>\n<p class=\"p2\"><b>Pour les partenaires du r\u00e9seau Patrim et structures associ\u00e9es<\/b><\/p>\n<ul>\n<li class=\"p3\"><span class=\"s2\">S\u00e9lectionner et accompagner une meilleure valorisation territoriale du produit local.<\/span><\/li>\n<li class=\"p3\"><span class=\"s2\">Faciliter la connaissance et le respect du patrimoine culturel et naturel en relation avec le produit. <\/span><\/li>\n<li class=\"p3\"><span class=\"s2\">Promotion du produit local.<\/span><\/li>\n<li class=\"p3\"><span class=\"s2\">Pr\u00e9sence dans des boutiques du r\u00e9seau Patrim et structures associ\u00e9es, e-commerce de produits s\u00e9lectionn\u00e9s et autres actions marketing (promotions, tombolas, etc.), large diffusion et communication.<\/span><\/li>\n<li class=\"p3\"><span class=\"s2\">\u00c9tablir des synergies entre des fili\u00e8res li\u00e9es au produit local.<\/span><\/li>\n<li class=\"p3\"><span class=\"s2\">Promotion de la coop\u00e9ration entre les centres du r\u00e9seau Patrim, les structures associ\u00e9es et le produit local, accords entre les agents et secteurs participants, etc.<\/span><\/li>\n<li class=\"p3\"><span class=\"s2\">Appui au d\u00e9veloppement territorial durable et responsable.<\/span><\/li>\n<li class=\"p3\"><span class=\"s2\">Appui au produit local pour un d\u00e9veloppement durable, respectueux du patrimoine culturel et de l\u2019environnement. <\/span><\/li>\n<\/ul>\n<\/div>\n\t\t<\/div><\/div><\/div><\/div><div id=\"pg-4641-3\"  class=\"panel-grid panel-has-style\" ><div class=\"panel-row-style panel-row-style-for-4641-3\" ><div id=\"pgc-4641-3-0\"  class=\"panel-grid-cell\" ><div id=\"panel-4641-3-0-0\" class=\"so-panel widget widget_media_image panel-first-child panel-last-child\" data-index=\"4\" ><img decoding=\"async\" width=\"700\" height=\"60\" src=\"https:\/\/www.patrim.net\/wp-content\/uploads\/2022\/02\/FEDER-Patrim-768x66.png\" class=\"image wp-image-4693  attachment-700x60 size-700x60\" alt=\"\" style=\"max-width: 100%; height: auto;\" srcset=\"https:\/\/www.patrim.net\/wp-content\/uploads\/2022\/02\/FEDER-Patrim-768x66.png 768w, https:\/\/www.patrim.net\/wp-content\/uploads\/2022\/02\/FEDER-Patrim-600x51.png 600w, https:\/\/www.patrim.net\/wp-content\/uploads\/2022\/02\/FEDER-Patrim-300x26.png 300w, https:\/\/www.patrim.net\/wp-content\/uploads\/2022\/02\/FEDER-Patrim-1024x88.png 1024w, https:\/\/www.patrim.net\/wp-content\/uploads\/2022\/02\/FEDER-Patrim-1536x132.png 1536w, https:\/\/www.patrim.net\/wp-content\/uploads\/2022\/02\/FEDER-Patrim-920x79.png 920w, https:\/\/www.patrim.net\/wp-content\/uploads\/2022\/02\/FEDER-Patrim-230x20.png 230w, https:\/\/www.patrim.net\/wp-content\/uploads\/2022\/02\/FEDER-Patrim-350x30.png 350w, https:\/\/www.patrim.net\/wp-content\/uploads\/2022\/02\/FEDER-Patrim-480x41.png 480w, https:\/\/www.patrim.net\/wp-content\/uploads\/2022\/02\/FEDER-Patrim.png 1550w\" sizes=\"(max-width: 700px) 100vw, 700px\" \/><\/div><\/div><\/div><\/div><\/div>","protected":false},"excerpt":{"rendered":"<p>Le R\u00e9seau Pyr\u00e9n\u00e9en des Mus\u00e9es, Ecomus\u00e9es et Centres d\u2019Interpr\u00e9tation\u00a0 Patrim souhaite valoriser dans le cadre du projet de coop\u00e9ration transfrontali\u00e8re PATRIM+, une s\u00e9lection de Produits Locaux issus des territoires concern\u00e9s, distingu\u00e9s pour leur qualit\u00e9, leur authenticit\u00e9 et leur \u00e9thique de durabilit\u00e9 culturelle et environnementale, en tant que vitrine d\u2019un h\u00e9ritage et atout pour le d\u00e9veloppement local. Des activit\u00e9s favorisant leur commercialisation et\u00a0 leur promotion seront engag\u00e9es en collaboration avec les agents et les entit\u00e9s territoriales responsables en la mati\u00e8re, selon diverses possibilit\u00e9s: Produits agro-alimentaires _ De pr\u00e9f\u00e9rence b\u00e9n\u00e9ficiant d\u2019une appellation officielle de qualit\u00e9 (AOC, IGP, marques r\u00e9gionales, etc.) garantissant une production et une commercialisation stables pendant la p\u00e9riode. Artisanat local _ De pr\u00e9f\u00e9rence mobilisant des mati\u00e8res premi\u00e8res et des proc\u00e9d\u00e9s de production dans le territoire du projet PATRIM+, et inscrits dans les registres officiels de l\u2019artisanat le cas \u00e9ch\u00e9ant. Cr\u00e9ation artistique _ Diff\u00e9rentes disciplines (sculpture, peinture, gravure, architecture, etc.) qui d\u00e9veloppent leur production et leur activit\u00e9 dans les territoires du projet. Activit\u00e9s touristiques _ Services et activit\u00e9s touristiques pouvant \u00eatre propos\u00e9s du fait de leur caract\u00e8re exceptionnel, de leur originalit\u00e9 et de leur relation avec le Patrimoine et l\u2019innovation et la valorisation durable des ressources locales (Action 4 PATRIM+ : accessibilit\u00e9, \u00e9co-efficacit\u00e9, promotion et animation), et de pr\u00e9f\u00e9rence inscrits dans les registres officiels correspondant au d\u00e9veloppement de l\u2019activit\u00e9 dans le cadre du projet. Autres prestataires _ Sur avis du groupement porteur de l\u2019activit\u00e9, et sur proposition d\u2019un partenaire du r\u00e9seau, il est possible de soutenir la prestation d\u2019\u00e9tablissements associ\u00e9s.<\/p>\n","protected":false},"author":1,"featured_media":0,"parent":2839,"menu_order":0,"comment_status":"closed","ping_status":"closed","template":"page-templates\/page_front-page.php","meta":{"site-sidebar-layout":"default","site-content-layout":"","ast-site-content-layout":"default","site-content-style":"default","site-sidebar-style":"default","ast-global-header-display":"","ast-banner-title-visibility":"","ast-main-header-display":"","ast-hfb-above-header-display":"","ast-hfb-below-header-display":"","ast-hfb-mobile-header-display":"","site-post-title":"","ast-breadcrumbs-content":"","ast-featured-img":"","footer-sml-layout":"","theme-transparent-header-meta":"","adv-header-id-meta":"","stick-header-meta":"","header-above-stick-meta":"","header-main-stick-meta":"","header-below-stick-meta":"","astra-migrate-meta-layouts":"default","ast-page-background-enabled":"default","ast-page-background-meta":{"desktop":{"background-color":"var(--ast-global-color-5)","background-image":"","background-repeat":"repeat","background-position":"center center","background-size":"auto","background-attachment":"scroll","background-type":"","background-media":"","overlay-type":"","overlay-color":"","overlay-opacity":"","overlay-gradient":""},"tablet":{"background-color":"","background-image":"","background-repeat":"repeat","background-position":"center center","background-size":"auto","background-attachment":"scroll","background-type":"","background-media":"","overlay-type":"","overlay-color":"","overlay-opacity":"","overlay-gradient":""},"mobile":{"background-color":"","background-image":"","background-repeat":"repeat","background-position":"center center","background-size":"auto","background-attachment":"scroll","background-type":"","background-media":"","overlay-type":"","overlay-color":"","overlay-opacity":"","overlay-gradient":""}},"ast-content-background-meta":{"desktop":{"background-color":"var(--ast-global-color-4)","background-image":"","background-repeat":"repeat","background-position":"center center","background-size":"auto","background-attachment":"scroll","background-type":"","background-media":"","overlay-type":"","overlay-color":"","overlay-opacity":"","overlay-gradient":""},"tablet":{"background-color":"var(--ast-global-color-4)","background-image":"","background-repeat":"repeat","background-position":"center center","background-size":"auto","background-attachment":"scroll","background-type":"","background-media":"","overlay-type":"","overlay-color":"","overlay-opacity":"","overlay-gradient":""},"mobile":{"background-color":"var(--ast-global-color-4)","background-image":"","background-repeat":"repeat","background-position":"center center","background-size":"auto","background-attachment":"scroll","background-type":"","background-media":"","overlay-type":"","overlay-color":"","overlay-opacity":"","overlay-gradient":""}},"footnotes":""},"class_list":["post-4641","page","type-page","status-publish","hentry"],"_links":{"self":[{"href":"https:\/\/www.patrim.net\/fr\/wp-json\/wp\/v2\/pages\/4641","targetHints":{"allow":["GET"]}}],"collection":[{"href":"https:\/\/www.patrim.net\/fr\/wp-json\/wp\/v2\/pages"}],"about":[{"href":"https:\/\/www.patrim.net\/fr\/wp-json\/wp\/v2\/types\/page"}],"author":[{"embeddable":true,"href":"https:\/\/www.patrim.net\/fr\/wp-json\/wp\/v2\/users\/1"}],"replies":[{"embeddable":true,"href":"https:\/\/www.patrim.net\/fr\/wp-json\/wp\/v2\/comments?post=4641"}],"version-history":[{"count":43,"href":"https:\/\/www.patrim.net\/fr\/wp-json\/wp\/v2\/pages\/4641\/revisions"}],"predecessor-version":[{"id":4736,"href":"https:\/\/www.patrim.net\/fr\/wp-json\/wp\/v2\/pages\/4641\/revisions\/4736"}],"up":[{"embeddable":true,"href":"https:\/\/www.patrim.net\/fr\/wp-json\/wp\/v2\/pages\/2839"}],"wp:attachment":[{"href":"https:\/\/www.patrim.net\/fr\/wp-json\/wp\/v2\/media?parent=4641"}],"curies":[{"name":"wp","href":"https:\/\/api.w.org\/{rel}","templated":true}]}}