{"id":373,"date":"2015-08-17T21:14:13","date_gmt":"2015-08-17T20:14:13","guid":{"rendered":"http:\/\/www.patrim.net\/?page_id=373"},"modified":"2022-02-15T17:54:36","modified_gmt":"2022-02-15T16:54:36","slug":"nos-actions","status":"publish","type":"page","link":"https:\/\/www.patrim.net\/fr\/patrim\/nos-actions\/","title":{"rendered":"Nos actions"},"content":{"rendered":"<div id=\"pl-373\"  class=\"panel-layout\" ><div id=\"pg-373-0\"  class=\"panel-grid panel-no-style\" ><div id=\"pgc-373-0-0\"  class=\"panel-grid-cell\" ><div id=\"panel-373-0-0-0\" class=\"so-panel widget widget_sow-editor panel-first-child\" data-index=\"0\" ><div\n\t\t\t\n\t\t\tclass=\"so-widget-sow-editor so-widget-sow-editor-base\"\n\t\t\t\n\t\t><h3 class=\"widget-title\">Nos actions<\/h3>\n<div class=\"siteorigin-widget-tinymce textwidget\">\n\t<\/div>\n<\/div><\/div><div id=\"panel-373-0-0-1\" class=\"so-panel widget widget_media_image\" data-index=\"1\" ><img fetchpriority=\"high\" decoding=\"async\" width=\"1024\" height=\"435\" src=\"https:\/\/www.patrim.net\/wp-content\/uploads\/2022\/02\/Ayerbe-30v-09-15-2-1024x699-2.jpg\" class=\"image wp-image-4375  attachment-full size-full\" alt=\"\" style=\"max-width: 100%; height: auto;\" srcset=\"https:\/\/www.patrim.net\/wp-content\/uploads\/2022\/02\/Ayerbe-30v-09-15-2-1024x699-2.jpg 1024w, https:\/\/www.patrim.net\/wp-content\/uploads\/2022\/02\/Ayerbe-30v-09-15-2-1024x699-2-600x255.jpg 600w, https:\/\/www.patrim.net\/wp-content\/uploads\/2022\/02\/Ayerbe-30v-09-15-2-1024x699-2-300x127.jpg 300w, https:\/\/www.patrim.net\/wp-content\/uploads\/2022\/02\/Ayerbe-30v-09-15-2-1024x699-2-768x326.jpg 768w, https:\/\/www.patrim.net\/wp-content\/uploads\/2022\/02\/Ayerbe-30v-09-15-2-1024x699-2-920x391.jpg 920w, https:\/\/www.patrim.net\/wp-content\/uploads\/2022\/02\/Ayerbe-30v-09-15-2-1024x699-2-230x98.jpg 230w, https:\/\/www.patrim.net\/wp-content\/uploads\/2022\/02\/Ayerbe-30v-09-15-2-1024x699-2-350x149.jpg 350w, https:\/\/www.patrim.net\/wp-content\/uploads\/2022\/02\/Ayerbe-30v-09-15-2-1024x699-2-480x204.jpg 480w\" sizes=\"(max-width: 1024px) 100vw, 1024px\" \/><\/div><div id=\"panel-373-0-0-2\" class=\"so-panel widget widget_sow-editor panel-last-child\" data-index=\"2\" ><div\n\t\t\t\n\t\t\tclass=\"so-widget-sow-editor so-widget-sow-editor-base\"\n\t\t\t\n\t\t>\n<div class=\"siteorigin-widget-tinymce textwidget\">\n\t<p>&nbsp;<\/p>\n<p style=\"text-align: justify;\">Le r\u00e9seau PATRIM vous offre les cl\u00e9s des vall\u00e9es pyr\u00e9n\u00e9ennes. PATRIM, \u00e0 la d\u00e9couverte du patrimoine des Pyr\u00e9n\u00e9es\u00a0: un mode d\u2019approche intime, un regard particulier sur les Pyr\u00e9n\u00e9es, des histoires rassembl\u00e9es par les femmes et les hommes qui vivent ici\u2026<\/p>\n<p style=\"text-align: justify;\">Depuis 2008, au sein du r\u00e9seau, nous mettons en \u0153uvre diff\u00e9rentes actions pour vous offrir une approche juste de la culture des Pyr\u00e9n\u00e9es, notamment\u00a0:<\/p>\n<ul>\n<li style=\"text-align: justify;\">Des \u00e9changes scientifiques, des programmes de recherches sur le patrimoine pyr\u00e9n\u00e9en<\/li>\n<li style=\"text-align: justify;\">Le partage des connaissances et des bonnes pratiques via des s\u00e9minaires de formation<\/li>\n<li style=\"text-align: justify;\">L\u2019organisation d\u2019expositions, de publications, de journ\u00e9es d\u2019\u00e9tudes, de manifestations culturelles communes<\/li>\n<li style=\"text-align: justify;\">La conception conjointe de mallettes p\u00e9dagogiques et d'outils de diffusion de la connaissance<\/li>\n<\/ul>\n<p style=\"text-align: justify;\">Le r\u00e9seau PATRIM a con\u00e7u plusieurs projets qui ont b\u00e9n\u00e9fici\u00e9 du soutien de programmes europ\u00e9ens et de cr\u00e9dits du fonds europ\u00e9en pour le d\u00e9veloppement r\u00e9gional:<\/p>\n<p>&nbsp;<\/p>\n<blockquote>\n<p>PATRIM I - 2009-2012<\/p>\n<\/blockquote>\n<p><em>Cr\u00e9ation et visibilit\u00e9 du premier r\u00e9seau pyr\u00e9n\u00e9en form\u00e9 de 8 centres de patrimoine, avec la capacit\u00e9 d'\u00e9voluer et de g\u00e9n\u00e9rer en commun une offre culturelle et une offre de tourisme durable de qualit\u00e9 avec des synergies intersectorielles. 3 niveaux de travail: coop\u00e9ration th\u00e9matique bilat\u00e9rale, lien territorial et am\u00e9lioration des \u00e9quipements. Actions: \u00e9changes de bonnes pratiques, formation, plan marketing commun, \u00e9v\u00e8nements scientifiques, am\u00e9lioration des centres et dynamisation territoriale, techniques sc\u00e9nographiques et gestion durable.<\/em><\/p>\n<p>Ce projet a re\u00e7u le soutien du <a href=\"https:\/\/www.poctefa.eu\/\">POCTEFA 2007-2013 (FEDER)<\/a>, du <a href=\"http:\/\/www.cdm-pyrenees.fr\/aller-plus-loin\/la-datar.html\">Commissariat de Massif \u00e0 l'am\u00e9nagement des Pyr\u00e9n\u00e9es<\/a>, des d\u00e9partements de <a href=\"http:\/\/www.ariege.fr\/\">l'Ari\u00e8ge<\/a> et des <a href=\"http:\/\/www.hautespyrenees.fr\/fr\/index.html\">Hautes-Pyr\u00e9n\u00e9es<\/a>, de la <a href=\"https:\/\/www.laregion.fr\/\">R\u00e9gion Midi-Pyr\u00e9n\u00e9es<\/a> et de la <a href=\"http:\/\/web.gencat.cat\/ca\/inici\/\">Generalitat de Catalunya<\/a>.<\/p>\n<p>&nbsp;<\/p>\n<blockquote>\n<p>PATRIM Culture Euror\u00e9gion - 2013<\/p>\n<\/blockquote>\n<p><em>R\u00e9alisation des premi\u00e8res Rencontres pyr\u00e9n\u00e9ennes des mus\u00e9es et du patrimoine \u00e0 Esterri d'Aneu (120 participants). Extension du partenariat du r\u00e9seau.<\/em><\/p>\n<p>Ce projet a re\u00e7u le soutien de l'<a href=\"http:\/\/www.euroregio.eu\/\">Euror\u00e9gion Pyr\u00e9n\u00e9es-M\u00e9diterran\u00e9e<\/a> dans le cadre de l'appel \u00e0 projets Culture, du <a href=\"http:\/\/www.cdm-pyrenees.fr\/aller-plus-loin\/la-datar.html\">Commissariat de Massif \u00e0 l'am\u00e9nagement des Pyr\u00e9n\u00e9es<\/a>, des d\u00e9partements de <a href=\"http:\/\/www.ariege.fr\/\">l'Ari\u00e8ge<\/a> et des <a href=\"http:\/\/www.hautespyrenees.fr\/fr\/index.html\">Hautes-Pyr\u00e9n\u00e9es<\/a>, de la <a href=\"https:\/\/www.laregion.fr\/\">R\u00e9gion Midi-Pyr\u00e9n\u00e9es<\/a> et de la <a href=\"http:\/\/web.gencat.cat\/ca\/inici\/\">Generalitat de Catalunya<\/a>.<\/p>\n<p>&nbsp;<\/p>\n<blockquote>\n<p>PATRIM Youth - 2014 \u00e0 aujourd'hui<\/p>\n<\/blockquote>\n<p><em>Echanges et rencontres de jeunes aragonais et ari\u00e9geois avec sensibilisation au patrimoine pyr\u00e9n\u00e9en.<\/em><\/p>\n<p>Ce projet re\u00e7oit le soutien du programme <a href=\"http:\/\/www.erasmusplus.gob.es\/\">Erasmus+<\/a>.<\/p>\n<p>&nbsp;<\/p>\n<blockquote>\n<p>PATRIM II - 2014-2015<\/p>\n<\/blockquote>\n<p><em>Trois actions propos\u00e9es: formations concr\u00e8tes et d\u2019application imm\u00e9diate pour am\u00e9liorer les centres (communication, r\u00e9seaux sociaux, gestion boutique de mus\u00e9e...); \u00e9v\u00e9nements culturels itin\u00e9rants; am\u00e9lioration de la gestion et promotion du r\u00e9seau (progr\u00e8s du GECT, Web, offre touristique pour les h\u00e9bergeurs) Sensibilisation aupr\u00e8s de nouveaux partenaires et collaborateurs (universit\u00e9s, interpr\u00e9tation du patrimoine), visant \u00e0 \u00e9largir le r\u00e9seau.<\/em><\/p>\n<p>Ce projet a re\u00e7u le soutien du <a href=\"https:\/\/www.poctefa.eu\/\">POCTEFA 2007-2013 (FEDER)<\/a>, du <a href=\"http:\/\/www.cdm-pyrenees.fr\/aller-plus-loin\/la-datar.html\">Commissariat de Massif \u00e0 l'am\u00e9nagement des Pyr\u00e9n\u00e9es<\/a>, des d\u00e9partements de <a href=\"http:\/\/www.ariege.fr\/\">l'Ari\u00e8ge<\/a> et des <a href=\"http:\/\/www.hautespyrenees.fr\/fr\/index.html\">Hautes-Pyr\u00e9n\u00e9es<\/a>.<\/p>\n<p>&nbsp;<\/p>\n<blockquote>\n<p>PATRIM+ - depuis 2016<\/p>\n<\/blockquote>\n<h4>Objectives:<\/h4>\n<p><strong>Cr\u00e9ation de l\u2019INSTITUT VIRTUEL DU PATRIMOINE PYR\u00c9N\u00c9EN :<\/strong><\/p>\n<ul>\n<li><em><strong>Observatoire Patrim<\/strong> (collecte de donn\u00e9es et valorisation des recherches des Universit\u00e9s vers\/avec les Centres, sujets d'int\u00e9r\u00eat: femmes, diaspora, contrebande, arch\u00e9ologie, ruralit\u00e9, modernit\u00e9 et contemporan\u00e9it\u00e9...)<\/em><\/li>\n<li><em><strong>Centre de ressources en ligne<\/strong> (application Tics pour le partage des connaissances sur le patrimoine pyr\u00e9n\u00e9en)<\/em><\/li>\n<li><em><strong>Ateliers de diffusion, vulgarisation et formation<\/strong><\/em><\/li>\n<li><em><strong>Am\u00e9lioration Qualit\u00e9 Service des centres<\/strong><\/em><\/li>\n<\/ul>\n<p><strong>INNOVATION ET VALORISATION DURABLE:<\/strong><\/p>\n<ul>\n<li><em>Strat\u00e9gies communes participatives\u00a0:<\/em><\/li>\n<li><em>Accessibilit\u00e9 des visiteurs aux centres,<\/em><\/li>\n<li><em>inclusion cognitive et sociale,<\/em><\/li>\n<li><em>\u00e9coefficacit\u00e9 des \u00e9quipements,<\/em><\/li>\n<li><em>marketing touristique du r\u00e9seau<\/em><\/li>\n<\/ul>\n<p><strong>\u00a0<\/strong><strong>GESTION ET COMMUNICATION du r\u00e9seau<\/strong><\/p>\n<\/div>\n<\/div><\/div><\/div><\/div><div id=\"pg-373-1\"  class=\"panel-grid panel-has-style\" ><div class=\"panel-row-style panel-row-style-for-373-1\" ><div id=\"pgc-373-1-0\"  class=\"panel-grid-cell\" ><div id=\"panel-373-1-0-0\" class=\"so-panel widget panel-first-child panel-last-child\" data-index=\"3\" ><\/div><\/div><\/div><\/div><\/div>","protected":false},"excerpt":{"rendered":"<p>&nbsp; Le r\u00e9seau PATRIM vous offre les cl\u00e9s des vall\u00e9es pyr\u00e9n\u00e9ennes. PATRIM, \u00e0 la d\u00e9couverte du patrimoine des Pyr\u00e9n\u00e9es\u00a0: un mode d\u2019approche intime, un regard particulier sur les Pyr\u00e9n\u00e9es, des histoires rassembl\u00e9es par les femmes et les hommes qui vivent ici\u2026 Depuis 2008, au sein du r\u00e9seau, nous mettons en \u0153uvre diff\u00e9rentes actions pour vous offrir une approche juste de la culture des Pyr\u00e9n\u00e9es, notamment\u00a0: Des \u00e9changes scientifiques, des programmes de recherches sur le patrimoine pyr\u00e9n\u00e9en Le partage des connaissances et des bonnes pratiques via des s\u00e9minaires de formation L\u2019organisation d\u2019expositions, de publications, de journ\u00e9es d\u2019\u00e9tudes, de manifestations culturelles communes La conception conjointe de mallettes p\u00e9dagogiques et d&#8217;outils de diffusion de la connaissance Le r\u00e9seau PATRIM a con\u00e7u plusieurs projets qui ont b\u00e9n\u00e9fici\u00e9 du soutien de programmes europ\u00e9ens et de cr\u00e9dits du fonds europ\u00e9en pour le d\u00e9veloppement r\u00e9gional: &nbsp; PATRIM I &#8211; 2009-2012 Cr\u00e9ation et visibilit\u00e9 du premier r\u00e9seau pyr\u00e9n\u00e9en form\u00e9 de 8 centres de patrimoine, avec la capacit\u00e9 d&#8217;\u00e9voluer et de g\u00e9n\u00e9rer en commun une offre culturelle et une offre de tourisme durable de qualit\u00e9 avec des synergies intersectorielles. 3 niveaux de travail: coop\u00e9ration th\u00e9matique bilat\u00e9rale, lien territorial et am\u00e9lioration des \u00e9quipements. Actions: \u00e9changes de bonnes pratiques, formation, plan marketing commun, \u00e9v\u00e8nements scientifiques, am\u00e9lioration des centres et dynamisation territoriale, techniques sc\u00e9nographiques et gestion durable. Ce projet a re\u00e7u le soutien du POCTEFA 2007-2013 (FEDER), du Commissariat de Massif \u00e0 l&#8217;am\u00e9nagement des Pyr\u00e9n\u00e9es, des d\u00e9partements de l&#8217;Ari\u00e8ge et des Hautes-Pyr\u00e9n\u00e9es, de la R\u00e9gion Midi-Pyr\u00e9n\u00e9es et de la Generalitat de Catalunya. &nbsp; PATRIM Culture Euror\u00e9gion &#8211; 2013 R\u00e9alisation des premi\u00e8res Rencontres pyr\u00e9n\u00e9ennes des mus\u00e9es et du patrimoine \u00e0 Esterri d&#8217;Aneu (120 participants). Extension du partenariat du r\u00e9seau. Ce projet a re\u00e7u le soutien de l&#8217;Euror\u00e9gion Pyr\u00e9n\u00e9es-M\u00e9diterran\u00e9e dans le cadre de l&#8217;appel \u00e0 projets Culture, du Commissariat de Massif \u00e0 l&#8217;am\u00e9nagement des Pyr\u00e9n\u00e9es, des d\u00e9partements de l&#8217;Ari\u00e8ge et des Hautes-Pyr\u00e9n\u00e9es, de la R\u00e9gion Midi-Pyr\u00e9n\u00e9es et de la Generalitat de Catalunya. &nbsp; PATRIM Youth &#8211; 2014 \u00e0 aujourd&#8217;hui Echanges et rencontres de jeunes aragonais et ari\u00e9geois avec sensibilisation au patrimoine pyr\u00e9n\u00e9en. Ce projet re\u00e7oit le soutien du programme Erasmus+. &nbsp; PATRIM II &#8211; 2014-2015 Trois actions propos\u00e9es: formations concr\u00e8tes et d\u2019application imm\u00e9diate pour am\u00e9liorer les centres (communication, r\u00e9seaux sociaux, gestion boutique de mus\u00e9e&#8230;); \u00e9v\u00e9nements culturels itin\u00e9rants; am\u00e9lioration de la gestion et promotion du r\u00e9seau (progr\u00e8s du GECT, Web, offre touristique pour les h\u00e9bergeurs) Sensibilisation aupr\u00e8s de nouveaux partenaires et collaborateurs (universit\u00e9s, interpr\u00e9tation du patrimoine), visant \u00e0 \u00e9largir le r\u00e9seau. Ce projet a re\u00e7u le soutien du POCTEFA 2007-2013 (FEDER), du Commissariat de Massif \u00e0 l&#8217;am\u00e9nagement des Pyr\u00e9n\u00e9es, des d\u00e9partements de l&#8217;Ari\u00e8ge et des Hautes-Pyr\u00e9n\u00e9es. &nbsp; PATRIM+ &#8211; depuis 2016 Objectives: Cr\u00e9ation de l\u2019INSTITUT VIRTUEL DU PATRIMOINE PYR\u00c9N\u00c9EN : Observatoire Patrim (collecte de donn\u00e9es et valorisation des recherches des Universit\u00e9s vers\/avec les Centres, sujets d&#8217;int\u00e9r\u00eat: femmes, diaspora, contrebande, arch\u00e9ologie, ruralit\u00e9, modernit\u00e9 et contemporan\u00e9it\u00e9&#8230;) Centre de ressources en ligne (application Tics pour le partage des connaissances sur le patrimoine pyr\u00e9n\u00e9en) Ateliers de diffusion, vulgarisation et formation Am\u00e9lioration Qualit\u00e9 Service des centres INNOVATION ET VALORISATION DURABLE: Strat\u00e9gies communes participatives\u00a0: Accessibilit\u00e9 des visiteurs aux centres, inclusion cognitive et sociale, \u00e9coefficacit\u00e9 des \u00e9quipements, marketing touristique du r\u00e9seau \u00a0GESTION ET COMMUNICATION du r\u00e9seau<\/p>\n","protected":false},"author":1,"featured_media":0,"parent":1762,"menu_order":0,"comment_status":"closed","ping_status":"closed","template":"page-templates\/page_front-page.php","meta":{"site-sidebar-layout":"default","site-content-layout":"","ast-site-content-layout":"default","site-content-style":"default","site-sidebar-style":"default","ast-global-header-display":"","ast-banner-title-visibility":"","ast-main-header-display":"","ast-hfb-above-header-display":"","ast-hfb-below-header-display":"","ast-hfb-mobile-header-display":"","site-post-title":"","ast-breadcrumbs-content":"","ast-featured-img":"","footer-sml-layout":"","theme-transparent-header-meta":"","adv-header-id-meta":"","stick-header-meta":"","header-above-stick-meta":"","header-main-stick-meta":"","header-below-stick-meta":"","astra-migrate-meta-layouts":"default","ast-page-background-enabled":"default","ast-page-background-meta":{"desktop":{"background-color":"var(--ast-global-color-5)","background-image":"","background-repeat":"repeat","background-position":"center center","background-size":"auto","background-attachment":"scroll","background-type":"","background-media":"","overlay-type":"","overlay-color":"","overlay-opacity":"","overlay-gradient":""},"tablet":{"background-color":"","background-image":"","background-repeat":"repeat","background-position":"center center","background-size":"auto","background-attachment":"scroll","background-type":"","background-media":"","overlay-type":"","overlay-color":"","overlay-opacity":"","overlay-gradient":""},"mobile":{"background-color":"","background-image":"","background-repeat":"repeat","background-position":"center center","background-size":"auto","background-attachment":"scroll","background-type":"","background-media":"","overlay-type":"","overlay-color":"","overlay-opacity":"","overlay-gradient":""}},"ast-content-background-meta":{"desktop":{"background-color":"var(--ast-global-color-4)","background-image":"","background-repeat":"repeat","background-position":"center center","background-size":"auto","background-attachment":"scroll","background-type":"","background-media":"","overlay-type":"","overlay-color":"","overlay-opacity":"","overlay-gradient":""},"tablet":{"background-color":"var(--ast-global-color-4)","background-image":"","background-repeat":"repeat","background-position":"center center","background-size":"auto","background-attachment":"scroll","background-type":"","background-media":"","overlay-type":"","overlay-color":"","overlay-opacity":"","overlay-gradient":""},"mobile":{"background-color":"var(--ast-global-color-4)","background-image":"","background-repeat":"repeat","background-position":"center center","background-size":"auto","background-attachment":"scroll","background-type":"","background-media":"","overlay-type":"","overlay-color":"","overlay-opacity":"","overlay-gradient":""}},"footnotes":""},"class_list":["post-373","page","type-page","status-publish","hentry"],"_links":{"self":[{"href":"https:\/\/www.patrim.net\/fr\/wp-json\/wp\/v2\/pages\/373","targetHints":{"allow":["GET"]}}],"collection":[{"href":"https:\/\/www.patrim.net\/fr\/wp-json\/wp\/v2\/pages"}],"about":[{"href":"https:\/\/www.patrim.net\/fr\/wp-json\/wp\/v2\/types\/page"}],"author":[{"embeddable":true,"href":"https:\/\/www.patrim.net\/fr\/wp-json\/wp\/v2\/users\/1"}],"replies":[{"embeddable":true,"href":"https:\/\/www.patrim.net\/fr\/wp-json\/wp\/v2\/comments?post=373"}],"version-history":[{"count":86,"href":"https:\/\/www.patrim.net\/fr\/wp-json\/wp\/v2\/pages\/373\/revisions"}],"predecessor-version":[{"id":4973,"href":"https:\/\/www.patrim.net\/fr\/wp-json\/wp\/v2\/pages\/373\/revisions\/4973"}],"up":[{"embeddable":true,"href":"https:\/\/www.patrim.net\/fr\/wp-json\/wp\/v2\/pages\/1762"}],"wp:attachment":[{"href":"https:\/\/www.patrim.net\/fr\/wp-json\/wp\/v2\/media?parent=373"}],"curies":[{"name":"wp","href":"https:\/\/api.w.org\/{rel}","templated":true}]}}