{"id":1286,"date":"2017-09-14T18:26:27","date_gmt":"2017-09-14T17:26:27","guid":{"rendered":"http:\/\/www.patrim.net\/?page_id=1286"},"modified":"2022-02-15T19:33:31","modified_gmt":"2022-02-15T18:33:31","slug":"espai-origens","status":"publish","type":"page","link":"https:\/\/www.patrim.net\/fr\/les-centres\/prehistoire\/espai-origens\/","title":{"rendered":"Espai Or\u00edgens"},"content":{"rendered":"<div id='gallery-1' class='gallery galleryid-1286 gallery-columns-3 gallery-size-large'><figure class='gallery-item'>\n\t\t\t<div class='gallery-icon landscape'>\n\t\t\t\t<a href='https:\/\/www.patrim.net\/fr\/els-equipaments\/prehistoria\/espai-origens-i-centre-destudis-del-patrimoni-arqueologic-de-la-prehistoria\/espai-origens_bopetit-300x204\/'><img fetchpriority=\"high\" decoding=\"async\" width=\"300\" height=\"204\" src=\"https:\/\/www.patrim.net\/wp-content\/uploads\/2017\/09\/espai-or\u00edgens_bopetit-300x204.jpg\" class=\"attachment-large size-large\" alt=\"\" srcset=\"https:\/\/www.patrim.net\/wp-content\/uploads\/2017\/09\/espai-or\u00edgens_bopetit-300x204.jpg 300w, https:\/\/www.patrim.net\/wp-content\/uploads\/2017\/09\/espai-or\u00edgens_bopetit-300x204-230x156.jpg 230w\" sizes=\"(max-width: 300px) 100vw, 300px\" \/><\/a>\n\t\t\t<\/div><\/figure><figure class='gallery-item'>\n\t\t\t<div class='gallery-icon landscape'>\n\t\t\t\t<a href='https:\/\/www.patrim.net\/fr\/els-equipaments\/prehistoria\/espai-origens-i-centre-destudis-del-patrimoni-arqueologic-de-la-prehistoria\/espai-2\/'><img decoding=\"async\" width=\"1024\" height=\"768\" src=\"https:\/\/www.patrim.net\/wp-content\/uploads\/2017\/09\/espai-2-1024x768.jpg\" class=\"attachment-large size-large\" alt=\"\" srcset=\"https:\/\/www.patrim.net\/wp-content\/uploads\/2017\/09\/espai-2-1024x768.jpg 1024w, https:\/\/www.patrim.net\/wp-content\/uploads\/2017\/09\/espai-2-600x450.jpg 600w, https:\/\/www.patrim.net\/wp-content\/uploads\/2017\/09\/espai-2-300x225.jpg 300w, https:\/\/www.patrim.net\/wp-content\/uploads\/2017\/09\/espai-2-768x576.jpg 768w, https:\/\/www.patrim.net\/wp-content\/uploads\/2017\/09\/espai-2-830x623.jpg 830w, https:\/\/www.patrim.net\/wp-content\/uploads\/2017\/09\/espai-2-230x173.jpg 230w, https:\/\/www.patrim.net\/wp-content\/uploads\/2017\/09\/espai-2-350x263.jpg 350w, https:\/\/www.patrim.net\/wp-content\/uploads\/2017\/09\/espai-2-480x360.jpg 480w, https:\/\/www.patrim.net\/wp-content\/uploads\/2017\/09\/espai-2.jpg 1280w\" sizes=\"(max-width: 1024px) 100vw, 1024px\" \/><\/a>\n\t\t\t<\/div><\/figure><figure class='gallery-item'>\n\t\t\t<div class='gallery-icon landscape'>\n\t\t\t\t<a href='https:\/\/www.patrim.net\/fr\/els-equipaments\/prehistoria\/espai-origens-i-centre-destudis-del-patrimoni-arqueologic-de-la-prehistoria\/espai-4\/'><img decoding=\"async\" width=\"630\" height=\"300\" src=\"https:\/\/www.patrim.net\/wp-content\/uploads\/2017\/09\/espai-4.jpg\" class=\"attachment-large size-large\" alt=\"\" srcset=\"https:\/\/www.patrim.net\/wp-content\/uploads\/2017\/09\/espai-4.jpg 630w, https:\/\/www.patrim.net\/wp-content\/uploads\/2017\/09\/espai-4-600x286.jpg 600w, https:\/\/www.patrim.net\/wp-content\/uploads\/2017\/09\/espai-4-300x143.jpg 300w, https:\/\/www.patrim.net\/wp-content\/uploads\/2017\/09\/espai-4-230x110.jpg 230w, https:\/\/www.patrim.net\/wp-content\/uploads\/2017\/09\/espai-4-350x167.jpg 350w, https:\/\/www.patrim.net\/wp-content\/uploads\/2017\/09\/espai-4-480x229.jpg 480w\" sizes=\"(max-width: 630px) 100vw, 630px\" \/><\/a>\n\t\t\t<\/div><\/figure><figure class='gallery-item'>\n\t\t\t<div class='gallery-icon landscape'>\n\t\t\t\t<a href='https:\/\/www.patrim.net\/fr\/els-equipaments\/prehistoria\/espai-origens-i-centre-destudis-del-patrimoni-arqueologic-de-la-prehistoria\/espai-5\/'><img loading=\"lazy\" decoding=\"async\" width=\"300\" height=\"225\" src=\"https:\/\/www.patrim.net\/wp-content\/uploads\/2017\/09\/espai-5.jpg\" class=\"attachment-large size-large\" alt=\"\" srcset=\"https:\/\/www.patrim.net\/wp-content\/uploads\/2017\/09\/espai-5.jpg 300w, https:\/\/www.patrim.net\/wp-content\/uploads\/2017\/09\/espai-5-230x173.jpg 230w\" sizes=\"(max-width: 300px) 100vw, 300px\" \/><\/a>\n\t\t\t<\/div><\/figure><figure class='gallery-item'>\n\t\t\t<div class='gallery-icon landscape'>\n\t\t\t\t<a href='https:\/\/www.patrim.net\/fr\/els-equipaments\/prehistoria\/espai-origens-i-centre-destudis-del-patrimoni-arqueologic-de-la-prehistoria\/espai-1\/'><img loading=\"lazy\" decoding=\"async\" width=\"1024\" height=\"575\" src=\"https:\/\/www.patrim.net\/wp-content\/uploads\/2017\/09\/espai-1-1024x575.jpg\" class=\"attachment-large size-large\" alt=\"\" srcset=\"https:\/\/www.patrim.net\/wp-content\/uploads\/2017\/09\/espai-1-1024x575.jpg 1024w, https:\/\/www.patrim.net\/wp-content\/uploads\/2017\/09\/espai-1-scaled-600x337.jpg 600w, https:\/\/www.patrim.net\/wp-content\/uploads\/2017\/09\/espai-1-300x169.jpg 300w, https:\/\/www.patrim.net\/wp-content\/uploads\/2017\/09\/espai-1-768x431.jpg 768w, https:\/\/www.patrim.net\/wp-content\/uploads\/2017\/09\/espai-1-830x466.jpg 830w, https:\/\/www.patrim.net\/wp-content\/uploads\/2017\/09\/espai-1-230x129.jpg 230w, https:\/\/www.patrim.net\/wp-content\/uploads\/2017\/09\/espai-1-350x197.jpg 350w, https:\/\/www.patrim.net\/wp-content\/uploads\/2017\/09\/espai-1-480x270.jpg 480w\" sizes=\"(max-width: 1024px) 100vw, 1024px\" \/><\/a>\n\t\t\t<\/div><\/figure><figure class='gallery-item'>\n\t\t\t<div class='gallery-icon landscape'>\n\t\t\t\t<a href='https:\/\/www.patrim.net\/fr\/els-equipaments\/prehistoria\/espai-origens-i-centre-destudis-del-patrimoni-arqueologic-de-la-prehistoria\/espai-3\/'><img loading=\"lazy\" decoding=\"async\" width=\"648\" height=\"364\" src=\"https:\/\/www.patrim.net\/wp-content\/uploads\/2017\/09\/espai-3.jpg\" class=\"attachment-large size-large\" alt=\"\" srcset=\"https:\/\/www.patrim.net\/wp-content\/uploads\/2017\/09\/espai-3.jpg 648w, https:\/\/www.patrim.net\/wp-content\/uploads\/2017\/09\/espai-3-600x337.jpg 600w, https:\/\/www.patrim.net\/wp-content\/uploads\/2017\/09\/espai-3-300x169.jpg 300w, https:\/\/www.patrim.net\/wp-content\/uploads\/2017\/09\/espai-3-230x129.jpg 230w, https:\/\/www.patrim.net\/wp-content\/uploads\/2017\/09\/espai-3-350x197.jpg 350w, https:\/\/www.patrim.net\/wp-content\/uploads\/2017\/09\/espai-3-480x270.jpg 480w\" sizes=\"(max-width: 648px) 100vw, 648px\" \/><\/a>\n\t\t\t<\/div><\/figure>\n\t\t<\/div>\n\n<p>L\u2019Espai Origens est un centre d\u00e9di\u00e9 \u00e0 la diffusion du patrimoine culturel et naturel de la r\u00e9gion de Montsec. Il est g\u00e9r\u00e9 par l\u2019Association de Recherche et Diffusion du Patrimoine Historique, une organisation \u00e0 but non lucratif \u00e9troitement li\u00e9e \u00e0 l\u2019Universit\u00e9 Autonome de Barcelone (UAB).<\/p>\n<p>Nous sommes sp\u00e9cialis\u00e9s dans la p\u00e9riode pr\u00e9historique, dans un but de d\u00e9couverte pour le plaisir, mais aussi de recherche. Nous essayons de relier les connaissances qui se d\u00e9gage de la recherche d\u2019arch\u00e9ologues du Centre d\u2019\u00c9tudes du Patrimoine Arch\u00e9ologique de la Pr\u00e9histoire de l\u2019UAB, avec des activit\u00e9s de nature exp\u00e9rientielle que nous r\u00e9alisons pour tous les publics.<\/p>\n<p>Nous d\u00e9fendons un tourisme durable et respectueux de l\u2019environnement et pour cette raison, nous promouvons et nous valorisons des routes naturelles qui peuvent se faire \u00e0 pied ou en v\u00e9lo autour de notre centre, au pied de la montagne Montroig et tr\u00e8s proche de la confluence entre les rivi\u00e8res Segre et Noguera Pallaresa.<\/p>\n<p>Notre engagement envers le service public nous entra\u00eene \u00e9galement \u00e0 organiser une s\u00e9rie d\u2019activit\u00e9s gratuites pour la population locale, pour laquelle nous mettons nos installations \u00e0 disposition.<\/p>\n","protected":false},"excerpt":{"rendered":"<p>L\u2019Espai Origens est un centre d\u00e9di\u00e9 \u00e0 la diffusion du patrimoine culturel et naturel de la r\u00e9gion de Montsec. Il est g\u00e9r\u00e9 par l\u2019Association de Recherche et Diffusion du Patrimoine Historique, une organisation \u00e0 but non lucratif \u00e9troitement li\u00e9e \u00e0 l\u2019Universit\u00e9 Autonome de Barcelone (UAB). Nous sommes sp\u00e9cialis\u00e9s dans la p\u00e9riode pr\u00e9historique, dans un but de d\u00e9couverte pour le plaisir, mais aussi de recherche. Nous essayons de relier les connaissances qui se d\u00e9gage de la recherche d\u2019arch\u00e9ologues du Centre d\u2019\u00c9tudes du Patrimoine Arch\u00e9ologique de la Pr\u00e9histoire de l\u2019UAB, avec des activit\u00e9s de nature exp\u00e9rientielle que nous r\u00e9alisons pour tous les publics. Nous d\u00e9fendons un tourisme durable et respectueux de l\u2019environnement et pour cette raison, nous promouvons et nous valorisons des routes naturelles qui peuvent se faire \u00e0 pied ou en v\u00e9lo autour de notre centre, au pied de la montagne Montroig et tr\u00e8s proche de la confluence entre les rivi\u00e8res Segre et Noguera Pallaresa. Notre engagement envers le service public nous entra\u00eene \u00e9galement \u00e0 organiser une s\u00e9rie d\u2019activit\u00e9s gratuites pour la population locale, pour laquelle nous mettons nos installations \u00e0 disposition.<\/p>\n","protected":false},"author":1,"featured_media":0,"parent":1034,"menu_order":0,"comment_status":"closed","ping_status":"closed","template":"","meta":{"site-sidebar-layout":"default","site-content-layout":"","ast-site-content-layout":"default","site-content-style":"default","site-sidebar-style":"default","ast-global-header-display":"","ast-banner-title-visibility":"","ast-main-header-display":"","ast-hfb-above-header-display":"","ast-hfb-below-header-display":"","ast-hfb-mobile-header-display":"","site-post-title":"","ast-breadcrumbs-content":"","ast-featured-img":"","footer-sml-layout":"","theme-transparent-header-meta":"","adv-header-id-meta":"","stick-header-meta":"","header-above-stick-meta":"","header-main-stick-meta":"","header-below-stick-meta":"","astra-migrate-meta-layouts":"default","ast-page-background-enabled":"default","ast-page-background-meta":{"desktop":{"background-color":"var(--ast-global-color-5)","background-image":"","background-repeat":"repeat","background-position":"center center","background-size":"auto","background-attachment":"scroll","background-type":"","background-media":"","overlay-type":"","overlay-color":"","overlay-opacity":"","overlay-gradient":""},"tablet":{"background-color":"","background-image":"","background-repeat":"repeat","background-position":"center center","background-size":"auto","background-attachment":"scroll","background-type":"","background-media":"","overlay-type":"","overlay-color":"","overlay-opacity":"","overlay-gradient":""},"mobile":{"background-color":"","background-image":"","background-repeat":"repeat","background-position":"center center","background-size":"auto","background-attachment":"scroll","background-type":"","background-media":"","overlay-type":"","overlay-color":"","overlay-opacity":"","overlay-gradient":""}},"ast-content-background-meta":{"desktop":{"background-color":"var(--ast-global-color-4)","background-image":"","background-repeat":"repeat","background-position":"center center","background-size":"auto","background-attachment":"scroll","background-type":"","background-media":"","overlay-type":"","overlay-color":"","overlay-opacity":"","overlay-gradient":""},"tablet":{"background-color":"var(--ast-global-color-4)","background-image":"","background-repeat":"repeat","background-position":"center center","background-size":"auto","background-attachment":"scroll","background-type":"","background-media":"","overlay-type":"","overlay-color":"","overlay-opacity":"","overlay-gradient":""},"mobile":{"background-color":"var(--ast-global-color-4)","background-image":"","background-repeat":"repeat","background-position":"center center","background-size":"auto","background-attachment":"scroll","background-type":"","background-media":"","overlay-type":"","overlay-color":"","overlay-opacity":"","overlay-gradient":""}},"footnotes":""},"class_list":["post-1286","page","type-page","status-publish","hentry"],"_links":{"self":[{"href":"https:\/\/www.patrim.net\/fr\/wp-json\/wp\/v2\/pages\/1286","targetHints":{"allow":["GET"]}}],"collection":[{"href":"https:\/\/www.patrim.net\/fr\/wp-json\/wp\/v2\/pages"}],"about":[{"href":"https:\/\/www.patrim.net\/fr\/wp-json\/wp\/v2\/types\/page"}],"author":[{"embeddable":true,"href":"https:\/\/www.patrim.net\/fr\/wp-json\/wp\/v2\/users\/1"}],"replies":[{"embeddable":true,"href":"https:\/\/www.patrim.net\/fr\/wp-json\/wp\/v2\/comments?post=1286"}],"version-history":[{"count":4,"href":"https:\/\/www.patrim.net\/fr\/wp-json\/wp\/v2\/pages\/1286\/revisions"}],"predecessor-version":[{"id":5084,"href":"https:\/\/www.patrim.net\/fr\/wp-json\/wp\/v2\/pages\/1286\/revisions\/5084"}],"up":[{"embeddable":true,"href":"https:\/\/www.patrim.net\/fr\/wp-json\/wp\/v2\/pages\/1034"}],"wp:attachment":[{"href":"https:\/\/www.patrim.net\/fr\/wp-json\/wp\/v2\/media?parent=1286"}],"curies":[{"name":"wp","href":"https:\/\/api.w.org\/{rel}","templated":true}]}}