{"id":1274,"date":"2017-09-14T18:13:42","date_gmt":"2017-09-14T17:13:42","guid":{"rendered":"http:\/\/www.patrim.net\/?page_id=1274"},"modified":"2022-02-10T18:46:30","modified_gmt":"2022-02-10T17:46:30","slug":"ferme-musee-igartubeiti","status":"publish","type":"page","link":"https:\/\/www.patrim.net\/fr\/les-centres\/histoire-et-societe\/ferme-musee-igartubeiti\/","title":{"rendered":"Ferme-Mus\u00e9e Igartubeiti"},"content":{"rendered":"<div id=\"content-core\">\n<div id=\"parent-fieldname-text-b7a15285458846f3b43e49792e4f2ea1\" class=\"\">\n<div id='gallery-1' class='gallery galleryid-1274 gallery-columns-3 gallery-size-large'><figure class='gallery-item'>\n\t\t\t<div class='gallery-icon landscape'>\n\t\t\t\t<a href='https:\/\/www.patrim.net\/fr\/les-centres\/histoire-et-societe\/ferme-musee-igartubeiti\/caserio-igartubeiti\/'><img fetchpriority=\"high\" decoding=\"async\" width=\"1024\" height=\"682\" src=\"https:\/\/www.patrim.net\/wp-content\/uploads\/2017\/09\/igartubeiti-1024x682.jpeg\" class=\"attachment-large size-large\" alt=\"\" aria-describedby=\"gallery-1-1451\" srcset=\"https:\/\/www.patrim.net\/wp-content\/uploads\/2017\/09\/igartubeiti-1024x682.jpeg 1024w, https:\/\/www.patrim.net\/wp-content\/uploads\/2017\/09\/igartubeiti-600x400.jpeg 600w, https:\/\/www.patrim.net\/wp-content\/uploads\/2017\/09\/igartubeiti-300x200.jpeg 300w, https:\/\/www.patrim.net\/wp-content\/uploads\/2017\/09\/igartubeiti-768x512.jpeg 768w, https:\/\/www.patrim.net\/wp-content\/uploads\/2017\/09\/igartubeiti-830x553.jpeg 830w, https:\/\/www.patrim.net\/wp-content\/uploads\/2017\/09\/igartubeiti-230x153.jpeg 230w, https:\/\/www.patrim.net\/wp-content\/uploads\/2017\/09\/igartubeiti-350x233.jpeg 350w, https:\/\/www.patrim.net\/wp-content\/uploads\/2017\/09\/igartubeiti-480x320.jpeg 480w, https:\/\/www.patrim.net\/wp-content\/uploads\/2017\/09\/igartubeiti.jpeg 1280w\" sizes=\"(max-width: 1024px) 100vw, 1024px\" \/><\/a>\n\t\t\t<\/div>\n\t\t\t\t<figcaption class='wp-caption-text gallery-caption' id='gallery-1-1451'>\n\t\t\t\tCaserio Igartubeiti\n\t\t\t\t<\/figcaption><\/figure><figure class='gallery-item'>\n\t\t\t<div class='gallery-icon landscape'>\n\t\t\t\t<a href='https:\/\/www.patrim.net\/fr\/les-centres\/histoire-et-societe\/ferme-musee-igartubeiti\/igartubeiti-huerto\/'><img decoding=\"async\" width=\"400\" height=\"300\" src=\"https:\/\/www.patrim.net\/wp-content\/uploads\/2017\/09\/igartubeiti-huerto.jpeg\" class=\"attachment-large size-large\" alt=\"\" srcset=\"https:\/\/www.patrim.net\/wp-content\/uploads\/2017\/09\/igartubeiti-huerto.jpeg 400w, https:\/\/www.patrim.net\/wp-content\/uploads\/2017\/09\/igartubeiti-huerto-300x225.jpeg 300w, https:\/\/www.patrim.net\/wp-content\/uploads\/2017\/09\/igartubeiti-huerto-230x173.jpeg 230w, https:\/\/www.patrim.net\/wp-content\/uploads\/2017\/09\/igartubeiti-huerto-350x263.jpeg 350w\" sizes=\"(max-width: 400px) 100vw, 400px\" \/><\/a>\n\t\t\t<\/div><\/figure><figure class='gallery-item'>\n\t\t\t<div class='gallery-icon landscape'>\n\t\t\t\t<a href='https:\/\/www.patrim.net\/fr\/les-centres\/histoire-et-societe\/ferme-musee-igartubeiti\/olympus-digital-camera-9\/'><img decoding=\"async\" width=\"455\" height=\"303\" src=\"https:\/\/www.patrim.net\/wp-content\/uploads\/2017\/09\/igartubeiti-actividades.jpeg\" class=\"attachment-large size-large\" alt=\"\" srcset=\"https:\/\/www.patrim.net\/wp-content\/uploads\/2017\/09\/igartubeiti-actividades.jpeg 455w, https:\/\/www.patrim.net\/wp-content\/uploads\/2017\/09\/igartubeiti-actividades-300x200.jpeg 300w, https:\/\/www.patrim.net\/wp-content\/uploads\/2017\/09\/igartubeiti-actividades-230x153.jpeg 230w, https:\/\/www.patrim.net\/wp-content\/uploads\/2017\/09\/igartubeiti-actividades-350x233.jpeg 350w\" sizes=\"(max-width: 455px) 100vw, 455px\" \/><\/a>\n\t\t\t<\/div><\/figure><figure class='gallery-item'>\n\t\t\t<div class='gallery-icon landscape'>\n\t\t\t\t<a href='https:\/\/www.patrim.net\/fr\/les-centres\/histoire-et-societe\/ferme-musee-igartubeiti\/igartubeiti-2\/'><img loading=\"lazy\" decoding=\"async\" width=\"400\" height=\"241\" src=\"https:\/\/www.patrim.net\/wp-content\/uploads\/2017\/09\/igartubeiti-2.jpeg\" class=\"attachment-large size-large\" alt=\"\" srcset=\"https:\/\/www.patrim.net\/wp-content\/uploads\/2017\/09\/igartubeiti-2.jpeg 400w, https:\/\/www.patrim.net\/wp-content\/uploads\/2017\/09\/igartubeiti-2-300x181.jpeg 300w, https:\/\/www.patrim.net\/wp-content\/uploads\/2017\/09\/igartubeiti-2-230x139.jpeg 230w, https:\/\/www.patrim.net\/wp-content\/uploads\/2017\/09\/igartubeiti-2-350x211.jpeg 350w\" sizes=\"(max-width: 400px) 100vw, 400px\" \/><\/a>\n\t\t\t<\/div><\/figure><figure class='gallery-item'>\n\t\t\t<div class='gallery-icon landscape'>\n\t\t\t\t<a href='https:\/\/www.patrim.net\/fr\/les-centres\/histoire-et-societe\/ferme-musee-igartubeiti\/igartubeiti-3\/'><img loading=\"lazy\" decoding=\"async\" width=\"400\" height=\"270\" src=\"https:\/\/www.patrim.net\/wp-content\/uploads\/2017\/09\/igartubeiti-3.jpeg\" class=\"attachment-large size-large\" alt=\"\" srcset=\"https:\/\/www.patrim.net\/wp-content\/uploads\/2017\/09\/igartubeiti-3.jpeg 400w, https:\/\/www.patrim.net\/wp-content\/uploads\/2017\/09\/igartubeiti-3-300x203.jpeg 300w, https:\/\/www.patrim.net\/wp-content\/uploads\/2017\/09\/igartubeiti-3-230x155.jpeg 230w, https:\/\/www.patrim.net\/wp-content\/uploads\/2017\/09\/igartubeiti-3-350x236.jpeg 350w\" sizes=\"(max-width: 400px) 100vw, 400px\" \/><\/a>\n\t\t\t<\/div><\/figure><figure class='gallery-item'>\n\t\t\t<div class='gallery-icon landscape'>\n\t\t\t\t<a href='https:\/\/www.patrim.net\/fr\/les-centres\/histoire-et-societe\/ferme-musee-igartubeiti\/igartubeiti-interior\/'><img loading=\"lazy\" decoding=\"async\" width=\"400\" height=\"266\" src=\"https:\/\/www.patrim.net\/wp-content\/uploads\/2017\/09\/igartubeiti-interior.jpeg\" class=\"attachment-large size-large\" alt=\"\" srcset=\"https:\/\/www.patrim.net\/wp-content\/uploads\/2017\/09\/igartubeiti-interior.jpeg 400w, https:\/\/www.patrim.net\/wp-content\/uploads\/2017\/09\/igartubeiti-interior-300x200.jpeg 300w, https:\/\/www.patrim.net\/wp-content\/uploads\/2017\/09\/igartubeiti-interior-230x153.jpeg 230w, https:\/\/www.patrim.net\/wp-content\/uploads\/2017\/09\/igartubeiti-interior-350x233.jpeg 350w\" sizes=\"(max-width: 400px) 100vw, 400px\" \/><\/a>\n\t\t\t<\/div><\/figure>\n\t\t<\/div>\n\n<p>La ferme regroupe un ensemble de valeurs culturelles, historiques, anthropologiques, architecturales et symboliques qui en font un \u00e9l\u00e9ment cl\u00e9 du patrimoine basque que nous devons pr\u00e9server.<\/p>\n<p>Ses caract\u00e9ristiques particuli\u00e8res (anciennet\u00e9 et t\u00e9moignage unique) et le fait qu&#8217;elle ait conserv\u00e9 ses anciennes structures pratiquement compl\u00e8tes ont amen\u00e9 le Conseil Provincial de Gipuzkoa \u00e0\u00a0 mettre en \u0153uvre un projet de restauration, qualifi\u00e9 de projet mod\u00e8le, pour qu&#8217;Igartubeiti retrouve l&#8217;aspect qu&#8217;il avait au XVIIe si\u00e8cle. Le Conseil Provincial de Gipuzkoa d\u00e9cida \u00e9galement de construire et \u00e9quiper un centre d&#8217;interpr\u00e9tation pour soutenir le travail de valorisation de la ferme et comme centre de gestion des visites. Les deux \u00e9l\u00e9ments, ferme et centre d&#8217;interpr\u00e9tation constituent la Ferme-Mus\u00e9e Igartubeiti.<\/p>\n<p><a class=\"internal-link\" title=\"\" href=\"http:\/\/www.igartubeitibaserria.eus\/fr\/musee\/la-ferme\" target=\"_self\" rel=\"noopener noreferrer\">Igartubeiti <\/a>fut construite au milieu du XVIe si\u00e8cle et c&#8217;est un magnifique repr\u00e9sentant de l\u2019\u00c2ge d\u2019Or de la ferme basque. La ferme Igartubeiti atteignit sa pl\u00e9nitude au d\u00e9but du XVIIe si\u00e8cle, moment o\u00f9 elle fut \u00e9largie et profond\u00e9ment transform\u00e9e pour s&#8217;adapter aux nouvelles formes de vie et de travail. Sa structure originale en bois, excellemment conserv\u00e9e, et la pr\u00e9sence en son sein d&#8217;un grand pressoir de cidre en font l&#8217;une des fermes les plus int\u00e9ressantes du Pays basque.<\/p>\n<p>Son int\u00e9rieur a \u00e9t\u00e9 transform\u00e9 en un nouveau mus\u00e9e qui recr\u00e9e la vie r\u00e9elle des anciennes fermes. Le visiteur peut y d\u00e9couvrir directement et sans interf\u00e9rences comment se d\u00e9roulait la vie \u00e0 l&#8217;int\u00e9rieur d&#8217;une ferme basque il y a quatre si\u00e8cles, avec son \u00e9clairage, son mobilier et ses outils d&#8217;origine, et m\u00eame les odeurs et les ar\u00f4mes qui l&#8217;impr\u00e9gnaient.<\/p>\n<p><a class=\"internal-link\" title=\"\" href=\"http:\/\/www.igartubeitibaserria.eus\/fr\/musee\/centre-dinterpretation\" target=\"_self\" rel=\"noopener noreferrer\">Le Centre d&#8217;Interpr\u00e9tation <\/a>fait revivre l&#8217;histoire des fermes basques sur plus de mille ans. Par les voix de la famille et des voisins d&#8217;Igartubeiti nous d\u00e9couvrons comment se sont d\u00e9velopp\u00e9es et ont \u00e9volu\u00e9 les anciennes fermes, la mani\u00e8re de vivre et de travailler de leurs habitants, en quoi ils croyaient, ce qu&#8217;ils produisaient, comment ils s&#8217;alimentaient, quels \u00e9taient leurs loisirs et ce qui les faisait souffrir.<\/p>\n<p><a href=\"https:\/\/www.google.es\/maps\/uv?hl=es&amp;pb=!1s0xd50321fd571cdb7:0xb25ed5637b3c1496!2m22!2m2!1i80!2i80!3m1!2i20!16m16!1b1!2m2!1m1!1e1!2m2!1m1!1e3!2m2!1m1!1e5!2m2!1m1!1e4!2m2!1m1!1e6!3m1!7e115!4s\/maps\/place\/igartubeiti%2Bmuseoa\/@43.074389,-2.2851776,3a,75y,39.79h,90t\/data%3D*213m4*211e1*213m2*211shYLKBWot6vf3PwX6iWtu3A*212e0*214m2*213m1*211s0xd50321fd571cdb7:0xb25ed5637b3c1496!5sigartubeiti+museoa+-+Buscar+con+Google&amp;imagekey=!1e2!2shYLKBWot6vf3PwX6iWtu3A&amp;sa=X&amp;ved=2ahUKEwjr4OL115ffAhXeRBUIHYzKA2wQpx8wEnoECAUQCw\">Visite virtuelle.\u00a0<\/a><\/p>\n<p>&nbsp;<\/p>\n<\/div>\n<\/div>\n","protected":false},"excerpt":{"rendered":"<p>La ferme regroupe un ensemble de valeurs culturelles, historiques, anthropologiques, architecturales et symboliques qui en font un \u00e9l\u00e9ment cl\u00e9 du patrimoine basque que nous devons pr\u00e9server. Ses caract\u00e9ristiques particuli\u00e8res (anciennet\u00e9 et t\u00e9moignage unique) et le fait qu&#8217;elle ait conserv\u00e9 ses anciennes structures pratiquement compl\u00e8tes ont amen\u00e9 le Conseil Provincial de Gipuzkoa \u00e0\u00a0 mettre en \u0153uvre un projet de restauration, qualifi\u00e9 de projet mod\u00e8le, pour qu&#8217;Igartubeiti retrouve l&#8217;aspect qu&#8217;il avait au XVIIe si\u00e8cle. Le Conseil Provincial de Gipuzkoa d\u00e9cida \u00e9galement de construire et \u00e9quiper un centre d&#8217;interpr\u00e9tation pour soutenir le travail de valorisation de la ferme et comme centre de gestion des visites. Les deux \u00e9l\u00e9ments, ferme et centre d&#8217;interpr\u00e9tation constituent la Ferme-Mus\u00e9e Igartubeiti. Igartubeiti fut construite au milieu du XVIe si\u00e8cle et c&#8217;est un magnifique repr\u00e9sentant de l\u2019\u00c2ge d\u2019Or de la ferme basque. La ferme Igartubeiti atteignit sa pl\u00e9nitude au d\u00e9but du XVIIe si\u00e8cle, moment o\u00f9 elle fut \u00e9largie et profond\u00e9ment transform\u00e9e pour s&#8217;adapter aux nouvelles formes de vie et de travail. Sa structure originale en bois, excellemment conserv\u00e9e, et la pr\u00e9sence en son sein d&#8217;un grand pressoir de cidre en font l&#8217;une des fermes les plus int\u00e9ressantes du Pays basque. Son int\u00e9rieur a \u00e9t\u00e9 transform\u00e9 en un nouveau mus\u00e9e qui recr\u00e9e la vie r\u00e9elle des anciennes fermes. Le visiteur peut y d\u00e9couvrir directement et sans interf\u00e9rences comment se d\u00e9roulait la vie \u00e0 l&#8217;int\u00e9rieur d&#8217;une ferme basque il y a quatre si\u00e8cles, avec son \u00e9clairage, son mobilier et ses outils d&#8217;origine, et m\u00eame les odeurs et les ar\u00f4mes qui l&#8217;impr\u00e9gnaient. Le Centre d&#8217;Interpr\u00e9tation fait revivre l&#8217;histoire des fermes basques sur plus de mille ans. Par les voix de la famille et des voisins d&#8217;Igartubeiti nous d\u00e9couvrons comment se sont d\u00e9velopp\u00e9es et ont \u00e9volu\u00e9 les anciennes fermes, la mani\u00e8re de vivre et de travailler de leurs habitants, en quoi ils croyaient, ce qu&#8217;ils produisaient, comment ils s&#8217;alimentaient, quels \u00e9taient leurs loisirs et ce qui les faisait souffrir. Visite virtuelle.\u00a0 &nbsp;<\/p>\n","protected":false},"author":1,"featured_media":0,"parent":1032,"menu_order":0,"comment_status":"closed","ping_status":"closed","template":"","meta":{"site-sidebar-layout":"default","site-content-layout":"","ast-site-content-layout":"default","site-content-style":"default","site-sidebar-style":"default","ast-global-header-display":"","ast-banner-title-visibility":"","ast-main-header-display":"","ast-hfb-above-header-display":"","ast-hfb-below-header-display":"","ast-hfb-mobile-header-display":"","site-post-title":"","ast-breadcrumbs-content":"","ast-featured-img":"","footer-sml-layout":"","theme-transparent-header-meta":"","adv-header-id-meta":"","stick-header-meta":"","header-above-stick-meta":"","header-main-stick-meta":"","header-below-stick-meta":"","astra-migrate-meta-layouts":"default","ast-page-background-enabled":"default","ast-page-background-meta":{"desktop":{"background-color":"var(--ast-global-color-5)","background-image":"","background-repeat":"repeat","background-position":"center center","background-size":"auto","background-attachment":"scroll","background-type":"","background-media":"","overlay-type":"","overlay-color":"","overlay-opacity":"","overlay-gradient":""},"tablet":{"background-color":"","background-image":"","background-repeat":"repeat","background-position":"center center","background-size":"auto","background-attachment":"scroll","background-type":"","background-media":"","overlay-type":"","overlay-color":"","overlay-opacity":"","overlay-gradient":""},"mobile":{"background-color":"","background-image":"","background-repeat":"repeat","background-position":"center center","background-size":"auto","background-attachment":"scroll","background-type":"","background-media":"","overlay-type":"","overlay-color":"","overlay-opacity":"","overlay-gradient":""}},"ast-content-background-meta":{"desktop":{"background-color":"var(--ast-global-color-4)","background-image":"","background-repeat":"repeat","background-position":"center center","background-size":"auto","background-attachment":"scroll","background-type":"","background-media":"","overlay-type":"","overlay-color":"","overlay-opacity":"","overlay-gradient":""},"tablet":{"background-color":"var(--ast-global-color-4)","background-image":"","background-repeat":"repeat","background-position":"center center","background-size":"auto","background-attachment":"scroll","background-type":"","background-media":"","overlay-type":"","overlay-color":"","overlay-opacity":"","overlay-gradient":""},"mobile":{"background-color":"var(--ast-global-color-4)","background-image":"","background-repeat":"repeat","background-position":"center center","background-size":"auto","background-attachment":"scroll","background-type":"","background-media":"","overlay-type":"","overlay-color":"","overlay-opacity":"","overlay-gradient":""}},"footnotes":""},"class_list":["post-1274","page","type-page","status-publish","hentry"],"_links":{"self":[{"href":"https:\/\/www.patrim.net\/fr\/wp-json\/wp\/v2\/pages\/1274","targetHints":{"allow":["GET"]}}],"collection":[{"href":"https:\/\/www.patrim.net\/fr\/wp-json\/wp\/v2\/pages"}],"about":[{"href":"https:\/\/www.patrim.net\/fr\/wp-json\/wp\/v2\/types\/page"}],"author":[{"embeddable":true,"href":"https:\/\/www.patrim.net\/fr\/wp-json\/wp\/v2\/users\/1"}],"replies":[{"embeddable":true,"href":"https:\/\/www.patrim.net\/fr\/wp-json\/wp\/v2\/comments?post=1274"}],"version-history":[{"count":6,"href":"https:\/\/www.patrim.net\/fr\/wp-json\/wp\/v2\/pages\/1274\/revisions"}],"predecessor-version":[{"id":2781,"href":"https:\/\/www.patrim.net\/fr\/wp-json\/wp\/v2\/pages\/1274\/revisions\/2781"}],"up":[{"embeddable":true,"href":"https:\/\/www.patrim.net\/fr\/wp-json\/wp\/v2\/pages\/1032"}],"wp:attachment":[{"href":"https:\/\/www.patrim.net\/fr\/wp-json\/wp\/v2\/media?parent=1274"}],"curies":[{"name":"wp","href":"https:\/\/api.w.org\/{rel}","templated":true}]}}