{"id":1292,"date":"2017-09-14T18:33:04","date_gmt":"2017-09-14T17:33:04","guid":{"rendered":"http:\/\/www.patrim.net\/eu\/?page_id=1292"},"modified":"2022-02-15T19:34:37","modified_gmt":"2022-02-15T18:34:37","slug":"bartzelonako-unibertsitate-autonomoko-historiaurreko-arkeologia-ondarearen-arloak-eta-ikasketa-zentroa","status":"publish","type":"page","link":"https:\/\/www.patrim.net\/eu\/ekipamenduak\/historiaurrea\/bartzelonako-unibertsitate-autonomoko-historiaurreko-arkeologia-ondarearen-arloak-eta-ikasketa-zentroa\/","title":{"rendered":"Espai Or\u00edgens"},"content":{"rendered":"<div id='gallery-1' class='gallery galleryid-1292 gallery-columns-3 gallery-size-large'><figure class='gallery-item'>\n\t\t\t<div class='gallery-icon landscape'>\n\t\t\t\t<a href='https:\/\/www.patrim.net\/eu\/ekipamenduak\/historiaurrea\/bartzelonako-unibertsitate-autonomoko-historiaurreko-arkeologia-ondarearen-arloak-eta-ikasketa-zentroa\/espai-4-2\/'><img fetchpriority=\"high\" decoding=\"async\" width=\"630\" height=\"300\" src=\"https:\/\/www.patrim.net\/wp-content\/uploads\/2017\/09\/espai-4.jpg\" class=\"attachment-large size-large\" alt=\"\" srcset=\"https:\/\/www.patrim.net\/wp-content\/uploads\/2017\/09\/espai-4.jpg 630w, https:\/\/www.patrim.net\/wp-content\/uploads\/2017\/09\/espai-4-600x286.jpg 600w, https:\/\/www.patrim.net\/wp-content\/uploads\/2017\/09\/espai-4-300x143.jpg 300w, https:\/\/www.patrim.net\/wp-content\/uploads\/2017\/09\/espai-4-230x110.jpg 230w, https:\/\/www.patrim.net\/wp-content\/uploads\/2017\/09\/espai-4-350x167.jpg 350w, https:\/\/www.patrim.net\/wp-content\/uploads\/2017\/09\/espai-4-480x229.jpg 480w\" sizes=\"(max-width: 630px) 100vw, 630px\" \/><\/a>\n\t\t\t<\/div><\/figure><figure class='gallery-item'>\n\t\t\t<div class='gallery-icon landscape'>\n\t\t\t\t<a href='https:\/\/www.patrim.net\/eu\/ekipamenduak\/historiaurrea\/bartzelonako-unibertsitate-autonomoko-historiaurreko-arkeologia-ondarearen-arloak-eta-ikasketa-zentroa\/espai-1-2\/'><img decoding=\"async\" width=\"1024\" height=\"575\" src=\"https:\/\/www.patrim.net\/wp-content\/uploads\/2017\/09\/espai-1-1024x575.jpg\" class=\"attachment-large size-large\" alt=\"\" srcset=\"https:\/\/www.patrim.net\/wp-content\/uploads\/2017\/09\/espai-1-1024x575.jpg 1024w, https:\/\/www.patrim.net\/wp-content\/uploads\/2017\/09\/espai-1-scaled-600x337.jpg 600w, https:\/\/www.patrim.net\/wp-content\/uploads\/2017\/09\/espai-1-300x169.jpg 300w, https:\/\/www.patrim.net\/wp-content\/uploads\/2017\/09\/espai-1-768x431.jpg 768w, https:\/\/www.patrim.net\/wp-content\/uploads\/2017\/09\/espai-1-830x466.jpg 830w, https:\/\/www.patrim.net\/wp-content\/uploads\/2017\/09\/espai-1-230x129.jpg 230w, https:\/\/www.patrim.net\/wp-content\/uploads\/2017\/09\/espai-1-350x197.jpg 350w, https:\/\/www.patrim.net\/wp-content\/uploads\/2017\/09\/espai-1-480x270.jpg 480w\" sizes=\"(max-width: 1024px) 100vw, 1024px\" \/><\/a>\n\t\t\t<\/div><\/figure><figure class='gallery-item'>\n\t\t\t<div class='gallery-icon landscape'>\n\t\t\t\t<a href='https:\/\/www.patrim.net\/eu\/ekipamenduak\/historiaurrea\/bartzelonako-unibertsitate-autonomoko-historiaurreko-arkeologia-ondarearen-arloak-eta-ikasketa-zentroa\/espai-5-2\/'><img decoding=\"async\" width=\"300\" height=\"225\" src=\"https:\/\/www.patrim.net\/wp-content\/uploads\/2017\/09\/espai-5.jpg\" class=\"attachment-large size-large\" alt=\"\" srcset=\"https:\/\/www.patrim.net\/wp-content\/uploads\/2017\/09\/espai-5.jpg 300w, https:\/\/www.patrim.net\/wp-content\/uploads\/2017\/09\/espai-5-230x173.jpg 230w\" sizes=\"(max-width: 300px) 100vw, 300px\" \/><\/a>\n\t\t\t<\/div><\/figure><figure class='gallery-item'>\n\t\t\t<div class='gallery-icon landscape'>\n\t\t\t\t<a href='https:\/\/www.patrim.net\/eu\/ekipamenduak\/historiaurrea\/bartzelonako-unibertsitate-autonomoko-historiaurreko-arkeologia-ondarearen-arloak-eta-ikasketa-zentroa\/espai-2-2\/'><img loading=\"lazy\" decoding=\"async\" width=\"1024\" height=\"768\" src=\"https:\/\/www.patrim.net\/wp-content\/uploads\/2017\/09\/espai-2-1024x768.jpg\" class=\"attachment-large size-large\" alt=\"\" srcset=\"https:\/\/www.patrim.net\/wp-content\/uploads\/2017\/09\/espai-2-1024x768.jpg 1024w, https:\/\/www.patrim.net\/wp-content\/uploads\/2017\/09\/espai-2-600x450.jpg 600w, https:\/\/www.patrim.net\/wp-content\/uploads\/2017\/09\/espai-2-300x225.jpg 300w, https:\/\/www.patrim.net\/wp-content\/uploads\/2017\/09\/espai-2-768x576.jpg 768w, https:\/\/www.patrim.net\/wp-content\/uploads\/2017\/09\/espai-2-830x623.jpg 830w, https:\/\/www.patrim.net\/wp-content\/uploads\/2017\/09\/espai-2-230x173.jpg 230w, https:\/\/www.patrim.net\/wp-content\/uploads\/2017\/09\/espai-2-350x263.jpg 350w, https:\/\/www.patrim.net\/wp-content\/uploads\/2017\/09\/espai-2-480x360.jpg 480w, https:\/\/www.patrim.net\/wp-content\/uploads\/2017\/09\/espai-2.jpg 1280w\" sizes=\"(max-width: 1024px) 100vw, 1024px\" \/><\/a>\n\t\t\t<\/div><\/figure><figure class='gallery-item'>\n\t\t\t<div class='gallery-icon landscape'>\n\t\t\t\t<a href='https:\/\/www.patrim.net\/eu\/ekipamenduak\/historiaurrea\/bartzelonako-unibertsitate-autonomoko-historiaurreko-arkeologia-ondarearen-arloak-eta-ikasketa-zentroa\/espai-origens_bopetit-300x204-2\/'><img loading=\"lazy\" decoding=\"async\" width=\"300\" height=\"204\" src=\"https:\/\/www.patrim.net\/wp-content\/uploads\/2017\/09\/espai-or\u00edgens_bopetit-300x204.jpg\" class=\"attachment-large size-large\" alt=\"\" srcset=\"https:\/\/www.patrim.net\/wp-content\/uploads\/2017\/09\/espai-or\u00edgens_bopetit-300x204.jpg 300w, https:\/\/www.patrim.net\/wp-content\/uploads\/2017\/09\/espai-or\u00edgens_bopetit-300x204-230x156.jpg 230w\" sizes=\"(max-width: 300px) 100vw, 300px\" \/><\/a>\n\t\t\t<\/div><\/figure><figure class='gallery-item'>\n\t\t\t<div class='gallery-icon landscape'>\n\t\t\t\t<a href='https:\/\/www.patrim.net\/eu\/ekipamenduak\/historiaurrea\/bartzelonako-unibertsitate-autonomoko-historiaurreko-arkeologia-ondarearen-arloak-eta-ikasketa-zentroa\/espai-3-2\/'><img loading=\"lazy\" decoding=\"async\" width=\"648\" height=\"364\" src=\"https:\/\/www.patrim.net\/wp-content\/uploads\/2017\/09\/espai-3.jpg\" class=\"attachment-large size-large\" alt=\"\" srcset=\"https:\/\/www.patrim.net\/wp-content\/uploads\/2017\/09\/espai-3.jpg 648w, https:\/\/www.patrim.net\/wp-content\/uploads\/2017\/09\/espai-3-600x337.jpg 600w, https:\/\/www.patrim.net\/wp-content\/uploads\/2017\/09\/espai-3-300x169.jpg 300w, https:\/\/www.patrim.net\/wp-content\/uploads\/2017\/09\/espai-3-230x129.jpg 230w, https:\/\/www.patrim.net\/wp-content\/uploads\/2017\/09\/espai-3-350x197.jpg 350w, https:\/\/www.patrim.net\/wp-content\/uploads\/2017\/09\/espai-3-480x270.jpg 480w\" sizes=\"(max-width: 648px) 100vw, 648px\" \/><\/a>\n\t\t\t<\/div><\/figure>\n\t\t<\/div>\n\n<p><a href=\"http:\/\/www.patrim.net\/wp-login.php\"><span id=\"result_box\" class=\"\" lang=\"eu\"><span title=\"L\u2019Espai Origens est un centre d\u00e9di\u00e9 \u00e0 la diffusion du patrimoine culturel et naturel de la r\u00e9gion de Montsec.\">Espai Origens\u00a0Kataluniako Aurre-pirinioko Camarasa herrian (la Noguera, Lleida), 2012an sortutako ondare hedapenari eskainitako zentroa da. Bertan antolatzen diren jarduerez gain, multzoa osatzen duten inguruko beste ekipamenduetan ere ekintzak eskaintzen dira: Sant Lloren\u00e7 de Montgainen dauden la Roca dels Bous (rocadelsbous.uab.cat) aztarnategian eta Arkeologi Parke didaktikoan. Jarduera guztiak inguruneko kultura eta natur ondarea hedatzeko asmoa dute. <\/span><\/span><\/a><\/p>\n<ul>\n<li><a href=\"http:\/\/www.patrim.net\/wp-login.php\"><span id=\"result_box\" class=\"\" lang=\"eu\"><span title=\"L\u2019Espai Origens est un centre d\u00e9di\u00e9 \u00e0 la diffusion du patrimoine culturel et naturel de la r\u00e9gion de Montsec.\">Aldi baterako erakusketak<\/span><\/span><\/a><\/li>\n<li><a href=\"http:\/\/www.patrim.net\/wp-login.php\"><span id=\"result_box\" class=\"\" lang=\"eu\"><span title=\"L\u2019Espai Origens est un centre d\u00e9di\u00e9 \u00e0 la diffusion du patrimoine culturel et naturel de la r\u00e9gion de Montsec.\">iPads-ekin Roca dels Bous-eko aztarnategi paleolitikora bisita gidatuak<\/span><\/span><\/a><\/li>\n<li><a href=\"http:\/\/www.patrim.net\/wp-login.php\"><span id=\"result_box\" class=\"\" lang=\"eu\"><span title=\"L\u2019Espai Origens est un centre d\u00e9di\u00e9 \u00e0 la diffusion du patrimoine culturel et naturel de la r\u00e9gion de Montsec.\">Cova del Tabac-era bisita gidatuak (labar-pinturak, industria, natura eta historia ondarea)<\/span><\/span><\/a><\/li>\n<li><a href=\"http:\/\/www.patrim.net\/wp-login.php\"><span id=\"result_box\" class=\"\" lang=\"eu\"><span title=\"L\u2019Espai Origens est un centre d\u00e9di\u00e9 \u00e0 la diffusion du patrimoine culturel et naturel de la r\u00e9gion de Montsec.\">El Merengueko (Gerra Zibila) oroimen historikoaren gunera bisita gidatua<\/span><\/span><\/a><\/li>\n<li><a href=\"http:\/\/www.patrim.net\/wp-login.php\"><span id=\"result_box\" class=\"\" lang=\"eu\"><span title=\"L\u2019Espai Origens est un centre d\u00e9di\u00e9 \u00e0 la diffusion du patrimoine culturel et naturel de la r\u00e9gion de Montsec.\">Ikastetxeentzako lantegi didaktikoak<\/span><\/span><\/a><\/li>\n<li><a href=\"http:\/\/www.patrim.net\/wp-login.php\"><span id=\"result_box\" class=\"\" lang=\"eu\"><span title=\"L\u2019Espai Origens est un centre d\u00e9di\u00e9 \u00e0 la diffusion du patrimoine culturel et naturel de la r\u00e9gion de Montsec.\">Aurrehistoria jokoak gune ezberdinetan<\/span><\/span><\/a><\/li>\n<li><a href=\"http:\/\/www.patrim.net\/wp-login.php\"><span id=\"result_box\" class=\"\" lang=\"eu\"><span title=\"L\u2019Espai Origens est un centre d\u00e9di\u00e9 \u00e0 la diffusion du patrimoine culturel et naturel de la r\u00e9gion de Montsec.\">Zientzia hedapeneko hitzaldiak<\/span><\/span><\/a><\/li>\n<li><a href=\"http:\/\/www.patrim.net\/wp-login.php\"><span id=\"result_box\" class=\"\" lang=\"eu\"><span title=\"L\u2019Espai Origens est un centre d\u00e9di\u00e9 \u00e0 la diffusion du patrimoine culturel et naturel de la r\u00e9gion de Montsec.\">Work in process. Urteko kanpainetan bisitariei zabalik arkeologi indusketak eta laborategia<\/span><\/span><\/a><\/li>\n<li><a href=\"http:\/\/www.patrim.net\/wp-login.php\"><span id=\"result_box\" class=\"\" lang=\"eu\"><span title=\"L\u2019Espai Origens est un centre d\u00e9di\u00e9 \u00e0 la diffusion du patrimoine culturel et naturel de la r\u00e9gion de Montsec.\">Ondare egitasmoetan aholkularitza<\/span><\/span><\/a><\/li>\n<li><a href=\"http:\/\/www.patrim.net\/wp-login.php\"><span id=\"result_box\" class=\"\" lang=\"eu\"><span title=\"L\u2019Espai Origens est un centre d\u00e9di\u00e9 \u00e0 la diffusion du patrimoine culturel et naturel de la r\u00e9gion de Montsec.\">Turismo informazioa<\/span><\/span><\/a><\/li>\n<li><a href=\"http:\/\/www.patrim.net\/wp-login.php\"><span id=\"result_box\" class=\"\" lang=\"eu\"><span title=\"L\u2019Espai Origens est un centre d\u00e9di\u00e9 \u00e0 la diffusion du patrimoine culturel et naturel de la r\u00e9gion de Montsec.\">Denda (bertako produktuak, argitalpenak\u2026)<\/span><\/span><\/a><\/li>\n<\/ul>\n<p><a href=\"http:\/\/www.patrim.net\/wp-login.php\"><span id=\"result_box\" class=\"\" lang=\"eu\"><span title=\"L\u2019Espai Origens est un centre d\u00e9di\u00e9 \u00e0 la diffusion du patrimoine culturel et naturel de la r\u00e9gion de Montsec.\"><br \/>\nLurraldeko eragileek erabilera anitzeko aretoa erabili dezakete beraien jardueretarako dohainik. <\/span><\/span><\/a><\/p>\n","protected":false},"excerpt":{"rendered":"<p>Espai Origens\u00a0Kataluniako Aurre-pirinioko Camarasa herrian (la Noguera, Lleida), 2012an sortutako ondare hedapenari eskainitako zentroa da. Bertan antolatzen diren jarduerez gain, multzoa osatzen duten inguruko beste ekipamenduetan ere ekintzak eskaintzen dira: Sant Lloren\u00e7 de Montgainen dauden la Roca dels Bous (rocadelsbous.uab.cat) aztarnategian eta Arkeologi Parke didaktikoan. Jarduera guztiak inguruneko kultura eta natur ondarea hedatzeko asmoa dute. Aldi baterako erakusketak iPads-ekin Roca dels Bous-eko aztarnategi paleolitikora bisita gidatuak Cova del Tabac-era bisita gidatuak (labar-pinturak, industria, natura eta historia ondarea) El Merengueko (Gerra Zibila) oroimen historikoaren gunera bisita gidatua Ikastetxeentzako lantegi didaktikoak Aurrehistoria jokoak gune ezberdinetan Zientzia hedapeneko hitzaldiak Work in process. Urteko kanpainetan bisitariei zabalik arkeologi indusketak eta laborategia Ondare egitasmoetan aholkularitza Turismo informazioa Denda (bertako produktuak, argitalpenak\u2026) Lurraldeko eragileek erabilera anitzeko aretoa erabili dezakete beraien jardueretarako dohainik.<\/p>\n","protected":false},"author":1,"featured_media":0,"parent":1172,"menu_order":0,"comment_status":"closed","ping_status":"closed","template":"","meta":{"site-sidebar-layout":"default","site-content-layout":"","ast-site-content-layout":"default","site-content-style":"default","site-sidebar-style":"default","ast-global-header-display":"","ast-banner-title-visibility":"","ast-main-header-display":"","ast-hfb-above-header-display":"","ast-hfb-below-header-display":"","ast-hfb-mobile-header-display":"","site-post-title":"","ast-breadcrumbs-content":"","ast-featured-img":"","footer-sml-layout":"","theme-transparent-header-meta":"","adv-header-id-meta":"","stick-header-meta":"","header-above-stick-meta":"","header-main-stick-meta":"","header-below-stick-meta":"","astra-migrate-meta-layouts":"default","ast-page-background-enabled":"default","ast-page-background-meta":{"desktop":{"background-color":"var(--ast-global-color-5)","background-image":"","background-repeat":"repeat","background-position":"center center","background-size":"auto","background-attachment":"scroll","background-type":"","background-media":"","overlay-type":"","overlay-color":"","overlay-opacity":"","overlay-gradient":""},"tablet":{"background-color":"","background-image":"","background-repeat":"repeat","background-position":"center center","background-size":"auto","background-attachment":"scroll","background-type":"","background-media":"","overlay-type":"","overlay-color":"","overlay-opacity":"","overlay-gradient":""},"mobile":{"background-color":"","background-image":"","background-repeat":"repeat","background-position":"center center","background-size":"auto","background-attachment":"scroll","background-type":"","background-media":"","overlay-type":"","overlay-color":"","overlay-opacity":"","overlay-gradient":""}},"ast-content-background-meta":{"desktop":{"background-color":"var(--ast-global-color-4)","background-image":"","background-repeat":"repeat","background-position":"center center","background-size":"auto","background-attachment":"scroll","background-type":"","background-media":"","overlay-type":"","overlay-color":"","overlay-opacity":"","overlay-gradient":""},"tablet":{"background-color":"var(--ast-global-color-4)","background-image":"","background-repeat":"repeat","background-position":"center center","background-size":"auto","background-attachment":"scroll","background-type":"","background-media":"","overlay-type":"","overlay-color":"","overlay-opacity":"","overlay-gradient":""},"mobile":{"background-color":"var(--ast-global-color-4)","background-image":"","background-repeat":"repeat","background-position":"center center","background-size":"auto","background-attachment":"scroll","background-type":"","background-media":"","overlay-type":"","overlay-color":"","overlay-opacity":"","overlay-gradient":""}},"footnotes":""},"class_list":["post-1292","page","type-page","status-publish","hentry"],"_links":{"self":[{"href":"https:\/\/www.patrim.net\/eu\/wp-json\/wp\/v2\/pages\/1292","targetHints":{"allow":["GET"]}}],"collection":[{"href":"https:\/\/www.patrim.net\/eu\/wp-json\/wp\/v2\/pages"}],"about":[{"href":"https:\/\/www.patrim.net\/eu\/wp-json\/wp\/v2\/types\/page"}],"author":[{"embeddable":true,"href":"https:\/\/www.patrim.net\/eu\/wp-json\/wp\/v2\/users\/1"}],"replies":[{"embeddable":true,"href":"https:\/\/www.patrim.net\/eu\/wp-json\/wp\/v2\/comments?post=1292"}],"version-history":[{"count":8,"href":"https:\/\/www.patrim.net\/eu\/wp-json\/wp\/v2\/pages\/1292\/revisions"}],"predecessor-version":[{"id":5087,"href":"https:\/\/www.patrim.net\/eu\/wp-json\/wp\/v2\/pages\/1292\/revisions\/5087"}],"up":[{"embeddable":true,"href":"https:\/\/www.patrim.net\/eu\/wp-json\/wp\/v2\/pages\/1172"}],"wp:attachment":[{"href":"https:\/\/www.patrim.net\/eu\/wp-json\/wp\/v2\/media?parent=1292"}],"curies":[{"name":"wp","href":"https:\/\/api.w.org\/{rel}","templated":true}]}}