{"id":2610,"date":"2015-08-17T21:14:13","date_gmt":"2015-08-17T20:14:13","guid":{"rendered":"http:\/\/www.patrim.net\/nos-actions\/?lang=ca"},"modified":"2022-03-13T12:05:57","modified_gmt":"2022-03-13T11:05:57","slug":"les-nostres-accions","status":"publish","type":"page","link":"https:\/\/www.patrim.net\/ca\/patrim\/les-nostres-accions\/","title":{"rendered":"Les nostres accions"},"content":{"rendered":"<div id=\"pl-2610\"  class=\"panel-layout\" ><div id=\"pg-2610-0\"  class=\"panel-grid panel-no-style\" ><div id=\"pgc-2610-0-0\"  class=\"panel-grid-cell\" ><div id=\"panel-2610-0-0-0\" class=\"so-panel widget widget_sow-editor panel-first-child\" data-index=\"0\" ><div\n\t\t\t\n\t\t\tclass=\"so-widget-sow-editor so-widget-sow-editor-base\"\n\t\t\t\n\t\t><h3 class=\"widget-title\">Les nostres accions<\/h3>\n<div class=\"siteorigin-widget-tinymce textwidget\">\n\t<\/div>\n<\/div><\/div><div id=\"panel-2610-0-0-1\" class=\"so-panel widget widget_media_image\" data-index=\"1\" ><img fetchpriority=\"high\" decoding=\"async\" width=\"1024\" height=\"435\" src=\"https:\/\/www.patrim.net\/wp-content\/uploads\/2022\/02\/Ayerbe-30v-09-15-2-1024x699-2.jpg\" class=\"image wp-image-4375  attachment-full size-full\" alt=\"\" style=\"max-width: 100%; height: auto;\" srcset=\"https:\/\/www.patrim.net\/wp-content\/uploads\/2022\/02\/Ayerbe-30v-09-15-2-1024x699-2.jpg 1024w, https:\/\/www.patrim.net\/wp-content\/uploads\/2022\/02\/Ayerbe-30v-09-15-2-1024x699-2-600x255.jpg 600w, https:\/\/www.patrim.net\/wp-content\/uploads\/2022\/02\/Ayerbe-30v-09-15-2-1024x699-2-300x127.jpg 300w, https:\/\/www.patrim.net\/wp-content\/uploads\/2022\/02\/Ayerbe-30v-09-15-2-1024x699-2-768x326.jpg 768w, https:\/\/www.patrim.net\/wp-content\/uploads\/2022\/02\/Ayerbe-30v-09-15-2-1024x699-2-920x391.jpg 920w, https:\/\/www.patrim.net\/wp-content\/uploads\/2022\/02\/Ayerbe-30v-09-15-2-1024x699-2-230x98.jpg 230w, https:\/\/www.patrim.net\/wp-content\/uploads\/2022\/02\/Ayerbe-30v-09-15-2-1024x699-2-350x149.jpg 350w, https:\/\/www.patrim.net\/wp-content\/uploads\/2022\/02\/Ayerbe-30v-09-15-2-1024x699-2-480x204.jpg 480w\" sizes=\"(max-width: 1024px) 100vw, 1024px\" \/><\/div><div id=\"panel-2610-0-0-2\" class=\"so-panel widget widget_sow-editor panel-last-child\" data-index=\"2\" ><div\n\t\t\t\n\t\t\tclass=\"so-widget-sow-editor so-widget-sow-editor-base\"\n\t\t\t\n\t\t>\n<div class=\"siteorigin-widget-tinymce textwidget\">\n\t<p>&nbsp;<\/p>\n<p>Des de l'any 2008, des de de la Xarxa, hem posat en marxa diverses accions per oferir-vos una aproximaci\u00f3 justa a la cultura dels Pirineus, m\u00e9s concretament:\u00a0intercanvis cient\u00edfics, programes de recerca sobre el patrimoni pirinenc,\u00a0espais de compartir coneixements i bones pr\u00e0ctiques mitjan\u00e7ant seminaris de formaci\u00f3, organitzaci\u00f3 d'exposicions, publicacions, jornades d'estudi, actes culturals comuns, disseny conjunt de kits educatius i eines de difusi\u00f3 del coneixement.<\/p>\n<p>La xarxa PATRIM ha dissenyat diversos projectes que s'han beneficiat del suport de programes europeus i cr\u00e8dits del Fons Europeu de Desenvolupament Regional:<\/p>\n<p>&nbsp;<\/p>\n<blockquote>\n<p>PATRIM I - 2009-2012<\/p>\n<\/blockquote>\n<p><em>Creaci\u00f3 i visibilitat de la primera xarxa pirinenca formada per 8 centres patrimonials, amb capacitat per evolucionar i generar conjuntament una oferta cultural i una oferta tur\u00edstica sostenible de qualitat amb sinergies intersectorials. 3 nivells de treball: cooperaci\u00f3 tem\u00e0tica bilateral, vincle territorial i millora d'equipaments. Accions: intercanvis de bones pr\u00e0ctiques, formaci\u00f3, pla de m\u00e0rqueting com\u00fa, actes cient\u00edfics, millora de centres i dinamitzaci\u00f3 territorial, t\u00e8cniques escenogr\u00e0fiques i gesti\u00f3 sostenible.<\/em><\/p>\n<p>Aquest projecte va comptar amb el suport del <a href=\"https:\/\/www.poctefa.eu\/\">POCTEFA 2007-2013 (FEDER)<\/a>, la <a href=\"http:\/\/www.cdm-pyrenees.fr\/aller-plus-loin\/la-datar.html\" target=\"_blank\" rel=\"noopener\">Comissi\u00f3 per al Desenvolupament de Massif des Pyr\u00e9n\u00e9es<\/a>, els departaments de <a href=\"http:\/\/www.cdm-pyrenees.fr\/aller-plus-loin\/la-datar.html\">l'Ari\u00e8ge<\/a> i <a href=\"http:\/\/www.hautespyrenees.fr\/fr\/index.html\">Hautes-Pyr\u00e9n\u00e9es<\/a>, la <a href=\"https:\/\/www.laregion.fr\/\">Regi\u00f3 Midi-Pyr\u00e9n\u00e9es<\/a> i la <a href=\"http:\/\/web.gencat.cat\/ca\/inici\/\">Generalitat de Catalunya<\/a>.<\/p>\n<p>&nbsp;<\/p>\n<blockquote>\n<p>PATRIM Euroregi\u00f3 Cultural - 2013<\/p>\n<\/blockquote>\n<p><em>Realitzaci\u00f3 de les primeres trobades pirinenques de museus i patrimoni a Esterri d'\u00c0neu (120 participants). Ampliaci\u00f3 de la col\u00b7laboraci\u00f3 en xarxa.<\/em><\/p>\n<p>Aquest projecte va rebre el suport de l'<a href=\"http:\/\/www.euroregio.eu\/\" target=\"_blank\" rel=\"noopener\">Euroregi\u00f3 Pirineus-Mediterr\u00e0nia<\/a> en el marc de la convocat\u00f2ria de projectes de Cultura, la <a href=\"http:\/\/www.cdm-pyrenees.fr\/aller-plus-loin\/la-datar.html\" target=\"_blank\" rel=\"noopener\">Comissi\u00f3 per al Desenvolupament de Massif des Pyr\u00e9n\u00e9es<\/a>, dels departaments\u00a0<a href=\"http:\/\/www.cdm-pyrenees.fr\/aller-plus-loin\/la-datar.html\">l'Ari\u00e8ge<\/a> i <a href=\"http:\/\/www.hautespyrenees.fr\/fr\/index.html\">Hautes-Pyr\u00e9n\u00e9es<\/a>, la <a href=\"https:\/\/www.laregion.fr\/\">Regi\u00f3 Midi-Pyr\u00e9n\u00e9es<\/a> i la <a href=\"http:\/\/web.gencat.cat\/ca\/inici\/\">Generalitat de Catalunya<\/a>.<\/p>\n<p>&nbsp;<\/p>\n<blockquote>\n<p>PATRIM Joventut - 2014 fins a l'actualitat<\/p>\n<\/blockquote>\n<p><em>Intercanvis i trobades de joves d'Arag\u00f3 i <\/em>l'Ari\u00e8ge<em> amb consci\u00e8ncia del patrimoni pirinenc.<\/em><\/p>\n<p>Aquest projecte rep el suport del programa <a href=\"http:\/\/www.erasmusplus.gob.es\/\">Erasmus+<\/a>.<\/p>\n<p>&nbsp;<\/p>\n<blockquote>\n<p>PATRIM II - 2014-2015<\/p>\n<\/blockquote>\n<p><em>Es proposen tres accions: formaci\u00f3 concreta i d'aplicaci\u00f3 immediata per millorar els centres (comunicaci\u00f3, xarxes socials, gesti\u00f3 de botiga del museu, etc.); esdeveniments culturals itinerants; millora de la gesti\u00f3 i promoci\u00f3 de la xarxa (progr\u00e9s de l'AECT, Web, oferta tur\u00edstica per a prove\u00efdors d'allotjament) Sensibilitzaci\u00f3 de nous socis i col\u00b7laboradors (universitats, interpretaci\u00f3 del patrimoni), amb l'objectiu d'ampliar la xarxa.<\/em><\/p>\n<p>Aquest projecte va comptar amb el suport del <a href=\"https:\/\/www.poctefa.eu\/\">POCTEFA 2007-2013 (FEDER)<\/a>, la <a href=\"http:\/\/www.cdm-pyrenees.fr\/aller-plus-loin\/la-datar.html\" target=\"_blank\" rel=\"noopener\">Comissi\u00f3 per al Desenvolupament de Massif des Pyr\u00e9n\u00e9es<\/a>, els departaments de <a href=\"http:\/\/www.cdm-pyrenees.fr\/aller-plus-loin\/la-datar.html\">l'Ari\u00e8ge<\/a> i <a href=\"http:\/\/www.hautespyrenees.fr\/fr\/index.html\">Hautes-Pyr\u00e9n\u00e9es<\/a>, la <a href=\"https:\/\/www.laregion.fr\/\">Regi\u00f3 Midi-Pyr\u00e9n\u00e9es<\/a> i la <a href=\"http:\/\/web.gencat.cat\/ca\/inici\/\">Generalitat de Catalunya<\/a>.<\/p>\n<p>&nbsp;<\/p>\n<blockquote>\n<p>PATRIM+ - des de 2016<\/p>\n<\/blockquote>\n<h4>Objectius:<\/h4>\n<p><strong>Creaci\u00f3 de l'INSTITUT VIRTUAL DEL PATRIMONI PIRINENC:<\/strong><\/p>\n<ul>\n<li><em><strong>Observatori Patrim<\/strong> (recollida de dades i promoci\u00f3 de la recerca de les universitats a\/amb els centres, temes d'inter\u00e8s: dones, di\u00e0spora, contraban, arqueologia, ruralitat, modernitat i contemporane\u00eftat...)<\/em><\/li>\n<li><em><strong>Centre de recursos en l\u00ednia <\/strong>(aplicaci\u00f3 Tics per compartir coneixements sobre el patrimoni pirinenc)<\/em><\/li>\n<li><em><strong>Tallers de difusi\u00f3, extensi\u00f3 i formaci\u00f3<\/strong><\/em><\/li>\n<li><em><strong>Millora del servei de qualitat del centre<\/strong><\/em><\/li>\n<\/ul>\n<p><strong>INNOVACI\u00d3 I VALORACI\u00d3 SOSTENIBLE:<\/strong><\/p>\n<ul>\n<li><em>Estrat\u00e8gies participatives comunes<\/em><\/li>\n<li><em>Accessibilitat dels visitants als centres<\/em><\/li>\n<li><em>Inclusi\u00f3 cognitiva i social<\/em><\/li>\n<li><em>Ecoefici\u00e8ncia dels equips<\/em><\/li>\n<li><em>M\u00e0rqueting tur\u00edstic en xarxa<\/em><\/li>\n<\/ul>\n<p><strong> \u00a0 GESTI\u00d3 I COMUNICACI\u00d3 de la Xarxa<\/strong><\/p>\n<\/div>\n<\/div><\/div><\/div><\/div><div id=\"pg-2610-1\"  class=\"panel-grid panel-has-style\" ><div class=\"panel-row-style panel-row-style-for-2610-1\" ><div id=\"pgc-2610-1-0\"  class=\"panel-grid-cell\" ><div id=\"panel-2610-1-0-0\" class=\"so-panel widget panel-first-child panel-last-child\" data-index=\"3\" ><\/div><\/div><\/div><\/div><\/div>","protected":false},"excerpt":{"rendered":"<p>&nbsp; Des de l&#8217;any 2008, des de de la Xarxa, hem posat en marxa diverses accions per oferir-vos una aproximaci\u00f3 justa a la cultura dels Pirineus, m\u00e9s concretament:\u00a0intercanvis cient\u00edfics, programes de recerca sobre el patrimoni pirinenc,\u00a0espais de compartir coneixements i bones pr\u00e0ctiques mitjan\u00e7ant seminaris de formaci\u00f3, organitzaci\u00f3 d&#8217;exposicions, publicacions, jornades d&#8217;estudi, actes culturals comuns, disseny conjunt de kits educatius i eines de difusi\u00f3 del coneixement. La xarxa PATRIM ha dissenyat diversos projectes que s&#8217;han beneficiat del suport de programes europeus i cr\u00e8dits del Fons Europeu de Desenvolupament Regional: &nbsp; PATRIM I &#8211; 2009-2012 Creaci\u00f3 i visibilitat de la primera xarxa pirinenca formada per 8 centres patrimonials, amb capacitat per evolucionar i generar conjuntament una oferta cultural i una oferta tur\u00edstica sostenible de qualitat amb sinergies intersectorials. 3 nivells de treball: cooperaci\u00f3 tem\u00e0tica bilateral, vincle territorial i millora d&#8217;equipaments. Accions: intercanvis de bones pr\u00e0ctiques, formaci\u00f3, pla de m\u00e0rqueting com\u00fa, actes cient\u00edfics, millora de centres i dinamitzaci\u00f3 territorial, t\u00e8cniques escenogr\u00e0fiques i gesti\u00f3 sostenible. Aquest projecte va comptar amb el suport del POCTEFA 2007-2013 (FEDER), la Comissi\u00f3 per al Desenvolupament de Massif des Pyr\u00e9n\u00e9es, els departaments de l&#8217;Ari\u00e8ge i Hautes-Pyr\u00e9n\u00e9es, la Regi\u00f3 Midi-Pyr\u00e9n\u00e9es i la Generalitat de Catalunya. &nbsp; PATRIM Euroregi\u00f3 Cultural &#8211; 2013 Realitzaci\u00f3 de les primeres trobades pirinenques de museus i patrimoni a Esterri d&#8217;\u00c0neu (120 participants). Ampliaci\u00f3 de la col\u00b7laboraci\u00f3 en xarxa. Aquest projecte va rebre el suport de l&#8217;Euroregi\u00f3 Pirineus-Mediterr\u00e0nia en el marc de la convocat\u00f2ria de projectes de Cultura, la Comissi\u00f3 per al Desenvolupament de Massif des Pyr\u00e9n\u00e9es, dels departaments\u00a0l&#8217;Ari\u00e8ge i Hautes-Pyr\u00e9n\u00e9es, la Regi\u00f3 Midi-Pyr\u00e9n\u00e9es i la Generalitat de Catalunya. &nbsp; PATRIM Joventut &#8211; 2014 fins a l&#8217;actualitat Intercanvis i trobades de joves d&#8217;Arag\u00f3 i l&#8217;Ari\u00e8ge amb consci\u00e8ncia del patrimoni pirinenc. Aquest projecte rep el suport del programa Erasmus+. &nbsp; PATRIM II &#8211; 2014-2015 Es proposen tres accions: formaci\u00f3 concreta i d&#8217;aplicaci\u00f3 immediata per millorar els centres (comunicaci\u00f3, xarxes socials, gesti\u00f3 de botiga del museu, etc.); esdeveniments culturals itinerants; millora de la gesti\u00f3 i promoci\u00f3 de la xarxa (progr\u00e9s de l&#8217;AECT, Web, oferta tur\u00edstica per a prove\u00efdors d&#8217;allotjament) Sensibilitzaci\u00f3 de nous socis i col\u00b7laboradors (universitats, interpretaci\u00f3 del patrimoni), amb l&#8217;objectiu d&#8217;ampliar la xarxa. Aquest projecte va comptar amb el suport del POCTEFA 2007-2013 (FEDER), la Comissi\u00f3 per al Desenvolupament de Massif des Pyr\u00e9n\u00e9es, els departaments de l&#8217;Ari\u00e8ge i Hautes-Pyr\u00e9n\u00e9es, la Regi\u00f3 Midi-Pyr\u00e9n\u00e9es i la Generalitat de Catalunya. &nbsp; PATRIM+ &#8211; des de 2016 Objectius: Creaci\u00f3 de l&#8217;INSTITUT VIRTUAL DEL PATRIMONI PIRINENC: Observatori Patrim (recollida de dades i promoci\u00f3 de la recerca de les universitats a\/amb els centres, temes d&#8217;inter\u00e8s: dones, di\u00e0spora, contraban, arqueologia, ruralitat, modernitat i contemporane\u00eftat&#8230;) Centre de recursos en l\u00ednia (aplicaci\u00f3 Tics per compartir coneixements sobre el patrimoni pirinenc) Tallers de difusi\u00f3, extensi\u00f3 i formaci\u00f3 Millora del servei de qualitat del centre INNOVACI\u00d3 I VALORACI\u00d3 SOSTENIBLE: Estrat\u00e8gies participatives comunes Accessibilitat dels visitants als centres Inclusi\u00f3 cognitiva i social Ecoefici\u00e8ncia dels equips M\u00e0rqueting tur\u00edstic en xarxa \u00a0 GESTI\u00d3 I COMUNICACI\u00d3 de la Xarxa<\/p>\n","protected":false},"author":1,"featured_media":0,"parent":1789,"menu_order":0,"comment_status":"closed","ping_status":"closed","template":"page-templates\/page_front-page.php","meta":{"site-sidebar-layout":"default","site-content-layout":"","ast-site-content-layout":"default","site-content-style":"default","site-sidebar-style":"default","ast-global-header-display":"","ast-banner-title-visibility":"","ast-main-header-display":"","ast-hfb-above-header-display":"","ast-hfb-below-header-display":"","ast-hfb-mobile-header-display":"","site-post-title":"","ast-breadcrumbs-content":"","ast-featured-img":"","footer-sml-layout":"","theme-transparent-header-meta":"","adv-header-id-meta":"","stick-header-meta":"","header-above-stick-meta":"","header-main-stick-meta":"","header-below-stick-meta":"","astra-migrate-meta-layouts":"default","ast-page-background-enabled":"default","ast-page-background-meta":{"desktop":{"background-color":"var(--ast-global-color-5)","background-image":"","background-repeat":"repeat","background-position":"center center","background-size":"auto","background-attachment":"scroll","background-type":"","background-media":"","overlay-type":"","overlay-color":"","overlay-opacity":"","overlay-gradient":""},"tablet":{"background-color":"","background-image":"","background-repeat":"repeat","background-position":"center center","background-size":"auto","background-attachment":"scroll","background-type":"","background-media":"","overlay-type":"","overlay-color":"","overlay-opacity":"","overlay-gradient":""},"mobile":{"background-color":"","background-image":"","background-repeat":"repeat","background-position":"center center","background-size":"auto","background-attachment":"scroll","background-type":"","background-media":"","overlay-type":"","overlay-color":"","overlay-opacity":"","overlay-gradient":""}},"ast-content-background-meta":{"desktop":{"background-color":"var(--ast-global-color-4)","background-image":"","background-repeat":"repeat","background-position":"center center","background-size":"auto","background-attachment":"scroll","background-type":"","background-media":"","overlay-type":"","overlay-color":"","overlay-opacity":"","overlay-gradient":""},"tablet":{"background-color":"var(--ast-global-color-4)","background-image":"","background-repeat":"repeat","background-position":"center center","background-size":"auto","background-attachment":"scroll","background-type":"","background-media":"","overlay-type":"","overlay-color":"","overlay-opacity":"","overlay-gradient":""},"mobile":{"background-color":"var(--ast-global-color-4)","background-image":"","background-repeat":"repeat","background-position":"center center","background-size":"auto","background-attachment":"scroll","background-type":"","background-media":"","overlay-type":"","overlay-color":"","overlay-opacity":"","overlay-gradient":""}},"footnotes":""},"class_list":["post-2610","page","type-page","status-publish","hentry"],"_links":{"self":[{"href":"https:\/\/www.patrim.net\/ca\/wp-json\/wp\/v2\/pages\/2610","targetHints":{"allow":["GET"]}}],"collection":[{"href":"https:\/\/www.patrim.net\/ca\/wp-json\/wp\/v2\/pages"}],"about":[{"href":"https:\/\/www.patrim.net\/ca\/wp-json\/wp\/v2\/types\/page"}],"author":[{"embeddable":true,"href":"https:\/\/www.patrim.net\/ca\/wp-json\/wp\/v2\/users\/1"}],"replies":[{"embeddable":true,"href":"https:\/\/www.patrim.net\/ca\/wp-json\/wp\/v2\/comments?post=2610"}],"version-history":[{"count":10,"href":"https:\/\/www.patrim.net\/ca\/wp-json\/wp\/v2\/pages\/2610\/revisions"}],"predecessor-version":[{"id":5490,"href":"https:\/\/www.patrim.net\/ca\/wp-json\/wp\/v2\/pages\/2610\/revisions\/5490"}],"up":[{"embeddable":true,"href":"https:\/\/www.patrim.net\/ca\/wp-json\/wp\/v2\/pages\/1789"}],"wp:attachment":[{"href":"https:\/\/www.patrim.net\/ca\/wp-json\/wp\/v2\/media?parent=2610"}],"curies":[{"name":"wp","href":"https:\/\/api.w.org\/{rel}","templated":true}]}}