{"id":1278,"date":"2017-09-14T18:18:51","date_gmt":"2017-09-14T17:18:51","guid":{"rendered":"http:\/\/www.patrim.net\/ca\/?page_id=1278"},"modified":"2022-02-10T19:31:33","modified_gmt":"2022-02-10T18:31:33","slug":"museu-granja-igartubeiti","status":"publish","type":"page","link":"https:\/\/www.patrim.net\/ca\/els-equipaments\/historia-i-societat\/museu-granja-igartubeiti\/","title":{"rendered":"Museu-Granja Igartubeiti"},"content":{"rendered":"<div>\n<div id='gallery-1' class='gallery galleryid-1278 gallery-columns-3 gallery-size-large'><figure class='gallery-item'>\n\t\t\t<div class='gallery-icon landscape'>\n\t\t\t\t<a href='https:\/\/www.patrim.net\/ca\/els-equipaments\/historia-i-societat\/museu-granja-igartubeiti\/igartubeiti-3-2\/'><img fetchpriority=\"high\" decoding=\"async\" width=\"400\" height=\"270\" src=\"https:\/\/www.patrim.net\/wp-content\/uploads\/2017\/09\/igartubeiti-3.jpeg\" class=\"attachment-large size-large\" alt=\"\" srcset=\"https:\/\/www.patrim.net\/wp-content\/uploads\/2017\/09\/igartubeiti-3.jpeg 400w, https:\/\/www.patrim.net\/wp-content\/uploads\/2017\/09\/igartubeiti-3-300x203.jpeg 300w, https:\/\/www.patrim.net\/wp-content\/uploads\/2017\/09\/igartubeiti-3-230x155.jpeg 230w, https:\/\/www.patrim.net\/wp-content\/uploads\/2017\/09\/igartubeiti-3-350x236.jpeg 350w\" sizes=\"(max-width: 400px) 100vw, 400px\" \/><\/a>\n\t\t\t<\/div><\/figure><figure class='gallery-item'>\n\t\t\t<div class='gallery-icon landscape'>\n\t\t\t\t<a href='https:\/\/www.patrim.net\/ca\/els-equipaments\/historia-i-societat\/museu-granja-igartubeiti\/caserio-igartubeiti-2\/'><img decoding=\"async\" width=\"1024\" height=\"682\" src=\"https:\/\/www.patrim.net\/wp-content\/uploads\/2017\/09\/igartubeiti-1024x682.jpeg\" class=\"attachment-large size-large\" alt=\"\" aria-describedby=\"gallery-1-3671\" srcset=\"https:\/\/www.patrim.net\/wp-content\/uploads\/2017\/09\/igartubeiti-1024x682.jpeg 1024w, https:\/\/www.patrim.net\/wp-content\/uploads\/2017\/09\/igartubeiti-600x400.jpeg 600w, https:\/\/www.patrim.net\/wp-content\/uploads\/2017\/09\/igartubeiti-300x200.jpeg 300w, https:\/\/www.patrim.net\/wp-content\/uploads\/2017\/09\/igartubeiti-768x512.jpeg 768w, https:\/\/www.patrim.net\/wp-content\/uploads\/2017\/09\/igartubeiti-830x553.jpeg 830w, https:\/\/www.patrim.net\/wp-content\/uploads\/2017\/09\/igartubeiti-230x153.jpeg 230w, https:\/\/www.patrim.net\/wp-content\/uploads\/2017\/09\/igartubeiti-350x233.jpeg 350w, https:\/\/www.patrim.net\/wp-content\/uploads\/2017\/09\/igartubeiti-480x320.jpeg 480w, https:\/\/www.patrim.net\/wp-content\/uploads\/2017\/09\/igartubeiti.jpeg 1280w\" sizes=\"(max-width: 1024px) 100vw, 1024px\" \/><\/a>\n\t\t\t<\/div>\n\t\t\t\t<figcaption class='wp-caption-text gallery-caption' id='gallery-1-3671'>\n\t\t\t\tCaserio Igartubeiti\n\t\t\t\t<\/figcaption><\/figure><figure class='gallery-item'>\n\t\t\t<div class='gallery-icon landscape'>\n\t\t\t\t<a href='https:\/\/www.patrim.net\/ca\/els-equipaments\/historia-i-societat\/museu-granja-igartubeiti\/igartubeiti-interior-2\/'><img decoding=\"async\" width=\"400\" height=\"266\" src=\"https:\/\/www.patrim.net\/wp-content\/uploads\/2017\/09\/igartubeiti-interior.jpeg\" class=\"attachment-large size-large\" alt=\"\" srcset=\"https:\/\/www.patrim.net\/wp-content\/uploads\/2017\/09\/igartubeiti-interior.jpeg 400w, https:\/\/www.patrim.net\/wp-content\/uploads\/2017\/09\/igartubeiti-interior-300x200.jpeg 300w, https:\/\/www.patrim.net\/wp-content\/uploads\/2017\/09\/igartubeiti-interior-230x153.jpeg 230w, https:\/\/www.patrim.net\/wp-content\/uploads\/2017\/09\/igartubeiti-interior-350x233.jpeg 350w\" sizes=\"(max-width: 400px) 100vw, 400px\" \/><\/a>\n\t\t\t<\/div><\/figure><figure class='gallery-item'>\n\t\t\t<div class='gallery-icon landscape'>\n\t\t\t\t<a href='https:\/\/www.patrim.net\/ca\/els-equipaments\/historia-i-societat\/museu-granja-igartubeiti\/igartubeiti-2-2\/'><img loading=\"lazy\" decoding=\"async\" width=\"400\" height=\"241\" src=\"https:\/\/www.patrim.net\/wp-content\/uploads\/2017\/09\/igartubeiti-2.jpeg\" class=\"attachment-large size-large\" alt=\"\" srcset=\"https:\/\/www.patrim.net\/wp-content\/uploads\/2017\/09\/igartubeiti-2.jpeg 400w, https:\/\/www.patrim.net\/wp-content\/uploads\/2017\/09\/igartubeiti-2-300x181.jpeg 300w, https:\/\/www.patrim.net\/wp-content\/uploads\/2017\/09\/igartubeiti-2-230x139.jpeg 230w, https:\/\/www.patrim.net\/wp-content\/uploads\/2017\/09\/igartubeiti-2-350x211.jpeg 350w\" sizes=\"(max-width: 400px) 100vw, 400px\" \/><\/a>\n\t\t\t<\/div><\/figure><figure class='gallery-item'>\n\t\t\t<div class='gallery-icon landscape'>\n\t\t\t\t<a href='https:\/\/www.patrim.net\/ca\/els-equipaments\/historia-i-societat\/museu-granja-igartubeiti\/olympus-digital-camera-9-2\/'><img loading=\"lazy\" decoding=\"async\" width=\"455\" height=\"303\" src=\"https:\/\/www.patrim.net\/wp-content\/uploads\/2017\/09\/igartubeiti-actividades.jpeg\" class=\"attachment-large size-large\" alt=\"\" srcset=\"https:\/\/www.patrim.net\/wp-content\/uploads\/2017\/09\/igartubeiti-actividades.jpeg 455w, https:\/\/www.patrim.net\/wp-content\/uploads\/2017\/09\/igartubeiti-actividades-300x200.jpeg 300w, https:\/\/www.patrim.net\/wp-content\/uploads\/2017\/09\/igartubeiti-actividades-230x153.jpeg 230w, https:\/\/www.patrim.net\/wp-content\/uploads\/2017\/09\/igartubeiti-actividades-350x233.jpeg 350w\" sizes=\"(max-width: 455px) 100vw, 455px\" \/><\/a>\n\t\t\t<\/div><\/figure><figure class='gallery-item'>\n\t\t\t<div class='gallery-icon landscape'>\n\t\t\t\t<a href='https:\/\/www.patrim.net\/ca\/els-equipaments\/historia-i-societat\/museu-granja-igartubeiti\/igartubeiti-huerto-2\/'><img loading=\"lazy\" decoding=\"async\" width=\"400\" height=\"300\" src=\"https:\/\/www.patrim.net\/wp-content\/uploads\/2017\/09\/igartubeiti-huerto.jpeg\" class=\"attachment-large size-large\" alt=\"\" srcset=\"https:\/\/www.patrim.net\/wp-content\/uploads\/2017\/09\/igartubeiti-huerto.jpeg 400w, https:\/\/www.patrim.net\/wp-content\/uploads\/2017\/09\/igartubeiti-huerto-300x225.jpeg 300w, https:\/\/www.patrim.net\/wp-content\/uploads\/2017\/09\/igartubeiti-huerto-230x173.jpeg 230w, https:\/\/www.patrim.net\/wp-content\/uploads\/2017\/09\/igartubeiti-huerto-350x263.jpeg 350w\" sizes=\"(max-width: 400px) 100vw, 400px\" \/><\/a>\n\t\t\t<\/div><\/figure>\n\t\t<\/div>\n\n<p><span id=\"noHighlight_0.5600844106864357\">El Museu-Granja Igartubeiti permet apropar-se a la hist\u00f2ria del Mas Vasc.<\/span><\/p>\n<\/div>\n<div><\/div>\n<div><span id=\"noHighlight_0.39820362429654765\">El llogaret reuneix un conjunt de valors culturals, hist\u00f2rics, antropol\u00f2gics, arquitect\u00f2nics i simb\u00f2lics que fan que sigui un element clau del patrimoni Basc, que ens ha de conservar.<\/span><\/div>\n<div><\/div>\n<div><span id=\"noHighlight_0.9088517268640558\">Seves caracter\u00edstiques especials (l&#8217;antiguitat i de ser un testimoni \u00fanic) i el fet que va conservar el seus antics estructures pr\u00e0cticament completa va fer que la Diputaci\u00f3 Foral de Gipuzkoa va decidir emprendre un projecte de restauraci\u00f3, qualificat del model, Per tal que Igartubeiti recuperar l&#8217;aspecte que tenia al segle XVII. El Consell provincial de Guip\u00fascoa va decidir construir i equipar un centre d&#8217;interpretaci\u00f3 per donar suport a la difusi\u00f3 del mateix Mas i com a centre per a la gesti\u00f3 de les visites. Tant elements, Hamlet i centre d&#8217;interpretaci\u00f3, al costat de l&#8217;hort i el seu entorn constitueixen el <span id=\"noHighlight_0.5600844106864357\">Museu-Granja<\/span> Igartubeiti .<\/span><\/div>\n<div><\/div>\n<div><span id=\"noHighlight_0.4818496230264251\">Igartubeiti va ser constru\u00efda a mitjan segle XVI i \u00e9s un magn\u00edfic representant de l&#8217;\u00e8poca daurada del Mas Vasc. La Cassa Igartubeiti assolit la seva plenitud a principis del segle XVII, quan es va ampliar i va patir una important transformaci\u00f3 per adaptar-se a noves formes de vida i treball. La seva original estructura de fusta, molt ben conservat i l&#8217;exist\u00e8ncia dins un Trull de sidra grans fan una de les pedanies m\u00e9s interessants del Pa\u00eds Basc.<\/span><\/div>\n<div><\/div>\n<div><span id=\"noHighlight_0.9074846214047096\">El seu interior s&#8217;ha convertit en un nou Museu en el qual es recrea la vida real de les antigues masies. En ella, d&#8217;una manera directa i sense interfer\u00e8ncies, un pot experimentar com era la vida dins d&#8217;un caseriu basc quatre segles enrere, il\u00b7luminaci\u00f3, mobiliari i eines originals i fins i tot amb les olors i aromes que ho impregna.<\/span><\/div>\n<div><\/div>\n<div><span id=\"noHighlight_0.837178746463841\">La hist\u00f2ria de l&#8217;agroturisme ha estat representat en el centre d&#8217;interpretaci\u00f3 m\u00e9s de mil anys. A trav\u00e9s de les veus de la fam\u00edlia i els ve\u00efns de Igartubeiti, es descobreix com el vells llogarets van creixent i evolucionant, com els seus habitants va viure i treballar, com es relacionen entre ells, el que creia en, el que produeix, com van ser alimentats, que Com s&#8217;han divertit i que els va fer patir.<\/span><\/div>\n<div><\/div>\n<div><span id=\"noHighlight_0.2469538405176145\">El centre de interpretaci\u00f3, visites a Igartubeiti s\u00f3n gestionats i activitats s&#8217;organitzen al voltant de la hist\u00f2ria del Mas.<\/span><\/div>\n<div><\/div>\n<div><a href=\"https:\/\/www.google.es\/maps\/uv?hl=es&amp;pb=!1s0xd50321fd571cdb7:0xb25ed5637b3c1496!2m22!2m2!1i80!2i80!3m1!2i20!16m16!1b1!2m2!1m1!1e1!2m2!1m1!1e3!2m2!1m1!1e5!2m2!1m1!1e4!2m2!1m1!1e6!3m1!7e115!4s\/maps\/place\/igartubeiti%2Bmuseoa\/@43.074389,-2.2851776,3a,75y,39.79h,90t\/data%3D*213m4*211e1*213m2*211shYLKBWot6vf3PwX6iWtu3A*212e0*214m2*213m1*211s0xd50321fd571cdb7:0xb25ed5637b3c1496!5sigartubeiti+museoa+-+Buscar+con+Google&amp;imagekey=!1e2!2shYLKBWot6vf3PwX6iWtu3A&amp;sa=X&amp;ved=2ahUKEwjr4OL115ffAhXeRBUIHYzKA2wQpx8wEnoECAUQCw\">Visita virtual.\u00a0<\/a><\/div>\n","protected":false},"excerpt":{"rendered":"<p>El Museu-Granja Igartubeiti permet apropar-se a la hist\u00f2ria del Mas Vasc. El llogaret reuneix un conjunt de valors culturals, hist\u00f2rics, antropol\u00f2gics, arquitect\u00f2nics i simb\u00f2lics que fan que sigui un element clau del patrimoni Basc, que ens ha de conservar. Seves caracter\u00edstiques especials (l&#8217;antiguitat i de ser un testimoni \u00fanic) i el fet que va conservar el seus antics estructures pr\u00e0cticament completa va fer que la Diputaci\u00f3 Foral de Gipuzkoa va decidir emprendre un projecte de restauraci\u00f3, qualificat del model, Per tal que Igartubeiti recuperar l&#8217;aspecte que tenia al segle XVII. El Consell provincial de Guip\u00fascoa va decidir construir i equipar un centre d&#8217;interpretaci\u00f3 per donar suport a la difusi\u00f3 del mateix Mas i com a centre per a la gesti\u00f3 de les visites. Tant elements, Hamlet i centre d&#8217;interpretaci\u00f3, al costat de l&#8217;hort i el seu entorn constitueixen el Museu-Granja Igartubeiti . Igartubeiti va ser constru\u00efda a mitjan segle XVI i \u00e9s un magn\u00edfic representant de l&#8217;\u00e8poca daurada del Mas Vasc. La Cassa Igartubeiti assolit la seva plenitud a principis del segle XVII, quan es va ampliar i va patir una important transformaci\u00f3 per adaptar-se a noves formes de vida i treball. La seva original estructura de fusta, molt ben conservat i l&#8217;exist\u00e8ncia dins un Trull de sidra grans fan una de les pedanies m\u00e9s interessants del Pa\u00eds Basc. El seu interior s&#8217;ha convertit en un nou Museu en el qual es recrea la vida real de les antigues masies. En ella, d&#8217;una manera directa i sense interfer\u00e8ncies, un pot experimentar com era la vida dins d&#8217;un caseriu basc quatre segles enrere, il\u00b7luminaci\u00f3, mobiliari i eines originals i fins i tot amb les olors i aromes que ho impregna. La hist\u00f2ria de l&#8217;agroturisme ha estat representat en el centre d&#8217;interpretaci\u00f3 m\u00e9s de mil anys. A trav\u00e9s de les veus de la fam\u00edlia i els ve\u00efns de Igartubeiti, es descobreix com el vells llogarets van creixent i evolucionant, com els seus habitants va viure i treballar, com es relacionen entre ells, el que creia en, el que produeix, com van ser alimentats, que Com s&#8217;han divertit i que els va fer patir. El centre de interpretaci\u00f3, visites a Igartubeiti s\u00f3n gestionats i activitats s&#8217;organitzen al voltant de la hist\u00f2ria del Mas. Visita virtual.\u00a0<\/p>\n","protected":false},"author":1,"featured_media":0,"parent":1152,"menu_order":0,"comment_status":"closed","ping_status":"closed","template":"","meta":{"site-sidebar-layout":"default","site-content-layout":"","ast-site-content-layout":"default","site-content-style":"default","site-sidebar-style":"default","ast-global-header-display":"","ast-banner-title-visibility":"","ast-main-header-display":"","ast-hfb-above-header-display":"","ast-hfb-below-header-display":"","ast-hfb-mobile-header-display":"","site-post-title":"","ast-breadcrumbs-content":"","ast-featured-img":"","footer-sml-layout":"","theme-transparent-header-meta":"","adv-header-id-meta":"","stick-header-meta":"","header-above-stick-meta":"","header-main-stick-meta":"","header-below-stick-meta":"","astra-migrate-meta-layouts":"default","ast-page-background-enabled":"default","ast-page-background-meta":{"desktop":{"background-color":"var(--ast-global-color-5)","background-image":"","background-repeat":"repeat","background-position":"center center","background-size":"auto","background-attachment":"scroll","background-type":"","background-media":"","overlay-type":"","overlay-color":"","overlay-opacity":"","overlay-gradient":""},"tablet":{"background-color":"","background-image":"","background-repeat":"repeat","background-position":"center center","background-size":"auto","background-attachment":"scroll","background-type":"","background-media":"","overlay-type":"","overlay-color":"","overlay-opacity":"","overlay-gradient":""},"mobile":{"background-color":"","background-image":"","background-repeat":"repeat","background-position":"center center","background-size":"auto","background-attachment":"scroll","background-type":"","background-media":"","overlay-type":"","overlay-color":"","overlay-opacity":"","overlay-gradient":""}},"ast-content-background-meta":{"desktop":{"background-color":"var(--ast-global-color-4)","background-image":"","background-repeat":"repeat","background-position":"center center","background-size":"auto","background-attachment":"scroll","background-type":"","background-media":"","overlay-type":"","overlay-color":"","overlay-opacity":"","overlay-gradient":""},"tablet":{"background-color":"var(--ast-global-color-4)","background-image":"","background-repeat":"repeat","background-position":"center center","background-size":"auto","background-attachment":"scroll","background-type":"","background-media":"","overlay-type":"","overlay-color":"","overlay-opacity":"","overlay-gradient":""},"mobile":{"background-color":"var(--ast-global-color-4)","background-image":"","background-repeat":"repeat","background-position":"center center","background-size":"auto","background-attachment":"scroll","background-type":"","background-media":"","overlay-type":"","overlay-color":"","overlay-opacity":"","overlay-gradient":""}},"footnotes":""},"class_list":["post-1278","page","type-page","status-publish","hentry"],"_links":{"self":[{"href":"https:\/\/www.patrim.net\/ca\/wp-json\/wp\/v2\/pages\/1278","targetHints":{"allow":["GET"]}}],"collection":[{"href":"https:\/\/www.patrim.net\/ca\/wp-json\/wp\/v2\/pages"}],"about":[{"href":"https:\/\/www.patrim.net\/ca\/wp-json\/wp\/v2\/types\/page"}],"author":[{"embeddable":true,"href":"https:\/\/www.patrim.net\/ca\/wp-json\/wp\/v2\/users\/1"}],"replies":[{"embeddable":true,"href":"https:\/\/www.patrim.net\/ca\/wp-json\/wp\/v2\/comments?post=1278"}],"version-history":[{"count":4,"href":"https:\/\/www.patrim.net\/ca\/wp-json\/wp\/v2\/pages\/1278\/revisions"}],"predecessor-version":[{"id":1758,"href":"https:\/\/www.patrim.net\/ca\/wp-json\/wp\/v2\/pages\/1278\/revisions\/1758"}],"up":[{"embeddable":true,"href":"https:\/\/www.patrim.net\/ca\/wp-json\/wp\/v2\/pages\/1152"}],"wp:attachment":[{"href":"https:\/\/www.patrim.net\/ca\/wp-json\/wp\/v2\/media?parent=1278"}],"curies":[{"name":"wp","href":"https:\/\/api.w.org\/{rel}","templated":true}]}}