{"id":1262,"date":"2017-09-14T18:02:31","date_gmt":"2017-09-14T17:02:31","guid":{"rendered":"http:\/\/www.patrim.net\/ca\/?page_id=1262"},"modified":"2022-02-15T18:49:34","modified_gmt":"2022-02-15T17:49:34","slug":"espai-centre-pirineus","status":"publish","type":"page","link":"https:\/\/www.patrim.net\/ca\/els-equipaments\/historia-i-societat\/espai-centre-pirineus\/","title":{"rendered":"Espai Pirineus &#8211; centre de creaci\u00f3 i cultura del Pirineu a Graus"},"content":{"rendered":"<div id='gallery-1' class='gallery galleryid-1262 gallery-columns-3 gallery-size-large'><figure class='gallery-item'>\n\t\t\t<div class='gallery-icon landscape'>\n\t\t\t\t<a href='https:\/\/www.patrim.net\/ca\/els-equipaments\/historia-i-societat\/espai-centre-pirineus\/vista-graus-y-virgen-de-la-pena-2\/'><img fetchpriority=\"high\" decoding=\"async\" width=\"1024\" height=\"768\" src=\"https:\/\/www.patrim.net\/wp-content\/uploads\/2015\/08\/Vista-Graus-y-Virgen-de-la-Pe\u00f1a-1024x768.jpg\" class=\"attachment-large size-large\" alt=\"\" srcset=\"https:\/\/www.patrim.net\/wp-content\/uploads\/2015\/08\/Vista-Graus-y-Virgen-de-la-Pe\u00f1a-1024x768.jpg 1024w, https:\/\/www.patrim.net\/wp-content\/uploads\/2015\/08\/Vista-Graus-y-Virgen-de-la-Pe\u00f1a-600x450.jpg 600w, https:\/\/www.patrim.net\/wp-content\/uploads\/2015\/08\/Vista-Graus-y-Virgen-de-la-Pe\u00f1a-300x225.jpg 300w, https:\/\/www.patrim.net\/wp-content\/uploads\/2015\/08\/Vista-Graus-y-Virgen-de-la-Pe\u00f1a-768x576.jpg 768w, https:\/\/www.patrim.net\/wp-content\/uploads\/2015\/08\/Vista-Graus-y-Virgen-de-la-Pe\u00f1a-830x623.jpg 830w, https:\/\/www.patrim.net\/wp-content\/uploads\/2015\/08\/Vista-Graus-y-Virgen-de-la-Pe\u00f1a-230x173.jpg 230w, https:\/\/www.patrim.net\/wp-content\/uploads\/2015\/08\/Vista-Graus-y-Virgen-de-la-Pe\u00f1a-350x263.jpg 350w, https:\/\/www.patrim.net\/wp-content\/uploads\/2015\/08\/Vista-Graus-y-Virgen-de-la-Pe\u00f1a-480x360.jpg 480w, https:\/\/www.patrim.net\/wp-content\/uploads\/2015\/08\/Vista-Graus-y-Virgen-de-la-Pe\u00f1a.jpg 2048w\" sizes=\"(max-width: 1024px) 100vw, 1024px\" \/><\/a>\n\t\t\t<\/div><\/figure><figure class='gallery-item'>\n\t\t\t<div class='gallery-icon landscape'>\n\t\t\t\t<a href='https:\/\/www.patrim.net\/ca\/els-equipaments\/historia-i-societat\/espai-centre-pirineus\/espaciopirineos-3-4-2\/'><img decoding=\"async\" width=\"1024\" height=\"646\" src=\"https:\/\/www.patrim.net\/wp-content\/uploads\/2015\/08\/EspacioPirineos-3-1-1024x646.jpg\" class=\"attachment-large size-large\" alt=\"\" srcset=\"https:\/\/www.patrim.net\/wp-content\/uploads\/2015\/08\/EspacioPirineos-3-1-1024x646.jpg 1024w, https:\/\/www.patrim.net\/wp-content\/uploads\/2015\/08\/EspacioPirineos-3-1-scaled-600x379.jpg 600w, https:\/\/www.patrim.net\/wp-content\/uploads\/2015\/08\/EspacioPirineos-3-1-300x189.jpg 300w, https:\/\/www.patrim.net\/wp-content\/uploads\/2015\/08\/EspacioPirineos-3-1-768x485.jpg 768w, https:\/\/www.patrim.net\/wp-content\/uploads\/2015\/08\/EspacioPirineos-3-1-830x524.jpg 830w, https:\/\/www.patrim.net\/wp-content\/uploads\/2015\/08\/EspacioPirineos-3-1-230x145.jpg 230w, https:\/\/www.patrim.net\/wp-content\/uploads\/2015\/08\/EspacioPirineos-3-1-350x221.jpg 350w, https:\/\/www.patrim.net\/wp-content\/uploads\/2015\/08\/EspacioPirineos-3-1-480x303.jpg 480w\" sizes=\"(max-width: 1024px) 100vw, 1024px\" \/><\/a>\n\t\t\t<\/div><\/figure><figure class='gallery-item'>\n\t\t\t<div class='gallery-icon landscape'>\n\t\t\t\t<a href='https:\/\/www.patrim.net\/ca\/els-equipaments\/historia-i-societat\/espai-centre-pirineus\/espacio-pirineos-foto-de-eduardo-lecina-3-2\/'><img decoding=\"async\" width=\"1024\" height=\"940\" src=\"https:\/\/www.patrim.net\/wp-content\/uploads\/2015\/08\/Espacio-Pirineos.-Foto-de-Eduardo-Lecina-1-1024x940.jpg\" class=\"attachment-large size-large\" alt=\"\" srcset=\"https:\/\/www.patrim.net\/wp-content\/uploads\/2015\/08\/Espacio-Pirineos.-Foto-de-Eduardo-Lecina-1-1024x940.jpg 1024w, https:\/\/www.patrim.net\/wp-content\/uploads\/2015\/08\/Espacio-Pirineos.-Foto-de-Eduardo-Lecina-1-e1505473292161-600x551.jpg 600w, https:\/\/www.patrim.net\/wp-content\/uploads\/2015\/08\/Espacio-Pirineos.-Foto-de-Eduardo-Lecina-1-300x276.jpg 300w, https:\/\/www.patrim.net\/wp-content\/uploads\/2015\/08\/Espacio-Pirineos.-Foto-de-Eduardo-Lecina-1-768x705.jpg 768w, https:\/\/www.patrim.net\/wp-content\/uploads\/2015\/08\/Espacio-Pirineos.-Foto-de-Eduardo-Lecina-1-830x762.jpg 830w, https:\/\/www.patrim.net\/wp-content\/uploads\/2015\/08\/Espacio-Pirineos.-Foto-de-Eduardo-Lecina-1-230x211.jpg 230w, https:\/\/www.patrim.net\/wp-content\/uploads\/2015\/08\/Espacio-Pirineos.-Foto-de-Eduardo-Lecina-1-350x321.jpg 350w, https:\/\/www.patrim.net\/wp-content\/uploads\/2015\/08\/Espacio-Pirineos.-Foto-de-Eduardo-Lecina-1-480x441.jpg 480w, https:\/\/www.patrim.net\/wp-content\/uploads\/2015\/08\/Espacio-Pirineos.-Foto-de-Eduardo-Lecina-1-e1505473292161.jpg 1200w\" sizes=\"(max-width: 1024px) 100vw, 1024px\" \/><\/a>\n\t\t\t<\/div><\/figure><figure class='gallery-item'>\n\t\t\t<div class='gallery-icon landscape'>\n\t\t\t\t<a href='https:\/\/www.patrim.net\/ca\/els-equipaments\/historia-i-societat\/espai-centre-pirineus\/plaza-nocturna-2\/'><img loading=\"lazy\" decoding=\"async\" width=\"1024\" height=\"683\" src=\"https:\/\/www.patrim.net\/wp-content\/uploads\/2015\/08\/plaza-nocturna-1024x683.jpg\" class=\"attachment-large size-large\" alt=\"\" srcset=\"https:\/\/www.patrim.net\/wp-content\/uploads\/2015\/08\/plaza-nocturna-1024x683.jpg 1024w, https:\/\/www.patrim.net\/wp-content\/uploads\/2015\/08\/plaza-nocturna-e1505471222550-600x400.jpg 600w, https:\/\/www.patrim.net\/wp-content\/uploads\/2015\/08\/plaza-nocturna-300x200.jpg 300w, https:\/\/www.patrim.net\/wp-content\/uploads\/2015\/08\/plaza-nocturna-768x512.jpg 768w, https:\/\/www.patrim.net\/wp-content\/uploads\/2015\/08\/plaza-nocturna-830x553.jpg 830w, https:\/\/www.patrim.net\/wp-content\/uploads\/2015\/08\/plaza-nocturna-230x153.jpg 230w, https:\/\/www.patrim.net\/wp-content\/uploads\/2015\/08\/plaza-nocturna-350x233.jpg 350w, https:\/\/www.patrim.net\/wp-content\/uploads\/2015\/08\/plaza-nocturna-480x320.jpg 480w, https:\/\/www.patrim.net\/wp-content\/uploads\/2015\/08\/plaza-nocturna-e1505471222550.jpg 1500w\" sizes=\"(max-width: 1024px) 100vw, 1024px\" \/><\/a>\n\t\t\t<\/div><\/figure><figure class='gallery-item'>\n\t\t\t<div class='gallery-icon landscape'>\n\t\t\t\t<a href='https:\/\/www.patrim.net\/ca\/els-equipaments\/historia-i-societat\/espai-centre-pirineus\/_elp3593-2-2\/'><img loading=\"lazy\" decoding=\"async\" width=\"1024\" height=\"682\" src=\"https:\/\/www.patrim.net\/wp-content\/uploads\/2015\/08\/ELP3593-1024x682.jpg\" class=\"attachment-large size-large\" alt=\"\" srcset=\"https:\/\/www.patrim.net\/wp-content\/uploads\/2015\/08\/ELP3593.jpg 1024w, https:\/\/www.patrim.net\/wp-content\/uploads\/2015\/08\/ELP3593-600x400.jpg 600w, https:\/\/www.patrim.net\/wp-content\/uploads\/2015\/08\/ELP3593-300x200.jpg 300w, https:\/\/www.patrim.net\/wp-content\/uploads\/2015\/08\/ELP3593-768x512.jpg 768w, https:\/\/www.patrim.net\/wp-content\/uploads\/2015\/08\/ELP3593-830x553.jpg 830w, https:\/\/www.patrim.net\/wp-content\/uploads\/2015\/08\/ELP3593-230x153.jpg 230w, https:\/\/www.patrim.net\/wp-content\/uploads\/2015\/08\/ELP3593-350x233.jpg 350w, https:\/\/www.patrim.net\/wp-content\/uploads\/2015\/08\/ELP3593-480x320.jpg 480w\" sizes=\"(max-width: 1024px) 100vw, 1024px\" \/><\/a>\n\t\t\t<\/div><\/figure><figure class='gallery-item'>\n\t\t\t<div class='gallery-icon landscape'>\n\t\t\t\t<a href='https:\/\/www.patrim.net\/ca\/els-equipaments\/historia-i-societat\/espai-centre-pirineus\/_elp3707-2\/'><img loading=\"lazy\" decoding=\"async\" width=\"1024\" height=\"681\" src=\"https:\/\/www.patrim.net\/wp-content\/uploads\/2015\/08\/ELP3707-1024x681.jpg\" class=\"attachment-large size-large\" alt=\"\" srcset=\"https:\/\/www.patrim.net\/wp-content\/uploads\/2015\/08\/ELP3707.jpg 1024w, https:\/\/www.patrim.net\/wp-content\/uploads\/2015\/08\/ELP3707-600x399.jpg 600w, https:\/\/www.patrim.net\/wp-content\/uploads\/2015\/08\/ELP3707-300x200.jpg 300w, https:\/\/www.patrim.net\/wp-content\/uploads\/2015\/08\/ELP3707-768x511.jpg 768w, https:\/\/www.patrim.net\/wp-content\/uploads\/2015\/08\/ELP3707-830x552.jpg 830w, https:\/\/www.patrim.net\/wp-content\/uploads\/2015\/08\/ELP3707-230x153.jpg 230w, https:\/\/www.patrim.net\/wp-content\/uploads\/2015\/08\/ELP3707-350x233.jpg 350w, https:\/\/www.patrim.net\/wp-content\/uploads\/2015\/08\/ELP3707-480x319.jpg 480w\" sizes=\"(max-width: 1024px) 100vw, 1024px\" \/><\/a>\n\t\t\t<\/div><\/figure>\n\t\t<\/div>\n\n<p>Situat a l\u2019antiga esgl\u00e9sia de la Companyia de Jes\u00fas de Graus, Espai Pirineu obria les seves portes el 2006 com a centre dirigit al coneixement y difusi\u00f3 del Pirineu i els seus valors.<\/p>\n<p>Disposa d\u2019una espectacular exposici\u00f3 permanent amb una gran pres\u00e8ncia d\u2019audiovisuals, entre el quals destaquen elements com el <em>Mural de la Biodiversitat<\/em> o el diaporama <em>Pirineus<\/em>.<\/p>\n<p>L\u2019exposici\u00f3 es complementa amb un petit museu municipal d\u2019hist\u00f2ria, mentre que l\u2019investigador pot ampliar els seus coneixements al Centre de Documentaci\u00f3 Pirinenca \u201cIgnacio de Heredia\u201d i l\u2019Arxiu Hist\u00f2ric Municipal. El centre desenvolupa una intensa activitat cultural centrada en tres eixos: el patrimoni, la contemporane\u00eftat i el territori pirinenc, amb programes de coneixement, exposicions o la participaci\u00f3 en projectes de cooperaci\u00f3 cultural.<\/p>\n","protected":false},"excerpt":{"rendered":"<p>Situat a l\u2019antiga esgl\u00e9sia de la Companyia de Jes\u00fas de Graus, Espai Pirineu obria les seves portes el 2006 com a centre dirigit al coneixement y difusi\u00f3 del Pirineu i els seus valors. Disposa d\u2019una espectacular exposici\u00f3 permanent amb una gran pres\u00e8ncia d\u2019audiovisuals, entre el quals destaquen elements com el Mural de la Biodiversitat o el diaporama Pirineus. L\u2019exposici\u00f3 es complementa amb un petit museu municipal d\u2019hist\u00f2ria, mentre que l\u2019investigador pot ampliar els seus coneixements al Centre de Documentaci\u00f3 Pirinenca \u201cIgnacio de Heredia\u201d i l\u2019Arxiu Hist\u00f2ric Municipal. El centre desenvolupa una intensa activitat cultural centrada en tres eixos: el patrimoni, la contemporane\u00eftat i el territori pirinenc, amb programes de coneixement, exposicions o la participaci\u00f3 en projectes de cooperaci\u00f3 cultural.<\/p>\n","protected":false},"author":1,"featured_media":0,"parent":1152,"menu_order":6,"comment_status":"closed","ping_status":"closed","template":"","meta":{"site-sidebar-layout":"default","site-content-layout":"","ast-site-content-layout":"default","site-content-style":"default","site-sidebar-style":"default","ast-global-header-display":"","ast-banner-title-visibility":"","ast-main-header-display":"","ast-hfb-above-header-display":"","ast-hfb-below-header-display":"","ast-hfb-mobile-header-display":"","site-post-title":"","ast-breadcrumbs-content":"","ast-featured-img":"","footer-sml-layout":"","theme-transparent-header-meta":"","adv-header-id-meta":"","stick-header-meta":"","header-above-stick-meta":"","header-main-stick-meta":"","header-below-stick-meta":"","astra-migrate-meta-layouts":"default","ast-page-background-enabled":"default","ast-page-background-meta":{"desktop":{"background-color":"var(--ast-global-color-5)","background-image":"","background-repeat":"repeat","background-position":"center center","background-size":"auto","background-attachment":"scroll","background-type":"","background-media":"","overlay-type":"","overlay-color":"","overlay-opacity":"","overlay-gradient":""},"tablet":{"background-color":"","background-image":"","background-repeat":"repeat","background-position":"center center","background-size":"auto","background-attachment":"scroll","background-type":"","background-media":"","overlay-type":"","overlay-color":"","overlay-opacity":"","overlay-gradient":""},"mobile":{"background-color":"","background-image":"","background-repeat":"repeat","background-position":"center center","background-size":"auto","background-attachment":"scroll","background-type":"","background-media":"","overlay-type":"","overlay-color":"","overlay-opacity":"","overlay-gradient":""}},"ast-content-background-meta":{"desktop":{"background-color":"var(--ast-global-color-4)","background-image":"","background-repeat":"repeat","background-position":"center center","background-size":"auto","background-attachment":"scroll","background-type":"","background-media":"","overlay-type":"","overlay-color":"","overlay-opacity":"","overlay-gradient":""},"tablet":{"background-color":"var(--ast-global-color-4)","background-image":"","background-repeat":"repeat","background-position":"center center","background-size":"auto","background-attachment":"scroll","background-type":"","background-media":"","overlay-type":"","overlay-color":"","overlay-opacity":"","overlay-gradient":""},"mobile":{"background-color":"var(--ast-global-color-4)","background-image":"","background-repeat":"repeat","background-position":"center center","background-size":"auto","background-attachment":"scroll","background-type":"","background-media":"","overlay-type":"","overlay-color":"","overlay-opacity":"","overlay-gradient":""}},"footnotes":""},"class_list":["post-1262","page","type-page","status-publish","hentry"],"_links":{"self":[{"href":"https:\/\/www.patrim.net\/ca\/wp-json\/wp\/v2\/pages\/1262","targetHints":{"allow":["GET"]}}],"collection":[{"href":"https:\/\/www.patrim.net\/ca\/wp-json\/wp\/v2\/pages"}],"about":[{"href":"https:\/\/www.patrim.net\/ca\/wp-json\/wp\/v2\/types\/page"}],"author":[{"embeddable":true,"href":"https:\/\/www.patrim.net\/ca\/wp-json\/wp\/v2\/users\/1"}],"replies":[{"embeddable":true,"href":"https:\/\/www.patrim.net\/ca\/wp-json\/wp\/v2\/comments?post=1262"}],"version-history":[{"count":2,"href":"https:\/\/www.patrim.net\/ca\/wp-json\/wp\/v2\/pages\/1262\/revisions"}],"predecessor-version":[{"id":1443,"href":"https:\/\/www.patrim.net\/ca\/wp-json\/wp\/v2\/pages\/1262\/revisions\/1443"}],"up":[{"embeddable":true,"href":"https:\/\/www.patrim.net\/ca\/wp-json\/wp\/v2\/pages\/1152"}],"wp:attachment":[{"href":"https:\/\/www.patrim.net\/ca\/wp-json\/wp\/v2\/media?parent=1262"}],"curies":[{"name":"wp","href":"https:\/\/api.w.org\/{rel}","templated":true}]}}