{"id":1252,"date":"2017-09-14T17:55:00","date_gmt":"2017-09-14T16:55:00","guid":{"rendered":"http:\/\/www.patrim.net\/ca\/?page_id=1252"},"modified":"2017-09-15T19:18:17","modified_gmt":"2017-09-15T18:18:17","slug":"museu-forum-de-la-periodes-aurinyacia","status":"publish","type":"page","link":"https:\/\/www.patrim.net\/ca\/els-equipaments\/prehistoria\/museu-forum-de-la-periodes-aurinyacia\/","title":{"rendered":"Museu f\u00f2rum de la per\u00edodes aurinyaci\u00e0"},"content":{"rendered":"<div>\n<div id='gallery-1' class='gallery galleryid-1252 gallery-columns-2 gallery-size-large'><figure class='gallery-item'>\n\t\t\t<div class='gallery-icon landscape'>\n\t\t\t\t<a href='https:\/\/www.patrim.net\/ca\/els-equipaments\/prehistoria\/museu-forum-de-la-periodes-aurinyacia\/musee_aurignac-6-c-daniel-moulinet-basalt-architecture-2\/'><img fetchpriority=\"high\" decoding=\"async\" width=\"1024\" height=\"683\" src=\"https:\/\/www.patrim.net\/wp-content\/uploads\/2017\/09\/Mus\u00e9e_Aurignac-6-C-Daniel-Moulinet-Basalt-Architecture-1024x683.jpg\" class=\"attachment-large size-large\" alt=\"\" srcset=\"https:\/\/www.patrim.net\/wp-content\/uploads\/2017\/09\/Mus\u00e9e_Aurignac-6-C-Daniel-Moulinet-Basalt-Architecture-1024x683.jpg 1024w, https:\/\/www.patrim.net\/wp-content\/uploads\/2017\/09\/Mus\u00e9e_Aurignac-6-C-Daniel-Moulinet-Basalt-Architecture-e1505469754885-600x400.jpg 600w, https:\/\/www.patrim.net\/wp-content\/uploads\/2017\/09\/Mus\u00e9e_Aurignac-6-C-Daniel-Moulinet-Basalt-Architecture-300x200.jpg 300w, https:\/\/www.patrim.net\/wp-content\/uploads\/2017\/09\/Mus\u00e9e_Aurignac-6-C-Daniel-Moulinet-Basalt-Architecture-768x512.jpg 768w, https:\/\/www.patrim.net\/wp-content\/uploads\/2017\/09\/Mus\u00e9e_Aurignac-6-C-Daniel-Moulinet-Basalt-Architecture-830x553.jpg 830w, https:\/\/www.patrim.net\/wp-content\/uploads\/2017\/09\/Mus\u00e9e_Aurignac-6-C-Daniel-Moulinet-Basalt-Architecture-230x153.jpg 230w, https:\/\/www.patrim.net\/wp-content\/uploads\/2017\/09\/Mus\u00e9e_Aurignac-6-C-Daniel-Moulinet-Basalt-Architecture-350x233.jpg 350w, https:\/\/www.patrim.net\/wp-content\/uploads\/2017\/09\/Mus\u00e9e_Aurignac-6-C-Daniel-Moulinet-Basalt-Architecture-480x320.jpg 480w, https:\/\/www.patrim.net\/wp-content\/uploads\/2017\/09\/Mus\u00e9e_Aurignac-6-C-Daniel-Moulinet-Basalt-Architecture-e1505469754885.jpg 1200w\" sizes=\"(max-width: 1024px) 100vw, 1024px\" \/><\/a>\n\t\t\t<\/div><\/figure><figure class='gallery-item'>\n\t\t\t<div class='gallery-icon landscape'>\n\t\t\t\t<a href='https:\/\/www.patrim.net\/ca\/els-equipaments\/prehistoria\/museu-forum-de-la-periodes-aurinyacia\/musee_aurignac-3-c-daniel-moulinet-basalt-architecture-2\/'><img decoding=\"async\" width=\"1024\" height=\"683\" src=\"https:\/\/www.patrim.net\/wp-content\/uploads\/2017\/09\/Mus\u00e9e_Aurignac-3-C-Daniel-Moulinet-Basalt-Architecture-1024x683.jpg\" class=\"attachment-large size-large\" alt=\"\" srcset=\"https:\/\/www.patrim.net\/wp-content\/uploads\/2017\/09\/Mus\u00e9e_Aurignac-3-C-Daniel-Moulinet-Basalt-Architecture-1024x683.jpg 1024w, https:\/\/www.patrim.net\/wp-content\/uploads\/2017\/09\/Mus\u00e9e_Aurignac-3-C-Daniel-Moulinet-Basalt-Architecture-e1505469183116-600x400.jpg 600w, https:\/\/www.patrim.net\/wp-content\/uploads\/2017\/09\/Mus\u00e9e_Aurignac-3-C-Daniel-Moulinet-Basalt-Architecture-300x200.jpg 300w, https:\/\/www.patrim.net\/wp-content\/uploads\/2017\/09\/Mus\u00e9e_Aurignac-3-C-Daniel-Moulinet-Basalt-Architecture-768x512.jpg 768w, https:\/\/www.patrim.net\/wp-content\/uploads\/2017\/09\/Mus\u00e9e_Aurignac-3-C-Daniel-Moulinet-Basalt-Architecture-830x553.jpg 830w, https:\/\/www.patrim.net\/wp-content\/uploads\/2017\/09\/Mus\u00e9e_Aurignac-3-C-Daniel-Moulinet-Basalt-Architecture-230x153.jpg 230w, https:\/\/www.patrim.net\/wp-content\/uploads\/2017\/09\/Mus\u00e9e_Aurignac-3-C-Daniel-Moulinet-Basalt-Architecture-350x233.jpg 350w, https:\/\/www.patrim.net\/wp-content\/uploads\/2017\/09\/Mus\u00e9e_Aurignac-3-C-Daniel-Moulinet-Basalt-Architecture-480x320.jpg 480w, https:\/\/www.patrim.net\/wp-content\/uploads\/2017\/09\/Mus\u00e9e_Aurignac-3-C-Daniel-Moulinet-Basalt-Architecture-e1505469183116.jpg 1200w\" sizes=\"(max-width: 1024px) 100vw, 1024px\" \/><\/a>\n\t\t\t<\/div><\/figure><figure class='gallery-item'>\n\t\t\t<div class='gallery-icon landscape'>\n\t\t\t\t<a href='https:\/\/www.patrim.net\/ca\/els-equipaments\/prehistoria\/museu-forum-de-la-periodes-aurinyacia\/musee_aurignac-2-c-daniel-moulinet-basalt-architecture-2\/'><img decoding=\"async\" width=\"1024\" height=\"683\" src=\"https:\/\/www.patrim.net\/wp-content\/uploads\/2017\/09\/Mus\u00e9e_Aurignac-2-C-Daniel-Moulinet-Basalt-Architecture-1024x683.jpg\" class=\"attachment-large size-large\" alt=\"\" srcset=\"https:\/\/www.patrim.net\/wp-content\/uploads\/2017\/09\/Mus\u00e9e_Aurignac-2-C-Daniel-Moulinet-Basalt-Architecture-1024x683.jpg 1024w, https:\/\/www.patrim.net\/wp-content\/uploads\/2017\/09\/Mus\u00e9e_Aurignac-2-C-Daniel-Moulinet-Basalt-Architecture-e1505468848903-600x400.jpg 600w, https:\/\/www.patrim.net\/wp-content\/uploads\/2017\/09\/Mus\u00e9e_Aurignac-2-C-Daniel-Moulinet-Basalt-Architecture-300x200.jpg 300w, https:\/\/www.patrim.net\/wp-content\/uploads\/2017\/09\/Mus\u00e9e_Aurignac-2-C-Daniel-Moulinet-Basalt-Architecture-768x512.jpg 768w, https:\/\/www.patrim.net\/wp-content\/uploads\/2017\/09\/Mus\u00e9e_Aurignac-2-C-Daniel-Moulinet-Basalt-Architecture-830x553.jpg 830w, https:\/\/www.patrim.net\/wp-content\/uploads\/2017\/09\/Mus\u00e9e_Aurignac-2-C-Daniel-Moulinet-Basalt-Architecture-230x153.jpg 230w, https:\/\/www.patrim.net\/wp-content\/uploads\/2017\/09\/Mus\u00e9e_Aurignac-2-C-Daniel-Moulinet-Basalt-Architecture-350x233.jpg 350w, https:\/\/www.patrim.net\/wp-content\/uploads\/2017\/09\/Mus\u00e9e_Aurignac-2-C-Daniel-Moulinet-Basalt-Architecture-480x320.jpg 480w, https:\/\/www.patrim.net\/wp-content\/uploads\/2017\/09\/Mus\u00e9e_Aurignac-2-C-Daniel-Moulinet-Basalt-Architecture-e1505468848903.jpg 1200w\" sizes=\"(max-width: 1024px) 100vw, 1024px\" \/><\/a>\n\t\t\t<\/div><\/figure><figure class='gallery-item'>\n\t\t\t<div class='gallery-icon landscape'>\n\t\t\t\t<a href='https:\/\/www.patrim.net\/ca\/els-equipaments\/prehistoria\/museu-forum-de-la-periodes-aurinyacia\/aurignac-musee-forum-de-laurignacien-2\/'><img loading=\"lazy\" decoding=\"async\" width=\"1024\" height=\"685\" src=\"https:\/\/www.patrim.net\/wp-content\/uploads\/2017\/09\/Vue-du-mus\u00e9e-C-J.F.-Peir\u00e9-DRAC-Midi-Pyr\u00e9n\u00e9es-1024x685.jpg\" class=\"attachment-large size-large\" alt=\"\" srcset=\"https:\/\/www.patrim.net\/wp-content\/uploads\/2017\/09\/Vue-du-mus\u00e9e-C-J.F.-Peir\u00e9-DRAC-Midi-Pyr\u00e9n\u00e9es-1024x685.jpg 1024w, https:\/\/www.patrim.net\/wp-content\/uploads\/2017\/09\/Vue-du-mus\u00e9e-C-J.F.-Peir\u00e9-DRAC-Midi-Pyr\u00e9n\u00e9es-e1505470043734-600x402.jpg 600w, https:\/\/www.patrim.net\/wp-content\/uploads\/2017\/09\/Vue-du-mus\u00e9e-C-J.F.-Peir\u00e9-DRAC-Midi-Pyr\u00e9n\u00e9es-300x201.jpg 300w, https:\/\/www.patrim.net\/wp-content\/uploads\/2017\/09\/Vue-du-mus\u00e9e-C-J.F.-Peir\u00e9-DRAC-Midi-Pyr\u00e9n\u00e9es-768x514.jpg 768w, https:\/\/www.patrim.net\/wp-content\/uploads\/2017\/09\/Vue-du-mus\u00e9e-C-J.F.-Peir\u00e9-DRAC-Midi-Pyr\u00e9n\u00e9es-830x555.jpg 830w, https:\/\/www.patrim.net\/wp-content\/uploads\/2017\/09\/Vue-du-mus\u00e9e-C-J.F.-Peir\u00e9-DRAC-Midi-Pyr\u00e9n\u00e9es-230x154.jpg 230w, https:\/\/www.patrim.net\/wp-content\/uploads\/2017\/09\/Vue-du-mus\u00e9e-C-J.F.-Peir\u00e9-DRAC-Midi-Pyr\u00e9n\u00e9es-350x234.jpg 350w, https:\/\/www.patrim.net\/wp-content\/uploads\/2017\/09\/Vue-du-mus\u00e9e-C-J.F.-Peir\u00e9-DRAC-Midi-Pyr\u00e9n\u00e9es-480x321.jpg 480w, https:\/\/www.patrim.net\/wp-content\/uploads\/2017\/09\/Vue-du-mus\u00e9e-C-J.F.-Peir\u00e9-DRAC-Midi-Pyr\u00e9n\u00e9es-e1505470043734.jpg 1200w\" sizes=\"(max-width: 1024px) 100vw, 1024px\" \/><\/a>\n\t\t\t<\/div><\/figure>\n\t\t<\/div>\n\n<p><span id=\"noHighlight_0.5403191376527329\">Situat en un edifici inaugurat l&#8217;any 2015 d&#8217;abril, amb l&#8217;arquitectura moderna, aquest museu convida a tots els amants de la prehist\u00f2ria, aficionats dels descobriments culturals i curi\u00f3s d&#8217;arreu del m\u00f3n, per anar a con\u00e8ixer el Aurignaciens, els primers homes Anat\u00f2micament moderns que va viure a Europa fa uns 35 000 anys.<\/span><\/p>\n<\/div>\n<div><\/div>\n<div><span id=\"noHighlight_0.5983653920711679\">Testimonis de la vida d&#8217;aquests pobles del passat-ca\u00e7a, armes, objectes de la vida quotidiana, elements d&#8217;adorn, estatuetes&#8230;-d&#8217;excavacions del lloc d&#8217;Aurignac i tamb\u00e9 altres llocs emblem\u00e0tics de la prehist\u00f2ria s\u00f3n el fil d&#8217;una Totalment renovat Museu presentaci\u00f3.<\/span><\/div>\n<div><\/div>\n<div><span id=\"noHighlight_0.1693361144669312\">Mitjans de comunicaci\u00f3 multim\u00e8dia, exposicions temporals, animacions per a tots els p\u00fablics, aix\u00ed com temps de reunions i debats, permeten multiplicar les aproximacions de Prehist\u00f2ria i q\u00fcestionar el nostre coneixement actual sobre els or\u00edgens de l&#8217;home .<\/span><\/div>\n","protected":false},"excerpt":{"rendered":"<p>Situat en un edifici inaugurat l&#8217;any 2015 d&#8217;abril, amb l&#8217;arquitectura moderna, aquest museu convida a tots els amants de la prehist\u00f2ria, aficionats dels descobriments culturals i curi\u00f3s d&#8217;arreu del m\u00f3n, per anar a con\u00e8ixer el Aurignaciens, els primers homes Anat\u00f2micament moderns que va viure a Europa fa uns 35 000 anys. Testimonis de la vida d&#8217;aquests pobles del passat-ca\u00e7a, armes, objectes de la vida quotidiana, elements d&#8217;adorn, estatuetes&#8230;-d&#8217;excavacions del lloc d&#8217;Aurignac i tamb\u00e9 altres llocs emblem\u00e0tics de la prehist\u00f2ria s\u00f3n el fil d&#8217;una Totalment renovat Museu presentaci\u00f3. Mitjans de comunicaci\u00f3 multim\u00e8dia, exposicions temporals, animacions per a tots els p\u00fablics, aix\u00ed com temps de reunions i debats, permeten multiplicar les aproximacions de Prehist\u00f2ria i q\u00fcestionar el nostre coneixement actual sobre els or\u00edgens de l&#8217;home .<\/p>\n","protected":false},"author":1,"featured_media":0,"parent":1169,"menu_order":0,"comment_status":"closed","ping_status":"closed","template":"","meta":{"site-sidebar-layout":"default","site-content-layout":"","ast-site-content-layout":"default","site-content-style":"default","site-sidebar-style":"default","ast-global-header-display":"","ast-banner-title-visibility":"","ast-main-header-display":"","ast-hfb-above-header-display":"","ast-hfb-below-header-display":"","ast-hfb-mobile-header-display":"","site-post-title":"","ast-breadcrumbs-content":"","ast-featured-img":"","footer-sml-layout":"","theme-transparent-header-meta":"","adv-header-id-meta":"","stick-header-meta":"","header-above-stick-meta":"","header-main-stick-meta":"","header-below-stick-meta":"","astra-migrate-meta-layouts":"default","ast-page-background-enabled":"default","ast-page-background-meta":{"desktop":{"background-color":"var(--ast-global-color-5)","background-image":"","background-repeat":"repeat","background-position":"center center","background-size":"auto","background-attachment":"scroll","background-type":"","background-media":"","overlay-type":"","overlay-color":"","overlay-opacity":"","overlay-gradient":""},"tablet":{"background-color":"","background-image":"","background-repeat":"repeat","background-position":"center center","background-size":"auto","background-attachment":"scroll","background-type":"","background-media":"","overlay-type":"","overlay-color":"","overlay-opacity":"","overlay-gradient":""},"mobile":{"background-color":"","background-image":"","background-repeat":"repeat","background-position":"center center","background-size":"auto","background-attachment":"scroll","background-type":"","background-media":"","overlay-type":"","overlay-color":"","overlay-opacity":"","overlay-gradient":""}},"ast-content-background-meta":{"desktop":{"background-color":"var(--ast-global-color-4)","background-image":"","background-repeat":"repeat","background-position":"center center","background-size":"auto","background-attachment":"scroll","background-type":"","background-media":"","overlay-type":"","overlay-color":"","overlay-opacity":"","overlay-gradient":""},"tablet":{"background-color":"var(--ast-global-color-4)","background-image":"","background-repeat":"repeat","background-position":"center center","background-size":"auto","background-attachment":"scroll","background-type":"","background-media":"","overlay-type":"","overlay-color":"","overlay-opacity":"","overlay-gradient":""},"mobile":{"background-color":"var(--ast-global-color-4)","background-image":"","background-repeat":"repeat","background-position":"center center","background-size":"auto","background-attachment":"scroll","background-type":"","background-media":"","overlay-type":"","overlay-color":"","overlay-opacity":"","overlay-gradient":""}},"footnotes":""},"class_list":["post-1252","page","type-page","status-publish","hentry"],"_links":{"self":[{"href":"https:\/\/www.patrim.net\/ca\/wp-json\/wp\/v2\/pages\/1252","targetHints":{"allow":["GET"]}}],"collection":[{"href":"https:\/\/www.patrim.net\/ca\/wp-json\/wp\/v2\/pages"}],"about":[{"href":"https:\/\/www.patrim.net\/ca\/wp-json\/wp\/v2\/types\/page"}],"author":[{"embeddable":true,"href":"https:\/\/www.patrim.net\/ca\/wp-json\/wp\/v2\/users\/1"}],"replies":[{"embeddable":true,"href":"https:\/\/www.patrim.net\/ca\/wp-json\/wp\/v2\/comments?post=1252"}],"version-history":[{"count":3,"href":"https:\/\/www.patrim.net\/ca\/wp-json\/wp\/v2\/pages\/1252\/revisions"}],"predecessor-version":[{"id":1561,"href":"https:\/\/www.patrim.net\/ca\/wp-json\/wp\/v2\/pages\/1252\/revisions\/1561"}],"up":[{"embeddable":true,"href":"https:\/\/www.patrim.net\/ca\/wp-json\/wp\/v2\/pages\/1169"}],"wp:attachment":[{"href":"https:\/\/www.patrim.net\/ca\/wp-json\/wp\/v2\/media?parent=1252"}],"curies":[{"name":"wp","href":"https:\/\/api.w.org\/{rel}","templated":true}]}}