{"id":1152,"date":"2017-09-14T12:01:14","date_gmt":"2017-09-14T11:01:14","guid":{"rendered":"http:\/\/www.patrim.net\/ca\/?page_id=1152"},"modified":"2022-02-15T18:51:27","modified_gmt":"2022-02-15T17:51:27","slug":"historia-i-societat","status":"publish","type":"page","link":"https:\/\/www.patrim.net\/ca\/els-equipaments\/historia-i-societat\/","title":{"rendered":"Hist\u00f2ria i societat"},"content":{"rendered":"<div id=\"pl-1152\"  class=\"panel-layout\" ><div id=\"pg-1152-0\"  class=\"panel-grid panel-has-style\" ><div class=\"panel-row-style panel-row-style-for-1152-0\" ><div id=\"pgc-1152-0-0\"  class=\"panel-grid-cell\" ><div id=\"panel-1152-0-0-0\" class=\"so-panel widget widget_text panel-first-child panel-last-child\" data-index=\"0\" ><h3 class=\"widget-title\">Les hist\u00f2ries que han modelat els Pirineus, explicades per les dones i els homes que hi viuen<\/h3>\t\t\t<div class=\"textwidget\"><\/div>\n\t\t<\/div><\/div><\/div><\/div><div id=\"pg-1152-1\"  class=\"panel-grid panel-has-style\" ><div class=\"panel-row-style panel-row-style-for-1152-1\" ><div id=\"pgc-1152-1-0\"  class=\"panel-grid-cell\" ><div id=\"panel-1152-1-0-0\" class=\"so-panel widget widget_media_image panel-first-child\" data-index=\"1\" ><img decoding=\"async\" width=\"150\" height=\"150\" src=\"https:\/\/www.patrim.net\/wp-content\/uploads\/2022\/02\/5-Igartubeiti-150x150.jpg\" class=\"image wp-image-4498  attachment-thumbnail size-thumbnail\" alt=\"\" style=\"max-width: 100%; height: auto;\" srcset=\"https:\/\/www.patrim.net\/wp-content\/uploads\/2022\/02\/5-Igartubeiti-150x150.jpg 150w, https:\/\/www.patrim.net\/wp-content\/uploads\/2022\/02\/5-Igartubeiti-300x300.jpg 300w, https:\/\/www.patrim.net\/wp-content\/uploads\/2022\/02\/5-Igartubeiti-100x100.jpg 100w\" sizes=\"(max-width: 150px) 100vw, 150px\" \/><\/div><div id=\"panel-1152-1-0-1\" class=\"so-panel widget widget_sow-button panel-last-child\" data-index=\"2\" ><div\n\t\t\t\n\t\t\tclass=\"so-widget-sow-button so-widget-sow-button-wire-55051d68cd09-1152\"\n\t\t\t\n\t\t><div class=\"ow-button-base ow-button-align-center\"\n>\n\t\t\t<a\n\t\t\t\t\thref=\"http:\/\/www.patrim.net\/ca\/els-equipaments\/historia-i-societat\/museu-granja-igartubeiti\/\"\n\t\t\t\t\tclass=\"sowb-button ow-icon-placement-left ow-button-hover\" \t>\n\t\t<span>\n\t\t\t\n\t\t\tCaser\u00edo Museo Igartubeiti\t\t<\/span>\n\t\t\t<\/a>\n\t<\/div>\n<\/div><\/div><\/div><div id=\"pgc-1152-1-1\"  class=\"panel-grid-cell\" ><div id=\"panel-1152-1-1-0\" class=\"so-panel widget widget_media_image panel-first-child\" data-index=\"3\" ><img decoding=\"async\" width=\"150\" height=\"150\" src=\"https:\/\/www.patrim.net\/wp-content\/uploads\/2022\/02\/9-ramonycajalcentro-150x150.jpg\" class=\"image wp-image-4874  attachment-thumbnail size-thumbnail\" alt=\"\" style=\"max-width: 100%; height: auto;\" srcset=\"https:\/\/www.patrim.net\/wp-content\/uploads\/2022\/02\/9-ramonycajalcentro-150x150.jpg 150w, https:\/\/www.patrim.net\/wp-content\/uploads\/2022\/02\/9-ramonycajalcentro-100x100.jpg 100w\" sizes=\"(max-width: 150px) 100vw, 150px\" \/><\/div><div id=\"panel-1152-1-1-1\" class=\"so-panel widget widget_sow-button panel-last-child\" data-index=\"4\" ><div\n\t\t\t\n\t\t\tclass=\"so-widget-sow-button so-widget-sow-button-wire-55051d68cd09-1152\"\n\t\t\t\n\t\t><div class=\"ow-button-base ow-button-align-center\"\n>\n\t\t\t<a\n\t\t\t\t\thref=\"http:\/\/www.patrim.net\/ca\/els-equipaments\/historia-i-societat\/centro-de-interpretacion-ramon-y-cajal\"\n\t\t\t\t\tclass=\"sowb-button ow-icon-placement-left ow-button-hover\" \t>\n\t\t<span>\n\t\t\t\n\t\t\tCentro de Interpretacion Ram\u00f3n y Cajal \t\t<\/span>\n\t\t\t<\/a>\n\t<\/div>\n<\/div><\/div><\/div><div id=\"pgc-1152-1-2\"  class=\"panel-grid-cell\" ><div id=\"panel-1152-1-2-0\" class=\"so-panel widget widget_media_image panel-first-child\" data-index=\"5\" ><img decoding=\"async\" width=\"150\" height=\"150\" src=\"https:\/\/www.patrim.net\/wp-content\/uploads\/2021\/06\/Le-Cha\u0302teau-de-Seix-Arie\u0300ge-France-photo-Serge-Lamaze\u0300re-Communaute\u0301-de-Communes-Couserans-Pyre\u0301ne\u0301es-150x150.jpg\" class=\"image wp-image-4080  attachment-thumbnail size-thumbnail\" alt=\"\" style=\"max-width: 100%; height: auto;\" srcset=\"https:\/\/www.patrim.net\/wp-content\/uploads\/2021\/06\/Le-Cha\u0302teau-de-Seix-Arie\u0300ge-France-photo-Serge-Lamaze\u0300re-Communaute\u0301-de-Communes-Couserans-Pyre\u0301ne\u0301es-150x150.jpg 150w, https:\/\/www.patrim.net\/wp-content\/uploads\/2021\/06\/Le-Cha\u0302teau-de-Seix-Arie\u0300ge-France-photo-Serge-Lamaze\u0300re-Communaute\u0301-de-Communes-Couserans-Pyre\u0301ne\u0301es-300x300.jpg 300w, https:\/\/www.patrim.net\/wp-content\/uploads\/2021\/06\/Le-Cha\u0302teau-de-Seix-Arie\u0300ge-France-photo-Serge-Lamaze\u0300re-Communaute\u0301-de-Communes-Couserans-Pyre\u0301ne\u0301es-100x100.jpg 100w\" sizes=\"(max-width: 150px) 100vw, 150px\" \/><\/div><div id=\"panel-1152-1-2-1\" class=\"so-panel widget widget_sow-button panel-last-child\" data-index=\"6\" ><div\n\t\t\t\n\t\t\tclass=\"so-widget-sow-button so-widget-sow-button-wire-55051d68cd09-1152\"\n\t\t\t\n\t\t><div class=\"ow-button-base ow-button-align-center\"\n>\n\t\t\t<a\n\t\t\t\t\thref=\"http:\/\/www.patrim.net\/ca\/els-equipaments\/historia-i-societat\/chateau-de-seix\/\"\n\t\t\t\t\tclass=\"sowb-button ow-icon-placement-left ow-button-hover\" \t>\n\t\t<span>\n\t\t\t\n\t\t\tCh\u00e2teau de Seix \u2013 Patrimoine et cr\u00e9ation en Couserans\t\t<\/span>\n\t\t\t<\/a>\n\t<\/div>\n<\/div><\/div><\/div><\/div><\/div><div id=\"pg-1152-2\"  class=\"panel-grid panel-has-style\" ><div class=\"panel-row-style panel-row-style-for-1152-2\" ><div id=\"pgc-1152-2-0\"  class=\"panel-grid-cell\" ><div id=\"panel-1152-2-0-0\" class=\"so-panel widget widget_media_image panel-first-child\" data-index=\"7\" ><img loading=\"lazy\" decoding=\"async\" width=\"150\" height=\"150\" src=\"https:\/\/www.patrim.net\/wp-content\/uploads\/2022\/02\/1-Ecomuseu-Aneu-150x150.jpg\" class=\"image wp-image-4476  attachment-thumbnail size-thumbnail\" alt=\"\" style=\"max-width: 100%; height: auto;\" srcset=\"https:\/\/www.patrim.net\/wp-content\/uploads\/2022\/02\/1-Ecomuseu-Aneu-150x150.jpg 150w, https:\/\/www.patrim.net\/wp-content\/uploads\/2022\/02\/1-Ecomuseu-Aneu-300x300.jpg 300w, https:\/\/www.patrim.net\/wp-content\/uploads\/2022\/02\/1-Ecomuseu-Aneu-100x100.jpg 100w\" sizes=\"(max-width: 150px) 100vw, 150px\" \/><\/div><div id=\"panel-1152-2-0-1\" class=\"so-panel widget widget_sow-button panel-last-child\" data-index=\"8\" ><div\n\t\t\t\n\t\t\tclass=\"so-widget-sow-button so-widget-sow-button-wire-55051d68cd09-1152\"\n\t\t\t\n\t\t><div class=\"ow-button-base ow-button-align-center\"\n>\n\t\t\t<a\n\t\t\t\t\thref=\"http:\/\/www.patrim.net\/ca\/els-equipaments\/historia-i-societat\/ecomuseu-de-les-valls-daneu\/\"\n\t\t\t\t\tclass=\"sowb-button ow-icon-placement-left ow-button-hover\" \t>\n\t\t<span>\n\t\t\t\n\t\t\tEcomuseu de les valls d\u2019\u00c0neu\t\t<\/span>\n\t\t\t<\/a>\n\t<\/div>\n<\/div><\/div><\/div><div id=\"pgc-1152-2-1\"  class=\"panel-grid-cell\" ><div id=\"panel-1152-2-1-0\" class=\"so-panel widget widget_media_image panel-first-child\" data-index=\"9\" ><img loading=\"lazy\" decoding=\"async\" width=\"150\" height=\"150\" src=\"https:\/\/www.patrim.net\/wp-content\/uploads\/2022\/02\/10-Espacio-Pirineos-Alvira-retoc-150x150.jpg\" class=\"image wp-image-4886  attachment-thumbnail size-thumbnail\" alt=\"\" style=\"max-width: 100%; height: auto;\" srcset=\"https:\/\/www.patrim.net\/wp-content\/uploads\/2022\/02\/10-Espacio-Pirineos-Alvira-retoc-150x150.jpg 150w, https:\/\/www.patrim.net\/wp-content\/uploads\/2022\/02\/10-Espacio-Pirineos-Alvira-retoc-300x300.jpg 300w, https:\/\/www.patrim.net\/wp-content\/uploads\/2022\/02\/10-Espacio-Pirineos-Alvira-retoc-100x100.jpg 100w\" sizes=\"(max-width: 150px) 100vw, 150px\" \/><\/div><div id=\"panel-1152-2-1-1\" class=\"so-panel widget widget_sow-button panel-last-child\" data-index=\"10\" ><div\n\t\t\t\n\t\t\tclass=\"so-widget-sow-button so-widget-sow-button-wire-55051d68cd09-1152\"\n\t\t\t\n\t\t><div class=\"ow-button-base ow-button-align-center\"\n>\n\t\t\t<a\n\t\t\t\t\thref=\"http:\/\/www.patrim.net\/ca\/els-equipaments\/historia-i-societat\/espai-centre-pirineus\"\n\t\t\t\t\tclass=\"sowb-button ow-icon-placement-left ow-button-hover\" \t>\n\t\t<span>\n\t\t\t\n\t\t\tEspacio Centro Pirineos - Ayuntamiento de Graus\t\t<\/span>\n\t\t\t<\/a>\n\t<\/div>\n<\/div><\/div><\/div><div id=\"pgc-1152-2-2\"  class=\"panel-grid-cell\" ><div id=\"panel-1152-2-2-0\" class=\"so-panel widget widget_media_image panel-first-child\" data-index=\"11\" ><img loading=\"lazy\" decoding=\"async\" width=\"150\" height=\"150\" src=\"https:\/\/www.patrim.net\/wp-content\/uploads\/2022\/02\/2-M-Larrey-150x150.jpg\" class=\"image wp-image-4893  attachment-thumbnail size-thumbnail\" alt=\"\" style=\"max-width: 100%; height: auto;\" srcset=\"https:\/\/www.patrim.net\/wp-content\/uploads\/2022\/02\/2-M-Larrey-150x150.jpg 150w, https:\/\/www.patrim.net\/wp-content\/uploads\/2022\/02\/2-M-Larrey-300x300.jpg 300w, https:\/\/www.patrim.net\/wp-content\/uploads\/2022\/02\/2-M-Larrey-100x100.jpg 100w\" sizes=\"(max-width: 150px) 100vw, 150px\" \/><\/div><div id=\"panel-1152-2-2-1\" class=\"so-panel widget widget_sow-button panel-last-child\" data-index=\"12\" ><div\n\t\t\t\n\t\t\tclass=\"so-widget-sow-button so-widget-sow-button-wire-55051d68cd09-1152\"\n\t\t\t\n\t\t><div class=\"ow-button-base ow-button-align-center\"\n>\n\t\t\t<a\n\t\t\t\t\thref=\"http:\/\/www.patrim.net\/ca\/els-equipaments\/historia-i-societat\/museu-larrey\/\"\n\t\t\t\t\tclass=\"sowb-button ow-icon-placement-left ow-button-hover\" \t>\n\t\t<span>\n\t\t\t\n\t\t\tMus\u00e9e Larrey\t\t<\/span>\n\t\t\t<\/a>\n\t<\/div>\n<\/div><\/div><\/div><\/div><\/div><\/div>","protected":false},"excerpt":{"rendered":"<p>Les hist\u00f2ries que han modelat els Pirineus, explicades per les dones i els homes que hi viuen Caser\u00edo Museo Igartubeiti Centro de Interpretacion Ram\u00f3n y Cajal Ch\u00e2teau de Seix \u2013 Patrimoine et cr\u00e9ation en Couserans Ecomuseu de les valls d\u2019\u00c0neu Espacio Centro Pirineos &#8211; Ayuntamiento de Graus Mus\u00e9e Larrey<\/p>\n","protected":false},"author":1,"featured_media":0,"parent":1145,"menu_order":0,"comment_status":"closed","ping_status":"closed","template":"page-templates\/page_front-page.php","meta":{"site-sidebar-layout":"default","site-content-layout":"","ast-site-content-layout":"default","site-content-style":"default","site-sidebar-style":"default","ast-global-header-display":"","ast-banner-title-visibility":"","ast-main-header-display":"","ast-hfb-above-header-display":"","ast-hfb-below-header-display":"","ast-hfb-mobile-header-display":"","site-post-title":"","ast-breadcrumbs-content":"","ast-featured-img":"","footer-sml-layout":"","theme-transparent-header-meta":"","adv-header-id-meta":"","stick-header-meta":"","header-above-stick-meta":"","header-main-stick-meta":"","header-below-stick-meta":"","astra-migrate-meta-layouts":"default","ast-page-background-enabled":"default","ast-page-background-meta":{"desktop":{"background-color":"var(--ast-global-color-5)","background-image":"","background-repeat":"repeat","background-position":"center center","background-size":"auto","background-attachment":"scroll","background-type":"","background-media":"","overlay-type":"","overlay-color":"","overlay-opacity":"","overlay-gradient":""},"tablet":{"background-color":"","background-image":"","background-repeat":"repeat","background-position":"center center","background-size":"auto","background-attachment":"scroll","background-type":"","background-media":"","overlay-type":"","overlay-color":"","overlay-opacity":"","overlay-gradient":""},"mobile":{"background-color":"","background-image":"","background-repeat":"repeat","background-position":"center center","background-size":"auto","background-attachment":"scroll","background-type":"","background-media":"","overlay-type":"","overlay-color":"","overlay-opacity":"","overlay-gradient":""}},"ast-content-background-meta":{"desktop":{"background-color":"var(--ast-global-color-4)","background-image":"","background-repeat":"repeat","background-position":"center center","background-size":"auto","background-attachment":"scroll","background-type":"","background-media":"","overlay-type":"","overlay-color":"","overlay-opacity":"","overlay-gradient":""},"tablet":{"background-color":"var(--ast-global-color-4)","background-image":"","background-repeat":"repeat","background-position":"center center","background-size":"auto","background-attachment":"scroll","background-type":"","background-media":"","overlay-type":"","overlay-color":"","overlay-opacity":"","overlay-gradient":""},"mobile":{"background-color":"var(--ast-global-color-4)","background-image":"","background-repeat":"repeat","background-position":"center center","background-size":"auto","background-attachment":"scroll","background-type":"","background-media":"","overlay-type":"","overlay-color":"","overlay-opacity":"","overlay-gradient":""}},"footnotes":""},"class_list":["post-1152","page","type-page","status-publish","hentry"],"_links":{"self":[{"href":"https:\/\/www.patrim.net\/ca\/wp-json\/wp\/v2\/pages\/1152","targetHints":{"allow":["GET"]}}],"collection":[{"href":"https:\/\/www.patrim.net\/ca\/wp-json\/wp\/v2\/pages"}],"about":[{"href":"https:\/\/www.patrim.net\/ca\/wp-json\/wp\/v2\/types\/page"}],"author":[{"embeddable":true,"href":"https:\/\/www.patrim.net\/ca\/wp-json\/wp\/v2\/users\/1"}],"replies":[{"embeddable":true,"href":"https:\/\/www.patrim.net\/ca\/wp-json\/wp\/v2\/comments?post=1152"}],"version-history":[{"count":72,"href":"https:\/\/www.patrim.net\/ca\/wp-json\/wp\/v2\/pages\/1152\/revisions"}],"predecessor-version":[{"id":5051,"href":"https:\/\/www.patrim.net\/ca\/wp-json\/wp\/v2\/pages\/1152\/revisions\/5051"}],"up":[{"embeddable":true,"href":"https:\/\/www.patrim.net\/ca\/wp-json\/wp\/v2\/pages\/1145"}],"wp:attachment":[{"href":"https:\/\/www.patrim.net\/ca\/wp-json\/wp\/v2\/media?parent=1152"}],"curies":[{"name":"wp","href":"https:\/\/api.w.org\/{rel}","templated":true}]}}